
{"id":4727,"date":"2019-01-17T00:25:29","date_gmt":"2019-01-16T23:25:29","guid":{"rendered":"https:\/\/cecile-delachaux.fr\/?page_id=4727"},"modified":"2020-11-10T23:44:50","modified_gmt":"2020-11-10T22:44:50","slug":"motifs-de-broderie","status":"publish","type":"page","link":"https:\/\/cecile-delachaux.fr\/index.php\/personnalisation\/broderie\/motifs-de-broderie\/","title":{"rendered":"Motifs de broderie"},"content":{"rendered":"<div id='mla_gallery-1' class='gallery galleryid-4727 gallery-columns-3 gallery-size-full'>\r\n<figure class='gallery-item '>\r\n\t<div class='gallery-icon portrait'>\r\n\t\t<a href='https:\/\/cecile-delachaux.fr\/wp-content\/uploads\/2018\/01\/Motif-broderie-Ange.jpg'><img loading=\"lazy\" decoding=\"async\" aria-describedby=\"mla_gallery-1-347\" width=\"450\" height=\"452\" src=\"https:\/\/cecile-delachaux.fr\/wp-content\/uploads\/2018\/01\/Motif-broderie-Ange.jpg\" class=\"attachment-full size-full\" alt=\"\" srcset=\"https:\/\/cecile-delachaux.fr\/wp-content\/uploads\/2018\/01\/Motif-broderie-Ange.jpg 450w, https:\/\/cecile-delachaux.fr\/wp-content\/uploads\/2018\/01\/Motif-broderie-Ange-150x150.jpg 150w, https:\/\/cecile-delachaux.fr\/wp-content\/uploads\/2018\/01\/Motif-broderie-Ange-300x300.jpg 300w, https:\/\/cecile-delachaux.fr\/wp-content\/uploads\/2018\/01\/Motif-broderie-Ange-324x324.jpg 324w, https:\/\/cecile-delachaux.fr\/wp-content\/uploads\/2018\/01\/Motif-broderie-Ange-416x418.jpg 416w, https:\/\/cecile-delachaux.fr\/wp-content\/uploads\/2018\/01\/Motif-broderie-Ange-100x100.jpg 100w\" sizes=\"auto, (max-width: 450px) 100vw, 450px\" \/><\/a>\r\n\t<\/div>\r\n\t<figcaption class='wp-caption-text gallery-caption' id='mla_gallery-1-347'>\n\tMotif broderie Ange\n\t<\/figcaption><\/figure><figure class='gallery-item '>\r\n\t<div class='gallery-icon landscape'>\r\n\t\t<a href='https:\/\/cecile-delachaux.fr\/wp-content\/uploads\/2018\/01\/Motif-broderie-appliqu\u00e9-Ancre.png'><img loading=\"lazy\" decoding=\"async\" aria-describedby=\"mla_gallery-1-348\" width=\"640\" height=\"640\" src=\"https:\/\/cecile-delachaux.fr\/wp-content\/uploads\/2018\/01\/Motif-broderie-appliqu\u00e9-Ancre.png\" class=\"attachment-full size-full\" alt=\"\" srcset=\"https:\/\/cecile-delachaux.fr\/wp-content\/uploads\/2018\/01\/Motif-broderie-appliqu\u00e9-Ancre.png 640w, https:\/\/cecile-delachaux.fr\/wp-content\/uploads\/2018\/01\/Motif-broderie-appliqu\u00e9-Ancre-150x150.png 150w, https:\/\/cecile-delachaux.fr\/wp-content\/uploads\/2018\/01\/Motif-broderie-appliqu\u00e9-Ancre-300x300.png 300w, https:\/\/cecile-delachaux.fr\/wp-content\/uploads\/2018\/01\/Motif-broderie-appliqu\u00e9-Ancre-548x548.png 548w, https:\/\/cecile-delachaux.fr\/wp-content\/uploads\/2018\/01\/Motif-broderie-appliqu\u00e9-Ancre-324x324.png 324w, https:\/\/cecile-delachaux.fr\/wp-content\/uploads\/2018\/01\/Motif-broderie-appliqu\u00e9-Ancre-416x416.png 416w, https:\/\/cecile-delachaux.fr\/wp-content\/uploads\/2018\/01\/Motif-broderie-appliqu\u00e9-Ancre-100x100.png 100w\" sizes=\"auto, (max-width: 640px) 100vw, 640px\" \/><\/a>\r\n\t<\/div>\r\n\t<figcaption class='wp-caption-text gallery-caption' id='mla_gallery-1-348'>\n\tMotif broderie appliqu\u00e9 Ancre\n\t<\/figcaption><\/figure><figure class='gallery-item last_in_row'>\r\n\t<div class='gallery-icon landscape'>\r\n\t\t<a href='https:\/\/cecile-delachaux.fr\/wp-content\/uploads\/2018\/01\/Motif-broderie-appliqu\u00e9-Baguette-Magique.jpg'><img loading=\"lazy\" decoding=\"async\" aria-describedby=\"mla_gallery-1-349\" width=\"400\" height=\"400\" src=\"https:\/\/cecile-delachaux.fr\/wp-content\/uploads\/2018\/01\/Motif-broderie-appliqu\u00e9-Baguette-Magique.jpg\" class=\"attachment-full size-full\" alt=\"\" srcset=\"https:\/\/cecile-delachaux.fr\/wp-content\/uploads\/2018\/01\/Motif-broderie-appliqu\u00e9-Baguette-Magique.jpg 400w, https:\/\/cecile-delachaux.fr\/wp-content\/uploads\/2018\/01\/Motif-broderie-appliqu\u00e9-Baguette-Magique-150x150.jpg 150w, https:\/\/cecile-delachaux.fr\/wp-content\/uploads\/2018\/01\/Motif-broderie-appliqu\u00e9-Baguette-Magique-300x300.jpg 300w, https:\/\/cecile-delachaux.fr\/wp-content\/uploads\/2018\/01\/Motif-broderie-appliqu\u00e9-Baguette-Magique-324x324.jpg 324w, https:\/\/cecile-delachaux.fr\/wp-content\/uploads\/2018\/01\/Motif-broderie-appliqu\u00e9-Baguette-Magique-100x100.jpg 100w\" sizes=\"auto, (max-width: 400px) 100vw, 400px\" \/><\/a>\r\n\t<\/div>\r\n\t<figcaption class='wp-caption-text gallery-caption' id='mla_gallery-1-349'>\n\tMotif broderie appliqu\u00e9 Baguette Magique\n\t<\/figcaption><\/figure><figure class='gallery-item '>\r\n\t<div class='gallery-icon landscape'>\r\n\t\t<a href='https:\/\/cecile-delachaux.fr\/wp-content\/uploads\/2018\/01\/Motif-broderie-appliqu\u00e9-Cadre-Oval.jpg'><img loading=\"lazy\" decoding=\"async\" aria-describedby=\"mla_gallery-1-351\" width=\"593\" height=\"593\" src=\"https:\/\/cecile-delachaux.fr\/wp-content\/uploads\/2018\/01\/Motif-broderie-appliqu\u00e9-Cadre-Oval.jpg\" class=\"attachment-full size-full\" alt=\"\" srcset=\"https:\/\/cecile-delachaux.fr\/wp-content\/uploads\/2018\/01\/Motif-broderie-appliqu\u00e9-Cadre-Oval.jpg 593w, https:\/\/cecile-delachaux.fr\/wp-content\/uploads\/2018\/01\/Motif-broderie-appliqu\u00e9-Cadre-Oval-150x150.jpg 150w, https:\/\/cecile-delachaux.fr\/wp-content\/uploads\/2018\/01\/Motif-broderie-appliqu\u00e9-Cadre-Oval-300x300.jpg 300w, https:\/\/cecile-delachaux.fr\/wp-content\/uploads\/2018\/01\/Motif-broderie-appliqu\u00e9-Cadre-Oval-548x548.jpg 548w, https:\/\/cecile-delachaux.fr\/wp-content\/uploads\/2018\/01\/Motif-broderie-appliqu\u00e9-Cadre-Oval-324x324.jpg 324w, https:\/\/cecile-delachaux.fr\/wp-content\/uploads\/2018\/01\/Motif-broderie-appliqu\u00e9-Cadre-Oval-416x416.jpg 416w, https:\/\/cecile-delachaux.fr\/wp-content\/uploads\/2018\/01\/Motif-broderie-appliqu\u00e9-Cadre-Oval-100x100.jpg 100w\" sizes=\"auto, (max-width: 593px) 100vw, 593px\" \/><\/a>\r\n\t<\/div>\r\n\t<figcaption class='wp-caption-text gallery-caption' id='mla_gallery-1-351'>\n\tMotif broderie appliqu\u00e9 Cadre Oval\n\t<\/figcaption><\/figure><figure class='gallery-item '>\r\n\t<div class='gallery-icon landscape'>\r\n\t\t<a href='https:\/\/cecile-delachaux.fr\/wp-content\/uploads\/2018\/01\/Motif-broderie-appliqu\u00e9-Colombe-Paix.jpg'><img loading=\"lazy\" decoding=\"async\" aria-describedby=\"mla_gallery-1-353\" width=\"400\" height=\"400\" src=\"https:\/\/cecile-delachaux.fr\/wp-content\/uploads\/2018\/01\/Motif-broderie-appliqu\u00e9-Colombe-Paix.jpg\" class=\"attachment-full size-full\" alt=\"\" srcset=\"https:\/\/cecile-delachaux.fr\/wp-content\/uploads\/2018\/01\/Motif-broderie-appliqu\u00e9-Colombe-Paix.jpg 400w, https:\/\/cecile-delachaux.fr\/wp-content\/uploads\/2018\/01\/Motif-broderie-appliqu\u00e9-Colombe-Paix-150x150.jpg 150w, https:\/\/cecile-delachaux.fr\/wp-content\/uploads\/2018\/01\/Motif-broderie-appliqu\u00e9-Colombe-Paix-300x300.jpg 300w, https:\/\/cecile-delachaux.fr\/wp-content\/uploads\/2018\/01\/Motif-broderie-appliqu\u00e9-Colombe-Paix-324x324.jpg 324w, https:\/\/cecile-delachaux.fr\/wp-content\/uploads\/2018\/01\/Motif-broderie-appliqu\u00e9-Colombe-Paix-100x100.jpg 100w\" sizes=\"auto, (max-width: 400px) 100vw, 400px\" \/><\/a>\r\n\t<\/div>\r\n\t<figcaption class='wp-caption-text gallery-caption' id='mla_gallery-1-353'>\n\tMotif broderie appliqu\u00e9 Colombe Paix\n\t<\/figcaption><\/figure><figure class='gallery-item last_in_row'>\r\n\t<div class='gallery-icon landscape'>\r\n\t\t<a href='https:\/\/cecile-delachaux.fr\/wp-content\/uploads\/2018\/01\/Motif-broderie-appliqu\u00e9-Corde-Linge-B\u00e9b\u00e9.jpg'><img loading=\"lazy\" decoding=\"async\" aria-describedby=\"mla_gallery-1-354\" width=\"600\" height=\"600\" src=\"https:\/\/cecile-delachaux.fr\/wp-content\/uploads\/2018\/01\/Motif-broderie-appliqu\u00e9-Corde-Linge-B\u00e9b\u00e9.jpg\" class=\"attachment-full size-full\" alt=\"\" srcset=\"https:\/\/cecile-delachaux.fr\/wp-content\/uploads\/2018\/01\/Motif-broderie-appliqu\u00e9-Corde-Linge-B\u00e9b\u00e9.jpg 600w, https:\/\/cecile-delachaux.fr\/wp-content\/uploads\/2018\/01\/Motif-broderie-appliqu\u00e9-Corde-Linge-B\u00e9b\u00e9-150x150.jpg 150w, https:\/\/cecile-delachaux.fr\/wp-content\/uploads\/2018\/01\/Motif-broderie-appliqu\u00e9-Corde-Linge-B\u00e9b\u00e9-300x300.jpg 300w, https:\/\/cecile-delachaux.fr\/wp-content\/uploads\/2018\/01\/Motif-broderie-appliqu\u00e9-Corde-Linge-B\u00e9b\u00e9-548x548.jpg 548w, https:\/\/cecile-delachaux.fr\/wp-content\/uploads\/2018\/01\/Motif-broderie-appliqu\u00e9-Corde-Linge-B\u00e9b\u00e9-324x324.jpg 324w, https:\/\/cecile-delachaux.fr\/wp-content\/uploads\/2018\/01\/Motif-broderie-appliqu\u00e9-Corde-Linge-B\u00e9b\u00e9-416x416.jpg 416w, https:\/\/cecile-delachaux.fr\/wp-content\/uploads\/2018\/01\/Motif-broderie-appliqu\u00e9-Corde-Linge-B\u00e9b\u00e9-100x100.jpg 100w\" sizes=\"auto, (max-width: 600px) 100vw, 600px\" \/><\/a>\r\n\t<\/div>\r\n\t<figcaption class='wp-caption-text gallery-caption' id='mla_gallery-1-354'>\n\tMotif broderie appliqu\u00e9 Corde Linge B\u00e9b\u00e9\n\t<\/figcaption><\/figure><figure class='gallery-item '>\r\n\t<div class='gallery-icon landscape'>\r\n\t\t<a href='https:\/\/cecile-delachaux.fr\/wp-content\/uploads\/2018\/01\/Motif-broderie-appliqu\u00e9-Couronne-5-pointes.jpg'><img loading=\"lazy\" decoding=\"async\" aria-describedby=\"mla_gallery-1-355\" width=\"500\" height=\"500\" src=\"https:\/\/cecile-delachaux.fr\/wp-content\/uploads\/2018\/01\/Motif-broderie-appliqu\u00e9-Couronne-5-pointes.jpg\" class=\"attachment-full size-full\" alt=\"\" srcset=\"https:\/\/cecile-delachaux.fr\/wp-content\/uploads\/2018\/01\/Motif-broderie-appliqu\u00e9-Couronne-5-pointes.jpg 500w, https:\/\/cecile-delachaux.fr\/wp-content\/uploads\/2018\/01\/Motif-broderie-appliqu\u00e9-Couronne-5-pointes-150x150.jpg 150w, https:\/\/cecile-delachaux.fr\/wp-content\/uploads\/2018\/01\/Motif-broderie-appliqu\u00e9-Couronne-5-pointes-300x300.jpg 300w, https:\/\/cecile-delachaux.fr\/wp-content\/uploads\/2018\/01\/Motif-broderie-appliqu\u00e9-Couronne-5-pointes-324x324.jpg 324w, https:\/\/cecile-delachaux.fr\/wp-content\/uploads\/2018\/01\/Motif-broderie-appliqu\u00e9-Couronne-5-pointes-416x416.jpg 416w, https:\/\/cecile-delachaux.fr\/wp-content\/uploads\/2018\/01\/Motif-broderie-appliqu\u00e9-Couronne-5-pointes-100x100.jpg 100w\" sizes=\"auto, (max-width: 500px) 100vw, 500px\" \/><\/a>\r\n\t<\/div>\r\n\t<figcaption class='wp-caption-text gallery-caption' id='mla_gallery-1-355'>\n\tMotif broderie appliqu\u00e9 Couronne 5 pointes\n\t<\/figcaption><\/figure><figure class='gallery-item '>\r\n\t<div class='gallery-icon landscape'>\r\n\t\t<a href='https:\/\/cecile-delachaux.fr\/wp-content\/uploads\/2018\/01\/Motif-broderie-appliqu\u00e9-Envol\u00e9e-Papillons.jpg'><img loading=\"lazy\" decoding=\"async\" aria-describedby=\"mla_gallery-1-356\" width=\"706\" height=\"623\" src=\"https:\/\/cecile-delachaux.fr\/wp-content\/uploads\/2018\/01\/Motif-broderie-appliqu\u00e9-Envol\u00e9e-Papillons.jpg\" class=\"attachment-full size-full\" alt=\"\" srcset=\"https:\/\/cecile-delachaux.fr\/wp-content\/uploads\/2018\/01\/Motif-broderie-appliqu\u00e9-Envol\u00e9e-Papillons.jpg 706w, https:\/\/cecile-delachaux.fr\/wp-content\/uploads\/2018\/01\/Motif-broderie-appliqu\u00e9-Envol\u00e9e-Papillons-600x529.jpg 600w, https:\/\/cecile-delachaux.fr\/wp-content\/uploads\/2018\/01\/Motif-broderie-appliqu\u00e9-Envol\u00e9e-Papillons-300x265.jpg 300w, https:\/\/cecile-delachaux.fr\/wp-content\/uploads\/2018\/01\/Motif-broderie-appliqu\u00e9-Envol\u00e9e-Papillons-416x367.jpg 416w\" sizes=\"auto, (max-width: 706px) 100vw, 706px\" \/><\/a>\r\n\t<\/div>\r\n\t<figcaption class='wp-caption-text gallery-caption' id='mla_gallery-1-356'>\n\tMotif broderie appliqu\u00e9 Envol\u00e9e Papillons\n\t<\/figcaption><\/figure><figure class='gallery-item last_in_row'>\r\n\t<div class='gallery-icon landscape'>\r\n\t\t<a href='https:\/\/cecile-delachaux.fr\/wp-content\/uploads\/2018\/01\/Motif-broderie-appliqu\u00e9-Etoile.jpg'><img loading=\"lazy\" decoding=\"async\" aria-describedby=\"mla_gallery-1-357\" width=\"600\" height=\"600\" src=\"https:\/\/cecile-delachaux.fr\/wp-content\/uploads\/2018\/01\/Motif-broderie-appliqu\u00e9-Etoile.jpg\" class=\"attachment-full size-full\" alt=\"\" srcset=\"https:\/\/cecile-delachaux.fr\/wp-content\/uploads\/2018\/01\/Motif-broderie-appliqu\u00e9-Etoile.jpg 600w, https:\/\/cecile-delachaux.fr\/wp-content\/uploads\/2018\/01\/Motif-broderie-appliqu\u00e9-Etoile-150x150.jpg 150w, https:\/\/cecile-delachaux.fr\/wp-content\/uploads\/2018\/01\/Motif-broderie-appliqu\u00e9-Etoile-300x300.jpg 300w, https:\/\/cecile-delachaux.fr\/wp-content\/uploads\/2018\/01\/Motif-broderie-appliqu\u00e9-Etoile-548x548.jpg 548w, https:\/\/cecile-delachaux.fr\/wp-content\/uploads\/2018\/01\/Motif-broderie-appliqu\u00e9-Etoile-324x324.jpg 324w, https:\/\/cecile-delachaux.fr\/wp-content\/uploads\/2018\/01\/Motif-broderie-appliqu\u00e9-Etoile-416x416.jpg 416w, https:\/\/cecile-delachaux.fr\/wp-content\/uploads\/2018\/01\/Motif-broderie-appliqu\u00e9-Etoile-100x100.jpg 100w\" sizes=\"auto, (max-width: 600px) 100vw, 600px\" \/><\/a>\r\n\t<\/div>\r\n\t<figcaption class='wp-caption-text gallery-caption' id='mla_gallery-1-357'>\n\tMotif broderie appliqu\u00e9 Etoile\n\t<\/figcaption><\/figure><figure class='gallery-item '>\r\n\t<div class='gallery-icon landscape'>\r\n\t\t<a href='https:\/\/cecile-delachaux.fr\/wp-content\/uploads\/2018\/01\/Motif-broderie-appliqu\u00e9-Guirlande-Nuages-Etoile.jpg'><img loading=\"lazy\" decoding=\"async\" aria-describedby=\"mla_gallery-1-358\" width=\"400\" height=\"400\" src=\"https:\/\/cecile-delachaux.fr\/wp-content\/uploads\/2018\/01\/Motif-broderie-appliqu\u00e9-Guirlande-Nuages-Etoile.jpg\" class=\"attachment-full size-full\" alt=\"\" srcset=\"https:\/\/cecile-delachaux.fr\/wp-content\/uploads\/2018\/01\/Motif-broderie-appliqu\u00e9-Guirlande-Nuages-Etoile.jpg 400w, https:\/\/cecile-delachaux.fr\/wp-content\/uploads\/2018\/01\/Motif-broderie-appliqu\u00e9-Guirlande-Nuages-Etoile-150x150.jpg 150w, https:\/\/cecile-delachaux.fr\/wp-content\/uploads\/2018\/01\/Motif-broderie-appliqu\u00e9-Guirlande-Nuages-Etoile-300x300.jpg 300w, https:\/\/cecile-delachaux.fr\/wp-content\/uploads\/2018\/01\/Motif-broderie-appliqu\u00e9-Guirlande-Nuages-Etoile-324x324.jpg 324w, https:\/\/cecile-delachaux.fr\/wp-content\/uploads\/2018\/01\/Motif-broderie-appliqu\u00e9-Guirlande-Nuages-Etoile-100x100.jpg 100w\" sizes=\"auto, (max-width: 400px) 100vw, 400px\" \/><\/a>\r\n\t<\/div>\r\n\t<figcaption class='wp-caption-text gallery-caption' id='mla_gallery-1-358'>\n\tMotif broderie appliqu\u00e9 Guirlande Nuages Etoile\n\t<\/figcaption><\/figure><figure class='gallery-item '>\r\n\t<div class='gallery-icon portrait'>\r\n\t\t<a href='https:\/\/cecile-delachaux.fr\/wp-content\/uploads\/2018\/01\/Motif-broderie-appliqu\u00e9-Lapin.gif'><img loading=\"lazy\" decoding=\"async\" aria-describedby=\"mla_gallery-1-359\" width=\"468\" height=\"489\" src=\"https:\/\/cecile-delachaux.fr\/wp-content\/uploads\/2018\/01\/Motif-broderie-appliqu\u00e9-Lapin.gif\" class=\"attachment-full size-full\" alt=\"\" \/><\/a>\r\n\t<\/div>\r\n\t<figcaption class='wp-caption-text gallery-caption' id='mla_gallery-1-359'>\n\tMotif broderie appliqu\u00e9 Lapin\n\t<\/figcaption><\/figure><figure class='gallery-item last_in_row'>\r\n\t<div class='gallery-icon landscape'>\r\n\t\t<a href='https:\/\/cecile-delachaux.fr\/wp-content\/uploads\/2018\/01\/Motif-broderie-appliqu\u00e9-Libellule.jpg'><img loading=\"lazy\" decoding=\"async\" aria-describedby=\"mla_gallery-1-360\" width=\"400\" height=\"400\" src=\"https:\/\/cecile-delachaux.fr\/wp-content\/uploads\/2018\/01\/Motif-broderie-appliqu\u00e9-Libellule.jpg\" class=\"attachment-full size-full\" alt=\"\" srcset=\"https:\/\/cecile-delachaux.fr\/wp-content\/uploads\/2018\/01\/Motif-broderie-appliqu\u00e9-Libellule.jpg 400w, https:\/\/cecile-delachaux.fr\/wp-content\/uploads\/2018\/01\/Motif-broderie-appliqu\u00e9-Libellule-150x150.jpg 150w, https:\/\/cecile-delachaux.fr\/wp-content\/uploads\/2018\/01\/Motif-broderie-appliqu\u00e9-Libellule-300x300.jpg 300w, https:\/\/cecile-delachaux.fr\/wp-content\/uploads\/2018\/01\/Motif-broderie-appliqu\u00e9-Libellule-324x324.jpg 324w, https:\/\/cecile-delachaux.fr\/wp-content\/uploads\/2018\/01\/Motif-broderie-appliqu\u00e9-Libellule-100x100.jpg 100w\" sizes=\"auto, (max-width: 400px) 100vw, 400px\" \/><\/a>\r\n\t<\/div>\r\n\t<figcaption class='wp-caption-text gallery-caption' id='mla_gallery-1-360'>\n\tMotif broderie appliqu\u00e9 Libellule\n\t<\/figcaption><\/figure><figure class='gallery-item '>\r\n\t<div class='gallery-icon landscape'>\r\n\t\t<a href='https:\/\/cecile-delachaux.fr\/wp-content\/uploads\/2018\/01\/Motif-broderie-appliqu\u00e9-Logo-Ecole.jpg'><img loading=\"lazy\" decoding=\"async\" aria-describedby=\"mla_gallery-1-361\" width=\"400\" height=\"400\" src=\"https:\/\/cecile-delachaux.fr\/wp-content\/uploads\/2018\/01\/Motif-broderie-appliqu\u00e9-Logo-Ecole.jpg\" class=\"attachment-full size-full\" alt=\"\" srcset=\"https:\/\/cecile-delachaux.fr\/wp-content\/uploads\/2018\/01\/Motif-broderie-appliqu\u00e9-Logo-Ecole.jpg 400w, https:\/\/cecile-delachaux.fr\/wp-content\/uploads\/2018\/01\/Motif-broderie-appliqu\u00e9-Logo-Ecole-150x150.jpg 150w, https:\/\/cecile-delachaux.fr\/wp-content\/uploads\/2018\/01\/Motif-broderie-appliqu\u00e9-Logo-Ecole-300x300.jpg 300w, https:\/\/cecile-delachaux.fr\/wp-content\/uploads\/2018\/01\/Motif-broderie-appliqu\u00e9-Logo-Ecole-324x324.jpg 324w, https:\/\/cecile-delachaux.fr\/wp-content\/uploads\/2018\/01\/Motif-broderie-appliqu\u00e9-Logo-Ecole-100x100.jpg 100w\" sizes=\"auto, (max-width: 400px) 100vw, 400px\" \/><\/a>\r\n\t<\/div>\r\n\t<figcaption class='wp-caption-text gallery-caption' id='mla_gallery-1-361'>\n\tMotif broderie appliqu\u00e9 Logo Ecole\n\t<\/figcaption><\/figure><figure class='gallery-item '>\r\n\t<div class='gallery-icon landscape'>\r\n\t\t<a href='https:\/\/cecile-delachaux.fr\/wp-content\/uploads\/2018\/01\/Motif-broderie-appliqu\u00e9-Lunettes.jpg'><img loading=\"lazy\" decoding=\"async\" aria-describedby=\"mla_gallery-1-362\" width=\"400\" height=\"400\" src=\"https:\/\/cecile-delachaux.fr\/wp-content\/uploads\/2018\/01\/Motif-broderie-appliqu\u00e9-Lunettes.jpg\" class=\"attachment-full size-full\" alt=\"\" srcset=\"https:\/\/cecile-delachaux.fr\/wp-content\/uploads\/2018\/01\/Motif-broderie-appliqu\u00e9-Lunettes.jpg 400w, https:\/\/cecile-delachaux.fr\/wp-content\/uploads\/2018\/01\/Motif-broderie-appliqu\u00e9-Lunettes-150x150.jpg 150w, https:\/\/cecile-delachaux.fr\/wp-content\/uploads\/2018\/01\/Motif-broderie-appliqu\u00e9-Lunettes-300x300.jpg 300w, https:\/\/cecile-delachaux.fr\/wp-content\/uploads\/2018\/01\/Motif-broderie-appliqu\u00e9-Lunettes-324x324.jpg 324w, https:\/\/cecile-delachaux.fr\/wp-content\/uploads\/2018\/01\/Motif-broderie-appliqu\u00e9-Lunettes-100x100.jpg 100w\" sizes=\"auto, (max-width: 400px) 100vw, 400px\" \/><\/a>\r\n\t<\/div>\r\n\t<figcaption class='wp-caption-text gallery-caption' id='mla_gallery-1-362'>\n\tMotif broderie appliqu\u00e9 Lunettes\n\t<\/figcaption><\/figure><figure class='gallery-item last_in_row'>\r\n\t<div class='gallery-icon landscape'>\r\n\t\t<a href='https:\/\/cecile-delachaux.fr\/wp-content\/uploads\/2018\/01\/Motif-broderie-appliqu\u00e9-M\u00e9daille-Ange-Raphael.jpg'><img loading=\"lazy\" decoding=\"async\" aria-describedby=\"mla_gallery-1-364\" width=\"600\" height=\"600\" src=\"https:\/\/cecile-delachaux.fr\/wp-content\/uploads\/2018\/01\/Motif-broderie-appliqu\u00e9-M\u00e9daille-Ange-Raphael.jpg\" class=\"attachment-full size-full\" alt=\"\" srcset=\"https:\/\/cecile-delachaux.fr\/wp-content\/uploads\/2018\/01\/Motif-broderie-appliqu\u00e9-M\u00e9daille-Ange-Raphael.jpg 600w, https:\/\/cecile-delachaux.fr\/wp-content\/uploads\/2018\/01\/Motif-broderie-appliqu\u00e9-M\u00e9daille-Ange-Raphael-150x150.jpg 150w, https:\/\/cecile-delachaux.fr\/wp-content\/uploads\/2018\/01\/Motif-broderie-appliqu\u00e9-M\u00e9daille-Ange-Raphael-300x300.jpg 300w, https:\/\/cecile-delachaux.fr\/wp-content\/uploads\/2018\/01\/Motif-broderie-appliqu\u00e9-M\u00e9daille-Ange-Raphael-548x548.jpg 548w, https:\/\/cecile-delachaux.fr\/wp-content\/uploads\/2018\/01\/Motif-broderie-appliqu\u00e9-M\u00e9daille-Ange-Raphael-324x324.jpg 324w, https:\/\/cecile-delachaux.fr\/wp-content\/uploads\/2018\/01\/Motif-broderie-appliqu\u00e9-M\u00e9daille-Ange-Raphael-416x416.jpg 416w, https:\/\/cecile-delachaux.fr\/wp-content\/uploads\/2018\/01\/Motif-broderie-appliqu\u00e9-M\u00e9daille-Ange-Raphael-100x100.jpg 100w\" sizes=\"auto, (max-width: 600px) 100vw, 600px\" \/><\/a>\r\n\t<\/div>\r\n\t<figcaption class='wp-caption-text gallery-caption' id='mla_gallery-1-364'>\n\tMotif broderie appliqu\u00e9 M\u00e9daille Ange Raphael\n\t<\/figcaption><\/figure><figure class='gallery-item '>\r\n\t<div class='gallery-icon landscape'>\r\n\t\t<a href='https:\/\/cecile-delachaux.fr\/wp-content\/uploads\/2018\/01\/Motif-broderie-appliqu\u00e9-M\u00e9daille-Vierge-Enfant.png'><img loading=\"lazy\" decoding=\"async\" aria-describedby=\"mla_gallery-1-365\" width=\"640\" height=\"640\" src=\"https:\/\/cecile-delachaux.fr\/wp-content\/uploads\/2018\/01\/Motif-broderie-appliqu\u00e9-M\u00e9daille-Vierge-Enfant.png\" class=\"attachment-full size-full\" alt=\"\" srcset=\"https:\/\/cecile-delachaux.fr\/wp-content\/uploads\/2018\/01\/Motif-broderie-appliqu\u00e9-M\u00e9daille-Vierge-Enfant.png 640w, https:\/\/cecile-delachaux.fr\/wp-content\/uploads\/2018\/01\/Motif-broderie-appliqu\u00e9-M\u00e9daille-Vierge-Enfant-150x150.png 150w, https:\/\/cecile-delachaux.fr\/wp-content\/uploads\/2018\/01\/Motif-broderie-appliqu\u00e9-M\u00e9daille-Vierge-Enfant-300x300.png 300w, https:\/\/cecile-delachaux.fr\/wp-content\/uploads\/2018\/01\/Motif-broderie-appliqu\u00e9-M\u00e9daille-Vierge-Enfant-548x548.png 548w, https:\/\/cecile-delachaux.fr\/wp-content\/uploads\/2018\/01\/Motif-broderie-appliqu\u00e9-M\u00e9daille-Vierge-Enfant-324x324.png 324w, https:\/\/cecile-delachaux.fr\/wp-content\/uploads\/2018\/01\/Motif-broderie-appliqu\u00e9-M\u00e9daille-Vierge-Enfant-416x416.png 416w, https:\/\/cecile-delachaux.fr\/wp-content\/uploads\/2018\/01\/Motif-broderie-appliqu\u00e9-M\u00e9daille-Vierge-Enfant-100x100.png 100w\" sizes=\"auto, (max-width: 640px) 100vw, 640px\" \/><\/a>\r\n\t<\/div>\r\n\t<figcaption class='wp-caption-text gallery-caption' id='mla_gallery-1-365'>\n\tMotif broderie appliqu\u00e9 M\u00e9daille Vierge Enfant\n\t<\/figcaption><\/figure><figure class='gallery-item '>\r\n\t<div class='gallery-icon landscape'>\r\n\t\t<a href='https:\/\/cecile-delachaux.fr\/wp-content\/uploads\/2018\/01\/Motif-broderie-appliqu\u00e9-Noeud.jpg'><img loading=\"lazy\" decoding=\"async\" aria-describedby=\"mla_gallery-1-367\" width=\"600\" height=\"600\" src=\"https:\/\/cecile-delachaux.fr\/wp-content\/uploads\/2018\/01\/Motif-broderie-appliqu\u00e9-Noeud.jpg\" class=\"attachment-full size-full\" alt=\"\" srcset=\"https:\/\/cecile-delachaux.fr\/wp-content\/uploads\/2018\/01\/Motif-broderie-appliqu\u00e9-Noeud.jpg 600w, https:\/\/cecile-delachaux.fr\/wp-content\/uploads\/2018\/01\/Motif-broderie-appliqu\u00e9-Noeud-150x150.jpg 150w, https:\/\/cecile-delachaux.fr\/wp-content\/uploads\/2018\/01\/Motif-broderie-appliqu\u00e9-Noeud-300x300.jpg 300w, https:\/\/cecile-delachaux.fr\/wp-content\/uploads\/2018\/01\/Motif-broderie-appliqu\u00e9-Noeud-548x548.jpg 548w, https:\/\/cecile-delachaux.fr\/wp-content\/uploads\/2018\/01\/Motif-broderie-appliqu\u00e9-Noeud-324x324.jpg 324w, https:\/\/cecile-delachaux.fr\/wp-content\/uploads\/2018\/01\/Motif-broderie-appliqu\u00e9-Noeud-416x416.jpg 416w, https:\/\/cecile-delachaux.fr\/wp-content\/uploads\/2018\/01\/Motif-broderie-appliqu\u00e9-Noeud-100x100.jpg 100w\" sizes=\"auto, (max-width: 600px) 100vw, 600px\" \/><\/a>\r\n\t<\/div>\r\n\t<figcaption class='wp-caption-text gallery-caption' id='mla_gallery-1-367'>\n\tMotif broderie appliqu\u00e9 Noeud\n\t<\/figcaption><\/figure><figure class='gallery-item last_in_row'>\r\n\t<div class='gallery-icon landscape'>\r\n\t\t<a href='https:\/\/cecile-delachaux.fr\/wp-content\/uploads\/2018\/01\/Motif-broderie-appliqu\u00e9-Nuage-Jouets.jpg'><img loading=\"lazy\" decoding=\"async\" aria-describedby=\"mla_gallery-1-368\" width=\"400\" height=\"400\" src=\"https:\/\/cecile-delachaux.fr\/wp-content\/uploads\/2018\/01\/Motif-broderie-appliqu\u00e9-Nuage-Jouets.jpg\" class=\"attachment-full size-full\" alt=\"\" srcset=\"https:\/\/cecile-delachaux.fr\/wp-content\/uploads\/2018\/01\/Motif-broderie-appliqu\u00e9-Nuage-Jouets.jpg 400w, https:\/\/cecile-delachaux.fr\/wp-content\/uploads\/2018\/01\/Motif-broderie-appliqu\u00e9-Nuage-Jouets-150x150.jpg 150w, https:\/\/cecile-delachaux.fr\/wp-content\/uploads\/2018\/01\/Motif-broderie-appliqu\u00e9-Nuage-Jouets-300x300.jpg 300w, https:\/\/cecile-delachaux.fr\/wp-content\/uploads\/2018\/01\/Motif-broderie-appliqu\u00e9-Nuage-Jouets-324x324.jpg 324w, https:\/\/cecile-delachaux.fr\/wp-content\/uploads\/2018\/01\/Motif-broderie-appliqu\u00e9-Nuage-Jouets-100x100.jpg 100w\" sizes=\"auto, (max-width: 400px) 100vw, 400px\" \/><\/a>\r\n\t<\/div>\r\n\t<figcaption class='wp-caption-text gallery-caption' id='mla_gallery-1-368'>\n\tMotif broderie appliqu\u00e9 Nuage Jouets\n\t<\/figcaption><\/figure><figure class='gallery-item '>\r\n\t<div class='gallery-icon landscape'>\r\n\t\t<a href='https:\/\/cecile-delachaux.fr\/wp-content\/uploads\/2018\/01\/Motif-broderie-appliqu\u00e9-Oeuf-Noeud.jpg'><img loading=\"lazy\" decoding=\"async\" aria-describedby=\"mla_gallery-1-369\" width=\"500\" height=\"500\" src=\"https:\/\/cecile-delachaux.fr\/wp-content\/uploads\/2018\/01\/Motif-broderie-appliqu\u00e9-Oeuf-Noeud.jpg\" class=\"attachment-full size-full\" alt=\"\" srcset=\"https:\/\/cecile-delachaux.fr\/wp-content\/uploads\/2018\/01\/Motif-broderie-appliqu\u00e9-Oeuf-Noeud.jpg 500w, https:\/\/cecile-delachaux.fr\/wp-content\/uploads\/2018\/01\/Motif-broderie-appliqu\u00e9-Oeuf-Noeud-150x150.jpg 150w, https:\/\/cecile-delachaux.fr\/wp-content\/uploads\/2018\/01\/Motif-broderie-appliqu\u00e9-Oeuf-Noeud-300x300.jpg 300w, https:\/\/cecile-delachaux.fr\/wp-content\/uploads\/2018\/01\/Motif-broderie-appliqu\u00e9-Oeuf-Noeud-324x324.jpg 324w, https:\/\/cecile-delachaux.fr\/wp-content\/uploads\/2018\/01\/Motif-broderie-appliqu\u00e9-Oeuf-Noeud-416x416.jpg 416w, https:\/\/cecile-delachaux.fr\/wp-content\/uploads\/2018\/01\/Motif-broderie-appliqu\u00e9-Oeuf-Noeud-100x100.jpg 100w\" sizes=\"auto, (max-width: 500px) 100vw, 500px\" \/><\/a>\r\n\t<\/div>\r\n\t<figcaption class='wp-caption-text gallery-caption' id='mla_gallery-1-369'>\n\tMotif broderie appliqu\u00e9 Oeuf Noeud\n\t<\/figcaption><\/figure><figure class='gallery-item '>\r\n\t<div class='gallery-icon landscape'>\r\n\t\t<a href='https:\/\/cecile-delachaux.fr\/wp-content\/uploads\/2018\/01\/Motif-broderie-appliqu\u00e9-Oiseau.jpg'><img loading=\"lazy\" decoding=\"async\" aria-describedby=\"mla_gallery-1-370\" width=\"400\" height=\"400\" src=\"https:\/\/cecile-delachaux.fr\/wp-content\/uploads\/2018\/01\/Motif-broderie-appliqu\u00e9-Oiseau.jpg\" class=\"attachment-full size-full\" alt=\"\" srcset=\"https:\/\/cecile-delachaux.fr\/wp-content\/uploads\/2018\/01\/Motif-broderie-appliqu\u00e9-Oiseau.jpg 400w, https:\/\/cecile-delachaux.fr\/wp-content\/uploads\/2018\/01\/Motif-broderie-appliqu\u00e9-Oiseau-150x150.jpg 150w, https:\/\/cecile-delachaux.fr\/wp-content\/uploads\/2018\/01\/Motif-broderie-appliqu\u00e9-Oiseau-300x300.jpg 300w, https:\/\/cecile-delachaux.fr\/wp-content\/uploads\/2018\/01\/Motif-broderie-appliqu\u00e9-Oiseau-324x324.jpg 324w, https:\/\/cecile-delachaux.fr\/wp-content\/uploads\/2018\/01\/Motif-broderie-appliqu\u00e9-Oiseau-100x100.jpg 100w\" sizes=\"auto, (max-width: 400px) 100vw, 400px\" \/><\/a>\r\n\t<\/div>\r\n\t<figcaption class='wp-caption-text gallery-caption' id='mla_gallery-1-370'>\n\tMotif broderie appliqu\u00e9 Oiseau\n\t<\/figcaption><\/figure><figure class='gallery-item last_in_row'>\r\n\t<div class='gallery-icon landscape'>\r\n\t\t<a href='https:\/\/cecile-delachaux.fr\/wp-content\/uploads\/2018\/01\/Motif-broderie-appliqu\u00e9-Oiseaux-Fanions-e1515505011662.jpg'><img loading=\"lazy\" decoding=\"async\" aria-describedby=\"mla_gallery-1-371\" width=\"600\" height=\"600\" src=\"https:\/\/cecile-delachaux.fr\/wp-content\/uploads\/2018\/01\/Motif-broderie-appliqu\u00e9-Oiseaux-Fanions-e1515505011662.jpg\" class=\"attachment-full size-full\" alt=\"\" srcset=\"https:\/\/cecile-delachaux.fr\/wp-content\/uploads\/2018\/01\/Motif-broderie-appliqu\u00e9-Oiseaux-Fanions-e1515505011662.jpg 600w, https:\/\/cecile-delachaux.fr\/wp-content\/uploads\/2018\/01\/Motif-broderie-appliqu\u00e9-Oiseaux-Fanions-e1515505011662-150x150.jpg 150w, https:\/\/cecile-delachaux.fr\/wp-content\/uploads\/2018\/01\/Motif-broderie-appliqu\u00e9-Oiseaux-Fanions-e1515505011662-300x300.jpg 300w, https:\/\/cecile-delachaux.fr\/wp-content\/uploads\/2018\/01\/Motif-broderie-appliqu\u00e9-Oiseaux-Fanions-e1515505011662-548x548.jpg 548w, https:\/\/cecile-delachaux.fr\/wp-content\/uploads\/2018\/01\/Motif-broderie-appliqu\u00e9-Oiseaux-Fanions-e1515505011662-324x324.jpg 324w, https:\/\/cecile-delachaux.fr\/wp-content\/uploads\/2018\/01\/Motif-broderie-appliqu\u00e9-Oiseaux-Fanions-e1515505011662-416x416.jpg 416w, https:\/\/cecile-delachaux.fr\/wp-content\/uploads\/2018\/01\/Motif-broderie-appliqu\u00e9-Oiseaux-Fanions-e1515505011662-100x100.jpg 100w\" sizes=\"auto, (max-width: 600px) 100vw, 600px\" \/><\/a>\r\n\t<\/div>\r\n\t<figcaption class='wp-caption-text gallery-caption' id='mla_gallery-1-371'>\n\tMotif broderie appliqu\u00e9 Oiseaux Fanions\n\t<\/figcaption><\/figure><figure class='gallery-item '>\r\n\t<div class='gallery-icon landscape'>\r\n\t\t<a href='https:\/\/cecile-delachaux.fr\/wp-content\/uploads\/2018\/01\/Motif-broderie-appliqu\u00e9-Ourson.jpg'><img loading=\"lazy\" decoding=\"async\" aria-describedby=\"mla_gallery-1-372\" width=\"496\" height=\"450\" src=\"https:\/\/cecile-delachaux.fr\/wp-content\/uploads\/2018\/01\/Motif-broderie-appliqu\u00e9-Ourson.jpg\" class=\"attachment-full size-full\" alt=\"\" srcset=\"https:\/\/cecile-delachaux.fr\/wp-content\/uploads\/2018\/01\/Motif-broderie-appliqu\u00e9-Ourson.jpg 496w, https:\/\/cecile-delachaux.fr\/wp-content\/uploads\/2018\/01\/Motif-broderie-appliqu\u00e9-Ourson-300x272.jpg 300w, https:\/\/cecile-delachaux.fr\/wp-content\/uploads\/2018\/01\/Motif-broderie-appliqu\u00e9-Ourson-416x377.jpg 416w\" sizes=\"auto, (max-width: 496px) 100vw, 496px\" \/><\/a>\r\n\t<\/div>\r\n\t<figcaption class='wp-caption-text gallery-caption' id='mla_gallery-1-372'>\n\tMotif broderie appliqu\u00e9 Ourson\n\t<\/figcaption><\/figure><figure class='gallery-item '>\r\n\t<div class='gallery-icon landscape'>\r\n\t\t<a href='https:\/\/cecile-delachaux.fr\/wp-content\/uploads\/2018\/01\/Motif-broderie-appliqu\u00e9-Peter-Rabbit.jpg'><img loading=\"lazy\" decoding=\"async\" aria-describedby=\"mla_gallery-1-373\" width=\"593\" height=\"593\" src=\"https:\/\/cecile-delachaux.fr\/wp-content\/uploads\/2018\/01\/Motif-broderie-appliqu\u00e9-Peter-Rabbit.jpg\" class=\"attachment-full size-full\" alt=\"\" srcset=\"https:\/\/cecile-delachaux.fr\/wp-content\/uploads\/2018\/01\/Motif-broderie-appliqu\u00e9-Peter-Rabbit.jpg 593w, https:\/\/cecile-delachaux.fr\/wp-content\/uploads\/2018\/01\/Motif-broderie-appliqu\u00e9-Peter-Rabbit-150x150.jpg 150w, https:\/\/cecile-delachaux.fr\/wp-content\/uploads\/2018\/01\/Motif-broderie-appliqu\u00e9-Peter-Rabbit-300x300.jpg 300w, https:\/\/cecile-delachaux.fr\/wp-content\/uploads\/2018\/01\/Motif-broderie-appliqu\u00e9-Peter-Rabbit-548x548.jpg 548w, https:\/\/cecile-delachaux.fr\/wp-content\/uploads\/2018\/01\/Motif-broderie-appliqu\u00e9-Peter-Rabbit-324x324.jpg 324w, https:\/\/cecile-delachaux.fr\/wp-content\/uploads\/2018\/01\/Motif-broderie-appliqu\u00e9-Peter-Rabbit-416x416.jpg 416w, https:\/\/cecile-delachaux.fr\/wp-content\/uploads\/2018\/01\/Motif-broderie-appliqu\u00e9-Peter-Rabbit-100x100.jpg 100w\" sizes=\"auto, (max-width: 593px) 100vw, 593px\" \/><\/a>\r\n\t<\/div>\r\n\t<figcaption class='wp-caption-text gallery-caption' id='mla_gallery-1-373'>\n\tMotif broderie appliqu\u00e9 Peter Rabbit\n\t<\/figcaption><\/figure><figure class='gallery-item last_in_row'>\r\n\t<div class='gallery-icon landscape'>\r\n\t\t<a href='https:\/\/cecile-delachaux.fr\/wp-content\/uploads\/2018\/01\/Motif-broderie-appliqu\u00e9-Plume.jpg'><img loading=\"lazy\" decoding=\"async\" aria-describedby=\"mla_gallery-1-374\" width=\"400\" height=\"400\" src=\"https:\/\/cecile-delachaux.fr\/wp-content\/uploads\/2018\/01\/Motif-broderie-appliqu\u00e9-Plume.jpg\" class=\"attachment-full size-full\" alt=\"\" srcset=\"https:\/\/cecile-delachaux.fr\/wp-content\/uploads\/2018\/01\/Motif-broderie-appliqu\u00e9-Plume.jpg 400w, https:\/\/cecile-delachaux.fr\/wp-content\/uploads\/2018\/01\/Motif-broderie-appliqu\u00e9-Plume-150x150.jpg 150w, https:\/\/cecile-delachaux.fr\/wp-content\/uploads\/2018\/01\/Motif-broderie-appliqu\u00e9-Plume-300x300.jpg 300w, https:\/\/cecile-delachaux.fr\/wp-content\/uploads\/2018\/01\/Motif-broderie-appliqu\u00e9-Plume-324x324.jpg 324w, https:\/\/cecile-delachaux.fr\/wp-content\/uploads\/2018\/01\/Motif-broderie-appliqu\u00e9-Plume-100x100.jpg 100w\" sizes=\"auto, (max-width: 400px) 100vw, 400px\" \/><\/a>\r\n\t<\/div>\r\n\t<figcaption class='wp-caption-text gallery-caption' id='mla_gallery-1-374'>\n\tMotif broderie appliqu\u00e9 Plume\n\t<\/figcaption><\/figure><figure class='gallery-item '>\r\n\t<div class='gallery-icon landscape'>\r\n\t\t<a href='https:\/\/cecile-delachaux.fr\/wp-content\/uploads\/2018\/01\/Motif-broderie-appliqu\u00e9-Princesse.jpg'><img loading=\"lazy\" decoding=\"async\" aria-describedby=\"mla_gallery-1-375\" width=\"500\" height=\"500\" src=\"https:\/\/cecile-delachaux.fr\/wp-content\/uploads\/2018\/01\/Motif-broderie-appliqu\u00e9-Princesse.jpg\" class=\"attachment-full size-full\" alt=\"\" srcset=\"https:\/\/cecile-delachaux.fr\/wp-content\/uploads\/2018\/01\/Motif-broderie-appliqu\u00e9-Princesse.jpg 500w, https:\/\/cecile-delachaux.fr\/wp-content\/uploads\/2018\/01\/Motif-broderie-appliqu\u00e9-Princesse-150x150.jpg 150w, https:\/\/cecile-delachaux.fr\/wp-content\/uploads\/2018\/01\/Motif-broderie-appliqu\u00e9-Princesse-300x300.jpg 300w, https:\/\/cecile-delachaux.fr\/wp-content\/uploads\/2018\/01\/Motif-broderie-appliqu\u00e9-Princesse-324x324.jpg 324w, https:\/\/cecile-delachaux.fr\/wp-content\/uploads\/2018\/01\/Motif-broderie-appliqu\u00e9-Princesse-416x416.jpg 416w, https:\/\/cecile-delachaux.fr\/wp-content\/uploads\/2018\/01\/Motif-broderie-appliqu\u00e9-Princesse-100x100.jpg 100w\" sizes=\"auto, (max-width: 500px) 100vw, 500px\" \/><\/a>\r\n\t<\/div>\r\n\t<figcaption class='wp-caption-text gallery-caption' id='mla_gallery-1-375'>\n\tMotif broderie appliqu\u00e9 Princesse\n\t<\/figcaption><\/figure><figure class='gallery-item '>\r\n\t<div class='gallery-icon portrait'>\r\n\t\t<a href='https:\/\/cecile-delachaux.fr\/wp-content\/uploads\/2018\/01\/Motif-broderie-appliqu\u00e9-Sir\u00e8ne.jpg'><img loading=\"lazy\" decoding=\"async\" aria-describedby=\"mla_gallery-1-376\" width=\"567\" height=\"595\" src=\"https:\/\/cecile-delachaux.fr\/wp-content\/uploads\/2018\/01\/Motif-broderie-appliqu\u00e9-Sir\u00e8ne.jpg\" class=\"attachment-full size-full\" alt=\"\" srcset=\"https:\/\/cecile-delachaux.fr\/wp-content\/uploads\/2018\/01\/Motif-broderie-appliqu\u00e9-Sir\u00e8ne.jpg 567w, https:\/\/cecile-delachaux.fr\/wp-content\/uploads\/2018\/01\/Motif-broderie-appliqu\u00e9-Sir\u00e8ne-522x548.jpg 522w, https:\/\/cecile-delachaux.fr\/wp-content\/uploads\/2018\/01\/Motif-broderie-appliqu\u00e9-Sir\u00e8ne-286x300.jpg 286w, https:\/\/cecile-delachaux.fr\/wp-content\/uploads\/2018\/01\/Motif-broderie-appliqu\u00e9-Sir\u00e8ne-416x437.jpg 416w\" sizes=\"auto, (max-width: 567px) 100vw, 567px\" \/><\/a>\r\n\t<\/div>\r\n\t<figcaption class='wp-caption-text gallery-caption' id='mla_gallery-1-376'>\n\tMotif broderie appliqu\u00e9 Sir\u00e8ne\n\t<\/figcaption><\/figure><figure class='gallery-item last_in_row'>\r\n\t<div class='gallery-icon landscape'>\r\n\t\t<a href='https:\/\/cecile-delachaux.fr\/wp-content\/uploads\/2018\/01\/Motif-broderie-appliqu\u00e9-Tour-Etoile-Pr\u00e9nom.jpg'><img loading=\"lazy\" decoding=\"async\" aria-describedby=\"mla_gallery-1-377\" width=\"400\" height=\"400\" src=\"https:\/\/cecile-delachaux.fr\/wp-content\/uploads\/2018\/01\/Motif-broderie-appliqu\u00e9-Tour-Etoile-Pr\u00e9nom.jpg\" class=\"attachment-full size-full\" alt=\"\" srcset=\"https:\/\/cecile-delachaux.fr\/wp-content\/uploads\/2018\/01\/Motif-broderie-appliqu\u00e9-Tour-Etoile-Pr\u00e9nom.jpg 400w, https:\/\/cecile-delachaux.fr\/wp-content\/uploads\/2018\/01\/Motif-broderie-appliqu\u00e9-Tour-Etoile-Pr\u00e9nom-150x150.jpg 150w, https:\/\/cecile-delachaux.fr\/wp-content\/uploads\/2018\/01\/Motif-broderie-appliqu\u00e9-Tour-Etoile-Pr\u00e9nom-300x300.jpg 300w, https:\/\/cecile-delachaux.fr\/wp-content\/uploads\/2018\/01\/Motif-broderie-appliqu\u00e9-Tour-Etoile-Pr\u00e9nom-324x324.jpg 324w, https:\/\/cecile-delachaux.fr\/wp-content\/uploads\/2018\/01\/Motif-broderie-appliqu\u00e9-Tour-Etoile-Pr\u00e9nom-100x100.jpg 100w\" sizes=\"auto, (max-width: 400px) 100vw, 400px\" \/><\/a>\r\n\t<\/div>\r\n\t<figcaption class='wp-caption-text gallery-caption' id='mla_gallery-1-377'>\n\tMotif broderie appliqu\u00e9 Tour Etoile Pr\u00e9nom\n\t<\/figcaption><\/figure><figure class='gallery-item '>\r\n\t<div class='gallery-icon landscape'>\r\n\t\t<a href='https:\/\/cecile-delachaux.fr\/wp-content\/uploads\/2018\/01\/Motif-broderie-Chat-Assis.jpg'><img loading=\"lazy\" decoding=\"async\" aria-describedby=\"mla_gallery-1-379\" width=\"500\" height=\"500\" src=\"https:\/\/cecile-delachaux.fr\/wp-content\/uploads\/2018\/01\/Motif-broderie-Chat-Assis.jpg\" class=\"attachment-full size-full\" alt=\"\" srcset=\"https:\/\/cecile-delachaux.fr\/wp-content\/uploads\/2018\/01\/Motif-broderie-Chat-Assis.jpg 500w, https:\/\/cecile-delachaux.fr\/wp-content\/uploads\/2018\/01\/Motif-broderie-Chat-Assis-150x150.jpg 150w, https:\/\/cecile-delachaux.fr\/wp-content\/uploads\/2018\/01\/Motif-broderie-Chat-Assis-300x300.jpg 300w, https:\/\/cecile-delachaux.fr\/wp-content\/uploads\/2018\/01\/Motif-broderie-Chat-Assis-324x324.jpg 324w, https:\/\/cecile-delachaux.fr\/wp-content\/uploads\/2018\/01\/Motif-broderie-Chat-Assis-416x416.jpg 416w, https:\/\/cecile-delachaux.fr\/wp-content\/uploads\/2018\/01\/Motif-broderie-Chat-Assis-100x100.jpg 100w\" sizes=\"auto, (max-width: 500px) 100vw, 500px\" \/><\/a>\r\n\t<\/div>\r\n\t<figcaption class='wp-caption-text gallery-caption' id='mla_gallery-1-379'>\n\tMotif broderie Chat Assis\n\t<\/figcaption><\/figure><figure class='gallery-item '>\r\n\t<div class='gallery-icon landscape'>\r\n\t\t<a href='https:\/\/cecile-delachaux.fr\/wp-content\/uploads\/2018\/01\/Motif-broderie-Coeur-Arabesque.jpg'><img loading=\"lazy\" decoding=\"async\" aria-describedby=\"mla_gallery-1-380\" width=\"600\" height=\"600\" src=\"https:\/\/cecile-delachaux.fr\/wp-content\/uploads\/2018\/01\/Motif-broderie-Coeur-Arabesque.jpg\" class=\"attachment-full size-full\" alt=\"\" srcset=\"https:\/\/cecile-delachaux.fr\/wp-content\/uploads\/2018\/01\/Motif-broderie-Coeur-Arabesque.jpg 600w, https:\/\/cecile-delachaux.fr\/wp-content\/uploads\/2018\/01\/Motif-broderie-Coeur-Arabesque-150x150.jpg 150w, https:\/\/cecile-delachaux.fr\/wp-content\/uploads\/2018\/01\/Motif-broderie-Coeur-Arabesque-300x300.jpg 300w, https:\/\/cecile-delachaux.fr\/wp-content\/uploads\/2018\/01\/Motif-broderie-Coeur-Arabesque-548x548.jpg 548w, https:\/\/cecile-delachaux.fr\/wp-content\/uploads\/2018\/01\/Motif-broderie-Coeur-Arabesque-324x324.jpg 324w, https:\/\/cecile-delachaux.fr\/wp-content\/uploads\/2018\/01\/Motif-broderie-Coeur-Arabesque-416x416.jpg 416w, https:\/\/cecile-delachaux.fr\/wp-content\/uploads\/2018\/01\/Motif-broderie-Coeur-Arabesque-100x100.jpg 100w\" sizes=\"auto, (max-width: 600px) 100vw, 600px\" \/><\/a>\r\n\t<\/div>\r\n\t<figcaption class='wp-caption-text gallery-caption' id='mla_gallery-1-380'>\n\tMotif broderie Coeur Arabesque\n\t<\/figcaption><\/figure><figure class='gallery-item last_in_row'>\r\n\t<div class='gallery-icon landscape'>\r\n\t\t<a href='https:\/\/cecile-delachaux.fr\/wp-content\/uploads\/2018\/01\/Motif-broderie-Coeur.jpg'><img loading=\"lazy\" decoding=\"async\" aria-describedby=\"mla_gallery-1-381\" width=\"600\" height=\"600\" src=\"https:\/\/cecile-delachaux.fr\/wp-content\/uploads\/2018\/01\/Motif-broderie-Coeur.jpg\" class=\"attachment-full size-full\" alt=\"\" srcset=\"https:\/\/cecile-delachaux.fr\/wp-content\/uploads\/2018\/01\/Motif-broderie-Coeur.jpg 600w, https:\/\/cecile-delachaux.fr\/wp-content\/uploads\/2018\/01\/Motif-broderie-Coeur-150x150.jpg 150w, https:\/\/cecile-delachaux.fr\/wp-content\/uploads\/2018\/01\/Motif-broderie-Coeur-300x300.jpg 300w, https:\/\/cecile-delachaux.fr\/wp-content\/uploads\/2018\/01\/Motif-broderie-Coeur-548x548.jpg 548w, https:\/\/cecile-delachaux.fr\/wp-content\/uploads\/2018\/01\/Motif-broderie-Coeur-324x324.jpg 324w, https:\/\/cecile-delachaux.fr\/wp-content\/uploads\/2018\/01\/Motif-broderie-Coeur-416x416.jpg 416w, https:\/\/cecile-delachaux.fr\/wp-content\/uploads\/2018\/01\/Motif-broderie-Coeur-100x100.jpg 100w\" sizes=\"auto, (max-width: 600px) 100vw, 600px\" \/><\/a>\r\n\t<\/div>\r\n\t<figcaption class='wp-caption-text gallery-caption' id='mla_gallery-1-381'>\n\tMotif broderie Coeur\n\t<\/figcaption><\/figure><figure class='gallery-item '>\r\n\t<div class='gallery-icon landscape'>\r\n\t\t<a href='https:\/\/cecile-delachaux.fr\/wp-content\/uploads\/2018\/01\/Motif-broderie-Couronne-Fleurie.jpg'><img loading=\"lazy\" decoding=\"async\" aria-describedby=\"mla_gallery-1-383\" width=\"400\" height=\"400\" src=\"https:\/\/cecile-delachaux.fr\/wp-content\/uploads\/2018\/01\/Motif-broderie-Couronne-Fleurie.jpg\" class=\"attachment-full size-full\" alt=\"\" srcset=\"https:\/\/cecile-delachaux.fr\/wp-content\/uploads\/2018\/01\/Motif-broderie-Couronne-Fleurie.jpg 400w, https:\/\/cecile-delachaux.fr\/wp-content\/uploads\/2018\/01\/Motif-broderie-Couronne-Fleurie-150x150.jpg 150w, https:\/\/cecile-delachaux.fr\/wp-content\/uploads\/2018\/01\/Motif-broderie-Couronne-Fleurie-300x300.jpg 300w, https:\/\/cecile-delachaux.fr\/wp-content\/uploads\/2018\/01\/Motif-broderie-Couronne-Fleurie-324x324.jpg 324w, https:\/\/cecile-delachaux.fr\/wp-content\/uploads\/2018\/01\/Motif-broderie-Couronne-Fleurie-100x100.jpg 100w\" sizes=\"auto, (max-width: 400px) 100vw, 400px\" \/><\/a>\r\n\t<\/div>\r\n\t<figcaption class='wp-caption-text gallery-caption' id='mla_gallery-1-383'>\n\tMotif broderie Couronne Fleurie\n\t<\/figcaption><\/figure><figure class='gallery-item '>\r\n\t<div class='gallery-icon landscape'>\r\n\t\t<a href='https:\/\/cecile-delachaux.fr\/wp-content\/uploads\/2018\/01\/Motif-broderie-Danseuse.jpg'><img loading=\"lazy\" decoding=\"async\" aria-describedby=\"mla_gallery-1-384\" width=\"600\" height=\"600\" src=\"https:\/\/cecile-delachaux.fr\/wp-content\/uploads\/2018\/01\/Motif-broderie-Danseuse.jpg\" class=\"attachment-full size-full\" alt=\"\" srcset=\"https:\/\/cecile-delachaux.fr\/wp-content\/uploads\/2018\/01\/Motif-broderie-Danseuse.jpg 600w, https:\/\/cecile-delachaux.fr\/wp-content\/uploads\/2018\/01\/Motif-broderie-Danseuse-150x150.jpg 150w, https:\/\/cecile-delachaux.fr\/wp-content\/uploads\/2018\/01\/Motif-broderie-Danseuse-300x300.jpg 300w, https:\/\/cecile-delachaux.fr\/wp-content\/uploads\/2018\/01\/Motif-broderie-Danseuse-548x548.jpg 548w, https:\/\/cecile-delachaux.fr\/wp-content\/uploads\/2018\/01\/Motif-broderie-Danseuse-324x324.jpg 324w, https:\/\/cecile-delachaux.fr\/wp-content\/uploads\/2018\/01\/Motif-broderie-Danseuse-416x416.jpg 416w, https:\/\/cecile-delachaux.fr\/wp-content\/uploads\/2018\/01\/Motif-broderie-Danseuse-100x100.jpg 100w\" sizes=\"auto, (max-width: 600px) 100vw, 600px\" \/><\/a>\r\n\t<\/div>\r\n\t<figcaption class='wp-caption-text gallery-caption' id='mla_gallery-1-384'>\n\tMotif broderie Danseuse\n\t<\/figcaption><\/figure><figure class='gallery-item last_in_row'>\r\n\t<div class='gallery-icon landscape'>\r\n\t\t<a href='https:\/\/cecile-delachaux.fr\/wp-content\/uploads\/2018\/01\/Motif-broderie-Etoile.jpg'><img loading=\"lazy\" decoding=\"async\" aria-describedby=\"mla_gallery-1-385\" width=\"600\" height=\"600\" src=\"https:\/\/cecile-delachaux.fr\/wp-content\/uploads\/2018\/01\/Motif-broderie-Etoile.jpg\" class=\"attachment-full size-full\" alt=\"\" srcset=\"https:\/\/cecile-delachaux.fr\/wp-content\/uploads\/2018\/01\/Motif-broderie-Etoile.jpg 600w, https:\/\/cecile-delachaux.fr\/wp-content\/uploads\/2018\/01\/Motif-broderie-Etoile-150x150.jpg 150w, https:\/\/cecile-delachaux.fr\/wp-content\/uploads\/2018\/01\/Motif-broderie-Etoile-300x300.jpg 300w, https:\/\/cecile-delachaux.fr\/wp-content\/uploads\/2018\/01\/Motif-broderie-Etoile-548x548.jpg 548w, https:\/\/cecile-delachaux.fr\/wp-content\/uploads\/2018\/01\/Motif-broderie-Etoile-324x324.jpg 324w, https:\/\/cecile-delachaux.fr\/wp-content\/uploads\/2018\/01\/Motif-broderie-Etoile-416x416.jpg 416w, https:\/\/cecile-delachaux.fr\/wp-content\/uploads\/2018\/01\/Motif-broderie-Etoile-100x100.jpg 100w\" sizes=\"auto, (max-width: 600px) 100vw, 600px\" \/><\/a>\r\n\t<\/div>\r\n\t<figcaption class='wp-caption-text gallery-caption' id='mla_gallery-1-385'>\n\tMotif broderie Etoile\n\t<\/figcaption><\/figure><figure class='gallery-item '>\r\n\t<div class='gallery-icon landscape'>\r\n\t\t<a href='https:\/\/cecile-delachaux.fr\/wp-content\/uploads\/2018\/01\/Motif-broderie-Fleur-de-Lys.jpg'><img loading=\"lazy\" decoding=\"async\" aria-describedby=\"mla_gallery-1-386\" width=\"600\" height=\"600\" src=\"https:\/\/cecile-delachaux.fr\/wp-content\/uploads\/2018\/01\/Motif-broderie-Fleur-de-Lys.jpg\" class=\"attachment-full size-full\" alt=\"\" srcset=\"https:\/\/cecile-delachaux.fr\/wp-content\/uploads\/2018\/01\/Motif-broderie-Fleur-de-Lys.jpg 600w, https:\/\/cecile-delachaux.fr\/wp-content\/uploads\/2018\/01\/Motif-broderie-Fleur-de-Lys-150x150.jpg 150w, https:\/\/cecile-delachaux.fr\/wp-content\/uploads\/2018\/01\/Motif-broderie-Fleur-de-Lys-300x300.jpg 300w, https:\/\/cecile-delachaux.fr\/wp-content\/uploads\/2018\/01\/Motif-broderie-Fleur-de-Lys-548x548.jpg 548w, https:\/\/cecile-delachaux.fr\/wp-content\/uploads\/2018\/01\/Motif-broderie-Fleur-de-Lys-324x324.jpg 324w, https:\/\/cecile-delachaux.fr\/wp-content\/uploads\/2018\/01\/Motif-broderie-Fleur-de-Lys-416x416.jpg 416w, https:\/\/cecile-delachaux.fr\/wp-content\/uploads\/2018\/01\/Motif-broderie-Fleur-de-Lys-100x100.jpg 100w\" sizes=\"auto, (max-width: 600px) 100vw, 600px\" \/><\/a>\r\n\t<\/div>\r\n\t<figcaption class='wp-caption-text gallery-caption' id='mla_gallery-1-386'>\n\tMotif broderie Fleur de Lys\n\t<\/figcaption><\/figure><figure class='gallery-item '>\r\n\t<div class='gallery-icon landscape'>\r\n\t\t<a href='https:\/\/cecile-delachaux.fr\/wp-content\/uploads\/2018\/01\/Motif-broderie-Gecko.jpg'><img loading=\"lazy\" decoding=\"async\" aria-describedby=\"mla_gallery-1-387\" width=\"458\" height=\"458\" src=\"https:\/\/cecile-delachaux.fr\/wp-content\/uploads\/2018\/01\/Motif-broderie-Gecko.jpg\" class=\"attachment-full size-full\" alt=\"\" srcset=\"https:\/\/cecile-delachaux.fr\/wp-content\/uploads\/2018\/01\/Motif-broderie-Gecko.jpg 458w, https:\/\/cecile-delachaux.fr\/wp-content\/uploads\/2018\/01\/Motif-broderie-Gecko-150x150.jpg 150w, https:\/\/cecile-delachaux.fr\/wp-content\/uploads\/2018\/01\/Motif-broderie-Gecko-300x300.jpg 300w, https:\/\/cecile-delachaux.fr\/wp-content\/uploads\/2018\/01\/Motif-broderie-Gecko-324x324.jpg 324w, https:\/\/cecile-delachaux.fr\/wp-content\/uploads\/2018\/01\/Motif-broderie-Gecko-416x416.jpg 416w, https:\/\/cecile-delachaux.fr\/wp-content\/uploads\/2018\/01\/Motif-broderie-Gecko-100x100.jpg 100w\" sizes=\"auto, (max-width: 458px) 100vw, 458px\" \/><\/a>\r\n\t<\/div>\r\n\t<figcaption class='wp-caption-text gallery-caption' id='mla_gallery-1-387'>\n\tMotif broderie Gecko\n\t<\/figcaption><\/figure><figure class='gallery-item last_in_row'>\r\n\t<div class='gallery-icon landscape'>\r\n\t\t<a href='https:\/\/cecile-delachaux.fr\/wp-content\/uploads\/2018\/01\/Motif-broderie-Kiss.jpg'><img loading=\"lazy\" decoding=\"async\" aria-describedby=\"mla_gallery-1-388\" width=\"600\" height=\"600\" src=\"https:\/\/cecile-delachaux.fr\/wp-content\/uploads\/2018\/01\/Motif-broderie-Kiss.jpg\" class=\"attachment-full size-full\" alt=\"\" srcset=\"https:\/\/cecile-delachaux.fr\/wp-content\/uploads\/2018\/01\/Motif-broderie-Kiss.jpg 600w, https:\/\/cecile-delachaux.fr\/wp-content\/uploads\/2018\/01\/Motif-broderie-Kiss-150x150.jpg 150w, https:\/\/cecile-delachaux.fr\/wp-content\/uploads\/2018\/01\/Motif-broderie-Kiss-300x300.jpg 300w, https:\/\/cecile-delachaux.fr\/wp-content\/uploads\/2018\/01\/Motif-broderie-Kiss-548x548.jpg 548w, https:\/\/cecile-delachaux.fr\/wp-content\/uploads\/2018\/01\/Motif-broderie-Kiss-324x324.jpg 324w, https:\/\/cecile-delachaux.fr\/wp-content\/uploads\/2018\/01\/Motif-broderie-Kiss-416x416.jpg 416w, https:\/\/cecile-delachaux.fr\/wp-content\/uploads\/2018\/01\/Motif-broderie-Kiss-100x100.jpg 100w\" sizes=\"auto, (max-width: 600px) 100vw, 600px\" \/><\/a>\r\n\t<\/div>\r\n\t<figcaption class='wp-caption-text gallery-caption' id='mla_gallery-1-388'>\n\tMotif broderie Kiss\n\t<\/figcaption><\/figure><figure class='gallery-item '>\r\n\t<div class='gallery-icon landscape'>\r\n\t\t<a href='https:\/\/cecile-delachaux.fr\/wp-content\/uploads\/2018\/01\/Motif-broderie-Licorne.jpg'><img loading=\"lazy\" decoding=\"async\" aria-describedby=\"mla_gallery-1-389\" width=\"427\" height=\"427\" src=\"https:\/\/cecile-delachaux.fr\/wp-content\/uploads\/2018\/01\/Motif-broderie-Licorne.jpg\" class=\"attachment-full size-full\" alt=\"\" srcset=\"https:\/\/cecile-delachaux.fr\/wp-content\/uploads\/2018\/01\/Motif-broderie-Licorne.jpg 427w, https:\/\/cecile-delachaux.fr\/wp-content\/uploads\/2018\/01\/Motif-broderie-Licorne-150x150.jpg 150w, https:\/\/cecile-delachaux.fr\/wp-content\/uploads\/2018\/01\/Motif-broderie-Licorne-300x300.jpg 300w, https:\/\/cecile-delachaux.fr\/wp-content\/uploads\/2018\/01\/Motif-broderie-Licorne-324x324.jpg 324w, https:\/\/cecile-delachaux.fr\/wp-content\/uploads\/2018\/01\/Motif-broderie-Licorne-416x416.jpg 416w, https:\/\/cecile-delachaux.fr\/wp-content\/uploads\/2018\/01\/Motif-broderie-Licorne-100x100.jpg 100w\" sizes=\"auto, (max-width: 427px) 100vw, 427px\" \/><\/a>\r\n\t<\/div>\r\n\t<figcaption class='wp-caption-text gallery-caption' id='mla_gallery-1-389'>\n\tMotif broderie Licorne\n\t<\/figcaption><\/figure><figure class='gallery-item '>\r\n\t<div class='gallery-icon landscape'>\r\n\t\t<a href='https:\/\/cecile-delachaux.fr\/wp-content\/uploads\/2018\/01\/Motif-broderie-Love.jpg'><img loading=\"lazy\" decoding=\"async\" aria-describedby=\"mla_gallery-1-390\" width=\"600\" height=\"600\" src=\"https:\/\/cecile-delachaux.fr\/wp-content\/uploads\/2018\/01\/Motif-broderie-Love.jpg\" class=\"attachment-full size-full\" alt=\"\" srcset=\"https:\/\/cecile-delachaux.fr\/wp-content\/uploads\/2018\/01\/Motif-broderie-Love.jpg 600w, https:\/\/cecile-delachaux.fr\/wp-content\/uploads\/2018\/01\/Motif-broderie-Love-150x150.jpg 150w, https:\/\/cecile-delachaux.fr\/wp-content\/uploads\/2018\/01\/Motif-broderie-Love-300x300.jpg 300w, https:\/\/cecile-delachaux.fr\/wp-content\/uploads\/2018\/01\/Motif-broderie-Love-548x548.jpg 548w, https:\/\/cecile-delachaux.fr\/wp-content\/uploads\/2018\/01\/Motif-broderie-Love-324x324.jpg 324w, https:\/\/cecile-delachaux.fr\/wp-content\/uploads\/2018\/01\/Motif-broderie-Love-416x416.jpg 416w, https:\/\/cecile-delachaux.fr\/wp-content\/uploads\/2018\/01\/Motif-broderie-Love-100x100.jpg 100w\" sizes=\"auto, (max-width: 600px) 100vw, 600px\" \/><\/a>\r\n\t<\/div>\r\n\t<figcaption class='wp-caption-text gallery-caption' id='mla_gallery-1-390'>\n\tMotif broderie Love\n\t<\/figcaption><\/figure><figure class='gallery-item last_in_row'>\r\n\t<div class='gallery-icon landscape'>\r\n\t\t<a href='https:\/\/cecile-delachaux.fr\/wp-content\/uploads\/2018\/01\/Motif-broderie-Mini-Motifs-s\u00e9rie-2.jpg'><img loading=\"lazy\" decoding=\"async\" aria-describedby=\"mla_gallery-1-391\" width=\"400\" height=\"400\" src=\"https:\/\/cecile-delachaux.fr\/wp-content\/uploads\/2018\/01\/Motif-broderie-Mini-Motifs-s\u00e9rie-2.jpg\" class=\"attachment-full size-full\" alt=\"\" srcset=\"https:\/\/cecile-delachaux.fr\/wp-content\/uploads\/2018\/01\/Motif-broderie-Mini-Motifs-s\u00e9rie-2.jpg 400w, https:\/\/cecile-delachaux.fr\/wp-content\/uploads\/2018\/01\/Motif-broderie-Mini-Motifs-s\u00e9rie-2-150x150.jpg 150w, https:\/\/cecile-delachaux.fr\/wp-content\/uploads\/2018\/01\/Motif-broderie-Mini-Motifs-s\u00e9rie-2-300x300.jpg 300w, https:\/\/cecile-delachaux.fr\/wp-content\/uploads\/2018\/01\/Motif-broderie-Mini-Motifs-s\u00e9rie-2-324x324.jpg 324w, https:\/\/cecile-delachaux.fr\/wp-content\/uploads\/2018\/01\/Motif-broderie-Mini-Motifs-s\u00e9rie-2-100x100.jpg 100w\" sizes=\"auto, (max-width: 400px) 100vw, 400px\" \/><\/a>\r\n\t<\/div>\r\n\t<figcaption class='wp-caption-text gallery-caption' id='mla_gallery-1-391'>\n\tMotif broderie Mini Motifs s\u00e9rie 2\n\t<\/figcaption><\/figure><figure class='gallery-item '>\r\n\t<div class='gallery-icon landscape'>\r\n\t\t<a href='https:\/\/cecile-delachaux.fr\/wp-content\/uploads\/2018\/01\/Motif-broderie-Mini-Motifs.jpg'><img loading=\"lazy\" decoding=\"async\" aria-describedby=\"mla_gallery-1-392\" width=\"400\" height=\"400\" src=\"https:\/\/cecile-delachaux.fr\/wp-content\/uploads\/2018\/01\/Motif-broderie-Mini-Motifs.jpg\" class=\"attachment-full size-full\" alt=\"\" srcset=\"https:\/\/cecile-delachaux.fr\/wp-content\/uploads\/2018\/01\/Motif-broderie-Mini-Motifs.jpg 400w, https:\/\/cecile-delachaux.fr\/wp-content\/uploads\/2018\/01\/Motif-broderie-Mini-Motifs-150x150.jpg 150w, https:\/\/cecile-delachaux.fr\/wp-content\/uploads\/2018\/01\/Motif-broderie-Mini-Motifs-300x300.jpg 300w, https:\/\/cecile-delachaux.fr\/wp-content\/uploads\/2018\/01\/Motif-broderie-Mini-Motifs-324x324.jpg 324w, https:\/\/cecile-delachaux.fr\/wp-content\/uploads\/2018\/01\/Motif-broderie-Mini-Motifs-100x100.jpg 100w\" sizes=\"auto, (max-width: 400px) 100vw, 400px\" \/><\/a>\r\n\t<\/div>\r\n\t<figcaption class='wp-caption-text gallery-caption' id='mla_gallery-1-392'>\n\tMotif broderie Mini Motifs\n\t<\/figcaption><\/figure><figure class='gallery-item '>\r\n\t<div class='gallery-icon landscape'>\r\n\t\t<a href='https:\/\/cecile-delachaux.fr\/wp-content\/uploads\/2018\/01\/Motif-broderie-Mobile-Ciel-\u00c9toil\u00e9.jpg'><img loading=\"lazy\" decoding=\"async\" aria-describedby=\"mla_gallery-1-393\" width=\"570\" height=\"570\" src=\"https:\/\/cecile-delachaux.fr\/wp-content\/uploads\/2018\/01\/Motif-broderie-Mobile-Ciel-\u00c9toil\u00e9.jpg\" class=\"attachment-full size-full\" alt=\"\" srcset=\"https:\/\/cecile-delachaux.fr\/wp-content\/uploads\/2018\/01\/Motif-broderie-Mobile-Ciel-\u00c9toil\u00e9.jpg 570w, https:\/\/cecile-delachaux.fr\/wp-content\/uploads\/2018\/01\/Motif-broderie-Mobile-Ciel-\u00c9toil\u00e9-150x150.jpg 150w, https:\/\/cecile-delachaux.fr\/wp-content\/uploads\/2018\/01\/Motif-broderie-Mobile-Ciel-\u00c9toil\u00e9-300x300.jpg 300w, https:\/\/cecile-delachaux.fr\/wp-content\/uploads\/2018\/01\/Motif-broderie-Mobile-Ciel-\u00c9toil\u00e9-548x548.jpg 548w, https:\/\/cecile-delachaux.fr\/wp-content\/uploads\/2018\/01\/Motif-broderie-Mobile-Ciel-\u00c9toil\u00e9-324x324.jpg 324w, https:\/\/cecile-delachaux.fr\/wp-content\/uploads\/2018\/01\/Motif-broderie-Mobile-Ciel-\u00c9toil\u00e9-416x416.jpg 416w, https:\/\/cecile-delachaux.fr\/wp-content\/uploads\/2018\/01\/Motif-broderie-Mobile-Ciel-\u00c9toil\u00e9-100x100.jpg 100w\" sizes=\"auto, (max-width: 570px) 100vw, 570px\" \/><\/a>\r\n\t<\/div>\r\n\t<figcaption class='wp-caption-text gallery-caption' id='mla_gallery-1-393'>\n\tMotif broderie Mobile Ciel \u00c9toil\u00e9\n\t<\/figcaption><\/figure><figure class='gallery-item last_in_row'>\r\n\t<div class='gallery-icon portrait'>\r\n\t\t<a href='https:\/\/cecile-delachaux.fr\/wp-content\/uploads\/2018\/01\/Motif-broderie-Mobile-Fille.jpg'><img loading=\"lazy\" decoding=\"async\" aria-describedby=\"mla_gallery-1-394\" width=\"497\" height=\"500\" src=\"https:\/\/cecile-delachaux.fr\/wp-content\/uploads\/2018\/01\/Motif-broderie-Mobile-Fille.jpg\" class=\"attachment-full size-full\" alt=\"\" srcset=\"https:\/\/cecile-delachaux.fr\/wp-content\/uploads\/2018\/01\/Motif-broderie-Mobile-Fille.jpg 497w, https:\/\/cecile-delachaux.fr\/wp-content\/uploads\/2018\/01\/Motif-broderie-Mobile-Fille-150x150.jpg 150w, https:\/\/cecile-delachaux.fr\/wp-content\/uploads\/2018\/01\/Motif-broderie-Mobile-Fille-298x300.jpg 298w, https:\/\/cecile-delachaux.fr\/wp-content\/uploads\/2018\/01\/Motif-broderie-Mobile-Fille-416x419.jpg 416w, https:\/\/cecile-delachaux.fr\/wp-content\/uploads\/2018\/01\/Motif-broderie-Mobile-Fille-100x100.jpg 100w\" sizes=\"auto, (max-width: 497px) 100vw, 497px\" \/><\/a>\r\n\t<\/div>\r\n\t<figcaption class='wp-caption-text gallery-caption' id='mla_gallery-1-394'>\n\tMotif broderie Mobile Fille\n\t<\/figcaption><\/figure><figure class='gallery-item '>\r\n\t<div class='gallery-icon landscape'>\r\n\t\t<a href='https:\/\/cecile-delachaux.fr\/wp-content\/uploads\/2018\/01\/Motif-broderie-Mobile-Gar\u00e7on.jpg'><img loading=\"lazy\" decoding=\"async\" aria-describedby=\"mla_gallery-1-395\" width=\"600\" height=\"600\" src=\"https:\/\/cecile-delachaux.fr\/wp-content\/uploads\/2018\/01\/Motif-broderie-Mobile-Gar\u00e7on.jpg\" class=\"attachment-full size-full\" alt=\"\" srcset=\"https:\/\/cecile-delachaux.fr\/wp-content\/uploads\/2018\/01\/Motif-broderie-Mobile-Gar\u00e7on.jpg 600w, https:\/\/cecile-delachaux.fr\/wp-content\/uploads\/2018\/01\/Motif-broderie-Mobile-Gar\u00e7on-150x150.jpg 150w, https:\/\/cecile-delachaux.fr\/wp-content\/uploads\/2018\/01\/Motif-broderie-Mobile-Gar\u00e7on-300x300.jpg 300w, https:\/\/cecile-delachaux.fr\/wp-content\/uploads\/2018\/01\/Motif-broderie-Mobile-Gar\u00e7on-548x548.jpg 548w, https:\/\/cecile-delachaux.fr\/wp-content\/uploads\/2018\/01\/Motif-broderie-Mobile-Gar\u00e7on-324x324.jpg 324w, https:\/\/cecile-delachaux.fr\/wp-content\/uploads\/2018\/01\/Motif-broderie-Mobile-Gar\u00e7on-416x416.jpg 416w, https:\/\/cecile-delachaux.fr\/wp-content\/uploads\/2018\/01\/Motif-broderie-Mobile-Gar\u00e7on-100x100.jpg 100w\" sizes=\"auto, (max-width: 600px) 100vw, 600px\" \/><\/a>\r\n\t<\/div>\r\n\t<figcaption class='wp-caption-text gallery-caption' id='mla_gallery-1-395'>\n\tMotif broderie Mobile Gar\u00e7on\n\t<\/figcaption><\/figure><figure class='gallery-item '>\r\n\t<div class='gallery-icon landscape'>\r\n\t\t<a href='https:\/\/cecile-delachaux.fr\/wp-content\/uploads\/2018\/01\/Motif-broderie-Mobile-Marin.jpg'><img loading=\"lazy\" decoding=\"async\" aria-describedby=\"mla_gallery-1-396\" width=\"600\" height=\"600\" src=\"https:\/\/cecile-delachaux.fr\/wp-content\/uploads\/2018\/01\/Motif-broderie-Mobile-Marin.jpg\" class=\"attachment-full size-full\" alt=\"\" srcset=\"https:\/\/cecile-delachaux.fr\/wp-content\/uploads\/2018\/01\/Motif-broderie-Mobile-Marin.jpg 600w, https:\/\/cecile-delachaux.fr\/wp-content\/uploads\/2018\/01\/Motif-broderie-Mobile-Marin-150x150.jpg 150w, https:\/\/cecile-delachaux.fr\/wp-content\/uploads\/2018\/01\/Motif-broderie-Mobile-Marin-300x300.jpg 300w, https:\/\/cecile-delachaux.fr\/wp-content\/uploads\/2018\/01\/Motif-broderie-Mobile-Marin-548x548.jpg 548w, https:\/\/cecile-delachaux.fr\/wp-content\/uploads\/2018\/01\/Motif-broderie-Mobile-Marin-324x324.jpg 324w, https:\/\/cecile-delachaux.fr\/wp-content\/uploads\/2018\/01\/Motif-broderie-Mobile-Marin-416x416.jpg 416w, https:\/\/cecile-delachaux.fr\/wp-content\/uploads\/2018\/01\/Motif-broderie-Mobile-Marin-100x100.jpg 100w\" sizes=\"auto, (max-width: 600px) 100vw, 600px\" \/><\/a>\r\n\t<\/div>\r\n\t<figcaption class='wp-caption-text gallery-caption' id='mla_gallery-1-396'>\n\tMotif broderie Mobile Marin\n\t<\/figcaption><\/figure><figure class='gallery-item last_in_row'>\r\n\t<div class='gallery-icon landscape'>\r\n\t\t<a href='https:\/\/cecile-delachaux.fr\/wp-content\/uploads\/2018\/01\/Motif-broderie-Noeud-Papillon.jpg'><img loading=\"lazy\" decoding=\"async\" aria-describedby=\"mla_gallery-1-397\" width=\"600\" height=\"600\" src=\"https:\/\/cecile-delachaux.fr\/wp-content\/uploads\/2018\/01\/Motif-broderie-Noeud-Papillon.jpg\" class=\"attachment-full size-full\" alt=\"\" srcset=\"https:\/\/cecile-delachaux.fr\/wp-content\/uploads\/2018\/01\/Motif-broderie-Noeud-Papillon.jpg 600w, https:\/\/cecile-delachaux.fr\/wp-content\/uploads\/2018\/01\/Motif-broderie-Noeud-Papillon-150x150.jpg 150w, https:\/\/cecile-delachaux.fr\/wp-content\/uploads\/2018\/01\/Motif-broderie-Noeud-Papillon-300x300.jpg 300w, https:\/\/cecile-delachaux.fr\/wp-content\/uploads\/2018\/01\/Motif-broderie-Noeud-Papillon-548x548.jpg 548w, https:\/\/cecile-delachaux.fr\/wp-content\/uploads\/2018\/01\/Motif-broderie-Noeud-Papillon-324x324.jpg 324w, https:\/\/cecile-delachaux.fr\/wp-content\/uploads\/2018\/01\/Motif-broderie-Noeud-Papillon-416x416.jpg 416w, https:\/\/cecile-delachaux.fr\/wp-content\/uploads\/2018\/01\/Motif-broderie-Noeud-Papillon-100x100.jpg 100w\" sizes=\"auto, (max-width: 600px) 100vw, 600px\" \/><\/a>\r\n\t<\/div>\r\n\t<figcaption class='wp-caption-text gallery-caption' id='mla_gallery-1-397'>\n\tMotif broderie Noeud Papillon\n\t<\/figcaption><\/figure><figure class='gallery-item '>\r\n\t<div class='gallery-icon landscape'>\r\n\t\t<a href='https:\/\/cecile-delachaux.fr\/wp-content\/uploads\/2018\/01\/Motif-broderie-Papillon.jpg'><img loading=\"lazy\" decoding=\"async\" aria-describedby=\"mla_gallery-1-398\" width=\"600\" height=\"600\" src=\"https:\/\/cecile-delachaux.fr\/wp-content\/uploads\/2018\/01\/Motif-broderie-Papillon.jpg\" class=\"attachment-full size-full\" alt=\"\" srcset=\"https:\/\/cecile-delachaux.fr\/wp-content\/uploads\/2018\/01\/Motif-broderie-Papillon.jpg 600w, https:\/\/cecile-delachaux.fr\/wp-content\/uploads\/2018\/01\/Motif-broderie-Papillon-150x150.jpg 150w, https:\/\/cecile-delachaux.fr\/wp-content\/uploads\/2018\/01\/Motif-broderie-Papillon-300x300.jpg 300w, https:\/\/cecile-delachaux.fr\/wp-content\/uploads\/2018\/01\/Motif-broderie-Papillon-548x548.jpg 548w, https:\/\/cecile-delachaux.fr\/wp-content\/uploads\/2018\/01\/Motif-broderie-Papillon-324x324.jpg 324w, https:\/\/cecile-delachaux.fr\/wp-content\/uploads\/2018\/01\/Motif-broderie-Papillon-416x416.jpg 416w, https:\/\/cecile-delachaux.fr\/wp-content\/uploads\/2018\/01\/Motif-broderie-Papillon-100x100.jpg 100w\" sizes=\"auto, (max-width: 600px) 100vw, 600px\" \/><\/a>\r\n\t<\/div>\r\n\t<figcaption class='wp-caption-text gallery-caption' id='mla_gallery-1-398'>\n\tMotif broderie Papillon\n\t<\/figcaption><\/figure><figure class='gallery-item '>\r\n\t<div class='gallery-icon landscape'>\r\n\t\t<a href='https:\/\/cecile-delachaux.fr\/wp-content\/uploads\/2018\/01\/Motif-broderie-Pattes-de-Chat.jpg'><img loading=\"lazy\" decoding=\"async\" aria-describedby=\"mla_gallery-1-399\" width=\"445\" height=\"445\" src=\"https:\/\/cecile-delachaux.fr\/wp-content\/uploads\/2018\/01\/Motif-broderie-Pattes-de-Chat.jpg\" class=\"attachment-full size-full\" alt=\"\" srcset=\"https:\/\/cecile-delachaux.fr\/wp-content\/uploads\/2018\/01\/Motif-broderie-Pattes-de-Chat.jpg 445w, https:\/\/cecile-delachaux.fr\/wp-content\/uploads\/2018\/01\/Motif-broderie-Pattes-de-Chat-150x150.jpg 150w, https:\/\/cecile-delachaux.fr\/wp-content\/uploads\/2018\/01\/Motif-broderie-Pattes-de-Chat-300x300.jpg 300w, https:\/\/cecile-delachaux.fr\/wp-content\/uploads\/2018\/01\/Motif-broderie-Pattes-de-Chat-324x324.jpg 324w, https:\/\/cecile-delachaux.fr\/wp-content\/uploads\/2018\/01\/Motif-broderie-Pattes-de-Chat-416x416.jpg 416w, https:\/\/cecile-delachaux.fr\/wp-content\/uploads\/2018\/01\/Motif-broderie-Pattes-de-Chat-100x100.jpg 100w\" sizes=\"auto, (max-width: 445px) 100vw, 445px\" \/><\/a>\r\n\t<\/div>\r\n\t<figcaption class='wp-caption-text gallery-caption' id='mla_gallery-1-399'>\n\tMotif broderie Pattes de Chat\n\t<\/figcaption><\/figure><figure class='gallery-item last_in_row'>\r\n\t<div class='gallery-icon landscape'>\r\n\t\t<a href='https:\/\/cecile-delachaux.fr\/wp-content\/uploads\/2018\/01\/Motif-broderie-redwork-Ananas.jpg'><img loading=\"lazy\" decoding=\"async\" aria-describedby=\"mla_gallery-1-400\" width=\"492\" height=\"492\" src=\"https:\/\/cecile-delachaux.fr\/wp-content\/uploads\/2018\/01\/Motif-broderie-redwork-Ananas.jpg\" class=\"attachment-full size-full\" alt=\"\" srcset=\"https:\/\/cecile-delachaux.fr\/wp-content\/uploads\/2018\/01\/Motif-broderie-redwork-Ananas.jpg 492w, https:\/\/cecile-delachaux.fr\/wp-content\/uploads\/2018\/01\/Motif-broderie-redwork-Ananas-150x150.jpg 150w, https:\/\/cecile-delachaux.fr\/wp-content\/uploads\/2018\/01\/Motif-broderie-redwork-Ananas-300x300.jpg 300w, https:\/\/cecile-delachaux.fr\/wp-content\/uploads\/2018\/01\/Motif-broderie-redwork-Ananas-324x324.jpg 324w, https:\/\/cecile-delachaux.fr\/wp-content\/uploads\/2018\/01\/Motif-broderie-redwork-Ananas-416x416.jpg 416w, https:\/\/cecile-delachaux.fr\/wp-content\/uploads\/2018\/01\/Motif-broderie-redwork-Ananas-100x100.jpg 100w\" sizes=\"auto, (max-width: 492px) 100vw, 492px\" \/><\/a>\r\n\t<\/div>\r\n\t<figcaption class='wp-caption-text gallery-caption' id='mla_gallery-1-400'>\n\tMotif broderie redwork Ananas\n\t<\/figcaption><\/figure><figure class='gallery-item '>\r\n\t<div class='gallery-icon landscape'>\r\n\t\t<a href='https:\/\/cecile-delachaux.fr\/wp-content\/uploads\/2018\/01\/Motif-broderie-redwork-Cadre-Rond-Etoiles.jpg'><img loading=\"lazy\" decoding=\"async\" aria-describedby=\"mla_gallery-1-401\" width=\"400\" height=\"400\" src=\"https:\/\/cecile-delachaux.fr\/wp-content\/uploads\/2018\/01\/Motif-broderie-redwork-Cadre-Rond-Etoiles.jpg\" class=\"attachment-full size-full\" alt=\"\" srcset=\"https:\/\/cecile-delachaux.fr\/wp-content\/uploads\/2018\/01\/Motif-broderie-redwork-Cadre-Rond-Etoiles.jpg 400w, https:\/\/cecile-delachaux.fr\/wp-content\/uploads\/2018\/01\/Motif-broderie-redwork-Cadre-Rond-Etoiles-150x150.jpg 150w, https:\/\/cecile-delachaux.fr\/wp-content\/uploads\/2018\/01\/Motif-broderie-redwork-Cadre-Rond-Etoiles-300x300.jpg 300w, https:\/\/cecile-delachaux.fr\/wp-content\/uploads\/2018\/01\/Motif-broderie-redwork-Cadre-Rond-Etoiles-324x324.jpg 324w, https:\/\/cecile-delachaux.fr\/wp-content\/uploads\/2018\/01\/Motif-broderie-redwork-Cadre-Rond-Etoiles-100x100.jpg 100w\" sizes=\"auto, (max-width: 400px) 100vw, 400px\" \/><\/a>\r\n\t<\/div>\r\n\t<figcaption class='wp-caption-text gallery-caption' id='mla_gallery-1-401'>\n\tMotif broderie redwork Cadre Rond Etoiles\n\t<\/figcaption><\/figure><figure class='gallery-item '>\r\n\t<div class='gallery-icon landscape'>\r\n\t\t<a href='https:\/\/cecile-delachaux.fr\/wp-content\/uploads\/2018\/01\/Motif-broderie-redwork-Cerf.png'><img loading=\"lazy\" decoding=\"async\" aria-describedby=\"mla_gallery-1-402\" width=\"448\" height=\"448\" src=\"https:\/\/cecile-delachaux.fr\/wp-content\/uploads\/2018\/01\/Motif-broderie-redwork-Cerf.png\" class=\"attachment-full size-full\" alt=\"\" srcset=\"https:\/\/cecile-delachaux.fr\/wp-content\/uploads\/2018\/01\/Motif-broderie-redwork-Cerf.png 448w, https:\/\/cecile-delachaux.fr\/wp-content\/uploads\/2018\/01\/Motif-broderie-redwork-Cerf-150x150.png 150w, https:\/\/cecile-delachaux.fr\/wp-content\/uploads\/2018\/01\/Motif-broderie-redwork-Cerf-300x300.png 300w, https:\/\/cecile-delachaux.fr\/wp-content\/uploads\/2018\/01\/Motif-broderie-redwork-Cerf-324x324.png 324w, https:\/\/cecile-delachaux.fr\/wp-content\/uploads\/2018\/01\/Motif-broderie-redwork-Cerf-416x416.png 416w, https:\/\/cecile-delachaux.fr\/wp-content\/uploads\/2018\/01\/Motif-broderie-redwork-Cerf-100x100.png 100w\" sizes=\"auto, (max-width: 448px) 100vw, 448px\" \/><\/a>\r\n\t<\/div>\r\n\t<figcaption class='wp-caption-text gallery-caption' id='mla_gallery-1-402'>\n\tMotif broderie redwork Origami Cerf\n\t<\/figcaption><\/figure><figure class='gallery-item last_in_row'>\r\n\t<div class='gallery-icon landscape'>\r\n\t\t<a href='https:\/\/cecile-delachaux.fr\/wp-content\/uploads\/2018\/01\/Motif-broderie-redwork-Chat-endormi.jpg'><img loading=\"lazy\" decoding=\"async\" aria-describedby=\"mla_gallery-1-403\" width=\"600\" height=\"600\" src=\"https:\/\/cecile-delachaux.fr\/wp-content\/uploads\/2018\/01\/Motif-broderie-redwork-Chat-endormi.jpg\" class=\"attachment-full size-full\" alt=\"\" srcset=\"https:\/\/cecile-delachaux.fr\/wp-content\/uploads\/2018\/01\/Motif-broderie-redwork-Chat-endormi.jpg 600w, https:\/\/cecile-delachaux.fr\/wp-content\/uploads\/2018\/01\/Motif-broderie-redwork-Chat-endormi-548x548.jpg 548w, https:\/\/cecile-delachaux.fr\/wp-content\/uploads\/2018\/01\/Motif-broderie-redwork-Chat-endormi-150x150.jpg 150w, https:\/\/cecile-delachaux.fr\/wp-content\/uploads\/2018\/01\/Motif-broderie-redwork-Chat-endormi-300x300.jpg 300w, https:\/\/cecile-delachaux.fr\/wp-content\/uploads\/2018\/01\/Motif-broderie-redwork-Chat-endormi-324x324.jpg 324w, https:\/\/cecile-delachaux.fr\/wp-content\/uploads\/2018\/01\/Motif-broderie-redwork-Chat-endormi-416x416.jpg 416w, https:\/\/cecile-delachaux.fr\/wp-content\/uploads\/2018\/01\/Motif-broderie-redwork-Chat-endormi-100x100.jpg 100w\" sizes=\"auto, (max-width: 600px) 100vw, 600px\" \/><\/a>\r\n\t<\/div>\r\n\t<figcaption class='wp-caption-text gallery-caption' id='mla_gallery-1-403'>\n\tMotif broderie redwork Chat endormi\n\t<\/figcaption><\/figure><figure class='gallery-item '>\r\n\t<div class='gallery-icon landscape'>\r\n\t\t<a href='https:\/\/cecile-delachaux.fr\/wp-content\/uploads\/2018\/01\/Motif-broderie-redwork-Coqueliquots.jpg'><img loading=\"lazy\" decoding=\"async\" aria-describedby=\"mla_gallery-1-404\" width=\"600\" height=\"600\" src=\"https:\/\/cecile-delachaux.fr\/wp-content\/uploads\/2018\/01\/Motif-broderie-redwork-Coqueliquots.jpg\" class=\"attachment-full size-full\" alt=\"\" srcset=\"https:\/\/cecile-delachaux.fr\/wp-content\/uploads\/2018\/01\/Motif-broderie-redwork-Coqueliquots.jpg 600w, https:\/\/cecile-delachaux.fr\/wp-content\/uploads\/2018\/01\/Motif-broderie-redwork-Coqueliquots-548x548.jpg 548w, https:\/\/cecile-delachaux.fr\/wp-content\/uploads\/2018\/01\/Motif-broderie-redwork-Coqueliquots-150x150.jpg 150w, https:\/\/cecile-delachaux.fr\/wp-content\/uploads\/2018\/01\/Motif-broderie-redwork-Coqueliquots-300x300.jpg 300w, https:\/\/cecile-delachaux.fr\/wp-content\/uploads\/2018\/01\/Motif-broderie-redwork-Coqueliquots-324x324.jpg 324w, https:\/\/cecile-delachaux.fr\/wp-content\/uploads\/2018\/01\/Motif-broderie-redwork-Coqueliquots-416x416.jpg 416w, https:\/\/cecile-delachaux.fr\/wp-content\/uploads\/2018\/01\/Motif-broderie-redwork-Coqueliquots-100x100.jpg 100w\" sizes=\"auto, (max-width: 600px) 100vw, 600px\" \/><\/a>\r\n\t<\/div>\r\n\t<figcaption class='wp-caption-text gallery-caption' id='mla_gallery-1-404'>\n\tMotif broderie redwork Coqueliquots\n\t<\/figcaption><\/figure><figure class='gallery-item '>\r\n\t<div class='gallery-icon landscape'>\r\n\t\t<a href='https:\/\/cecile-delachaux.fr\/wp-content\/uploads\/2018\/01\/Motif-broderie-redwork-Corde-Linge.jpg'><img loading=\"lazy\" decoding=\"async\" aria-describedby=\"mla_gallery-1-405\" width=\"578\" height=\"578\" src=\"https:\/\/cecile-delachaux.fr\/wp-content\/uploads\/2018\/01\/Motif-broderie-redwork-Corde-Linge.jpg\" class=\"attachment-full size-full\" alt=\"\" srcset=\"https:\/\/cecile-delachaux.fr\/wp-content\/uploads\/2018\/01\/Motif-broderie-redwork-Corde-Linge.jpg 578w, https:\/\/cecile-delachaux.fr\/wp-content\/uploads\/2018\/01\/Motif-broderie-redwork-Corde-Linge-150x150.jpg 150w, https:\/\/cecile-delachaux.fr\/wp-content\/uploads\/2018\/01\/Motif-broderie-redwork-Corde-Linge-300x300.jpg 300w, https:\/\/cecile-delachaux.fr\/wp-content\/uploads\/2018\/01\/Motif-broderie-redwork-Corde-Linge-548x548.jpg 548w, https:\/\/cecile-delachaux.fr\/wp-content\/uploads\/2018\/01\/Motif-broderie-redwork-Corde-Linge-324x324.jpg 324w, https:\/\/cecile-delachaux.fr\/wp-content\/uploads\/2018\/01\/Motif-broderie-redwork-Corde-Linge-416x416.jpg 416w, https:\/\/cecile-delachaux.fr\/wp-content\/uploads\/2018\/01\/Motif-broderie-redwork-Corde-Linge-100x100.jpg 100w\" sizes=\"auto, (max-width: 578px) 100vw, 578px\" \/><\/a>\r\n\t<\/div>\r\n\t<figcaption class='wp-caption-text gallery-caption' id='mla_gallery-1-405'>\n\tMotif broderie redwork Corde Linge\n\t<\/figcaption><\/figure><figure class='gallery-item last_in_row'>\r\n\t<div class='gallery-icon portrait'>\r\n\t\t<a href='https:\/\/cecile-delachaux.fr\/wp-content\/uploads\/2018\/01\/Motif-broderie-redwork-Diamant.png'><img loading=\"lazy\" decoding=\"async\" aria-describedby=\"mla_gallery-1-406\" width=\"480\" height=\"486\" src=\"https:\/\/cecile-delachaux.fr\/wp-content\/uploads\/2018\/01\/Motif-broderie-redwork-Diamant.png\" class=\"attachment-full size-full\" alt=\"\" srcset=\"https:\/\/cecile-delachaux.fr\/wp-content\/uploads\/2018\/01\/Motif-broderie-redwork-Diamant.png 480w, https:\/\/cecile-delachaux.fr\/wp-content\/uploads\/2018\/01\/Motif-broderie-redwork-Diamant-296x300.png 296w, https:\/\/cecile-delachaux.fr\/wp-content\/uploads\/2018\/01\/Motif-broderie-redwork-Diamant-416x421.png 416w, https:\/\/cecile-delachaux.fr\/wp-content\/uploads\/2018\/01\/Motif-broderie-redwork-Diamant-100x100.png 100w\" sizes=\"auto, (max-width: 480px) 100vw, 480px\" \/><\/a>\r\n\t<\/div>\r\n\t<figcaption class='wp-caption-text gallery-caption' id='mla_gallery-1-406'>\n\tMotif broderie redwork Origami Diamant\n\t<\/figcaption><\/figure><figure class='gallery-item '>\r\n\t<div class='gallery-icon landscape'>\r\n\t\t<a href='https:\/\/cecile-delachaux.fr\/wp-content\/uploads\/2018\/01\/Motif-broderie-redwork-Flamant.png'><img loading=\"lazy\" decoding=\"async\" aria-describedby=\"mla_gallery-1-407\" width=\"448\" height=\"448\" src=\"https:\/\/cecile-delachaux.fr\/wp-content\/uploads\/2018\/01\/Motif-broderie-redwork-Flamant.png\" class=\"attachment-full size-full\" alt=\"\" srcset=\"https:\/\/cecile-delachaux.fr\/wp-content\/uploads\/2018\/01\/Motif-broderie-redwork-Flamant.png 448w, https:\/\/cecile-delachaux.fr\/wp-content\/uploads\/2018\/01\/Motif-broderie-redwork-Flamant-150x150.png 150w, https:\/\/cecile-delachaux.fr\/wp-content\/uploads\/2018\/01\/Motif-broderie-redwork-Flamant-300x300.png 300w, https:\/\/cecile-delachaux.fr\/wp-content\/uploads\/2018\/01\/Motif-broderie-redwork-Flamant-324x324.png 324w, https:\/\/cecile-delachaux.fr\/wp-content\/uploads\/2018\/01\/Motif-broderie-redwork-Flamant-416x416.png 416w, https:\/\/cecile-delachaux.fr\/wp-content\/uploads\/2018\/01\/Motif-broderie-redwork-Flamant-100x100.png 100w\" sizes=\"auto, (max-width: 448px) 100vw, 448px\" \/><\/a>\r\n\t<\/div>\r\n\t<figcaption class='wp-caption-text gallery-caption' id='mla_gallery-1-407'>\n\tMotif broderie redwork Origami Flamant\n\t<\/figcaption><\/figure><figure class='gallery-item '>\r\n\t<div class='gallery-icon landscape'>\r\n\t\t<a href='https:\/\/cecile-delachaux.fr\/wp-content\/uploads\/2018\/01\/Motif-broderie-redwork-Girafe.png'><img loading=\"lazy\" decoding=\"async\" aria-describedby=\"mla_gallery-1-408\" width=\"393\" height=\"393\" src=\"https:\/\/cecile-delachaux.fr\/wp-content\/uploads\/2018\/01\/Motif-broderie-redwork-Girafe.png\" class=\"attachment-full size-full\" alt=\"\" srcset=\"https:\/\/cecile-delachaux.fr\/wp-content\/uploads\/2018\/01\/Motif-broderie-redwork-Girafe.png 393w, https:\/\/cecile-delachaux.fr\/wp-content\/uploads\/2018\/01\/Motif-broderie-redwork-Girafe-150x150.png 150w, https:\/\/cecile-delachaux.fr\/wp-content\/uploads\/2018\/01\/Motif-broderie-redwork-Girafe-300x300.png 300w, https:\/\/cecile-delachaux.fr\/wp-content\/uploads\/2018\/01\/Motif-broderie-redwork-Girafe-324x324.png 324w, https:\/\/cecile-delachaux.fr\/wp-content\/uploads\/2018\/01\/Motif-broderie-redwork-Girafe-100x100.png 100w\" sizes=\"auto, (max-width: 393px) 100vw, 393px\" \/><\/a>\r\n\t<\/div>\r\n\t<figcaption class='wp-caption-text gallery-caption' id='mla_gallery-1-408'>\n\tMotif broderie redwork Origami Girafe\n\t<\/figcaption><\/figure><figure class='gallery-item last_in_row'>\r\n\t<div class='gallery-icon portrait'>\r\n\t\t<a href='https:\/\/cecile-delachaux.fr\/wp-content\/uploads\/2018\/01\/Motif-broderie-redwork-Ours.png'><img loading=\"lazy\" decoding=\"async\" aria-describedby=\"mla_gallery-1-409\" width=\"336\" height=\"353\" src=\"https:\/\/cecile-delachaux.fr\/wp-content\/uploads\/2018\/01\/Motif-broderie-redwork-Ours.png\" class=\"attachment-full size-full\" alt=\"\" srcset=\"https:\/\/cecile-delachaux.fr\/wp-content\/uploads\/2018\/01\/Motif-broderie-redwork-Ours.png 336w, https:\/\/cecile-delachaux.fr\/wp-content\/uploads\/2018\/01\/Motif-broderie-redwork-Ours-286x300.png 286w\" sizes=\"auto, (max-width: 336px) 100vw, 336px\" \/><\/a>\r\n\t<\/div>\r\n\t<figcaption class='wp-caption-text gallery-caption' id='mla_gallery-1-409'>\n\tMotif broderie redwork Origami Ours\n\t<\/figcaption><\/figure><figure class='gallery-item '>\r\n\t<div class='gallery-icon portrait'>\r\n\t\t<a href='https:\/\/cecile-delachaux.fr\/wp-content\/uploads\/2018\/01\/Motif-broderie-redwork-Peter-Rabbit.jpg'><img loading=\"lazy\" decoding=\"async\" aria-describedby=\"mla_gallery-1-410\" width=\"447\" height=\"463\" src=\"https:\/\/cecile-delachaux.fr\/wp-content\/uploads\/2018\/01\/Motif-broderie-redwork-Peter-Rabbit.jpg\" class=\"attachment-full size-full\" alt=\"\" srcset=\"https:\/\/cecile-delachaux.fr\/wp-content\/uploads\/2018\/01\/Motif-broderie-redwork-Peter-Rabbit.jpg 447w, https:\/\/cecile-delachaux.fr\/wp-content\/uploads\/2018\/01\/Motif-broderie-redwork-Peter-Rabbit-290x300.jpg 290w, https:\/\/cecile-delachaux.fr\/wp-content\/uploads\/2018\/01\/Motif-broderie-redwork-Peter-Rabbit-416x431.jpg 416w\" sizes=\"auto, (max-width: 447px) 100vw, 447px\" \/><\/a>\r\n\t<\/div>\r\n\t<figcaption class='wp-caption-text gallery-caption' id='mla_gallery-1-410'>\n\tMotif broderie redwork Peter Rabbit\n\t<\/figcaption><\/figure><figure class='gallery-item '>\r\n\t<div class='gallery-icon landscape'>\r\n\t\t<a href='https:\/\/cecile-delachaux.fr\/wp-content\/uploads\/2018\/01\/Motif-broderie-redwork-Pingouin.png'><img loading=\"lazy\" decoding=\"async\" aria-describedby=\"mla_gallery-1-411\" width=\"436\" height=\"436\" src=\"https:\/\/cecile-delachaux.fr\/wp-content\/uploads\/2018\/01\/Motif-broderie-redwork-Pingouin.png\" class=\"attachment-full size-full\" alt=\"\" srcset=\"https:\/\/cecile-delachaux.fr\/wp-content\/uploads\/2018\/01\/Motif-broderie-redwork-Pingouin.png 436w, https:\/\/cecile-delachaux.fr\/wp-content\/uploads\/2018\/01\/Motif-broderie-redwork-Pingouin-150x150.png 150w, https:\/\/cecile-delachaux.fr\/wp-content\/uploads\/2018\/01\/Motif-broderie-redwork-Pingouin-300x300.png 300w, https:\/\/cecile-delachaux.fr\/wp-content\/uploads\/2018\/01\/Motif-broderie-redwork-Pingouin-324x324.png 324w, https:\/\/cecile-delachaux.fr\/wp-content\/uploads\/2018\/01\/Motif-broderie-redwork-Pingouin-416x416.png 416w, https:\/\/cecile-delachaux.fr\/wp-content\/uploads\/2018\/01\/Motif-broderie-redwork-Pingouin-100x100.png 100w\" sizes=\"auto, (max-width: 436px) 100vw, 436px\" \/><\/a>\r\n\t<\/div>\r\n\t<figcaption class='wp-caption-text gallery-caption' id='mla_gallery-1-411'>\n\tMotif broderie redwork Origami Pingouin\n\t<\/figcaption><\/figure><figure class='gallery-item last_in_row'>\r\n\t<div class='gallery-icon landscape'>\r\n\t\t<a href='https:\/\/cecile-delachaux.fr\/wp-content\/uploads\/2018\/01\/Motif-broderie-redwork-Reine-des-Neiges-e1515503813310.jpg'><img loading=\"lazy\" decoding=\"async\" aria-describedby=\"mla_gallery-1-413\" width=\"1632\" height=\"1632\" src=\"https:\/\/cecile-delachaux.fr\/wp-content\/uploads\/2018\/01\/Motif-broderie-redwork-Reine-des-Neiges-e1515503813310.jpg\" class=\"attachment-full size-full\" alt=\"\" srcset=\"https:\/\/cecile-delachaux.fr\/wp-content\/uploads\/2018\/01\/Motif-broderie-redwork-Reine-des-Neiges-e1515503813310.jpg 1632w, https:\/\/cecile-delachaux.fr\/wp-content\/uploads\/2018\/01\/Motif-broderie-redwork-Reine-des-Neiges-e1515503813310-150x150.jpg 150w, https:\/\/cecile-delachaux.fr\/wp-content\/uploads\/2018\/01\/Motif-broderie-redwork-Reine-des-Neiges-e1515503813310-300x300.jpg 300w, https:\/\/cecile-delachaux.fr\/wp-content\/uploads\/2018\/01\/Motif-broderie-redwork-Reine-des-Neiges-e1515503813310-768x768.jpg 768w, https:\/\/cecile-delachaux.fr\/wp-content\/uploads\/2018\/01\/Motif-broderie-redwork-Reine-des-Neiges-e1515503813310-548x548.jpg 548w, https:\/\/cecile-delachaux.fr\/wp-content\/uploads\/2018\/01\/Motif-broderie-redwork-Reine-des-Neiges-e1515503813310-324x324.jpg 324w, https:\/\/cecile-delachaux.fr\/wp-content\/uploads\/2018\/01\/Motif-broderie-redwork-Reine-des-Neiges-e1515503813310-416x416.jpg 416w, https:\/\/cecile-delachaux.fr\/wp-content\/uploads\/2018\/01\/Motif-broderie-redwork-Reine-des-Neiges-e1515503813310-100x100.jpg 100w\" sizes=\"auto, (max-width: 1632px) 100vw, 1632px\" \/><\/a>\r\n\t<\/div>\r\n\t<figcaption class='wp-caption-text gallery-caption' id='mla_gallery-1-413'>\n\tMotif broderie redwork Reine des Neiges\n\t<\/figcaption><\/figure><figure class='gallery-item '>\r\n\t<div class='gallery-icon landscape'>\r\n\t\t<a href='https:\/\/cecile-delachaux.fr\/wp-content\/uploads\/2018\/01\/Motif-broderie-Renard.jpg'><img loading=\"lazy\" decoding=\"async\" aria-describedby=\"mla_gallery-1-414\" width=\"600\" height=\"600\" src=\"https:\/\/cecile-delachaux.fr\/wp-content\/uploads\/2018\/01\/Motif-broderie-Renard.jpg\" class=\"attachment-full size-full\" alt=\"\" srcset=\"https:\/\/cecile-delachaux.fr\/wp-content\/uploads\/2018\/01\/Motif-broderie-Renard.jpg 600w, https:\/\/cecile-delachaux.fr\/wp-content\/uploads\/2018\/01\/Motif-broderie-Renard-548x548.jpg 548w, https:\/\/cecile-delachaux.fr\/wp-content\/uploads\/2018\/01\/Motif-broderie-Renard-150x150.jpg 150w, https:\/\/cecile-delachaux.fr\/wp-content\/uploads\/2018\/01\/Motif-broderie-Renard-300x300.jpg 300w, https:\/\/cecile-delachaux.fr\/wp-content\/uploads\/2018\/01\/Motif-broderie-Renard-324x324.jpg 324w, https:\/\/cecile-delachaux.fr\/wp-content\/uploads\/2018\/01\/Motif-broderie-Renard-416x416.jpg 416w, https:\/\/cecile-delachaux.fr\/wp-content\/uploads\/2018\/01\/Motif-broderie-Renard-100x100.jpg 100w\" sizes=\"auto, (max-width: 600px) 100vw, 600px\" \/><\/a>\r\n\t<\/div>\r\n\t<figcaption class='wp-caption-text gallery-caption' id='mla_gallery-1-414'>\n\tMotif broderie Renard\n\t<\/figcaption><\/figure><figure class='gallery-item '>\r\n\t<div class='gallery-icon landscape'>\r\n\t\t<a href='https:\/\/cecile-delachaux.fr\/wp-content\/uploads\/2018\/02\/Motif-broderie-redwork-Cheval.jpg'><img loading=\"lazy\" decoding=\"async\" aria-describedby=\"mla_gallery-1-925\" width=\"600\" height=\"600\" src=\"https:\/\/cecile-delachaux.fr\/wp-content\/uploads\/2018\/02\/Motif-broderie-redwork-Cheval.jpg\" class=\"attachment-full size-full\" alt=\"\" srcset=\"https:\/\/cecile-delachaux.fr\/wp-content\/uploads\/2018\/02\/Motif-broderie-redwork-Cheval.jpg 600w, https:\/\/cecile-delachaux.fr\/wp-content\/uploads\/2018\/02\/Motif-broderie-redwork-Cheval-548x548.jpg 548w, https:\/\/cecile-delachaux.fr\/wp-content\/uploads\/2018\/02\/Motif-broderie-redwork-Cheval-150x150.jpg 150w, https:\/\/cecile-delachaux.fr\/wp-content\/uploads\/2018\/02\/Motif-broderie-redwork-Cheval-300x300.jpg 300w, https:\/\/cecile-delachaux.fr\/wp-content\/uploads\/2018\/02\/Motif-broderie-redwork-Cheval-324x324.jpg 324w, https:\/\/cecile-delachaux.fr\/wp-content\/uploads\/2018\/02\/Motif-broderie-redwork-Cheval-416x416.jpg 416w, https:\/\/cecile-delachaux.fr\/wp-content\/uploads\/2018\/02\/Motif-broderie-redwork-Cheval-100x100.jpg 100w\" sizes=\"auto, (max-width: 600px) 100vw, 600px\" \/><\/a>\r\n\t<\/div>\r\n\t<figcaption class='wp-caption-text gallery-caption' id='mla_gallery-1-925'>\n\tMotif broderie redwork origami Cheval\n\t<\/figcaption><\/figure><figure class='gallery-item last_in_row'>\r\n\t<div class='gallery-icon landscape'>\r\n\t\t<a href='https:\/\/cecile-delachaux.fr\/wp-content\/uploads\/2018\/02\/Motif-broderie-redwork-Elelphant.png'><img loading=\"lazy\" decoding=\"async\" aria-describedby=\"mla_gallery-1-926\" width=\"442\" height=\"442\" src=\"https:\/\/cecile-delachaux.fr\/wp-content\/uploads\/2018\/02\/Motif-broderie-redwork-Elelphant.png\" class=\"attachment-full size-full\" alt=\"\" srcset=\"https:\/\/cecile-delachaux.fr\/wp-content\/uploads\/2018\/02\/Motif-broderie-redwork-Elelphant.png 442w, https:\/\/cecile-delachaux.fr\/wp-content\/uploads\/2018\/02\/Motif-broderie-redwork-Elelphant-150x150.png 150w, https:\/\/cecile-delachaux.fr\/wp-content\/uploads\/2018\/02\/Motif-broderie-redwork-Elelphant-300x300.png 300w, https:\/\/cecile-delachaux.fr\/wp-content\/uploads\/2018\/02\/Motif-broderie-redwork-Elelphant-324x324.png 324w, https:\/\/cecile-delachaux.fr\/wp-content\/uploads\/2018\/02\/Motif-broderie-redwork-Elelphant-416x416.png 416w, https:\/\/cecile-delachaux.fr\/wp-content\/uploads\/2018\/02\/Motif-broderie-redwork-Elelphant-100x100.png 100w\" sizes=\"auto, (max-width: 442px) 100vw, 442px\" \/><\/a>\r\n\t<\/div>\r\n\t<figcaption class='wp-caption-text gallery-caption' id='mla_gallery-1-926'>\n\tMotif broderie redwork origami El\u00e9phant\n\t<\/figcaption><\/figure><figure class='gallery-item '>\r\n\t<div class='gallery-icon landscape'>\r\n\t\t<a href='https:\/\/cecile-delachaux.fr\/wp-content\/uploads\/2018\/02\/Motif-broderie-Appliqu\u00e9-Faon.jpg'><img loading=\"lazy\" decoding=\"async\" aria-describedby=\"mla_gallery-1-929\" width=\"800\" height=\"800\" src=\"https:\/\/cecile-delachaux.fr\/wp-content\/uploads\/2018\/02\/Motif-broderie-Appliqu\u00e9-Faon.jpg\" class=\"attachment-full size-full\" alt=\"\" srcset=\"https:\/\/cecile-delachaux.fr\/wp-content\/uploads\/2018\/02\/Motif-broderie-Appliqu\u00e9-Faon.jpg 800w, https:\/\/cecile-delachaux.fr\/wp-content\/uploads\/2018\/02\/Motif-broderie-Appliqu\u00e9-Faon-548x548.jpg 548w, https:\/\/cecile-delachaux.fr\/wp-content\/uploads\/2018\/02\/Motif-broderie-Appliqu\u00e9-Faon-150x150.jpg 150w, https:\/\/cecile-delachaux.fr\/wp-content\/uploads\/2018\/02\/Motif-broderie-Appliqu\u00e9-Faon-300x300.jpg 300w, https:\/\/cecile-delachaux.fr\/wp-content\/uploads\/2018\/02\/Motif-broderie-Appliqu\u00e9-Faon-768x768.jpg 768w, https:\/\/cecile-delachaux.fr\/wp-content\/uploads\/2018\/02\/Motif-broderie-Appliqu\u00e9-Faon-324x324.jpg 324w, https:\/\/cecile-delachaux.fr\/wp-content\/uploads\/2018\/02\/Motif-broderie-Appliqu\u00e9-Faon-416x416.jpg 416w, https:\/\/cecile-delachaux.fr\/wp-content\/uploads\/2018\/02\/Motif-broderie-Appliqu\u00e9-Faon-100x100.jpg 100w\" sizes=\"auto, (max-width: 800px) 100vw, 800px\" \/><\/a>\r\n\t<\/div>\r\n\t<figcaption class='wp-caption-text gallery-caption' id='mla_gallery-1-929'>\n\tMotif broderie Appliqu\u00e9 Faon\n\t<\/figcaption><\/figure><figure class='gallery-item '>\r\n\t<div class='gallery-icon landscape'>\r\n\t\t<a href='https:\/\/cecile-delachaux.fr\/wp-content\/uploads\/2018\/02\/Motif-broderie-Point-de-Croix-Couronne.jpg'><img loading=\"lazy\" decoding=\"async\" aria-describedby=\"mla_gallery-1-936\" width=\"1024\" height=\"1024\" src=\"https:\/\/cecile-delachaux.fr\/wp-content\/uploads\/2018\/02\/Motif-broderie-Point-de-Croix-Couronne.jpg\" class=\"attachment-full size-full\" alt=\"\" srcset=\"https:\/\/cecile-delachaux.fr\/wp-content\/uploads\/2018\/02\/Motif-broderie-Point-de-Croix-Couronne.jpg 1024w, https:\/\/cecile-delachaux.fr\/wp-content\/uploads\/2018\/02\/Motif-broderie-Point-de-Croix-Couronne-150x150.jpg 150w, https:\/\/cecile-delachaux.fr\/wp-content\/uploads\/2018\/02\/Motif-broderie-Point-de-Croix-Couronne-300x300.jpg 300w, https:\/\/cecile-delachaux.fr\/wp-content\/uploads\/2018\/02\/Motif-broderie-Point-de-Croix-Couronne-768x768.jpg 768w, https:\/\/cecile-delachaux.fr\/wp-content\/uploads\/2018\/02\/Motif-broderie-Point-de-Croix-Couronne-548x548.jpg 548w, https:\/\/cecile-delachaux.fr\/wp-content\/uploads\/2018\/02\/Motif-broderie-Point-de-Croix-Couronne-324x324.jpg 324w, https:\/\/cecile-delachaux.fr\/wp-content\/uploads\/2018\/02\/Motif-broderie-Point-de-Croix-Couronne-416x416.jpg 416w, https:\/\/cecile-delachaux.fr\/wp-content\/uploads\/2018\/02\/Motif-broderie-Point-de-Croix-Couronne-100x100.jpg 100w\" sizes=\"auto, (max-width: 1024px) 100vw, 1024px\" \/><\/a>\r\n\t<\/div>\r\n\t<figcaption class='wp-caption-text gallery-caption' id='mla_gallery-1-936'>\n\tMotif broderie Point de Croix Couronne\n\t<\/figcaption><\/figure><figure class='gallery-item last_in_row'>\r\n\t<div class='gallery-icon landscape'>\r\n\t\t<a href='https:\/\/cecile-delachaux.fr\/wp-content\/uploads\/2018\/02\/Motif-broderie-Alphabet-Appliqu\u00e9.jpg'><img loading=\"lazy\" decoding=\"async\" aria-describedby=\"mla_gallery-1-950\" width=\"600\" height=\"600\" src=\"https:\/\/cecile-delachaux.fr\/wp-content\/uploads\/2018\/02\/Motif-broderie-Alphabet-Appliqu\u00e9.jpg\" class=\"attachment-full size-full\" alt=\"\" srcset=\"https:\/\/cecile-delachaux.fr\/wp-content\/uploads\/2018\/02\/Motif-broderie-Alphabet-Appliqu\u00e9.jpg 600w, https:\/\/cecile-delachaux.fr\/wp-content\/uploads\/2018\/02\/Motif-broderie-Alphabet-Appliqu\u00e9-150x150.jpg 150w, https:\/\/cecile-delachaux.fr\/wp-content\/uploads\/2018\/02\/Motif-broderie-Alphabet-Appliqu\u00e9-300x300.jpg 300w, https:\/\/cecile-delachaux.fr\/wp-content\/uploads\/2018\/02\/Motif-broderie-Alphabet-Appliqu\u00e9-548x548.jpg 548w, https:\/\/cecile-delachaux.fr\/wp-content\/uploads\/2018\/02\/Motif-broderie-Alphabet-Appliqu\u00e9-324x324.jpg 324w, https:\/\/cecile-delachaux.fr\/wp-content\/uploads\/2018\/02\/Motif-broderie-Alphabet-Appliqu\u00e9-416x416.jpg 416w, https:\/\/cecile-delachaux.fr\/wp-content\/uploads\/2018\/02\/Motif-broderie-Alphabet-Appliqu\u00e9-100x100.jpg 100w\" sizes=\"auto, (max-width: 600px) 100vw, 600px\" \/><\/a>\r\n\t<\/div>\r\n\t<figcaption class='wp-caption-text gallery-caption' id='mla_gallery-1-950'>\n\tInitiale Appliqu\u00e9e Pr\u00e9nom\n\t<\/figcaption><\/figure><figure class='gallery-item '>\r\n\t<div class='gallery-icon landscape'>\r\n\t\t<a href='https:\/\/cecile-delachaux.fr\/wp-content\/uploads\/2018\/02\/Motif-broderie-redwork-cadre-fl\u00e8ches.jpg'><img loading=\"lazy\" decoding=\"async\" aria-describedby=\"mla_gallery-1-952\" width=\"600\" height=\"600\" src=\"https:\/\/cecile-delachaux.fr\/wp-content\/uploads\/2018\/02\/Motif-broderie-redwork-cadre-fl\u00e8ches.jpg\" class=\"attachment-full size-full\" alt=\"\" srcset=\"https:\/\/cecile-delachaux.fr\/wp-content\/uploads\/2018\/02\/Motif-broderie-redwork-cadre-fl\u00e8ches.jpg 600w, https:\/\/cecile-delachaux.fr\/wp-content\/uploads\/2018\/02\/Motif-broderie-redwork-cadre-fl\u00e8ches-150x150.jpg 150w, https:\/\/cecile-delachaux.fr\/wp-content\/uploads\/2018\/02\/Motif-broderie-redwork-cadre-fl\u00e8ches-300x300.jpg 300w, https:\/\/cecile-delachaux.fr\/wp-content\/uploads\/2018\/02\/Motif-broderie-redwork-cadre-fl\u00e8ches-548x548.jpg 548w, https:\/\/cecile-delachaux.fr\/wp-content\/uploads\/2018\/02\/Motif-broderie-redwork-cadre-fl\u00e8ches-324x324.jpg 324w, https:\/\/cecile-delachaux.fr\/wp-content\/uploads\/2018\/02\/Motif-broderie-redwork-cadre-fl\u00e8ches-416x416.jpg 416w, https:\/\/cecile-delachaux.fr\/wp-content\/uploads\/2018\/02\/Motif-broderie-redwork-cadre-fl\u00e8ches-100x100.jpg 100w\" sizes=\"auto, (max-width: 600px) 100vw, 600px\" \/><\/a>\r\n\t<\/div>\r\n\t<figcaption class='wp-caption-text gallery-caption' id='mla_gallery-1-952'>\n\tMotif broderie redwork cadre fl\u00e8ches\n\t<\/figcaption><\/figure><figure class='gallery-item '>\r\n\t<div class='gallery-icon landscape'>\r\n\t\t<a href='https:\/\/cecile-delachaux.fr\/wp-content\/uploads\/2018\/02\/Motif-broderie-redwork-Plume.jpg'><img loading=\"lazy\" decoding=\"async\" aria-describedby=\"mla_gallery-1-964\" width=\"800\" height=\"800\" src=\"https:\/\/cecile-delachaux.fr\/wp-content\/uploads\/2018\/02\/Motif-broderie-redwork-Plume.jpg\" class=\"attachment-full size-full\" alt=\"\" srcset=\"https:\/\/cecile-delachaux.fr\/wp-content\/uploads\/2018\/02\/Motif-broderie-redwork-Plume.jpg 800w, https:\/\/cecile-delachaux.fr\/wp-content\/uploads\/2018\/02\/Motif-broderie-redwork-Plume-548x548.jpg 548w, https:\/\/cecile-delachaux.fr\/wp-content\/uploads\/2018\/02\/Motif-broderie-redwork-Plume-150x150.jpg 150w, https:\/\/cecile-delachaux.fr\/wp-content\/uploads\/2018\/02\/Motif-broderie-redwork-Plume-300x300.jpg 300w, https:\/\/cecile-delachaux.fr\/wp-content\/uploads\/2018\/02\/Motif-broderie-redwork-Plume-768x768.jpg 768w, https:\/\/cecile-delachaux.fr\/wp-content\/uploads\/2018\/02\/Motif-broderie-redwork-Plume-324x324.jpg 324w, https:\/\/cecile-delachaux.fr\/wp-content\/uploads\/2018\/02\/Motif-broderie-redwork-Plume-416x416.jpg 416w, https:\/\/cecile-delachaux.fr\/wp-content\/uploads\/2018\/02\/Motif-broderie-redwork-Plume-100x100.jpg 100w\" sizes=\"auto, (max-width: 800px) 100vw, 800px\" \/><\/a>\r\n\t<\/div>\r\n\t<figcaption class='wp-caption-text gallery-caption' id='mla_gallery-1-964'>\n\tMotif broderie redwork Plume\n\t<\/figcaption><\/figure><figure class='gallery-item last_in_row'>\r\n\t<div class='gallery-icon landscape'>\r\n\t\t<a href='https:\/\/cecile-delachaux.fr\/wp-content\/uploads\/2018\/02\/Motif-broderie-redwork-Plumes.jpg'><img loading=\"lazy\" decoding=\"async\" aria-describedby=\"mla_gallery-1-965\" width=\"800\" height=\"800\" src=\"https:\/\/cecile-delachaux.fr\/wp-content\/uploads\/2018\/02\/Motif-broderie-redwork-Plumes.jpg\" class=\"attachment-full size-full\" alt=\"\" srcset=\"https:\/\/cecile-delachaux.fr\/wp-content\/uploads\/2018\/02\/Motif-broderie-redwork-Plumes.jpg 800w, https:\/\/cecile-delachaux.fr\/wp-content\/uploads\/2018\/02\/Motif-broderie-redwork-Plumes-548x548.jpg 548w, https:\/\/cecile-delachaux.fr\/wp-content\/uploads\/2018\/02\/Motif-broderie-redwork-Plumes-150x150.jpg 150w, https:\/\/cecile-delachaux.fr\/wp-content\/uploads\/2018\/02\/Motif-broderie-redwork-Plumes-300x300.jpg 300w, https:\/\/cecile-delachaux.fr\/wp-content\/uploads\/2018\/02\/Motif-broderie-redwork-Plumes-768x768.jpg 768w, https:\/\/cecile-delachaux.fr\/wp-content\/uploads\/2018\/02\/Motif-broderie-redwork-Plumes-324x324.jpg 324w, https:\/\/cecile-delachaux.fr\/wp-content\/uploads\/2018\/02\/Motif-broderie-redwork-Plumes-416x416.jpg 416w, https:\/\/cecile-delachaux.fr\/wp-content\/uploads\/2018\/02\/Motif-broderie-redwork-Plumes-100x100.jpg 100w\" sizes=\"auto, (max-width: 800px) 100vw, 800px\" \/><\/a>\r\n\t<\/div>\r\n\t<figcaption class='wp-caption-text gallery-caption' id='mla_gallery-1-965'>\n\tMotif broderie redwork Plumes\n\t<\/figcaption><\/figure><figure class='gallery-item '>\r\n\t<div class='gallery-icon landscape'>\r\n\t\t<a href='https:\/\/cecile-delachaux.fr\/wp-content\/uploads\/2018\/03\/Motif-broderie-cactus.jpg'><img loading=\"lazy\" decoding=\"async\" aria-describedby=\"mla_gallery-1-1009\" width=\"800\" height=\"800\" src=\"https:\/\/cecile-delachaux.fr\/wp-content\/uploads\/2018\/03\/Motif-broderie-cactus.jpg\" class=\"attachment-full size-full\" alt=\"\" srcset=\"https:\/\/cecile-delachaux.fr\/wp-content\/uploads\/2018\/03\/Motif-broderie-cactus.jpg 800w, https:\/\/cecile-delachaux.fr\/wp-content\/uploads\/2018\/03\/Motif-broderie-cactus-150x150.jpg 150w, https:\/\/cecile-delachaux.fr\/wp-content\/uploads\/2018\/03\/Motif-broderie-cactus-300x300.jpg 300w, https:\/\/cecile-delachaux.fr\/wp-content\/uploads\/2018\/03\/Motif-broderie-cactus-768x768.jpg 768w, https:\/\/cecile-delachaux.fr\/wp-content\/uploads\/2018\/03\/Motif-broderie-cactus-548x548.jpg 548w, https:\/\/cecile-delachaux.fr\/wp-content\/uploads\/2018\/03\/Motif-broderie-cactus-324x324.jpg 324w, https:\/\/cecile-delachaux.fr\/wp-content\/uploads\/2018\/03\/Motif-broderie-cactus-416x416.jpg 416w, https:\/\/cecile-delachaux.fr\/wp-content\/uploads\/2018\/03\/Motif-broderie-cactus-100x100.jpg 100w\" sizes=\"auto, (max-width: 800px) 100vw, 800px\" \/><\/a>\r\n\t<\/div>\r\n\t<figcaption class='wp-caption-text gallery-caption' id='mla_gallery-1-1009'>\n\tMotif broderie cactus\n\t<\/figcaption><\/figure><figure class='gallery-item '>\r\n\t<div class='gallery-icon landscape'>\r\n\t\t<a href='https:\/\/cecile-delachaux.fr\/wp-content\/uploads\/2018\/03\/Motif-broderie-cadre-printemps.jpg'><img loading=\"lazy\" decoding=\"async\" aria-describedby=\"mla_gallery-1-1010\" width=\"800\" height=\"800\" src=\"https:\/\/cecile-delachaux.fr\/wp-content\/uploads\/2018\/03\/Motif-broderie-cadre-printemps.jpg\" class=\"attachment-full size-full\" alt=\"\" srcset=\"https:\/\/cecile-delachaux.fr\/wp-content\/uploads\/2018\/03\/Motif-broderie-cadre-printemps.jpg 800w, https:\/\/cecile-delachaux.fr\/wp-content\/uploads\/2018\/03\/Motif-broderie-cadre-printemps-150x150.jpg 150w, https:\/\/cecile-delachaux.fr\/wp-content\/uploads\/2018\/03\/Motif-broderie-cadre-printemps-300x300.jpg 300w, https:\/\/cecile-delachaux.fr\/wp-content\/uploads\/2018\/03\/Motif-broderie-cadre-printemps-768x768.jpg 768w, https:\/\/cecile-delachaux.fr\/wp-content\/uploads\/2018\/03\/Motif-broderie-cadre-printemps-548x548.jpg 548w, https:\/\/cecile-delachaux.fr\/wp-content\/uploads\/2018\/03\/Motif-broderie-cadre-printemps-324x324.jpg 324w, https:\/\/cecile-delachaux.fr\/wp-content\/uploads\/2018\/03\/Motif-broderie-cadre-printemps-416x416.jpg 416w, https:\/\/cecile-delachaux.fr\/wp-content\/uploads\/2018\/03\/Motif-broderie-cadre-printemps-100x100.jpg 100w\" sizes=\"auto, (max-width: 800px) 100vw, 800px\" \/><\/a>\r\n\t<\/div>\r\n\t<figcaption class='wp-caption-text gallery-caption' id='mla_gallery-1-1010'>\n\tMotif broderie cadre printemps\n\t<\/figcaption><\/figure><figure class='gallery-item last_in_row'>\r\n\t<div class='gallery-icon landscape'>\r\n\t\t<a href='https:\/\/cecile-delachaux.fr\/wp-content\/uploads\/2018\/03\/Motif-broderie-oiseau-branche.jpg'><img loading=\"lazy\" decoding=\"async\" aria-describedby=\"mla_gallery-1-1011\" width=\"800\" height=\"800\" src=\"https:\/\/cecile-delachaux.fr\/wp-content\/uploads\/2018\/03\/Motif-broderie-oiseau-branche.jpg\" class=\"attachment-full size-full\" alt=\"\" srcset=\"https:\/\/cecile-delachaux.fr\/wp-content\/uploads\/2018\/03\/Motif-broderie-oiseau-branche.jpg 800w, https:\/\/cecile-delachaux.fr\/wp-content\/uploads\/2018\/03\/Motif-broderie-oiseau-branche-150x150.jpg 150w, https:\/\/cecile-delachaux.fr\/wp-content\/uploads\/2018\/03\/Motif-broderie-oiseau-branche-300x300.jpg 300w, https:\/\/cecile-delachaux.fr\/wp-content\/uploads\/2018\/03\/Motif-broderie-oiseau-branche-768x768.jpg 768w, https:\/\/cecile-delachaux.fr\/wp-content\/uploads\/2018\/03\/Motif-broderie-oiseau-branche-548x548.jpg 548w, https:\/\/cecile-delachaux.fr\/wp-content\/uploads\/2018\/03\/Motif-broderie-oiseau-branche-324x324.jpg 324w, https:\/\/cecile-delachaux.fr\/wp-content\/uploads\/2018\/03\/Motif-broderie-oiseau-branche-416x416.jpg 416w, https:\/\/cecile-delachaux.fr\/wp-content\/uploads\/2018\/03\/Motif-broderie-oiseau-branche-100x100.jpg 100w\" sizes=\"auto, (max-width: 800px) 100vw, 800px\" \/><\/a>\r\n\t<\/div>\r\n\t<figcaption class='wp-caption-text gallery-caption' id='mla_gallery-1-1011'>\n\tMotif broderie oiseau branche cerisier\n\t<\/figcaption><\/figure><figure class='gallery-item '>\r\n\t<div class='gallery-icon landscape'>\r\n\t\t<a href='https:\/\/cecile-delachaux.fr\/wp-content\/uploads\/2018\/04\/Motif-broderie-couronne-feuilles-redwork.jpg'><img loading=\"lazy\" decoding=\"async\" aria-describedby=\"mla_gallery-1-1024\" width=\"902\" height=\"902\" src=\"https:\/\/cecile-delachaux.fr\/wp-content\/uploads\/2018\/04\/Motif-broderie-couronne-feuilles-redwork.jpg\" class=\"attachment-full size-full\" alt=\"\" srcset=\"https:\/\/cecile-delachaux.fr\/wp-content\/uploads\/2018\/04\/Motif-broderie-couronne-feuilles-redwork.jpg 902w, https:\/\/cecile-delachaux.fr\/wp-content\/uploads\/2018\/04\/Motif-broderie-couronne-feuilles-redwork-150x150.jpg 150w, https:\/\/cecile-delachaux.fr\/wp-content\/uploads\/2018\/04\/Motif-broderie-couronne-feuilles-redwork-300x300.jpg 300w, https:\/\/cecile-delachaux.fr\/wp-content\/uploads\/2018\/04\/Motif-broderie-couronne-feuilles-redwork-768x768.jpg 768w, https:\/\/cecile-delachaux.fr\/wp-content\/uploads\/2018\/04\/Motif-broderie-couronne-feuilles-redwork-548x548.jpg 548w, https:\/\/cecile-delachaux.fr\/wp-content\/uploads\/2018\/04\/Motif-broderie-couronne-feuilles-redwork-324x324.jpg 324w, https:\/\/cecile-delachaux.fr\/wp-content\/uploads\/2018\/04\/Motif-broderie-couronne-feuilles-redwork-416x416.jpg 416w, https:\/\/cecile-delachaux.fr\/wp-content\/uploads\/2018\/04\/Motif-broderie-couronne-feuilles-redwork-100x100.jpg 100w\" sizes=\"auto, (max-width: 902px) 100vw, 902px\" \/><\/a>\r\n\t<\/div>\r\n\t<figcaption class='wp-caption-text gallery-caption' id='mla_gallery-1-1024'>\n\tMotif broderie couronne feuilles redwork\n\t<\/figcaption><\/figure><figure class='gallery-item '>\r\n\t<div class='gallery-icon landscape'>\r\n\t\t<a href='https:\/\/cecile-delachaux.fr\/wp-content\/uploads\/2018\/04\/Motif-broderie-arc-en-ciel.jpg'><img loading=\"lazy\" decoding=\"async\" aria-describedby=\"mla_gallery-1-1025\" width=\"450\" height=\"450\" src=\"https:\/\/cecile-delachaux.fr\/wp-content\/uploads\/2018\/04\/Motif-broderie-arc-en-ciel.jpg\" class=\"attachment-full size-full\" alt=\"\" srcset=\"https:\/\/cecile-delachaux.fr\/wp-content\/uploads\/2018\/04\/Motif-broderie-arc-en-ciel.jpg 450w, https:\/\/cecile-delachaux.fr\/wp-content\/uploads\/2018\/04\/Motif-broderie-arc-en-ciel-150x150.jpg 150w, https:\/\/cecile-delachaux.fr\/wp-content\/uploads\/2018\/04\/Motif-broderie-arc-en-ciel-300x300.jpg 300w, https:\/\/cecile-delachaux.fr\/wp-content\/uploads\/2018\/04\/Motif-broderie-arc-en-ciel-324x324.jpg 324w, https:\/\/cecile-delachaux.fr\/wp-content\/uploads\/2018\/04\/Motif-broderie-arc-en-ciel-416x416.jpg 416w, https:\/\/cecile-delachaux.fr\/wp-content\/uploads\/2018\/04\/Motif-broderie-arc-en-ciel-100x100.jpg 100w\" sizes=\"auto, (max-width: 450px) 100vw, 450px\" \/><\/a>\r\n\t<\/div>\r\n\t<figcaption class='wp-caption-text gallery-caption' id='mla_gallery-1-1025'>\n\tMotif broderie arc-en-ciel\n\t<\/figcaption><\/figure><figure class='gallery-item last_in_row'>\r\n\t<div class='gallery-icon landscape'>\r\n\t\t<a href='https:\/\/cecile-delachaux.fr\/wp-content\/uploads\/2018\/06\/Motif-broderie-cadre-perle-ruban-oval.jpg'><img loading=\"lazy\" decoding=\"async\" aria-describedby=\"mla_gallery-1-1056\" width=\"800\" height=\"800\" src=\"https:\/\/cecile-delachaux.fr\/wp-content\/uploads\/2018\/06\/Motif-broderie-cadre-perle-ruban-oval.jpg\" class=\"attachment-full size-full\" alt=\"\" srcset=\"https:\/\/cecile-delachaux.fr\/wp-content\/uploads\/2018\/06\/Motif-broderie-cadre-perle-ruban-oval.jpg 800w, https:\/\/cecile-delachaux.fr\/wp-content\/uploads\/2018\/06\/Motif-broderie-cadre-perle-ruban-oval-548x548.jpg 548w, https:\/\/cecile-delachaux.fr\/wp-content\/uploads\/2018\/06\/Motif-broderie-cadre-perle-ruban-oval-150x150.jpg 150w, https:\/\/cecile-delachaux.fr\/wp-content\/uploads\/2018\/06\/Motif-broderie-cadre-perle-ruban-oval-300x300.jpg 300w, https:\/\/cecile-delachaux.fr\/wp-content\/uploads\/2018\/06\/Motif-broderie-cadre-perle-ruban-oval-768x768.jpg 768w, https:\/\/cecile-delachaux.fr\/wp-content\/uploads\/2018\/06\/Motif-broderie-cadre-perle-ruban-oval-324x324.jpg 324w, https:\/\/cecile-delachaux.fr\/wp-content\/uploads\/2018\/06\/Motif-broderie-cadre-perle-ruban-oval-416x416.jpg 416w, https:\/\/cecile-delachaux.fr\/wp-content\/uploads\/2018\/06\/Motif-broderie-cadre-perle-ruban-oval-100x100.jpg 100w\" sizes=\"auto, (max-width: 800px) 100vw, 800px\" \/><\/a>\r\n\t<\/div>\r\n\t<figcaption class='wp-caption-text gallery-caption' id='mla_gallery-1-1056'>\n\tMotif broderie cadre perle ruban oval\n\t<\/figcaption><\/figure><figure class='gallery-item '>\r\n\t<div class='gallery-icon landscape'>\r\n\t\t<a href='https:\/\/cecile-delachaux.fr\/wp-content\/uploads\/2018\/06\/Motif-broderie-cadre-perle-ruban-rond.jpg'><img loading=\"lazy\" decoding=\"async\" aria-describedby=\"mla_gallery-1-1057\" width=\"800\" height=\"800\" src=\"https:\/\/cecile-delachaux.fr\/wp-content\/uploads\/2018\/06\/Motif-broderie-cadre-perle-ruban-rond.jpg\" class=\"attachment-full size-full\" alt=\"\" srcset=\"https:\/\/cecile-delachaux.fr\/wp-content\/uploads\/2018\/06\/Motif-broderie-cadre-perle-ruban-rond.jpg 800w, https:\/\/cecile-delachaux.fr\/wp-content\/uploads\/2018\/06\/Motif-broderie-cadre-perle-ruban-rond-548x548.jpg 548w, https:\/\/cecile-delachaux.fr\/wp-content\/uploads\/2018\/06\/Motif-broderie-cadre-perle-ruban-rond-150x150.jpg 150w, https:\/\/cecile-delachaux.fr\/wp-content\/uploads\/2018\/06\/Motif-broderie-cadre-perle-ruban-rond-300x300.jpg 300w, https:\/\/cecile-delachaux.fr\/wp-content\/uploads\/2018\/06\/Motif-broderie-cadre-perle-ruban-rond-768x768.jpg 768w, https:\/\/cecile-delachaux.fr\/wp-content\/uploads\/2018\/06\/Motif-broderie-cadre-perle-ruban-rond-324x324.jpg 324w, https:\/\/cecile-delachaux.fr\/wp-content\/uploads\/2018\/06\/Motif-broderie-cadre-perle-ruban-rond-416x416.jpg 416w, https:\/\/cecile-delachaux.fr\/wp-content\/uploads\/2018\/06\/Motif-broderie-cadre-perle-ruban-rond-100x100.jpg 100w\" sizes=\"auto, (max-width: 800px) 100vw, 800px\" \/><\/a>\r\n\t<\/div>\r\n\t<figcaption class='wp-caption-text gallery-caption' id='mla_gallery-1-1057'>\n\tMotif broderie cadre perle ruban rond\n\t<\/figcaption><\/figure><figure class='gallery-item '>\r\n\t<div class='gallery-icon landscape'>\r\n\t\t<a href='https:\/\/cecile-delachaux.fr\/wp-content\/uploads\/2018\/06\/Motif-broderie-couronne-feuilles.jpg'><img loading=\"lazy\" decoding=\"async\" aria-describedby=\"mla_gallery-1-1058\" width=\"400\" height=\"400\" src=\"https:\/\/cecile-delachaux.fr\/wp-content\/uploads\/2018\/06\/Motif-broderie-couronne-feuilles.jpg\" class=\"attachment-full size-full\" alt=\"\" srcset=\"https:\/\/cecile-delachaux.fr\/wp-content\/uploads\/2018\/06\/Motif-broderie-couronne-feuilles.jpg 400w, https:\/\/cecile-delachaux.fr\/wp-content\/uploads\/2018\/06\/Motif-broderie-couronne-feuilles-150x150.jpg 150w, https:\/\/cecile-delachaux.fr\/wp-content\/uploads\/2018\/06\/Motif-broderie-couronne-feuilles-300x300.jpg 300w, https:\/\/cecile-delachaux.fr\/wp-content\/uploads\/2018\/06\/Motif-broderie-couronne-feuilles-324x324.jpg 324w, https:\/\/cecile-delachaux.fr\/wp-content\/uploads\/2018\/06\/Motif-broderie-couronne-feuilles-100x100.jpg 100w\" sizes=\"auto, (max-width: 400px) 100vw, 400px\" \/><\/a>\r\n\t<\/div>\r\n\t<figcaption class='wp-caption-text gallery-caption' id='mla_gallery-1-1058'>\n\tMotif broderie couronne feuilles appliqu\u00e9\n\t<\/figcaption><\/figure><figure class='gallery-item last_in_row'>\r\n\t<div class='gallery-icon landscape'>\r\n\t\t<a href='https:\/\/cecile-delachaux.fr\/wp-content\/uploads\/2018\/06\/Motif-broderie-couronne-fleurs-redwork.jpg'><img loading=\"lazy\" decoding=\"async\" aria-describedby=\"mla_gallery-1-1059\" width=\"600\" height=\"600\" src=\"https:\/\/cecile-delachaux.fr\/wp-content\/uploads\/2018\/06\/Motif-broderie-couronne-fleurs-redwork.jpg\" class=\"attachment-full size-full\" alt=\"\" srcset=\"https:\/\/cecile-delachaux.fr\/wp-content\/uploads\/2018\/06\/Motif-broderie-couronne-fleurs-redwork.jpg 600w, https:\/\/cecile-delachaux.fr\/wp-content\/uploads\/2018\/06\/Motif-broderie-couronne-fleurs-redwork-150x150.jpg 150w, https:\/\/cecile-delachaux.fr\/wp-content\/uploads\/2018\/06\/Motif-broderie-couronne-fleurs-redwork-300x300.jpg 300w, https:\/\/cecile-delachaux.fr\/wp-content\/uploads\/2018\/06\/Motif-broderie-couronne-fleurs-redwork-548x548.jpg 548w, https:\/\/cecile-delachaux.fr\/wp-content\/uploads\/2018\/06\/Motif-broderie-couronne-fleurs-redwork-324x324.jpg 324w, https:\/\/cecile-delachaux.fr\/wp-content\/uploads\/2018\/06\/Motif-broderie-couronne-fleurs-redwork-416x416.jpg 416w, https:\/\/cecile-delachaux.fr\/wp-content\/uploads\/2018\/06\/Motif-broderie-couronne-fleurs-redwork-100x100.jpg 100w\" sizes=\"auto, (max-width: 600px) 100vw, 600px\" \/><\/a>\r\n\t<\/div>\r\n\t<figcaption class='wp-caption-text gallery-caption' id='mla_gallery-1-1059'>\n\tMotif broderie couronne fleurs redwork\n\t<\/figcaption><\/figure><figure class='gallery-item '>\r\n\t<div class='gallery-icon landscape'>\r\n\t\t<a href='https:\/\/cecile-delachaux.fr\/wp-content\/uploads\/2018\/06\/Motif-broderie-noeud.jpg'><img loading=\"lazy\" decoding=\"async\" aria-describedby=\"mla_gallery-1-1060\" width=\"600\" height=\"600\" src=\"https:\/\/cecile-delachaux.fr\/wp-content\/uploads\/2018\/06\/Motif-broderie-noeud.jpg\" class=\"attachment-full size-full\" alt=\"\" srcset=\"https:\/\/cecile-delachaux.fr\/wp-content\/uploads\/2018\/06\/Motif-broderie-noeud.jpg 600w, https:\/\/cecile-delachaux.fr\/wp-content\/uploads\/2018\/06\/Motif-broderie-noeud-150x150.jpg 150w, https:\/\/cecile-delachaux.fr\/wp-content\/uploads\/2018\/06\/Motif-broderie-noeud-300x300.jpg 300w, https:\/\/cecile-delachaux.fr\/wp-content\/uploads\/2018\/06\/Motif-broderie-noeud-548x548.jpg 548w, https:\/\/cecile-delachaux.fr\/wp-content\/uploads\/2018\/06\/Motif-broderie-noeud-324x324.jpg 324w, https:\/\/cecile-delachaux.fr\/wp-content\/uploads\/2018\/06\/Motif-broderie-noeud-416x416.jpg 416w, https:\/\/cecile-delachaux.fr\/wp-content\/uploads\/2018\/06\/Motif-broderie-noeud-100x100.jpg 100w\" sizes=\"auto, (max-width: 600px) 100vw, 600px\" \/><\/a>\r\n\t<\/div>\r\n\t<figcaption class='wp-caption-text gallery-caption' id='mla_gallery-1-1060'>\n\tMotif broderie noeud appliqu\u00e9\n\t<\/figcaption><\/figure><figure class='gallery-item '>\r\n\t<div class='gallery-icon landscape'>\r\n\t\t<a href='https:\/\/cecile-delachaux.fr\/wp-content\/uploads\/2018\/06\/3-motifs-panneaux-direction-AVDB-600x600.jpg'><img loading=\"lazy\" decoding=\"async\" aria-describedby=\"mla_gallery-1-1066\" width=\"600\" height=\"600\" src=\"https:\/\/cecile-delachaux.fr\/wp-content\/uploads\/2018\/06\/3-motifs-panneaux-direction-AVDB-600x600.jpg\" class=\"attachment-full size-full\" alt=\"\" srcset=\"https:\/\/cecile-delachaux.fr\/wp-content\/uploads\/2018\/06\/3-motifs-panneaux-direction-AVDB-600x600.jpg 600w, https:\/\/cecile-delachaux.fr\/wp-content\/uploads\/2018\/06\/3-motifs-panneaux-direction-AVDB-600x600-150x150.jpg 150w, https:\/\/cecile-delachaux.fr\/wp-content\/uploads\/2018\/06\/3-motifs-panneaux-direction-AVDB-600x600-300x300.jpg 300w, https:\/\/cecile-delachaux.fr\/wp-content\/uploads\/2018\/06\/3-motifs-panneaux-direction-AVDB-600x600-548x548.jpg 548w, https:\/\/cecile-delachaux.fr\/wp-content\/uploads\/2018\/06\/3-motifs-panneaux-direction-AVDB-600x600-324x324.jpg 324w, https:\/\/cecile-delachaux.fr\/wp-content\/uploads\/2018\/06\/3-motifs-panneaux-direction-AVDB-600x600-416x416.jpg 416w, https:\/\/cecile-delachaux.fr\/wp-content\/uploads\/2018\/06\/3-motifs-panneaux-direction-AVDB-600x600-100x100.jpg 100w\" sizes=\"auto, (max-width: 600px) 100vw, 600px\" \/><\/a>\r\n\t<\/div>\r\n\t<figcaption class='wp-caption-text gallery-caption' id='mla_gallery-1-1066'>\n\tMotifs broderie panneaux direction\n\t<\/figcaption><\/figure><figure class='gallery-item last_in_row'>\r\n\t<div class='gallery-icon landscape'>\r\n\t\t<a href='https:\/\/cecile-delachaux.fr\/wp-content\/uploads\/2018\/06\/bois-fleuris-FB-600x600.jpg'><img loading=\"lazy\" decoding=\"async\" aria-describedby=\"mla_gallery-1-1067\" width=\"600\" height=\"600\" src=\"https:\/\/cecile-delachaux.fr\/wp-content\/uploads\/2018\/06\/bois-fleuris-FB-600x600.jpg\" class=\"attachment-full size-full\" alt=\"\" srcset=\"https:\/\/cecile-delachaux.fr\/wp-content\/uploads\/2018\/06\/bois-fleuris-FB-600x600.jpg 600w, https:\/\/cecile-delachaux.fr\/wp-content\/uploads\/2018\/06\/bois-fleuris-FB-600x600-548x548.jpg 548w, https:\/\/cecile-delachaux.fr\/wp-content\/uploads\/2018\/06\/bois-fleuris-FB-600x600-150x150.jpg 150w, https:\/\/cecile-delachaux.fr\/wp-content\/uploads\/2018\/06\/bois-fleuris-FB-600x600-300x300.jpg 300w, https:\/\/cecile-delachaux.fr\/wp-content\/uploads\/2018\/06\/bois-fleuris-FB-600x600-324x324.jpg 324w, https:\/\/cecile-delachaux.fr\/wp-content\/uploads\/2018\/06\/bois-fleuris-FB-600x600-416x416.jpg 416w, https:\/\/cecile-delachaux.fr\/wp-content\/uploads\/2018\/06\/bois-fleuris-FB-600x600-100x100.jpg 100w\" sizes=\"auto, (max-width: 600px) 100vw, 600px\" \/><\/a>\r\n\t<\/div>\r\n\t<figcaption class='wp-caption-text gallery-caption' id='mla_gallery-1-1067'>\n\tMotif broderie bois fleuris\n\t<\/figcaption><\/figure><figure class='gallery-item '>\r\n\t<div class='gallery-icon landscape'>\r\n\t\t<a href='https:\/\/cecile-delachaux.fr\/wp-content\/uploads\/2018\/06\/Guirlande-Tongs-Chapeaux-Lunettes-600x600.jpg'><img loading=\"lazy\" decoding=\"async\" aria-describedby=\"mla_gallery-1-1068\" width=\"600\" height=\"600\" src=\"https:\/\/cecile-delachaux.fr\/wp-content\/uploads\/2018\/06\/Guirlande-Tongs-Chapeaux-Lunettes-600x600.jpg\" class=\"attachment-full size-full\" alt=\"\" srcset=\"https:\/\/cecile-delachaux.fr\/wp-content\/uploads\/2018\/06\/Guirlande-Tongs-Chapeaux-Lunettes-600x600.jpg 600w, https:\/\/cecile-delachaux.fr\/wp-content\/uploads\/2018\/06\/Guirlande-Tongs-Chapeaux-Lunettes-600x600-150x150.jpg 150w, https:\/\/cecile-delachaux.fr\/wp-content\/uploads\/2018\/06\/Guirlande-Tongs-Chapeaux-Lunettes-600x600-300x300.jpg 300w, https:\/\/cecile-delachaux.fr\/wp-content\/uploads\/2018\/06\/Guirlande-Tongs-Chapeaux-Lunettes-600x600-548x548.jpg 548w, https:\/\/cecile-delachaux.fr\/wp-content\/uploads\/2018\/06\/Guirlande-Tongs-Chapeaux-Lunettes-600x600-324x324.jpg 324w, https:\/\/cecile-delachaux.fr\/wp-content\/uploads\/2018\/06\/Guirlande-Tongs-Chapeaux-Lunettes-600x600-416x416.jpg 416w, https:\/\/cecile-delachaux.fr\/wp-content\/uploads\/2018\/06\/Guirlande-Tongs-Chapeaux-Lunettes-600x600-100x100.jpg 100w\" sizes=\"auto, (max-width: 600px) 100vw, 600px\" \/><\/a>\r\n\t<\/div>\r\n\t<figcaption class='wp-caption-text gallery-caption' id='mla_gallery-1-1068'>\n\tMotif broderie Guirlande Tongs Chapeaux\n\t<\/figcaption><\/figure><figure class='gallery-item '>\r\n\t<div class='gallery-icon landscape'>\r\n\t\t<a href='https:\/\/cecile-delachaux.fr\/wp-content\/uploads\/2018\/06\/Motif_broderie_machine_envol_de_papillons_\u00e0_vous_de_broder_embroidery_designs-600x600.jpg'><img loading=\"lazy\" decoding=\"async\" aria-describedby=\"mla_gallery-1-1071\" width=\"600\" height=\"600\" src=\"https:\/\/cecile-delachaux.fr\/wp-content\/uploads\/2018\/06\/Motif_broderie_machine_envol_de_papillons_\u00e0_vous_de_broder_embroidery_designs-600x600.jpg\" class=\"attachment-full size-full\" alt=\"\" srcset=\"https:\/\/cecile-delachaux.fr\/wp-content\/uploads\/2018\/06\/Motif_broderie_machine_envol_de_papillons_\u00e0_vous_de_broder_embroidery_designs-600x600.jpg 600w, https:\/\/cecile-delachaux.fr\/wp-content\/uploads\/2018\/06\/Motif_broderie_machine_envol_de_papillons_\u00e0_vous_de_broder_embroidery_designs-600x600-150x150.jpg 150w, https:\/\/cecile-delachaux.fr\/wp-content\/uploads\/2018\/06\/Motif_broderie_machine_envol_de_papillons_\u00e0_vous_de_broder_embroidery_designs-600x600-300x300.jpg 300w, https:\/\/cecile-delachaux.fr\/wp-content\/uploads\/2018\/06\/Motif_broderie_machine_envol_de_papillons_\u00e0_vous_de_broder_embroidery_designs-600x600-548x548.jpg 548w, https:\/\/cecile-delachaux.fr\/wp-content\/uploads\/2018\/06\/Motif_broderie_machine_envol_de_papillons_\u00e0_vous_de_broder_embroidery_designs-600x600-324x324.jpg 324w, https:\/\/cecile-delachaux.fr\/wp-content\/uploads\/2018\/06\/Motif_broderie_machine_envol_de_papillons_\u00e0_vous_de_broder_embroidery_designs-600x600-416x416.jpg 416w, https:\/\/cecile-delachaux.fr\/wp-content\/uploads\/2018\/06\/Motif_broderie_machine_envol_de_papillons_\u00e0_vous_de_broder_embroidery_designs-600x600-100x100.jpg 100w\" sizes=\"auto, (max-width: 600px) 100vw, 600px\" \/><\/a>\r\n\t<\/div>\r\n\t<figcaption class='wp-caption-text gallery-caption' id='mla_gallery-1-1071'>\n\tMotif broderie envol papillons\n\t<\/figcaption><\/figure><figure class='gallery-item last_in_row'>\r\n\t<div class='gallery-icon landscape'>\r\n\t\t<a href='https:\/\/cecile-delachaux.fr\/wp-content\/uploads\/2018\/06\/plume-de-paon-AVDB-600x600.jpg'><img loading=\"lazy\" decoding=\"async\" aria-describedby=\"mla_gallery-1-1073\" width=\"600\" height=\"600\" src=\"https:\/\/cecile-delachaux.fr\/wp-content\/uploads\/2018\/06\/plume-de-paon-AVDB-600x600.jpg\" class=\"attachment-full size-full\" alt=\"\" srcset=\"https:\/\/cecile-delachaux.fr\/wp-content\/uploads\/2018\/06\/plume-de-paon-AVDB-600x600.jpg 600w, https:\/\/cecile-delachaux.fr\/wp-content\/uploads\/2018\/06\/plume-de-paon-AVDB-600x600-150x150.jpg 150w, https:\/\/cecile-delachaux.fr\/wp-content\/uploads\/2018\/06\/plume-de-paon-AVDB-600x600-300x300.jpg 300w, https:\/\/cecile-delachaux.fr\/wp-content\/uploads\/2018\/06\/plume-de-paon-AVDB-600x600-548x548.jpg 548w, https:\/\/cecile-delachaux.fr\/wp-content\/uploads\/2018\/06\/plume-de-paon-AVDB-600x600-324x324.jpg 324w, https:\/\/cecile-delachaux.fr\/wp-content\/uploads\/2018\/06\/plume-de-paon-AVDB-600x600-416x416.jpg 416w, https:\/\/cecile-delachaux.fr\/wp-content\/uploads\/2018\/06\/plume-de-paon-AVDB-600x600-100x100.jpg 100w\" sizes=\"auto, (max-width: 600px) 100vw, 600px\" \/><\/a>\r\n\t<\/div>\r\n\t<figcaption class='wp-caption-text gallery-caption' id='mla_gallery-1-1073'>\n\tMotif broderie redwork plume de paon\n\t<\/figcaption><\/figure><figure class='gallery-item '>\r\n\t<div class='gallery-icon landscape'>\r\n\t\t<a href='https:\/\/cecile-delachaux.fr\/wp-content\/uploads\/2018\/06\/Motif-couronne-baies-et-feuillage.jpg'><img loading=\"lazy\" decoding=\"async\" aria-describedby=\"mla_gallery-1-1074\" width=\"600\" height=\"600\" src=\"https:\/\/cecile-delachaux.fr\/wp-content\/uploads\/2018\/06\/Motif-couronne-baies-et-feuillage.jpg\" class=\"attachment-full size-full\" alt=\"\" srcset=\"https:\/\/cecile-delachaux.fr\/wp-content\/uploads\/2018\/06\/Motif-couronne-baies-et-feuillage.jpg 600w, https:\/\/cecile-delachaux.fr\/wp-content\/uploads\/2018\/06\/Motif-couronne-baies-et-feuillage-150x150.jpg 150w, https:\/\/cecile-delachaux.fr\/wp-content\/uploads\/2018\/06\/Motif-couronne-baies-et-feuillage-300x300.jpg 300w, https:\/\/cecile-delachaux.fr\/wp-content\/uploads\/2018\/06\/Motif-couronne-baies-et-feuillage-548x548.jpg 548w, https:\/\/cecile-delachaux.fr\/wp-content\/uploads\/2018\/06\/Motif-couronne-baies-et-feuillage-324x324.jpg 324w, https:\/\/cecile-delachaux.fr\/wp-content\/uploads\/2018\/06\/Motif-couronne-baies-et-feuillage-416x416.jpg 416w, https:\/\/cecile-delachaux.fr\/wp-content\/uploads\/2018\/06\/Motif-couronne-baies-et-feuillage-100x100.jpg 100w\" sizes=\"auto, (max-width: 600px) 100vw, 600px\" \/><\/a>\r\n\t<\/div>\r\n\t<figcaption class='wp-caption-text gallery-caption' id='mla_gallery-1-1074'>\n\tMotif broderie couronne baies et feuillage\n\t<\/figcaption><\/figure><figure class='gallery-item '>\r\n\t<div class='gallery-icon landscape'>\r\n\t\t<a href='https:\/\/cecile-delachaux.fr\/wp-content\/uploads\/2018\/06\/Motif-broderie-appliqu\u00e9-mme-panda-noeud-papillon.jpg'><img loading=\"lazy\" decoding=\"async\" aria-describedby=\"mla_gallery-1-1111\" width=\"600\" height=\"600\" src=\"https:\/\/cecile-delachaux.fr\/wp-content\/uploads\/2018\/06\/Motif-broderie-appliqu\u00e9-mme-panda-noeud-papillon.jpg\" class=\"attachment-full size-full\" alt=\"\" srcset=\"https:\/\/cecile-delachaux.fr\/wp-content\/uploads\/2018\/06\/Motif-broderie-appliqu\u00e9-mme-panda-noeud-papillon.jpg 600w, https:\/\/cecile-delachaux.fr\/wp-content\/uploads\/2018\/06\/Motif-broderie-appliqu\u00e9-mme-panda-noeud-papillon-150x150.jpg 150w, https:\/\/cecile-delachaux.fr\/wp-content\/uploads\/2018\/06\/Motif-broderie-appliqu\u00e9-mme-panda-noeud-papillon-300x300.jpg 300w, https:\/\/cecile-delachaux.fr\/wp-content\/uploads\/2018\/06\/Motif-broderie-appliqu\u00e9-mme-panda-noeud-papillon-548x548.jpg 548w, https:\/\/cecile-delachaux.fr\/wp-content\/uploads\/2018\/06\/Motif-broderie-appliqu\u00e9-mme-panda-noeud-papillon-324x324.jpg 324w, https:\/\/cecile-delachaux.fr\/wp-content\/uploads\/2018\/06\/Motif-broderie-appliqu\u00e9-mme-panda-noeud-papillon-416x416.jpg 416w, https:\/\/cecile-delachaux.fr\/wp-content\/uploads\/2018\/06\/Motif-broderie-appliqu\u00e9-mme-panda-noeud-papillon-100x100.jpg 100w\" sizes=\"auto, (max-width: 600px) 100vw, 600px\" \/><\/a>\r\n\t<\/div>\r\n\t<figcaption class='wp-caption-text gallery-caption' id='mla_gallery-1-1111'>\n\tMotif broderie appliqu\u00e9 mme panda noeud\n\t<\/figcaption><\/figure><figure class='gallery-item last_in_row'>\r\n\t<div class='gallery-icon landscape'>\r\n\t\t<a href='https:\/\/cecile-delachaux.fr\/wp-content\/uploads\/2018\/06\/Motif-broderie-appliqu\u00e9-mr-panda-noeud-papillon.jpg'><img loading=\"lazy\" decoding=\"async\" aria-describedby=\"mla_gallery-1-1112\" width=\"600\" height=\"600\" src=\"https:\/\/cecile-delachaux.fr\/wp-content\/uploads\/2018\/06\/Motif-broderie-appliqu\u00e9-mr-panda-noeud-papillon.jpg\" class=\"attachment-full size-full\" alt=\"\" srcset=\"https:\/\/cecile-delachaux.fr\/wp-content\/uploads\/2018\/06\/Motif-broderie-appliqu\u00e9-mr-panda-noeud-papillon.jpg 600w, https:\/\/cecile-delachaux.fr\/wp-content\/uploads\/2018\/06\/Motif-broderie-appliqu\u00e9-mr-panda-noeud-papillon-150x150.jpg 150w, https:\/\/cecile-delachaux.fr\/wp-content\/uploads\/2018\/06\/Motif-broderie-appliqu\u00e9-mr-panda-noeud-papillon-300x300.jpg 300w, https:\/\/cecile-delachaux.fr\/wp-content\/uploads\/2018\/06\/Motif-broderie-appliqu\u00e9-mr-panda-noeud-papillon-548x548.jpg 548w, https:\/\/cecile-delachaux.fr\/wp-content\/uploads\/2018\/06\/Motif-broderie-appliqu\u00e9-mr-panda-noeud-papillon-324x324.jpg 324w, https:\/\/cecile-delachaux.fr\/wp-content\/uploads\/2018\/06\/Motif-broderie-appliqu\u00e9-mr-panda-noeud-papillon-416x416.jpg 416w, https:\/\/cecile-delachaux.fr\/wp-content\/uploads\/2018\/06\/Motif-broderie-appliqu\u00e9-mr-panda-noeud-papillon-100x100.jpg 100w\" sizes=\"auto, (max-width: 600px) 100vw, 600px\" \/><\/a>\r\n\t<\/div>\r\n\t<figcaption class='wp-caption-text gallery-caption' id='mla_gallery-1-1112'>\n\tMotif broderie appliqu\u00e9 mr panda noeud papillon\n\t<\/figcaption><\/figure><figure class='gallery-item '>\r\n\t<div class='gallery-icon landscape'>\r\n\t\t<a href='https:\/\/cecile-delachaux.fr\/wp-content\/uploads\/2018\/06\/Motif-broderie-mme-panda-noeud-papillon.jpg'><img loading=\"lazy\" decoding=\"async\" aria-describedby=\"mla_gallery-1-1113\" width=\"600\" height=\"600\" src=\"https:\/\/cecile-delachaux.fr\/wp-content\/uploads\/2018\/06\/Motif-broderie-mme-panda-noeud-papillon.jpg\" class=\"attachment-full size-full\" alt=\"\" srcset=\"https:\/\/cecile-delachaux.fr\/wp-content\/uploads\/2018\/06\/Motif-broderie-mme-panda-noeud-papillon.jpg 600w, https:\/\/cecile-delachaux.fr\/wp-content\/uploads\/2018\/06\/Motif-broderie-mme-panda-noeud-papillon-150x150.jpg 150w, https:\/\/cecile-delachaux.fr\/wp-content\/uploads\/2018\/06\/Motif-broderie-mme-panda-noeud-papillon-300x300.jpg 300w, https:\/\/cecile-delachaux.fr\/wp-content\/uploads\/2018\/06\/Motif-broderie-mme-panda-noeud-papillon-548x548.jpg 548w, https:\/\/cecile-delachaux.fr\/wp-content\/uploads\/2018\/06\/Motif-broderie-mme-panda-noeud-papillon-324x324.jpg 324w, https:\/\/cecile-delachaux.fr\/wp-content\/uploads\/2018\/06\/Motif-broderie-mme-panda-noeud-papillon-416x416.jpg 416w, https:\/\/cecile-delachaux.fr\/wp-content\/uploads\/2018\/06\/Motif-broderie-mme-panda-noeud-papillon-100x100.jpg 100w\" sizes=\"auto, (max-width: 600px) 100vw, 600px\" \/><\/a>\r\n\t<\/div>\r\n\t<figcaption class='wp-caption-text gallery-caption' id='mla_gallery-1-1113'>\n\tMotif broderie mme panda noeud\n\t<\/figcaption><\/figure><figure class='gallery-item '>\r\n\t<div class='gallery-icon landscape'>\r\n\t\t<a href='https:\/\/cecile-delachaux.fr\/wp-content\/uploads\/2018\/06\/Motif-broderie-mr-panda-noeud-papillon.jpg'><img loading=\"lazy\" decoding=\"async\" aria-describedby=\"mla_gallery-1-1114\" width=\"600\" height=\"600\" src=\"https:\/\/cecile-delachaux.fr\/wp-content\/uploads\/2018\/06\/Motif-broderie-mr-panda-noeud-papillon.jpg\" class=\"attachment-full size-full\" alt=\"\" srcset=\"https:\/\/cecile-delachaux.fr\/wp-content\/uploads\/2018\/06\/Motif-broderie-mr-panda-noeud-papillon.jpg 600w, https:\/\/cecile-delachaux.fr\/wp-content\/uploads\/2018\/06\/Motif-broderie-mr-panda-noeud-papillon-150x150.jpg 150w, https:\/\/cecile-delachaux.fr\/wp-content\/uploads\/2018\/06\/Motif-broderie-mr-panda-noeud-papillon-300x300.jpg 300w, https:\/\/cecile-delachaux.fr\/wp-content\/uploads\/2018\/06\/Motif-broderie-mr-panda-noeud-papillon-548x548.jpg 548w, https:\/\/cecile-delachaux.fr\/wp-content\/uploads\/2018\/06\/Motif-broderie-mr-panda-noeud-papillon-324x324.jpg 324w, https:\/\/cecile-delachaux.fr\/wp-content\/uploads\/2018\/06\/Motif-broderie-mr-panda-noeud-papillon-416x416.jpg 416w, https:\/\/cecile-delachaux.fr\/wp-content\/uploads\/2018\/06\/Motif-broderie-mr-panda-noeud-papillon-100x100.jpg 100w\" sizes=\"auto, (max-width: 600px) 100vw, 600px\" \/><\/a>\r\n\t<\/div>\r\n\t<figcaption class='wp-caption-text gallery-caption' id='mla_gallery-1-1114'>\n\tMotif broderie mr panda noeud papillon\n\t<\/figcaption><\/figure><figure class='gallery-item last_in_row'>\r\n\t<div class='gallery-icon landscape'>\r\n\t\t<a href='https:\/\/cecile-delachaux.fr\/wp-content\/uploads\/2018\/09\/motif-broderie-machine-croix.jpg'><img loading=\"lazy\" decoding=\"async\" aria-describedby=\"mla_gallery-1-1188\" width=\"600\" height=\"600\" src=\"https:\/\/cecile-delachaux.fr\/wp-content\/uploads\/2018\/09\/motif-broderie-machine-croix.jpg\" class=\"attachment-full size-full\" alt=\"\" srcset=\"https:\/\/cecile-delachaux.fr\/wp-content\/uploads\/2018\/09\/motif-broderie-machine-croix.jpg 600w, https:\/\/cecile-delachaux.fr\/wp-content\/uploads\/2018\/09\/motif-broderie-machine-croix-150x150.jpg 150w, https:\/\/cecile-delachaux.fr\/wp-content\/uploads\/2018\/09\/motif-broderie-machine-croix-300x300.jpg 300w, https:\/\/cecile-delachaux.fr\/wp-content\/uploads\/2018\/09\/motif-broderie-machine-croix-548x548.jpg 548w, https:\/\/cecile-delachaux.fr\/wp-content\/uploads\/2018\/09\/motif-broderie-machine-croix-324x324.jpg 324w, https:\/\/cecile-delachaux.fr\/wp-content\/uploads\/2018\/09\/motif-broderie-machine-croix-416x416.jpg 416w, https:\/\/cecile-delachaux.fr\/wp-content\/uploads\/2018\/09\/motif-broderie-machine-croix-100x100.jpg 100w\" sizes=\"auto, (max-width: 600px) 100vw, 600px\" \/><\/a>\r\n\t<\/div>\r\n\t<figcaption class='wp-caption-text gallery-caption' id='mla_gallery-1-1188'>\n\tMotif broderie appliqu\u00e9 croix\n\t<\/figcaption><\/figure><figure class='gallery-item '>\r\n\t<div class='gallery-icon landscape'>\r\n\t\t<a href='https:\/\/cecile-delachaux.fr\/wp-content\/uploads\/2018\/09\/Motif-broderie-cadre-couronne-feuilles-et-baies.jpg'><img loading=\"lazy\" decoding=\"async\" aria-describedby=\"mla_gallery-1-1196\" width=\"570\" height=\"511\" src=\"https:\/\/cecile-delachaux.fr\/wp-content\/uploads\/2018\/09\/Motif-broderie-cadre-couronne-feuilles-et-baies.jpg\" class=\"attachment-full size-full\" alt=\"\" srcset=\"https:\/\/cecile-delachaux.fr\/wp-content\/uploads\/2018\/09\/Motif-broderie-cadre-couronne-feuilles-et-baies.jpg 570w, https:\/\/cecile-delachaux.fr\/wp-content\/uploads\/2018\/09\/Motif-broderie-cadre-couronne-feuilles-et-baies-300x269.jpg 300w, https:\/\/cecile-delachaux.fr\/wp-content\/uploads\/2018\/09\/Motif-broderie-cadre-couronne-feuilles-et-baies-416x373.jpg 416w\" sizes=\"auto, (max-width: 570px) 100vw, 570px\" \/><\/a>\r\n\t<\/div>\r\n\t<figcaption class='wp-caption-text gallery-caption' id='mla_gallery-1-1196'>\n\tMotif broderie cadre couronne feuilles et baies\n\t<\/figcaption><\/figure><figure class='gallery-item '>\r\n\t<div class='gallery-icon landscape'>\r\n\t\t<a href='https:\/\/cecile-delachaux.fr\/wp-content\/uploads\/2018\/09\/Motif-broderie-cadre-couronne-tr\u00e8fles.jpg'><img loading=\"lazy\" decoding=\"async\" aria-describedby=\"mla_gallery-1-1197\" width=\"570\" height=\"570\" src=\"https:\/\/cecile-delachaux.fr\/wp-content\/uploads\/2018\/09\/Motif-broderie-cadre-couronne-tr\u00e8fles.jpg\" class=\"attachment-full size-full\" alt=\"\" srcset=\"https:\/\/cecile-delachaux.fr\/wp-content\/uploads\/2018\/09\/Motif-broderie-cadre-couronne-tr\u00e8fles.jpg 570w, https:\/\/cecile-delachaux.fr\/wp-content\/uploads\/2018\/09\/Motif-broderie-cadre-couronne-tr\u00e8fles-150x150.jpg 150w, https:\/\/cecile-delachaux.fr\/wp-content\/uploads\/2018\/09\/Motif-broderie-cadre-couronne-tr\u00e8fles-300x300.jpg 300w, https:\/\/cecile-delachaux.fr\/wp-content\/uploads\/2018\/09\/Motif-broderie-cadre-couronne-tr\u00e8fles-548x548.jpg 548w, https:\/\/cecile-delachaux.fr\/wp-content\/uploads\/2018\/09\/Motif-broderie-cadre-couronne-tr\u00e8fles-324x324.jpg 324w, https:\/\/cecile-delachaux.fr\/wp-content\/uploads\/2018\/09\/Motif-broderie-cadre-couronne-tr\u00e8fles-416x416.jpg 416w, https:\/\/cecile-delachaux.fr\/wp-content\/uploads\/2018\/09\/Motif-broderie-cadre-couronne-tr\u00e8fles-100x100.jpg 100w\" sizes=\"auto, (max-width: 570px) 100vw, 570px\" \/><\/a>\r\n\t<\/div>\r\n\t<figcaption class='wp-caption-text gallery-caption' id='mla_gallery-1-1197'>\n\tMotif broderie cadre couronne tr\u00e8fles\n\t<\/figcaption><\/figure><figure class='gallery-item last_in_row'>\r\n\t<div class='gallery-icon landscape'>\r\n\t\t<a href='https:\/\/cecile-delachaux.fr\/wp-content\/uploads\/2018\/09\/Motif-broderie-fleur-moderne.jpg'><img loading=\"lazy\" decoding=\"async\" aria-describedby=\"mla_gallery-1-1198\" width=\"570\" height=\"570\" src=\"https:\/\/cecile-delachaux.fr\/wp-content\/uploads\/2018\/09\/Motif-broderie-fleur-moderne.jpg\" class=\"attachment-full size-full\" alt=\"\" srcset=\"https:\/\/cecile-delachaux.fr\/wp-content\/uploads\/2018\/09\/Motif-broderie-fleur-moderne.jpg 570w, https:\/\/cecile-delachaux.fr\/wp-content\/uploads\/2018\/09\/Motif-broderie-fleur-moderne-150x150.jpg 150w, https:\/\/cecile-delachaux.fr\/wp-content\/uploads\/2018\/09\/Motif-broderie-fleur-moderne-300x300.jpg 300w, https:\/\/cecile-delachaux.fr\/wp-content\/uploads\/2018\/09\/Motif-broderie-fleur-moderne-548x548.jpg 548w, https:\/\/cecile-delachaux.fr\/wp-content\/uploads\/2018\/09\/Motif-broderie-fleur-moderne-324x324.jpg 324w, https:\/\/cecile-delachaux.fr\/wp-content\/uploads\/2018\/09\/Motif-broderie-fleur-moderne-416x416.jpg 416w, https:\/\/cecile-delachaux.fr\/wp-content\/uploads\/2018\/09\/Motif-broderie-fleur-moderne-100x100.jpg 100w\" sizes=\"auto, (max-width: 570px) 100vw, 570px\" \/><\/a>\r\n\t<\/div>\r\n\t<figcaption class='wp-caption-text gallery-caption' id='mla_gallery-1-1198'>\n\tMotif broderie fleur moderne\n\t<\/figcaption><\/figure><figure class='gallery-item '>\r\n\t<div class='gallery-icon landscape'>\r\n\t\t<a href='https:\/\/cecile-delachaux.fr\/wp-content\/uploads\/2018\/09\/Motif-broderie-fleur-redwork.jpg'><img loading=\"lazy\" decoding=\"async\" aria-describedby=\"mla_gallery-1-1199\" width=\"570\" height=\"570\" src=\"https:\/\/cecile-delachaux.fr\/wp-content\/uploads\/2018\/09\/Motif-broderie-fleur-redwork.jpg\" class=\"attachment-full size-full\" alt=\"\" srcset=\"https:\/\/cecile-delachaux.fr\/wp-content\/uploads\/2018\/09\/Motif-broderie-fleur-redwork.jpg 570w, https:\/\/cecile-delachaux.fr\/wp-content\/uploads\/2018\/09\/Motif-broderie-fleur-redwork-150x150.jpg 150w, https:\/\/cecile-delachaux.fr\/wp-content\/uploads\/2018\/09\/Motif-broderie-fleur-redwork-300x300.jpg 300w, https:\/\/cecile-delachaux.fr\/wp-content\/uploads\/2018\/09\/Motif-broderie-fleur-redwork-548x548.jpg 548w, https:\/\/cecile-delachaux.fr\/wp-content\/uploads\/2018\/09\/Motif-broderie-fleur-redwork-324x324.jpg 324w, https:\/\/cecile-delachaux.fr\/wp-content\/uploads\/2018\/09\/Motif-broderie-fleur-redwork-416x416.jpg 416w, https:\/\/cecile-delachaux.fr\/wp-content\/uploads\/2018\/09\/Motif-broderie-fleur-redwork-100x100.jpg 100w\" sizes=\"auto, (max-width: 570px) 100vw, 570px\" \/><\/a>\r\n\t<\/div>\r\n\t<figcaption class='wp-caption-text gallery-caption' id='mla_gallery-1-1199'>\n\tMotif broderie fleur redwork\n\t<\/figcaption><\/figure><figure class='gallery-item '>\r\n\t<div class='gallery-icon landscape'>\r\n\t\t<a href='https:\/\/cecile-delachaux.fr\/wp-content\/uploads\/2018\/09\/Motif-broderie-fleurs-folk.jpg'><img loading=\"lazy\" decoding=\"async\" aria-describedby=\"mla_gallery-1-1200\" width=\"570\" height=\"570\" src=\"https:\/\/cecile-delachaux.fr\/wp-content\/uploads\/2018\/09\/Motif-broderie-fleurs-folk.jpg\" class=\"attachment-full size-full\" alt=\"\" srcset=\"https:\/\/cecile-delachaux.fr\/wp-content\/uploads\/2018\/09\/Motif-broderie-fleurs-folk.jpg 570w, https:\/\/cecile-delachaux.fr\/wp-content\/uploads\/2018\/09\/Motif-broderie-fleurs-folk-150x150.jpg 150w, https:\/\/cecile-delachaux.fr\/wp-content\/uploads\/2018\/09\/Motif-broderie-fleurs-folk-300x300.jpg 300w, https:\/\/cecile-delachaux.fr\/wp-content\/uploads\/2018\/09\/Motif-broderie-fleurs-folk-548x548.jpg 548w, https:\/\/cecile-delachaux.fr\/wp-content\/uploads\/2018\/09\/Motif-broderie-fleurs-folk-324x324.jpg 324w, https:\/\/cecile-delachaux.fr\/wp-content\/uploads\/2018\/09\/Motif-broderie-fleurs-folk-416x416.jpg 416w, https:\/\/cecile-delachaux.fr\/wp-content\/uploads\/2018\/09\/Motif-broderie-fleurs-folk-100x100.jpg 100w\" sizes=\"auto, (max-width: 570px) 100vw, 570px\" \/><\/a>\r\n\t<\/div>\r\n\t<figcaption class='wp-caption-text gallery-caption' id='mla_gallery-1-1200'>\n\tMotif broderie fleurs folk\n\t<\/figcaption><\/figure><figure class='gallery-item last_in_row'>\r\n\t<div class='gallery-icon landscape'>\r\n\t\t<a href='https:\/\/cecile-delachaux.fr\/wp-content\/uploads\/2018\/09\/Motif-broderie-mini-rose.jpg'><img loading=\"lazy\" decoding=\"async\" aria-describedby=\"mla_gallery-1-1201\" width=\"570\" height=\"570\" src=\"https:\/\/cecile-delachaux.fr\/wp-content\/uploads\/2018\/09\/Motif-broderie-mini-rose.jpg\" class=\"attachment-full size-full\" alt=\"\" srcset=\"https:\/\/cecile-delachaux.fr\/wp-content\/uploads\/2018\/09\/Motif-broderie-mini-rose.jpg 570w, https:\/\/cecile-delachaux.fr\/wp-content\/uploads\/2018\/09\/Motif-broderie-mini-rose-150x150.jpg 150w, https:\/\/cecile-delachaux.fr\/wp-content\/uploads\/2018\/09\/Motif-broderie-mini-rose-300x300.jpg 300w, https:\/\/cecile-delachaux.fr\/wp-content\/uploads\/2018\/09\/Motif-broderie-mini-rose-548x548.jpg 548w, https:\/\/cecile-delachaux.fr\/wp-content\/uploads\/2018\/09\/Motif-broderie-mini-rose-324x324.jpg 324w, https:\/\/cecile-delachaux.fr\/wp-content\/uploads\/2018\/09\/Motif-broderie-mini-rose-416x416.jpg 416w, https:\/\/cecile-delachaux.fr\/wp-content\/uploads\/2018\/09\/Motif-broderie-mini-rose-100x100.jpg 100w\" sizes=\"auto, (max-width: 570px) 100vw, 570px\" \/><\/a>\r\n\t<\/div>\r\n\t<figcaption class='wp-caption-text gallery-caption' id='mla_gallery-1-1201'>\n\tMotif broderie mini rose\n\t<\/figcaption><\/figure><figure class='gallery-item '>\r\n\t<div class='gallery-icon landscape'>\r\n\t\t<a href='https:\/\/cecile-delachaux.fr\/wp-content\/uploads\/2018\/09\/Motif-broderie-petit-bouquet-fleurs.jpg'><img loading=\"lazy\" decoding=\"async\" aria-describedby=\"mla_gallery-1-1202\" width=\"570\" height=\"570\" src=\"https:\/\/cecile-delachaux.fr\/wp-content\/uploads\/2018\/09\/Motif-broderie-petit-bouquet-fleurs.jpg\" class=\"attachment-full size-full\" alt=\"\" srcset=\"https:\/\/cecile-delachaux.fr\/wp-content\/uploads\/2018\/09\/Motif-broderie-petit-bouquet-fleurs.jpg 570w, https:\/\/cecile-delachaux.fr\/wp-content\/uploads\/2018\/09\/Motif-broderie-petit-bouquet-fleurs-150x150.jpg 150w, https:\/\/cecile-delachaux.fr\/wp-content\/uploads\/2018\/09\/Motif-broderie-petit-bouquet-fleurs-300x300.jpg 300w, https:\/\/cecile-delachaux.fr\/wp-content\/uploads\/2018\/09\/Motif-broderie-petit-bouquet-fleurs-548x548.jpg 548w, https:\/\/cecile-delachaux.fr\/wp-content\/uploads\/2018\/09\/Motif-broderie-petit-bouquet-fleurs-324x324.jpg 324w, https:\/\/cecile-delachaux.fr\/wp-content\/uploads\/2018\/09\/Motif-broderie-petit-bouquet-fleurs-416x416.jpg 416w, https:\/\/cecile-delachaux.fr\/wp-content\/uploads\/2018\/09\/Motif-broderie-petit-bouquet-fleurs-100x100.jpg 100w\" sizes=\"auto, (max-width: 570px) 100vw, 570px\" \/><\/a>\r\n\t<\/div>\r\n\t<figcaption class='wp-caption-text gallery-caption' id='mla_gallery-1-1202'>\n\tMotif broderie petit bouquet fleurs\n\t<\/figcaption><\/figure><figure class='gallery-item '>\r\n\t<div class='gallery-icon landscape'>\r\n\t\t<a href='https:\/\/cecile-delachaux.fr\/wp-content\/uploads\/2018\/10\/Motif-broderie-Flowers-8col.jpg'><img loading=\"lazy\" decoding=\"async\" aria-describedby=\"mla_gallery-1-1312\" width=\"570\" height=\"570\" src=\"https:\/\/cecile-delachaux.fr\/wp-content\/uploads\/2018\/10\/Motif-broderie-Flowers-8col.jpg\" class=\"attachment-full size-full\" alt=\"\" srcset=\"https:\/\/cecile-delachaux.fr\/wp-content\/uploads\/2018\/10\/Motif-broderie-Flowers-8col.jpg 570w, https:\/\/cecile-delachaux.fr\/wp-content\/uploads\/2018\/10\/Motif-broderie-Flowers-8col-150x150.jpg 150w, https:\/\/cecile-delachaux.fr\/wp-content\/uploads\/2018\/10\/Motif-broderie-Flowers-8col-300x300.jpg 300w, https:\/\/cecile-delachaux.fr\/wp-content\/uploads\/2018\/10\/Motif-broderie-Flowers-8col-548x548.jpg 548w, https:\/\/cecile-delachaux.fr\/wp-content\/uploads\/2018\/10\/Motif-broderie-Flowers-8col-324x324.jpg 324w, https:\/\/cecile-delachaux.fr\/wp-content\/uploads\/2018\/10\/Motif-broderie-Flowers-8col-416x416.jpg 416w, https:\/\/cecile-delachaux.fr\/wp-content\/uploads\/2018\/10\/Motif-broderie-Flowers-8col-100x100.jpg 100w\" sizes=\"auto, (max-width: 570px) 100vw, 570px\" \/><\/a>\r\n\t<\/div>\r\n\t<figcaption class='wp-caption-text gallery-caption' id='mla_gallery-1-1312'>\n\tMotif broderie Flowers 8col\n\t<\/figcaption><\/figure><figure class='gallery-item last_in_row'>\r\n\t<div class='gallery-icon landscape'>\r\n\t\t<a href='https:\/\/cecile-delachaux.fr\/wp-content\/uploads\/2018\/10\/Motif-broderie-mini-rainbow.jpg'><img loading=\"lazy\" decoding=\"async\" aria-describedby=\"mla_gallery-1-1316\" width=\"570\" height=\"570\" src=\"https:\/\/cecile-delachaux.fr\/wp-content\/uploads\/2018\/10\/Motif-broderie-mini-rainbow.jpg\" class=\"attachment-full size-full\" alt=\"\" srcset=\"https:\/\/cecile-delachaux.fr\/wp-content\/uploads\/2018\/10\/Motif-broderie-mini-rainbow.jpg 570w, https:\/\/cecile-delachaux.fr\/wp-content\/uploads\/2018\/10\/Motif-broderie-mini-rainbow-150x150.jpg 150w, https:\/\/cecile-delachaux.fr\/wp-content\/uploads\/2018\/10\/Motif-broderie-mini-rainbow-300x300.jpg 300w, https:\/\/cecile-delachaux.fr\/wp-content\/uploads\/2018\/10\/Motif-broderie-mini-rainbow-548x548.jpg 548w, https:\/\/cecile-delachaux.fr\/wp-content\/uploads\/2018\/10\/Motif-broderie-mini-rainbow-324x324.jpg 324w, https:\/\/cecile-delachaux.fr\/wp-content\/uploads\/2018\/10\/Motif-broderie-mini-rainbow-416x416.jpg 416w, https:\/\/cecile-delachaux.fr\/wp-content\/uploads\/2018\/10\/Motif-broderie-mini-rainbow-100x100.jpg 100w\" sizes=\"auto, (max-width: 570px) 100vw, 570px\" \/><\/a>\r\n\t<\/div>\r\n\t<figcaption class='wp-caption-text gallery-caption' id='mla_gallery-1-1316'>\n\tMotif broderie mini rainbow\n\t<\/figcaption><\/figure><figure class='gallery-item '>\r\n\t<div class='gallery-icon landscape'>\r\n\t\t<a href='https:\/\/cecile-delachaux.fr\/wp-content\/uploads\/2018\/10\/Motif-broderie-Flowers-10col.jpg'><img loading=\"lazy\" decoding=\"async\" aria-describedby=\"mla_gallery-1-4376\" width=\"570\" height=\"570\" src=\"https:\/\/cecile-delachaux.fr\/wp-content\/uploads\/2018\/10\/Motif-broderie-Flowers-10col.jpg\" class=\"attachment-full size-full\" alt=\"\" srcset=\"https:\/\/cecile-delachaux.fr\/wp-content\/uploads\/2018\/10\/Motif-broderie-Flowers-10col.jpg 570w, https:\/\/cecile-delachaux.fr\/wp-content\/uploads\/2018\/10\/Motif-broderie-Flowers-10col-150x150.jpg 150w, https:\/\/cecile-delachaux.fr\/wp-content\/uploads\/2018\/10\/Motif-broderie-Flowers-10col-300x300.jpg 300w, https:\/\/cecile-delachaux.fr\/wp-content\/uploads\/2018\/10\/Motif-broderie-Flowers-10col-548x548.jpg 548w, https:\/\/cecile-delachaux.fr\/wp-content\/uploads\/2018\/10\/Motif-broderie-Flowers-10col-324x324.jpg 324w, https:\/\/cecile-delachaux.fr\/wp-content\/uploads\/2018\/10\/Motif-broderie-Flowers-10col-416x416.jpg 416w, https:\/\/cecile-delachaux.fr\/wp-content\/uploads\/2018\/10\/Motif-broderie-Flowers-10col-100x100.jpg 100w\" sizes=\"auto, (max-width: 570px) 100vw, 570px\" \/><\/a>\r\n\t<\/div>\r\n\t<figcaption class='wp-caption-text gallery-caption' id='mla_gallery-1-4376'>\n\tMotif broderie Flowers 10col\n\t<\/figcaption><\/figure><figure class='gallery-item '>\r\n\t<div class='gallery-icon landscape'>\r\n\t\t<a href='https:\/\/cecile-delachaux.fr\/wp-content\/uploads\/2018\/10\/Motif-broderie-Arc-en-ciel.jpg'><img loading=\"lazy\" decoding=\"async\" aria-describedby=\"mla_gallery-1-4377\" width=\"570\" height=\"570\" src=\"https:\/\/cecile-delachaux.fr\/wp-content\/uploads\/2018\/10\/Motif-broderie-Arc-en-ciel.jpg\" class=\"attachment-full size-full\" alt=\"\" srcset=\"https:\/\/cecile-delachaux.fr\/wp-content\/uploads\/2018\/10\/Motif-broderie-Arc-en-ciel.jpg 570w, https:\/\/cecile-delachaux.fr\/wp-content\/uploads\/2018\/10\/Motif-broderie-Arc-en-ciel-150x150.jpg 150w, https:\/\/cecile-delachaux.fr\/wp-content\/uploads\/2018\/10\/Motif-broderie-Arc-en-ciel-300x300.jpg 300w, https:\/\/cecile-delachaux.fr\/wp-content\/uploads\/2018\/10\/Motif-broderie-Arc-en-ciel-548x548.jpg 548w, https:\/\/cecile-delachaux.fr\/wp-content\/uploads\/2018\/10\/Motif-broderie-Arc-en-ciel-324x324.jpg 324w, https:\/\/cecile-delachaux.fr\/wp-content\/uploads\/2018\/10\/Motif-broderie-Arc-en-ciel-416x416.jpg 416w, https:\/\/cecile-delachaux.fr\/wp-content\/uploads\/2018\/10\/Motif-broderie-Arc-en-ciel-100x100.jpg 100w\" sizes=\"auto, (max-width: 570px) 100vw, 570px\" \/><\/a>\r\n\t<\/div>\r\n\t<figcaption class='wp-caption-text gallery-caption' id='mla_gallery-1-4377'>\n\tMotif broderie Arc-en-ciel\n\t<\/figcaption><\/figure><figure class='gallery-item last_in_row'>\r\n\t<div class='gallery-icon landscape'>\r\n\t\t<a href='https:\/\/cecile-delachaux.fr\/wp-content\/uploads\/2019\/01\/Motif-broderie-Appliqu\u00e9-poissons.jpg'><img loading=\"lazy\" decoding=\"async\" aria-describedby=\"mla_gallery-1-4410\" width=\"600\" height=\"600\" src=\"https:\/\/cecile-delachaux.fr\/wp-content\/uploads\/2019\/01\/Motif-broderie-Appliqu\u00e9-poissons.jpg\" class=\"attachment-full size-full\" alt=\"\" srcset=\"https:\/\/cecile-delachaux.fr\/wp-content\/uploads\/2019\/01\/Motif-broderie-Appliqu\u00e9-poissons.jpg 600w, https:\/\/cecile-delachaux.fr\/wp-content\/uploads\/2019\/01\/Motif-broderie-Appliqu\u00e9-poissons-150x150.jpg 150w, https:\/\/cecile-delachaux.fr\/wp-content\/uploads\/2019\/01\/Motif-broderie-Appliqu\u00e9-poissons-300x300.jpg 300w, https:\/\/cecile-delachaux.fr\/wp-content\/uploads\/2019\/01\/Motif-broderie-Appliqu\u00e9-poissons-548x548.jpg 548w, https:\/\/cecile-delachaux.fr\/wp-content\/uploads\/2019\/01\/Motif-broderie-Appliqu\u00e9-poissons-324x324.jpg 324w, https:\/\/cecile-delachaux.fr\/wp-content\/uploads\/2019\/01\/Motif-broderie-Appliqu\u00e9-poissons-416x416.jpg 416w, https:\/\/cecile-delachaux.fr\/wp-content\/uploads\/2019\/01\/Motif-broderie-Appliqu\u00e9-poissons-100x100.jpg 100w\" sizes=\"auto, (max-width: 600px) 100vw, 600px\" \/><\/a>\r\n\t<\/div>\r\n\t<figcaption class='wp-caption-text gallery-caption' id='mla_gallery-1-4410'>\n\tMotif broderie appliqu\u00e9 poissons\n\t<\/figcaption><\/figure><figure class='gallery-item '>\r\n\t<div class='gallery-icon landscape'>\r\n\t\t<a href='https:\/\/cecile-delachaux.fr\/wp-content\/uploads\/2019\/01\/Motif-broderie-Couronne-florale-boho.jpg'><img loading=\"lazy\" decoding=\"async\" aria-describedby=\"mla_gallery-1-4416\" width=\"600\" height=\"600\" src=\"https:\/\/cecile-delachaux.fr\/wp-content\/uploads\/2019\/01\/Motif-broderie-Couronne-florale-boho.jpg\" class=\"attachment-full size-full\" alt=\"\" srcset=\"https:\/\/cecile-delachaux.fr\/wp-content\/uploads\/2019\/01\/Motif-broderie-Couronne-florale-boho.jpg 600w, https:\/\/cecile-delachaux.fr\/wp-content\/uploads\/2019\/01\/Motif-broderie-Couronne-florale-boho-150x150.jpg 150w, https:\/\/cecile-delachaux.fr\/wp-content\/uploads\/2019\/01\/Motif-broderie-Couronne-florale-boho-300x300.jpg 300w, https:\/\/cecile-delachaux.fr\/wp-content\/uploads\/2019\/01\/Motif-broderie-Couronne-florale-boho-548x548.jpg 548w, https:\/\/cecile-delachaux.fr\/wp-content\/uploads\/2019\/01\/Motif-broderie-Couronne-florale-boho-324x324.jpg 324w, https:\/\/cecile-delachaux.fr\/wp-content\/uploads\/2019\/01\/Motif-broderie-Couronne-florale-boho-416x416.jpg 416w, https:\/\/cecile-delachaux.fr\/wp-content\/uploads\/2019\/01\/Motif-broderie-Couronne-florale-boho-100x100.jpg 100w\" sizes=\"auto, (max-width: 600px) 100vw, 600px\" \/><\/a>\r\n\t<\/div>\r\n\t<figcaption class='wp-caption-text gallery-caption' id='mla_gallery-1-4416'>\n\tMotif broderie Couronne florale boho\n\t<\/figcaption><\/figure><figure class='gallery-item '>\r\n\t<div class='gallery-icon landscape'>\r\n\t\t<a href='https:\/\/cecile-delachaux.fr\/wp-content\/uploads\/2019\/01\/motif-de-broderie-machine-renard-des-neiges.jpg'><img loading=\"lazy\" decoding=\"async\" aria-describedby=\"mla_gallery-1-4425\" width=\"800\" height=\"800\" src=\"https:\/\/cecile-delachaux.fr\/wp-content\/uploads\/2019\/01\/motif-de-broderie-machine-renard-des-neiges.jpg\" class=\"attachment-full size-full\" alt=\"\" srcset=\"https:\/\/cecile-delachaux.fr\/wp-content\/uploads\/2019\/01\/motif-de-broderie-machine-renard-des-neiges.jpg 800w, https:\/\/cecile-delachaux.fr\/wp-content\/uploads\/2019\/01\/motif-de-broderie-machine-renard-des-neiges-150x150.jpg 150w, https:\/\/cecile-delachaux.fr\/wp-content\/uploads\/2019\/01\/motif-de-broderie-machine-renard-des-neiges-300x300.jpg 300w, https:\/\/cecile-delachaux.fr\/wp-content\/uploads\/2019\/01\/motif-de-broderie-machine-renard-des-neiges-768x768.jpg 768w, https:\/\/cecile-delachaux.fr\/wp-content\/uploads\/2019\/01\/motif-de-broderie-machine-renard-des-neiges-548x548.jpg 548w, https:\/\/cecile-delachaux.fr\/wp-content\/uploads\/2019\/01\/motif-de-broderie-machine-renard-des-neiges-324x324.jpg 324w, https:\/\/cecile-delachaux.fr\/wp-content\/uploads\/2019\/01\/motif-de-broderie-machine-renard-des-neiges-416x416.jpg 416w, https:\/\/cecile-delachaux.fr\/wp-content\/uploads\/2019\/01\/motif-de-broderie-machine-renard-des-neiges-100x100.jpg 100w\" sizes=\"auto, (max-width: 800px) 100vw, 800px\" \/><\/a>\r\n\t<\/div>\r\n\t<figcaption class='wp-caption-text gallery-caption' id='mla_gallery-1-4425'>\n\tMotif broderie redwork origami renard\n\t<\/figcaption><\/figure><figure class='gallery-item last_in_row'>\r\n\t<div class='gallery-icon landscape'>\r\n\t\t<a href='https:\/\/cecile-delachaux.fr\/wp-content\/uploads\/2019\/01\/motif-de-broderie-machine-b\u00e9b\u00e9-dinosaure.jpg'><img loading=\"lazy\" decoding=\"async\" aria-describedby=\"mla_gallery-1-4427\" width=\"800\" height=\"800\" src=\"https:\/\/cecile-delachaux.fr\/wp-content\/uploads\/2019\/01\/motif-de-broderie-machine-b\u00e9b\u00e9-dinosaure.jpg\" class=\"attachment-full size-full\" alt=\"\" srcset=\"https:\/\/cecile-delachaux.fr\/wp-content\/uploads\/2019\/01\/motif-de-broderie-machine-b\u00e9b\u00e9-dinosaure.jpg 800w, https:\/\/cecile-delachaux.fr\/wp-content\/uploads\/2019\/01\/motif-de-broderie-machine-b\u00e9b\u00e9-dinosaure-548x548.jpg 548w, https:\/\/cecile-delachaux.fr\/wp-content\/uploads\/2019\/01\/motif-de-broderie-machine-b\u00e9b\u00e9-dinosaure-150x150.jpg 150w, https:\/\/cecile-delachaux.fr\/wp-content\/uploads\/2019\/01\/motif-de-broderie-machine-b\u00e9b\u00e9-dinosaure-300x300.jpg 300w, https:\/\/cecile-delachaux.fr\/wp-content\/uploads\/2019\/01\/motif-de-broderie-machine-b\u00e9b\u00e9-dinosaure-768x768.jpg 768w, https:\/\/cecile-delachaux.fr\/wp-content\/uploads\/2019\/01\/motif-de-broderie-machine-b\u00e9b\u00e9-dinosaure-324x324.jpg 324w, https:\/\/cecile-delachaux.fr\/wp-content\/uploads\/2019\/01\/motif-de-broderie-machine-b\u00e9b\u00e9-dinosaure-416x416.jpg 416w, https:\/\/cecile-delachaux.fr\/wp-content\/uploads\/2019\/01\/motif-de-broderie-machine-b\u00e9b\u00e9-dinosaure-100x100.jpg 100w\" sizes=\"auto, (max-width: 800px) 100vw, 800px\" \/><\/a>\r\n\t<\/div>\r\n\t<figcaption class='wp-caption-text gallery-caption' id='mla_gallery-1-4427'>\n\tMotif broderie b\u00e9b\u00e9 dino\n\t<\/figcaption><\/figure><figure class='gallery-item '>\r\n\t<div class='gallery-icon landscape'>\r\n\t\t<a href='https:\/\/cecile-delachaux.fr\/wp-content\/uploads\/2019\/11\/Motif-broderie-cadeaux.jpg'><img loading=\"lazy\" decoding=\"async\" aria-describedby=\"mla_gallery-1-6266\" width=\"600\" height=\"600\" src=\"https:\/\/cecile-delachaux.fr\/wp-content\/uploads\/2019\/11\/Motif-broderie-cadeaux.jpg\" class=\"attachment-full size-full\" alt=\"\" srcset=\"https:\/\/cecile-delachaux.fr\/wp-content\/uploads\/2019\/11\/Motif-broderie-cadeaux.jpg 600w, https:\/\/cecile-delachaux.fr\/wp-content\/uploads\/2019\/11\/Motif-broderie-cadeaux-150x150.jpg 150w, https:\/\/cecile-delachaux.fr\/wp-content\/uploads\/2019\/11\/Motif-broderie-cadeaux-300x300.jpg 300w, https:\/\/cecile-delachaux.fr\/wp-content\/uploads\/2019\/11\/Motif-broderie-cadeaux-548x548.jpg 548w, https:\/\/cecile-delachaux.fr\/wp-content\/uploads\/2019\/11\/Motif-broderie-cadeaux-324x324.jpg 324w, https:\/\/cecile-delachaux.fr\/wp-content\/uploads\/2019\/11\/Motif-broderie-cadeaux-416x416.jpg 416w, https:\/\/cecile-delachaux.fr\/wp-content\/uploads\/2019\/11\/Motif-broderie-cadeaux-100x100.jpg 100w\" sizes=\"auto, (max-width: 600px) 100vw, 600px\" \/><\/a>\r\n\t<\/div>\r\n\t<figcaption class='wp-caption-text gallery-caption' id='mla_gallery-1-6266'>\n\tMotif broderie cadeaux\n\t<\/figcaption><\/figure><figure class='gallery-item '>\r\n\t<div class='gallery-icon landscape'>\r\n\t\t<a href='https:\/\/cecile-delachaux.fr\/wp-content\/uploads\/2019\/11\/Motif-broderie-cerf-et-biche.jpg'><img loading=\"lazy\" decoding=\"async\" aria-describedby=\"mla_gallery-1-6267\" width=\"800\" height=\"800\" src=\"https:\/\/cecile-delachaux.fr\/wp-content\/uploads\/2019\/11\/Motif-broderie-cerf-et-biche.jpg\" class=\"attachment-full size-full\" alt=\"\" srcset=\"https:\/\/cecile-delachaux.fr\/wp-content\/uploads\/2019\/11\/Motif-broderie-cerf-et-biche.jpg 800w, https:\/\/cecile-delachaux.fr\/wp-content\/uploads\/2019\/11\/Motif-broderie-cerf-et-biche-150x150.jpg 150w, https:\/\/cecile-delachaux.fr\/wp-content\/uploads\/2019\/11\/Motif-broderie-cerf-et-biche-300x300.jpg 300w, https:\/\/cecile-delachaux.fr\/wp-content\/uploads\/2019\/11\/Motif-broderie-cerf-et-biche-768x768.jpg 768w, https:\/\/cecile-delachaux.fr\/wp-content\/uploads\/2019\/11\/Motif-broderie-cerf-et-biche-548x548.jpg 548w, https:\/\/cecile-delachaux.fr\/wp-content\/uploads\/2019\/11\/Motif-broderie-cerf-et-biche-324x324.jpg 324w, https:\/\/cecile-delachaux.fr\/wp-content\/uploads\/2019\/11\/Motif-broderie-cerf-et-biche-416x416.jpg 416w, https:\/\/cecile-delachaux.fr\/wp-content\/uploads\/2019\/11\/Motif-broderie-cerf-et-biche-100x100.jpg 100w\" sizes=\"auto, (max-width: 800px) 100vw, 800px\" \/><\/a>\r\n\t<\/div>\r\n\t<figcaption class='wp-caption-text gallery-caption' id='mla_gallery-1-6267'>\n\tMotif broderie cerf et biche\n\t<\/figcaption><\/figure><figure class='gallery-item last_in_row'>\r\n\t<div class='gallery-icon landscape'>\r\n\t\t<a href='https:\/\/cecile-delachaux.fr\/wp-content\/uploads\/2019\/11\/Motif-broderie-guirlande-noel.jpg'><img loading=\"lazy\" decoding=\"async\" aria-describedby=\"mla_gallery-1-6268\" width=\"600\" height=\"600\" src=\"https:\/\/cecile-delachaux.fr\/wp-content\/uploads\/2019\/11\/Motif-broderie-guirlande-noel.jpg\" class=\"attachment-full size-full\" alt=\"\" srcset=\"https:\/\/cecile-delachaux.fr\/wp-content\/uploads\/2019\/11\/Motif-broderie-guirlande-noel.jpg 600w, https:\/\/cecile-delachaux.fr\/wp-content\/uploads\/2019\/11\/Motif-broderie-guirlande-noel-150x150.jpg 150w, https:\/\/cecile-delachaux.fr\/wp-content\/uploads\/2019\/11\/Motif-broderie-guirlande-noel-300x300.jpg 300w, https:\/\/cecile-delachaux.fr\/wp-content\/uploads\/2019\/11\/Motif-broderie-guirlande-noel-548x548.jpg 548w, https:\/\/cecile-delachaux.fr\/wp-content\/uploads\/2019\/11\/Motif-broderie-guirlande-noel-324x324.jpg 324w, https:\/\/cecile-delachaux.fr\/wp-content\/uploads\/2019\/11\/Motif-broderie-guirlande-noel-416x416.jpg 416w, https:\/\/cecile-delachaux.fr\/wp-content\/uploads\/2019\/11\/Motif-broderie-guirlande-noel-100x100.jpg 100w\" sizes=\"auto, (max-width: 600px) 100vw, 600px\" \/><\/a>\r\n\t<\/div>\r\n\t<figcaption class='wp-caption-text gallery-caption' id='mla_gallery-1-6268'>\n\tMotif broderie guirlande noel\n\t<\/figcaption><\/figure><figure class='gallery-item '>\r\n\t<div class='gallery-icon landscape'>\r\n\t\t<a href='https:\/\/cecile-delachaux.fr\/wp-content\/uploads\/2019\/11\/Motif-broderie-houx.jpg'><img loading=\"lazy\" decoding=\"async\" aria-describedby=\"mla_gallery-1-6269\" width=\"600\" height=\"600\" src=\"https:\/\/cecile-delachaux.fr\/wp-content\/uploads\/2019\/11\/Motif-broderie-houx.jpg\" class=\"attachment-full size-full\" alt=\"\" srcset=\"https:\/\/cecile-delachaux.fr\/wp-content\/uploads\/2019\/11\/Motif-broderie-houx.jpg 600w, https:\/\/cecile-delachaux.fr\/wp-content\/uploads\/2019\/11\/Motif-broderie-houx-150x150.jpg 150w, https:\/\/cecile-delachaux.fr\/wp-content\/uploads\/2019\/11\/Motif-broderie-houx-300x300.jpg 300w, https:\/\/cecile-delachaux.fr\/wp-content\/uploads\/2019\/11\/Motif-broderie-houx-548x548.jpg 548w, https:\/\/cecile-delachaux.fr\/wp-content\/uploads\/2019\/11\/Motif-broderie-houx-324x324.jpg 324w, https:\/\/cecile-delachaux.fr\/wp-content\/uploads\/2019\/11\/Motif-broderie-houx-416x416.jpg 416w, https:\/\/cecile-delachaux.fr\/wp-content\/uploads\/2019\/11\/Motif-broderie-houx-100x100.jpg 100w\" sizes=\"auto, (max-width: 600px) 100vw, 600px\" \/><\/a>\r\n\t<\/div>\r\n\t<figcaption class='wp-caption-text gallery-caption' id='mla_gallery-1-6269'>\n\tMotif broderie houx\n\t<\/figcaption><\/figure><figure class='gallery-item '>\r\n\t<div class='gallery-icon landscape'>\r\n\t\t<a href='https:\/\/cecile-delachaux.fr\/wp-content\/uploads\/2019\/11\/Motif-broderie-sapins-sous-la-neige.jpg'><img loading=\"lazy\" decoding=\"async\" aria-describedby=\"mla_gallery-1-6270\" width=\"600\" height=\"600\" src=\"https:\/\/cecile-delachaux.fr\/wp-content\/uploads\/2019\/11\/Motif-broderie-sapins-sous-la-neige.jpg\" class=\"attachment-full size-full\" alt=\"\" srcset=\"https:\/\/cecile-delachaux.fr\/wp-content\/uploads\/2019\/11\/Motif-broderie-sapins-sous-la-neige.jpg 600w, https:\/\/cecile-delachaux.fr\/wp-content\/uploads\/2019\/11\/Motif-broderie-sapins-sous-la-neige-150x150.jpg 150w, https:\/\/cecile-delachaux.fr\/wp-content\/uploads\/2019\/11\/Motif-broderie-sapins-sous-la-neige-300x300.jpg 300w, https:\/\/cecile-delachaux.fr\/wp-content\/uploads\/2019\/11\/Motif-broderie-sapins-sous-la-neige-548x548.jpg 548w, https:\/\/cecile-delachaux.fr\/wp-content\/uploads\/2019\/11\/Motif-broderie-sapins-sous-la-neige-324x324.jpg 324w, https:\/\/cecile-delachaux.fr\/wp-content\/uploads\/2019\/11\/Motif-broderie-sapins-sous-la-neige-416x416.jpg 416w, https:\/\/cecile-delachaux.fr\/wp-content\/uploads\/2019\/11\/Motif-broderie-sapins-sous-la-neige-100x100.jpg 100w\" sizes=\"auto, (max-width: 600px) 100vw, 600px\" \/><\/a>\r\n\t<\/div>\r\n\t<figcaption class='wp-caption-text gallery-caption' id='mla_gallery-1-6270'>\n\tMotif broderie sapins sous la neige\n\t<\/figcaption><\/figure><figure class='gallery-item last_in_row'>\r\n\t<div class='gallery-icon landscape'>\r\n\t\t<a href='https:\/\/cecile-delachaux.fr\/wp-content\/uploads\/2019\/11\/Motif-broderie-traineau-et-rennes.jpg'><img loading=\"lazy\" decoding=\"async\" aria-describedby=\"mla_gallery-1-6271\" width=\"458\" height=\"458\" src=\"https:\/\/cecile-delachaux.fr\/wp-content\/uploads\/2019\/11\/Motif-broderie-traineau-et-rennes.jpg\" class=\"attachment-full size-full\" alt=\"\" srcset=\"https:\/\/cecile-delachaux.fr\/wp-content\/uploads\/2019\/11\/Motif-broderie-traineau-et-rennes.jpg 458w, https:\/\/cecile-delachaux.fr\/wp-content\/uploads\/2019\/11\/Motif-broderie-traineau-et-rennes-150x150.jpg 150w, https:\/\/cecile-delachaux.fr\/wp-content\/uploads\/2019\/11\/Motif-broderie-traineau-et-rennes-300x300.jpg 300w, https:\/\/cecile-delachaux.fr\/wp-content\/uploads\/2019\/11\/Motif-broderie-traineau-et-rennes-324x324.jpg 324w, https:\/\/cecile-delachaux.fr\/wp-content\/uploads\/2019\/11\/Motif-broderie-traineau-et-rennes-416x416.jpg 416w, https:\/\/cecile-delachaux.fr\/wp-content\/uploads\/2019\/11\/Motif-broderie-traineau-et-rennes-100x100.jpg 100w\" sizes=\"auto, (max-width: 458px) 100vw, 458px\" \/><\/a>\r\n\t<\/div>\r\n\t<figcaption class='wp-caption-text gallery-caption' id='mla_gallery-1-6271'>\n\tMotif broderie traineau et rennes\n\t<\/figcaption><\/figure><figure class='gallery-item '>\r\n\t<div class='gallery-icon landscape'>\r\n\t\t<a href='https:\/\/cecile-delachaux.fr\/wp-content\/uploads\/2020\/03\/biche-couronn\u00e9-4-tailles.jpg'><img loading=\"lazy\" decoding=\"async\" aria-describedby=\"mla_gallery-1-6680\" width=\"600\" height=\"600\" src=\"https:\/\/cecile-delachaux.fr\/wp-content\/uploads\/2020\/03\/biche-couronn\u00e9-4-tailles.jpg\" class=\"attachment-full size-full\" alt=\"\" srcset=\"https:\/\/cecile-delachaux.fr\/wp-content\/uploads\/2020\/03\/biche-couronn\u00e9-4-tailles.jpg 600w, https:\/\/cecile-delachaux.fr\/wp-content\/uploads\/2020\/03\/biche-couronn\u00e9-4-tailles-300x300.jpg 300w, https:\/\/cecile-delachaux.fr\/wp-content\/uploads\/2020\/03\/biche-couronn\u00e9-4-tailles-548x548.jpg 548w, https:\/\/cecile-delachaux.fr\/wp-content\/uploads\/2020\/03\/biche-couronn\u00e9-4-tailles-150x150.jpg 150w, https:\/\/cecile-delachaux.fr\/wp-content\/uploads\/2020\/03\/biche-couronn\u00e9-4-tailles-324x324.jpg 324w, https:\/\/cecile-delachaux.fr\/wp-content\/uploads\/2020\/03\/biche-couronn\u00e9-4-tailles-416x416.jpg 416w, https:\/\/cecile-delachaux.fr\/wp-content\/uploads\/2020\/03\/biche-couronn\u00e9-4-tailles-100x100.jpg 100w\" sizes=\"auto, (max-width: 600px) 100vw, 600px\" \/><\/a>\r\n\t<\/div>\r\n\t<figcaption class='wp-caption-text gallery-caption' id='mla_gallery-1-6680'>\n\tMotif broderie biche appliqu\u00e9e\n\t<\/figcaption><\/figure><figure class='gallery-item '>\r\n\t<div class='gallery-icon landscape'>\r\n\t\t<a href='https:\/\/cecile-delachaux.fr\/wp-content\/uploads\/2020\/03\/cygne-couronn\u00e9-3-tailles.jpg'><img loading=\"lazy\" decoding=\"async\" aria-describedby=\"mla_gallery-1-6681\" width=\"600\" height=\"600\" src=\"https:\/\/cecile-delachaux.fr\/wp-content\/uploads\/2020\/03\/cygne-couronn\u00e9-3-tailles.jpg\" class=\"attachment-full size-full\" alt=\"\" srcset=\"https:\/\/cecile-delachaux.fr\/wp-content\/uploads\/2020\/03\/cygne-couronn\u00e9-3-tailles.jpg 600w, https:\/\/cecile-delachaux.fr\/wp-content\/uploads\/2020\/03\/cygne-couronn\u00e9-3-tailles-300x300.jpg 300w, https:\/\/cecile-delachaux.fr\/wp-content\/uploads\/2020\/03\/cygne-couronn\u00e9-3-tailles-548x548.jpg 548w, https:\/\/cecile-delachaux.fr\/wp-content\/uploads\/2020\/03\/cygne-couronn\u00e9-3-tailles-150x150.jpg 150w, https:\/\/cecile-delachaux.fr\/wp-content\/uploads\/2020\/03\/cygne-couronn\u00e9-3-tailles-324x324.jpg 324w, https:\/\/cecile-delachaux.fr\/wp-content\/uploads\/2020\/03\/cygne-couronn\u00e9-3-tailles-416x416.jpg 416w, https:\/\/cecile-delachaux.fr\/wp-content\/uploads\/2020\/03\/cygne-couronn\u00e9-3-tailles-100x100.jpg 100w\" sizes=\"auto, (max-width: 600px) 100vw, 600px\" \/><\/a>\r\n\t<\/div>\r\n\t<figcaption class='wp-caption-text gallery-caption' id='mla_gallery-1-6681'>\n\tMotif broderie Cygne couronn\u00e9\n\t<\/figcaption><\/figure><figure class='gallery-item last_in_row'>\r\n\t<div class='gallery-icon landscape'>\r\n\t\t<a href='https:\/\/cecile-delachaux.fr\/wp-content\/uploads\/2020\/03\/\u00e9cureuil-couronn\u00e9-4-tailles.jpg'><img loading=\"lazy\" decoding=\"async\" aria-describedby=\"mla_gallery-1-6682\" width=\"600\" height=\"600\" src=\"https:\/\/cecile-delachaux.fr\/wp-content\/uploads\/2020\/03\/\u00e9cureuil-couronn\u00e9-4-tailles.jpg\" class=\"attachment-full size-full\" alt=\"\" srcset=\"https:\/\/cecile-delachaux.fr\/wp-content\/uploads\/2020\/03\/\u00e9cureuil-couronn\u00e9-4-tailles.jpg 600w, https:\/\/cecile-delachaux.fr\/wp-content\/uploads\/2020\/03\/\u00e9cureuil-couronn\u00e9-4-tailles-300x300.jpg 300w, https:\/\/cecile-delachaux.fr\/wp-content\/uploads\/2020\/03\/\u00e9cureuil-couronn\u00e9-4-tailles-548x548.jpg 548w, https:\/\/cecile-delachaux.fr\/wp-content\/uploads\/2020\/03\/\u00e9cureuil-couronn\u00e9-4-tailles-150x150.jpg 150w, https:\/\/cecile-delachaux.fr\/wp-content\/uploads\/2020\/03\/\u00e9cureuil-couronn\u00e9-4-tailles-324x324.jpg 324w, https:\/\/cecile-delachaux.fr\/wp-content\/uploads\/2020\/03\/\u00e9cureuil-couronn\u00e9-4-tailles-416x416.jpg 416w, https:\/\/cecile-delachaux.fr\/wp-content\/uploads\/2020\/03\/\u00e9cureuil-couronn\u00e9-4-tailles-100x100.jpg 100w\" sizes=\"auto, (max-width: 600px) 100vw, 600px\" \/><\/a>\r\n\t<\/div>\r\n\t<figcaption class='wp-caption-text gallery-caption' id='mla_gallery-1-6682'>\n\tMotif broderie \u00e9cureuil couronn\u00e9\n\t<\/figcaption><\/figure><figure class='gallery-item '>\r\n\t<div class='gallery-icon landscape'>\r\n\t\t<a href='https:\/\/cecile-delachaux.fr\/wp-content\/uploads\/2020\/03\/flamant-rose-couronn\u00e9-4-tailles.jpg'><img loading=\"lazy\" decoding=\"async\" aria-describedby=\"mla_gallery-1-6683\" width=\"600\" height=\"600\" src=\"https:\/\/cecile-delachaux.fr\/wp-content\/uploads\/2020\/03\/flamant-rose-couronn\u00e9-4-tailles.jpg\" class=\"attachment-full size-full\" alt=\"\" srcset=\"https:\/\/cecile-delachaux.fr\/wp-content\/uploads\/2020\/03\/flamant-rose-couronn\u00e9-4-tailles.jpg 600w, https:\/\/cecile-delachaux.fr\/wp-content\/uploads\/2020\/03\/flamant-rose-couronn\u00e9-4-tailles-300x300.jpg 300w, https:\/\/cecile-delachaux.fr\/wp-content\/uploads\/2020\/03\/flamant-rose-couronn\u00e9-4-tailles-548x548.jpg 548w, https:\/\/cecile-delachaux.fr\/wp-content\/uploads\/2020\/03\/flamant-rose-couronn\u00e9-4-tailles-150x150.jpg 150w, https:\/\/cecile-delachaux.fr\/wp-content\/uploads\/2020\/03\/flamant-rose-couronn\u00e9-4-tailles-324x324.jpg 324w, https:\/\/cecile-delachaux.fr\/wp-content\/uploads\/2020\/03\/flamant-rose-couronn\u00e9-4-tailles-416x416.jpg 416w, https:\/\/cecile-delachaux.fr\/wp-content\/uploads\/2020\/03\/flamant-rose-couronn\u00e9-4-tailles-100x100.jpg 100w\" sizes=\"auto, (max-width: 600px) 100vw, 600px\" \/><\/a>\r\n\t<\/div>\r\n\t<figcaption class='wp-caption-text gallery-caption' id='mla_gallery-1-6683'>\n\tMotif broderie flamant rose couronn\u00e9\n\t<\/figcaption><\/figure><figure class='gallery-item '>\r\n\t<div class='gallery-icon landscape'>\r\n\t\t<a href='https:\/\/cecile-delachaux.fr\/wp-content\/uploads\/2020\/03\/h\u00e9risson-couronn\u00e9-4-tailles.jpg'><img loading=\"lazy\" decoding=\"async\" aria-describedby=\"mla_gallery-1-6684\" width=\"600\" height=\"600\" src=\"https:\/\/cecile-delachaux.fr\/wp-content\/uploads\/2020\/03\/h\u00e9risson-couronn\u00e9-4-tailles.jpg\" class=\"attachment-full size-full\" alt=\"\" srcset=\"https:\/\/cecile-delachaux.fr\/wp-content\/uploads\/2020\/03\/h\u00e9risson-couronn\u00e9-4-tailles.jpg 600w, https:\/\/cecile-delachaux.fr\/wp-content\/uploads\/2020\/03\/h\u00e9risson-couronn\u00e9-4-tailles-300x300.jpg 300w, https:\/\/cecile-delachaux.fr\/wp-content\/uploads\/2020\/03\/h\u00e9risson-couronn\u00e9-4-tailles-548x548.jpg 548w, https:\/\/cecile-delachaux.fr\/wp-content\/uploads\/2020\/03\/h\u00e9risson-couronn\u00e9-4-tailles-150x150.jpg 150w, https:\/\/cecile-delachaux.fr\/wp-content\/uploads\/2020\/03\/h\u00e9risson-couronn\u00e9-4-tailles-324x324.jpg 324w, https:\/\/cecile-delachaux.fr\/wp-content\/uploads\/2020\/03\/h\u00e9risson-couronn\u00e9-4-tailles-416x416.jpg 416w, https:\/\/cecile-delachaux.fr\/wp-content\/uploads\/2020\/03\/h\u00e9risson-couronn\u00e9-4-tailles-100x100.jpg 100w\" sizes=\"auto, (max-width: 600px) 100vw, 600px\" \/><\/a>\r\n\t<\/div>\r\n\t<figcaption class='wp-caption-text gallery-caption' id='mla_gallery-1-6684'>\n\tMotif broderie h\u00e9risson couronn\u00e9\n\t<\/figcaption><\/figure><figure class='gallery-item last_in_row'>\r\n\t<div class='gallery-icon landscape'>\r\n\t\t<a href='https:\/\/cecile-delachaux.fr\/wp-content\/uploads\/2020\/03\/homard-broderie-pleine-2-tailles.jpg.png'><img loading=\"lazy\" decoding=\"async\" aria-describedby=\"mla_gallery-1-6685\" width=\"600\" height=\"600\" src=\"https:\/\/cecile-delachaux.fr\/wp-content\/uploads\/2020\/03\/homard-broderie-pleine-2-tailles.jpg.png\" class=\"attachment-full size-full\" alt=\"\" srcset=\"https:\/\/cecile-delachaux.fr\/wp-content\/uploads\/2020\/03\/homard-broderie-pleine-2-tailles.jpg.png 600w, https:\/\/cecile-delachaux.fr\/wp-content\/uploads\/2020\/03\/homard-broderie-pleine-2-tailles.jpg-300x300.png 300w, https:\/\/cecile-delachaux.fr\/wp-content\/uploads\/2020\/03\/homard-broderie-pleine-2-tailles.jpg-548x548.png 548w, https:\/\/cecile-delachaux.fr\/wp-content\/uploads\/2020\/03\/homard-broderie-pleine-2-tailles.jpg-150x150.png 150w, https:\/\/cecile-delachaux.fr\/wp-content\/uploads\/2020\/03\/homard-broderie-pleine-2-tailles.jpg-324x324.png 324w, https:\/\/cecile-delachaux.fr\/wp-content\/uploads\/2020\/03\/homard-broderie-pleine-2-tailles.jpg-416x416.png 416w, https:\/\/cecile-delachaux.fr\/wp-content\/uploads\/2020\/03\/homard-broderie-pleine-2-tailles.jpg-100x100.png 100w\" sizes=\"auto, (max-width: 600px) 100vw, 600px\" \/><\/a>\r\n\t<\/div>\r\n\t<figcaption class='wp-caption-text gallery-caption' id='mla_gallery-1-6685'>\n\tMotif broderie homard\n\t<\/figcaption><\/figure><figure class='gallery-item '>\r\n\t<div class='gallery-icon landscape'>\r\n\t\t<a href='https:\/\/cecile-delachaux.fr\/wp-content\/uploads\/2020\/03\/lion-couronn\u00e9-6-tailles.jpg'><img loading=\"lazy\" decoding=\"async\" aria-describedby=\"mla_gallery-1-6686\" width=\"600\" height=\"600\" src=\"https:\/\/cecile-delachaux.fr\/wp-content\/uploads\/2020\/03\/lion-couronn\u00e9-6-tailles.jpg\" class=\"attachment-full size-full\" alt=\"\" srcset=\"https:\/\/cecile-delachaux.fr\/wp-content\/uploads\/2020\/03\/lion-couronn\u00e9-6-tailles.jpg 600w, https:\/\/cecile-delachaux.fr\/wp-content\/uploads\/2020\/03\/lion-couronn\u00e9-6-tailles-300x300.jpg 300w, https:\/\/cecile-delachaux.fr\/wp-content\/uploads\/2020\/03\/lion-couronn\u00e9-6-tailles-548x548.jpg 548w, https:\/\/cecile-delachaux.fr\/wp-content\/uploads\/2020\/03\/lion-couronn\u00e9-6-tailles-150x150.jpg 150w, https:\/\/cecile-delachaux.fr\/wp-content\/uploads\/2020\/03\/lion-couronn\u00e9-6-tailles-324x324.jpg 324w, https:\/\/cecile-delachaux.fr\/wp-content\/uploads\/2020\/03\/lion-couronn\u00e9-6-tailles-416x416.jpg 416w, https:\/\/cecile-delachaux.fr\/wp-content\/uploads\/2020\/03\/lion-couronn\u00e9-6-tailles-100x100.jpg 100w\" sizes=\"auto, (max-width: 600px) 100vw, 600px\" \/><\/a>\r\n\t<\/div>\r\n\t<figcaption class='wp-caption-text gallery-caption' id='mla_gallery-1-6686'>\n\tMotif broderie lion couronn\u00e9\n\t<\/figcaption><\/figure><figure class='gallery-item '>\r\n\t<div class='gallery-icon landscape'>\r\n\t\t<a href='https:\/\/cecile-delachaux.fr\/wp-content\/uploads\/2020\/03\/Motif-broderie-chats-amoureux.jpg'><img loading=\"lazy\" decoding=\"async\" aria-describedby=\"mla_gallery-1-6687\" width=\"470\" height=\"470\" src=\"https:\/\/cecile-delachaux.fr\/wp-content\/uploads\/2020\/03\/Motif-broderie-chats-amoureux.jpg\" class=\"attachment-full size-full\" alt=\"\" srcset=\"https:\/\/cecile-delachaux.fr\/wp-content\/uploads\/2020\/03\/Motif-broderie-chats-amoureux.jpg 470w, https:\/\/cecile-delachaux.fr\/wp-content\/uploads\/2020\/03\/Motif-broderie-chats-amoureux-300x300.jpg 300w, https:\/\/cecile-delachaux.fr\/wp-content\/uploads\/2020\/03\/Motif-broderie-chats-amoureux-150x150.jpg 150w, https:\/\/cecile-delachaux.fr\/wp-content\/uploads\/2020\/03\/Motif-broderie-chats-amoureux-324x324.jpg 324w, https:\/\/cecile-delachaux.fr\/wp-content\/uploads\/2020\/03\/Motif-broderie-chats-amoureux-416x416.jpg 416w, https:\/\/cecile-delachaux.fr\/wp-content\/uploads\/2020\/03\/Motif-broderie-chats-amoureux-100x100.jpg 100w\" sizes=\"auto, (max-width: 470px) 100vw, 470px\" \/><\/a>\r\n\t<\/div>\r\n\t<figcaption class='wp-caption-text gallery-caption' id='mla_gallery-1-6687'>\n\tMotif broderie chats amoureux\n\t<\/figcaption><\/figure><figure class='gallery-item last_in_row'>\r\n\t<div class='gallery-icon landscape'>\r\n\t\t<a href='https:\/\/cecile-delachaux.fr\/wp-content\/uploads\/2020\/03\/oiseau-sur-la-branche-animaux.jpg'><img loading=\"lazy\" decoding=\"async\" aria-describedby=\"mla_gallery-1-6688\" width=\"400\" height=\"400\" src=\"https:\/\/cecile-delachaux.fr\/wp-content\/uploads\/2020\/03\/oiseau-sur-la-branche-animaux.jpg\" class=\"attachment-full size-full\" alt=\"\" srcset=\"https:\/\/cecile-delachaux.fr\/wp-content\/uploads\/2020\/03\/oiseau-sur-la-branche-animaux.jpg 400w, https:\/\/cecile-delachaux.fr\/wp-content\/uploads\/2020\/03\/oiseau-sur-la-branche-animaux-300x300.jpg 300w, https:\/\/cecile-delachaux.fr\/wp-content\/uploads\/2020\/03\/oiseau-sur-la-branche-animaux-150x150.jpg 150w, https:\/\/cecile-delachaux.fr\/wp-content\/uploads\/2020\/03\/oiseau-sur-la-branche-animaux-324x324.jpg 324w, https:\/\/cecile-delachaux.fr\/wp-content\/uploads\/2020\/03\/oiseau-sur-la-branche-animaux-100x100.jpg 100w\" sizes=\"auto, (max-width: 400px) 100vw, 400px\" \/><\/a>\r\n\t<\/div>\r\n\t<figcaption class='wp-caption-text gallery-caption' id='mla_gallery-1-6688'>\n\tMotif broderie oiseau sur la branche\n\t<\/figcaption><\/figure><figure class='gallery-item '>\r\n\t<div class='gallery-icon landscape'>\r\n\t\t<a href='https:\/\/cecile-delachaux.fr\/wp-content\/uploads\/2020\/03\/corde-\u00e0-linge-b\u00e9b\u00e9-4-tailles.jpg'><img loading=\"lazy\" decoding=\"async\" aria-describedby=\"mla_gallery-1-6689\" width=\"600\" height=\"600\" src=\"https:\/\/cecile-delachaux.fr\/wp-content\/uploads\/2020\/03\/corde-\u00e0-linge-b\u00e9b\u00e9-4-tailles.jpg\" class=\"attachment-full size-full\" alt=\"\" srcset=\"https:\/\/cecile-delachaux.fr\/wp-content\/uploads\/2020\/03\/corde-\u00e0-linge-b\u00e9b\u00e9-4-tailles.jpg 600w, https:\/\/cecile-delachaux.fr\/wp-content\/uploads\/2020\/03\/corde-\u00e0-linge-b\u00e9b\u00e9-4-tailles-300x300.jpg 300w, https:\/\/cecile-delachaux.fr\/wp-content\/uploads\/2020\/03\/corde-\u00e0-linge-b\u00e9b\u00e9-4-tailles-548x548.jpg 548w, https:\/\/cecile-delachaux.fr\/wp-content\/uploads\/2020\/03\/corde-\u00e0-linge-b\u00e9b\u00e9-4-tailles-150x150.jpg 150w, https:\/\/cecile-delachaux.fr\/wp-content\/uploads\/2020\/03\/corde-\u00e0-linge-b\u00e9b\u00e9-4-tailles-324x324.jpg 324w, https:\/\/cecile-delachaux.fr\/wp-content\/uploads\/2020\/03\/corde-\u00e0-linge-b\u00e9b\u00e9-4-tailles-416x416.jpg 416w, https:\/\/cecile-delachaux.fr\/wp-content\/uploads\/2020\/03\/corde-\u00e0-linge-b\u00e9b\u00e9-4-tailles-100x100.jpg 100w\" sizes=\"auto, (max-width: 600px) 100vw, 600px\" \/><\/a>\r\n\t<\/div>\r\n\t<figcaption class='wp-caption-text gallery-caption' id='mla_gallery-1-6689'>\n\tMotif broderie corde \u00e0 linge b\u00e9b\u00e9\n\t<\/figcaption><\/figure><figure class='gallery-item '>\r\n\t<div class='gallery-icon landscape'>\r\n\t\t<a href='https:\/\/cecile-delachaux.fr\/wp-content\/uploads\/2020\/03\/les-coussins-et-le-petit-pois-2-tailles.jpg'><img loading=\"lazy\" decoding=\"async\" aria-describedby=\"mla_gallery-1-6690\" width=\"600\" height=\"600\" src=\"https:\/\/cecile-delachaux.fr\/wp-content\/uploads\/2020\/03\/les-coussins-et-le-petit-pois-2-tailles.jpg\" class=\"attachment-full size-full\" alt=\"\" srcset=\"https:\/\/cecile-delachaux.fr\/wp-content\/uploads\/2020\/03\/les-coussins-et-le-petit-pois-2-tailles.jpg 600w, https:\/\/cecile-delachaux.fr\/wp-content\/uploads\/2020\/03\/les-coussins-et-le-petit-pois-2-tailles-300x300.jpg 300w, https:\/\/cecile-delachaux.fr\/wp-content\/uploads\/2020\/03\/les-coussins-et-le-petit-pois-2-tailles-548x548.jpg 548w, https:\/\/cecile-delachaux.fr\/wp-content\/uploads\/2020\/03\/les-coussins-et-le-petit-pois-2-tailles-150x150.jpg 150w, https:\/\/cecile-delachaux.fr\/wp-content\/uploads\/2020\/03\/les-coussins-et-le-petit-pois-2-tailles-324x324.jpg 324w, https:\/\/cecile-delachaux.fr\/wp-content\/uploads\/2020\/03\/les-coussins-et-le-petit-pois-2-tailles-416x416.jpg 416w, https:\/\/cecile-delachaux.fr\/wp-content\/uploads\/2020\/03\/les-coussins-et-le-petit-pois-2-tailles-100x100.jpg 100w\" sizes=\"auto, (max-width: 600px) 100vw, 600px\" \/><\/a>\r\n\t<\/div>\r\n\t<figcaption class='wp-caption-text gallery-caption' id='mla_gallery-1-6690'>\n\tMotif broderie coussins petit pois\n\t<\/figcaption><\/figure><figure class='gallery-item last_in_row'>\r\n\t<div class='gallery-icon landscape'>\r\n\t\t<a href='https:\/\/cecile-delachaux.fr\/wp-content\/uploads\/2020\/03\/Motif-broderie-arbre-appliqu\u00e9.jpg'><img loading=\"lazy\" decoding=\"async\" aria-describedby=\"mla_gallery-1-6691\" width=\"470\" height=\"470\" src=\"https:\/\/cecile-delachaux.fr\/wp-content\/uploads\/2020\/03\/Motif-broderie-arbre-appliqu\u00e9.jpg\" class=\"attachment-full size-full\" alt=\"\" srcset=\"https:\/\/cecile-delachaux.fr\/wp-content\/uploads\/2020\/03\/Motif-broderie-arbre-appliqu\u00e9.jpg 470w, https:\/\/cecile-delachaux.fr\/wp-content\/uploads\/2020\/03\/Motif-broderie-arbre-appliqu\u00e9-300x300.jpg 300w, https:\/\/cecile-delachaux.fr\/wp-content\/uploads\/2020\/03\/Motif-broderie-arbre-appliqu\u00e9-150x150.jpg 150w, https:\/\/cecile-delachaux.fr\/wp-content\/uploads\/2020\/03\/Motif-broderie-arbre-appliqu\u00e9-324x324.jpg 324w, https:\/\/cecile-delachaux.fr\/wp-content\/uploads\/2020\/03\/Motif-broderie-arbre-appliqu\u00e9-416x416.jpg 416w, https:\/\/cecile-delachaux.fr\/wp-content\/uploads\/2020\/03\/Motif-broderie-arbre-appliqu\u00e9-100x100.jpg 100w\" sizes=\"auto, (max-width: 470px) 100vw, 470px\" \/><\/a>\r\n\t<\/div>\r\n\t<figcaption class='wp-caption-text gallery-caption' id='mla_gallery-1-6691'>\n\tMotif broderie arbre appliqu\u00e9\n\t<\/figcaption><\/figure><figure class='gallery-item '>\r\n\t<div class='gallery-icon landscape'>\r\n\t\t<a href='https:\/\/cecile-delachaux.fr\/wp-content\/uploads\/2020\/03\/nuage-b\u00e9b\u00e9-4-tailles.jpg'><img loading=\"lazy\" decoding=\"async\" aria-describedby=\"mla_gallery-1-6692\" width=\"600\" height=\"600\" src=\"https:\/\/cecile-delachaux.fr\/wp-content\/uploads\/2020\/03\/nuage-b\u00e9b\u00e9-4-tailles.jpg\" class=\"attachment-full size-full\" alt=\"\" srcset=\"https:\/\/cecile-delachaux.fr\/wp-content\/uploads\/2020\/03\/nuage-b\u00e9b\u00e9-4-tailles.jpg 600w, https:\/\/cecile-delachaux.fr\/wp-content\/uploads\/2020\/03\/nuage-b\u00e9b\u00e9-4-tailles-300x300.jpg 300w, https:\/\/cecile-delachaux.fr\/wp-content\/uploads\/2020\/03\/nuage-b\u00e9b\u00e9-4-tailles-548x548.jpg 548w, https:\/\/cecile-delachaux.fr\/wp-content\/uploads\/2020\/03\/nuage-b\u00e9b\u00e9-4-tailles-150x150.jpg 150w, https:\/\/cecile-delachaux.fr\/wp-content\/uploads\/2020\/03\/nuage-b\u00e9b\u00e9-4-tailles-324x324.jpg 324w, https:\/\/cecile-delachaux.fr\/wp-content\/uploads\/2020\/03\/nuage-b\u00e9b\u00e9-4-tailles-416x416.jpg 416w, https:\/\/cecile-delachaux.fr\/wp-content\/uploads\/2020\/03\/nuage-b\u00e9b\u00e9-4-tailles-100x100.jpg 100w\" sizes=\"auto, (max-width: 600px) 100vw, 600px\" \/><\/a>\r\n\t<\/div>\r\n\t<figcaption class='wp-caption-text gallery-caption' id='mla_gallery-1-6692'>\n\tMotif broderie nuage b\u00e9b\u00e9\n\t<\/figcaption><\/figure><figure class='gallery-item '>\r\n\t<div class='gallery-icon landscape'>\r\n\t\t<a href='https:\/\/cecile-delachaux.fr\/wp-content\/uploads\/2020\/03\/voiture-de-course-3-tailles-.jpg'><img loading=\"lazy\" decoding=\"async\" aria-describedby=\"mla_gallery-1-6693\" width=\"600\" height=\"600\" src=\"https:\/\/cecile-delachaux.fr\/wp-content\/uploads\/2020\/03\/voiture-de-course-3-tailles-.jpg\" class=\"attachment-full size-full\" alt=\"\" srcset=\"https:\/\/cecile-delachaux.fr\/wp-content\/uploads\/2020\/03\/voiture-de-course-3-tailles-.jpg 600w, https:\/\/cecile-delachaux.fr\/wp-content\/uploads\/2020\/03\/voiture-de-course-3-tailles--300x300.jpg 300w, https:\/\/cecile-delachaux.fr\/wp-content\/uploads\/2020\/03\/voiture-de-course-3-tailles--548x548.jpg 548w, https:\/\/cecile-delachaux.fr\/wp-content\/uploads\/2020\/03\/voiture-de-course-3-tailles--150x150.jpg 150w, https:\/\/cecile-delachaux.fr\/wp-content\/uploads\/2020\/03\/voiture-de-course-3-tailles--324x324.jpg 324w, https:\/\/cecile-delachaux.fr\/wp-content\/uploads\/2020\/03\/voiture-de-course-3-tailles--416x416.jpg 416w, https:\/\/cecile-delachaux.fr\/wp-content\/uploads\/2020\/03\/voiture-de-course-3-tailles--100x100.jpg 100w\" sizes=\"auto, (max-width: 600px) 100vw, 600px\" \/><\/a>\r\n\t<\/div>\r\n\t<figcaption class='wp-caption-text gallery-caption' id='mla_gallery-1-6693'>\n\tMotif broderie voiture de course\n\t<\/figcaption><\/figure><figure class='gallery-item last_in_row'>\r\n\t<div class='gallery-icon landscape'>\r\n\t\t<a href='https:\/\/cecile-delachaux.fr\/wp-content\/uploads\/2020\/03\/branche-papillons-et-oiseaux-2-tailles.jpg.png'><img loading=\"lazy\" decoding=\"async\" aria-describedby=\"mla_gallery-1-6694\" width=\"600\" height=\"600\" src=\"https:\/\/cecile-delachaux.fr\/wp-content\/uploads\/2020\/03\/branche-papillons-et-oiseaux-2-tailles.jpg.png\" class=\"attachment-full size-full\" alt=\"\" srcset=\"https:\/\/cecile-delachaux.fr\/wp-content\/uploads\/2020\/03\/branche-papillons-et-oiseaux-2-tailles.jpg.png 600w, https:\/\/cecile-delachaux.fr\/wp-content\/uploads\/2020\/03\/branche-papillons-et-oiseaux-2-tailles.jpg-300x300.png 300w, https:\/\/cecile-delachaux.fr\/wp-content\/uploads\/2020\/03\/branche-papillons-et-oiseaux-2-tailles.jpg-548x548.png 548w, https:\/\/cecile-delachaux.fr\/wp-content\/uploads\/2020\/03\/branche-papillons-et-oiseaux-2-tailles.jpg-150x150.png 150w, https:\/\/cecile-delachaux.fr\/wp-content\/uploads\/2020\/03\/branche-papillons-et-oiseaux-2-tailles.jpg-324x324.png 324w, https:\/\/cecile-delachaux.fr\/wp-content\/uploads\/2020\/03\/branche-papillons-et-oiseaux-2-tailles.jpg-416x416.png 416w, https:\/\/cecile-delachaux.fr\/wp-content\/uploads\/2020\/03\/branche-papillons-et-oiseaux-2-tailles.jpg-100x100.png 100w\" sizes=\"auto, (max-width: 600px) 100vw, 600px\" \/><\/a>\r\n\t<\/div>\r\n\t<figcaption class='wp-caption-text gallery-caption' id='mla_gallery-1-6694'>\n\tMotif broderie branche papillons et oiseaux\n\t<\/figcaption><\/figure><figure class='gallery-item '>\r\n\t<div class='gallery-icon landscape'>\r\n\t\t<a href='https:\/\/cecile-delachaux.fr\/wp-content\/uploads\/2020\/03\/Motif-broderie-branches.jpg'><img loading=\"lazy\" decoding=\"async\" aria-describedby=\"mla_gallery-1-6695\" width=\"470\" height=\"470\" src=\"https:\/\/cecile-delachaux.fr\/wp-content\/uploads\/2020\/03\/Motif-broderie-branches.jpg\" class=\"attachment-full size-full\" alt=\"\" srcset=\"https:\/\/cecile-delachaux.fr\/wp-content\/uploads\/2020\/03\/Motif-broderie-branches.jpg 470w, https:\/\/cecile-delachaux.fr\/wp-content\/uploads\/2020\/03\/Motif-broderie-branches-300x300.jpg 300w, https:\/\/cecile-delachaux.fr\/wp-content\/uploads\/2020\/03\/Motif-broderie-branches-150x150.jpg 150w, https:\/\/cecile-delachaux.fr\/wp-content\/uploads\/2020\/03\/Motif-broderie-branches-324x324.jpg 324w, https:\/\/cecile-delachaux.fr\/wp-content\/uploads\/2020\/03\/Motif-broderie-branches-416x416.jpg 416w, https:\/\/cecile-delachaux.fr\/wp-content\/uploads\/2020\/03\/Motif-broderie-branches-100x100.jpg 100w\" sizes=\"auto, (max-width: 470px) 100vw, 470px\" \/><\/a>\r\n\t<\/div>\r\n\t<figcaption class='wp-caption-text gallery-caption' id='mla_gallery-1-6695'>\n\tMotif broderie branches\n\t<\/figcaption><\/figure><figure class='gallery-item '>\r\n\t<div class='gallery-icon landscape'>\r\n\t\t<a href='https:\/\/cecile-delachaux.fr\/wp-content\/uploads\/2020\/03\/Motif-machine-fleurs.jpg'><img loading=\"lazy\" decoding=\"async\" aria-describedby=\"mla_gallery-1-6701\" width=\"470\" height=\"470\" src=\"https:\/\/cecile-delachaux.fr\/wp-content\/uploads\/2020\/03\/Motif-machine-fleurs.jpg\" class=\"attachment-full size-full\" alt=\"\" srcset=\"https:\/\/cecile-delachaux.fr\/wp-content\/uploads\/2020\/03\/Motif-machine-fleurs.jpg 470w, https:\/\/cecile-delachaux.fr\/wp-content\/uploads\/2020\/03\/Motif-machine-fleurs-300x300.jpg 300w, https:\/\/cecile-delachaux.fr\/wp-content\/uploads\/2020\/03\/Motif-machine-fleurs-150x150.jpg 150w, https:\/\/cecile-delachaux.fr\/wp-content\/uploads\/2020\/03\/Motif-machine-fleurs-324x324.jpg 324w, https:\/\/cecile-delachaux.fr\/wp-content\/uploads\/2020\/03\/Motif-machine-fleurs-416x416.jpg 416w, https:\/\/cecile-delachaux.fr\/wp-content\/uploads\/2020\/03\/Motif-machine-fleurs-100x100.jpg 100w\" sizes=\"auto, (max-width: 470px) 100vw, 470px\" \/><\/a>\r\n\t<\/div>\r\n\t<figcaption class='wp-caption-text gallery-caption' id='mla_gallery-1-6701'>\n\tMotif broderie fleurs\n\t<\/figcaption><\/figure><figure class='gallery-item last_in_row'>\r\n\t<div class='gallery-icon landscape'>\r\n\t\t<a href='https:\/\/cecile-delachaux.fr\/wp-content\/uploads\/2020\/03\/Lettre-appliqu\u00e9e.jpg'><img loading=\"lazy\" decoding=\"async\" aria-describedby=\"mla_gallery-1-6702\" width=\"600\" height=\"600\" src=\"https:\/\/cecile-delachaux.fr\/wp-content\/uploads\/2020\/03\/Lettre-appliqu\u00e9e.jpg\" class=\"attachment-full size-full\" alt=\"\" srcset=\"https:\/\/cecile-delachaux.fr\/wp-content\/uploads\/2020\/03\/Lettre-appliqu\u00e9e.jpg 600w, https:\/\/cecile-delachaux.fr\/wp-content\/uploads\/2020\/03\/Lettre-appliqu\u00e9e-300x300.jpg 300w, https:\/\/cecile-delachaux.fr\/wp-content\/uploads\/2020\/03\/Lettre-appliqu\u00e9e-548x548.jpg 548w, https:\/\/cecile-delachaux.fr\/wp-content\/uploads\/2020\/03\/Lettre-appliqu\u00e9e-150x150.jpg 150w, https:\/\/cecile-delachaux.fr\/wp-content\/uploads\/2020\/03\/Lettre-appliqu\u00e9e-324x324.jpg 324w, https:\/\/cecile-delachaux.fr\/wp-content\/uploads\/2020\/03\/Lettre-appliqu\u00e9e-416x416.jpg 416w, https:\/\/cecile-delachaux.fr\/wp-content\/uploads\/2020\/03\/Lettre-appliqu\u00e9e-100x100.jpg 100w\" sizes=\"auto, (max-width: 600px) 100vw, 600px\" \/><\/a>\r\n\t<\/div>\r\n\t<figcaption class='wp-caption-text gallery-caption' id='mla_gallery-1-6702'>\n\tInitiale Appliqu\u00e9e\n\t<\/figcaption><\/figure><figure class='gallery-item '>\r\n\t<div class='gallery-icon landscape'>\r\n\t\t<a href='https:\/\/cecile-delachaux.fr\/wp-content\/uploads\/2020\/03\/m\u00e9daille-nacre-colombe-version-en-appliqu\u00e9-ou-non-8x5-cm.jpg.png'><img loading=\"lazy\" decoding=\"async\" aria-describedby=\"mla_gallery-1-6703\" width=\"600\" height=\"600\" src=\"https:\/\/cecile-delachaux.fr\/wp-content\/uploads\/2020\/03\/m\u00e9daille-nacre-colombe-version-en-appliqu\u00e9-ou-non-8x5-cm.jpg.png\" class=\"attachment-full size-full\" alt=\"\" srcset=\"https:\/\/cecile-delachaux.fr\/wp-content\/uploads\/2020\/03\/m\u00e9daille-nacre-colombe-version-en-appliqu\u00e9-ou-non-8x5-cm.jpg.png 600w, https:\/\/cecile-delachaux.fr\/wp-content\/uploads\/2020\/03\/m\u00e9daille-nacre-colombe-version-en-appliqu\u00e9-ou-non-8x5-cm.jpg-300x300.png 300w, https:\/\/cecile-delachaux.fr\/wp-content\/uploads\/2020\/03\/m\u00e9daille-nacre-colombe-version-en-appliqu\u00e9-ou-non-8x5-cm.jpg-548x548.png 548w, https:\/\/cecile-delachaux.fr\/wp-content\/uploads\/2020\/03\/m\u00e9daille-nacre-colombe-version-en-appliqu\u00e9-ou-non-8x5-cm.jpg-150x150.png 150w, https:\/\/cecile-delachaux.fr\/wp-content\/uploads\/2020\/03\/m\u00e9daille-nacre-colombe-version-en-appliqu\u00e9-ou-non-8x5-cm.jpg-324x324.png 324w, https:\/\/cecile-delachaux.fr\/wp-content\/uploads\/2020\/03\/m\u00e9daille-nacre-colombe-version-en-appliqu\u00e9-ou-non-8x5-cm.jpg-416x416.png 416w, https:\/\/cecile-delachaux.fr\/wp-content\/uploads\/2020\/03\/m\u00e9daille-nacre-colombe-version-en-appliqu\u00e9-ou-non-8x5-cm.jpg-100x100.png 100w\" sizes=\"auto, (max-width: 600px) 100vw, 600px\" \/><\/a>\r\n\t<\/div>\r\n\t<figcaption class='wp-caption-text gallery-caption' id='mla_gallery-1-6703'>\n\tMotif broderie m\u00e9daille nacre colombe\n\t<\/figcaption><\/figure><figure class='gallery-item '>\r\n\t<div class='gallery-icon landscape'>\r\n\t\t<a href='https:\/\/cecile-delachaux.fr\/wp-content\/uploads\/2020\/03\/Motif-broderie-couronne-de-princesse.jpg'><img loading=\"lazy\" decoding=\"async\" aria-describedby=\"mla_gallery-1-6704\" width=\"470\" height=\"470\" src=\"https:\/\/cecile-delachaux.fr\/wp-content\/uploads\/2020\/03\/Motif-broderie-couronne-de-princesse.jpg\" class=\"attachment-full size-full\" alt=\"\" srcset=\"https:\/\/cecile-delachaux.fr\/wp-content\/uploads\/2020\/03\/Motif-broderie-couronne-de-princesse.jpg 470w, https:\/\/cecile-delachaux.fr\/wp-content\/uploads\/2020\/03\/Motif-broderie-couronne-de-princesse-300x300.jpg 300w, https:\/\/cecile-delachaux.fr\/wp-content\/uploads\/2020\/03\/Motif-broderie-couronne-de-princesse-150x150.jpg 150w, https:\/\/cecile-delachaux.fr\/wp-content\/uploads\/2020\/03\/Motif-broderie-couronne-de-princesse-324x324.jpg 324w, https:\/\/cecile-delachaux.fr\/wp-content\/uploads\/2020\/03\/Motif-broderie-couronne-de-princesse-416x416.jpg 416w, https:\/\/cecile-delachaux.fr\/wp-content\/uploads\/2020\/03\/Motif-broderie-couronne-de-princesse-100x100.jpg 100w\" sizes=\"auto, (max-width: 470px) 100vw, 470px\" \/><\/a>\r\n\t<\/div>\r\n\t<figcaption class='wp-caption-text gallery-caption' id='mla_gallery-1-6704'>\n\tMotif broderie couronne de princesse\n\t<\/figcaption><\/figure><figure class='gallery-item last_in_row'>\r\n\t<div class='gallery-icon landscape'>\r\n\t\t<a href='https:\/\/cecile-delachaux.fr\/wp-content\/uploads\/2020\/03\/Motif-broderie-f\u00e9e-avec-baguette-magique.jpg'><img loading=\"lazy\" decoding=\"async\" aria-describedby=\"mla_gallery-1-6705\" width=\"470\" height=\"470\" src=\"https:\/\/cecile-delachaux.fr\/wp-content\/uploads\/2020\/03\/Motif-broderie-f\u00e9e-avec-baguette-magique.jpg\" class=\"attachment-full size-full\" alt=\"\" srcset=\"https:\/\/cecile-delachaux.fr\/wp-content\/uploads\/2020\/03\/Motif-broderie-f\u00e9e-avec-baguette-magique.jpg 470w, https:\/\/cecile-delachaux.fr\/wp-content\/uploads\/2020\/03\/Motif-broderie-f\u00e9e-avec-baguette-magique-300x300.jpg 300w, https:\/\/cecile-delachaux.fr\/wp-content\/uploads\/2020\/03\/Motif-broderie-f\u00e9e-avec-baguette-magique-150x150.jpg 150w, https:\/\/cecile-delachaux.fr\/wp-content\/uploads\/2020\/03\/Motif-broderie-f\u00e9e-avec-baguette-magique-324x324.jpg 324w, https:\/\/cecile-delachaux.fr\/wp-content\/uploads\/2020\/03\/Motif-broderie-f\u00e9e-avec-baguette-magique-416x416.jpg 416w, https:\/\/cecile-delachaux.fr\/wp-content\/uploads\/2020\/03\/Motif-broderie-f\u00e9e-avec-baguette-magique-100x100.jpg 100w\" sizes=\"auto, (max-width: 470px) 100vw, 470px\" \/><\/a>\r\n\t<\/div>\r\n\t<figcaption class='wp-caption-text gallery-caption' id='mla_gallery-1-6705'>\n\tMotif broderie f\u00e9e avec baguette magique\n\t<\/figcaption><\/figure><figure class='gallery-item '>\r\n\t<div class='gallery-icon landscape'>\r\n\t\t<a href='https:\/\/cecile-delachaux.fr\/wp-content\/uploads\/2020\/03\/Motif-broderie-unicorn.png'><img loading=\"lazy\" decoding=\"async\" aria-describedby=\"mla_gallery-1-6706\" width=\"800\" height=\"800\" src=\"https:\/\/cecile-delachaux.fr\/wp-content\/uploads\/2020\/03\/Motif-broderie-unicorn.png\" class=\"attachment-full size-full\" alt=\"\" srcset=\"https:\/\/cecile-delachaux.fr\/wp-content\/uploads\/2020\/03\/Motif-broderie-unicorn.png 800w, https:\/\/cecile-delachaux.fr\/wp-content\/uploads\/2020\/03\/Motif-broderie-unicorn-300x300.png 300w, https:\/\/cecile-delachaux.fr\/wp-content\/uploads\/2020\/03\/Motif-broderie-unicorn-548x548.png 548w, https:\/\/cecile-delachaux.fr\/wp-content\/uploads\/2020\/03\/Motif-broderie-unicorn-150x150.png 150w, https:\/\/cecile-delachaux.fr\/wp-content\/uploads\/2020\/03\/Motif-broderie-unicorn-768x768.png 768w, https:\/\/cecile-delachaux.fr\/wp-content\/uploads\/2020\/03\/Motif-broderie-unicorn-324x324.png 324w, https:\/\/cecile-delachaux.fr\/wp-content\/uploads\/2020\/03\/Motif-broderie-unicorn-416x416.png 416w, https:\/\/cecile-delachaux.fr\/wp-content\/uploads\/2020\/03\/Motif-broderie-unicorn-100x100.png 100w\" sizes=\"auto, (max-width: 800px) 100vw, 800px\" \/><\/a>\r\n\t<\/div>\r\n\t<figcaption class='wp-caption-text gallery-caption' id='mla_gallery-1-6706'>\n\tMotif broderie unicorn\n\t<\/figcaption><\/figure><figure class='gallery-item '>\r\n\t<div class='gallery-icon landscape'>\r\n\t\t<a href='https:\/\/cecile-delachaux.fr\/wp-content\/uploads\/2020\/11\/Couronne-houx-scaled.jpg'><img loading=\"lazy\" decoding=\"async\" aria-describedby=\"mla_gallery-1-7071\" width=\"2560\" height=\"2560\" src=\"https:\/\/cecile-delachaux.fr\/wp-content\/uploads\/2020\/11\/Couronne-houx-scaled.jpg\" class=\"attachment-full size-full\" alt=\"\" srcset=\"https:\/\/cecile-delachaux.fr\/wp-content\/uploads\/2020\/11\/Couronne-houx-scaled.jpg 2560w, https:\/\/cecile-delachaux.fr\/wp-content\/uploads\/2020\/11\/Couronne-houx-300x300.jpg 300w, https:\/\/cecile-delachaux.fr\/wp-content\/uploads\/2020\/11\/Couronne-houx-548x548.jpg 548w, https:\/\/cecile-delachaux.fr\/wp-content\/uploads\/2020\/11\/Couronne-houx-150x150.jpg 150w, https:\/\/cecile-delachaux.fr\/wp-content\/uploads\/2020\/11\/Couronne-houx-768x768.jpg 768w, https:\/\/cecile-delachaux.fr\/wp-content\/uploads\/2020\/11\/Couronne-houx-1536x1536.jpg 1536w, https:\/\/cecile-delachaux.fr\/wp-content\/uploads\/2020\/11\/Couronne-houx-2048x2048.jpg 2048w, https:\/\/cecile-delachaux.fr\/wp-content\/uploads\/2020\/11\/Couronne-houx-324x324.jpg 324w, https:\/\/cecile-delachaux.fr\/wp-content\/uploads\/2020\/11\/Couronne-houx-416x416.jpg 416w, https:\/\/cecile-delachaux.fr\/wp-content\/uploads\/2020\/11\/Couronne-houx-100x100.jpg 100w\" sizes=\"auto, (max-width: 2560px) 100vw, 2560px\" \/><\/a>\r\n\t<\/div>\r\n\t<figcaption class='wp-caption-text gallery-caption' id='mla_gallery-1-7071'>\n\tMotif broderie couronne houx\n\t<\/figcaption><\/figure><figure class='gallery-item last_in_row'>\r\n\t<div class='gallery-icon landscape'>\r\n\t\t<a href='https:\/\/cecile-delachaux.fr\/wp-content\/uploads\/2020\/11\/Joyeux-Neol-cadeaux-scaled.jpg'><img loading=\"lazy\" decoding=\"async\" aria-describedby=\"mla_gallery-1-7072\" width=\"2560\" height=\"2560\" src=\"https:\/\/cecile-delachaux.fr\/wp-content\/uploads\/2020\/11\/Joyeux-Neol-cadeaux-scaled.jpg\" class=\"attachment-full size-full\" alt=\"\" srcset=\"https:\/\/cecile-delachaux.fr\/wp-content\/uploads\/2020\/11\/Joyeux-Neol-cadeaux-scaled.jpg 2560w, https:\/\/cecile-delachaux.fr\/wp-content\/uploads\/2020\/11\/Joyeux-Neol-cadeaux-300x300.jpg 300w, https:\/\/cecile-delachaux.fr\/wp-content\/uploads\/2020\/11\/Joyeux-Neol-cadeaux-548x548.jpg 548w, https:\/\/cecile-delachaux.fr\/wp-content\/uploads\/2020\/11\/Joyeux-Neol-cadeaux-150x150.jpg 150w, https:\/\/cecile-delachaux.fr\/wp-content\/uploads\/2020\/11\/Joyeux-Neol-cadeaux-768x768.jpg 768w, https:\/\/cecile-delachaux.fr\/wp-content\/uploads\/2020\/11\/Joyeux-Neol-cadeaux-1536x1536.jpg 1536w, https:\/\/cecile-delachaux.fr\/wp-content\/uploads\/2020\/11\/Joyeux-Neol-cadeaux-2048x2048.jpg 2048w, https:\/\/cecile-delachaux.fr\/wp-content\/uploads\/2020\/11\/Joyeux-Neol-cadeaux-324x324.jpg 324w, https:\/\/cecile-delachaux.fr\/wp-content\/uploads\/2020\/11\/Joyeux-Neol-cadeaux-416x416.jpg 416w, https:\/\/cecile-delachaux.fr\/wp-content\/uploads\/2020\/11\/Joyeux-Neol-cadeaux-100x100.jpg 100w\" sizes=\"auto, (max-width: 2560px) 100vw, 2560px\" \/><\/a>\r\n\t<\/div>\r\n\t<figcaption class='wp-caption-text gallery-caption' id='mla_gallery-1-7072'>\n\tMotif broderie Joyeux No\u00ebl cadeaux\n\t<\/figcaption><\/figure><figure class='gallery-item '>\r\n\t<div class='gallery-icon landscape'>\r\n\t\t<a href='https:\/\/cecile-delachaux.fr\/wp-content\/uploads\/2020\/11\/Livraison-speciale-Bois-scaled.jpg'><img loading=\"lazy\" decoding=\"async\" aria-describedby=\"mla_gallery-1-7073\" width=\"2560\" height=\"2560\" src=\"https:\/\/cecile-delachaux.fr\/wp-content\/uploads\/2020\/11\/Livraison-speciale-Bois-scaled.jpg\" class=\"attachment-full size-full\" alt=\"\" srcset=\"https:\/\/cecile-delachaux.fr\/wp-content\/uploads\/2020\/11\/Livraison-speciale-Bois-scaled.jpg 2560w, https:\/\/cecile-delachaux.fr\/wp-content\/uploads\/2020\/11\/Livraison-speciale-Bois-300x300.jpg 300w, https:\/\/cecile-delachaux.fr\/wp-content\/uploads\/2020\/11\/Livraison-speciale-Bois-548x548.jpg 548w, https:\/\/cecile-delachaux.fr\/wp-content\/uploads\/2020\/11\/Livraison-speciale-Bois-150x150.jpg 150w, https:\/\/cecile-delachaux.fr\/wp-content\/uploads\/2020\/11\/Livraison-speciale-Bois-768x768.jpg 768w, https:\/\/cecile-delachaux.fr\/wp-content\/uploads\/2020\/11\/Livraison-speciale-Bois-1536x1536.jpg 1536w, https:\/\/cecile-delachaux.fr\/wp-content\/uploads\/2020\/11\/Livraison-speciale-Bois-2048x2048.jpg 2048w, https:\/\/cecile-delachaux.fr\/wp-content\/uploads\/2020\/11\/Livraison-speciale-Bois-324x324.jpg 324w, https:\/\/cecile-delachaux.fr\/wp-content\/uploads\/2020\/11\/Livraison-speciale-Bois-416x416.jpg 416w, https:\/\/cecile-delachaux.fr\/wp-content\/uploads\/2020\/11\/Livraison-speciale-Bois-100x100.jpg 100w\" sizes=\"auto, (max-width: 2560px) 100vw, 2560px\" \/><\/a>\r\n\t<\/div>\r\n\t<figcaption class='wp-caption-text gallery-caption' id='mla_gallery-1-7073'>\n\tMotif broderie Livraison sp\u00e9ciale Bois\n\t<\/figcaption><\/figure><figure class='gallery-item '>\r\n\t<div class='gallery-icon landscape'>\r\n\t\t<a href='https:\/\/cecile-delachaux.fr\/wp-content\/uploads\/2020\/11\/Livraison-speciale-Sapins-scaled.jpg'><img loading=\"lazy\" decoding=\"async\" aria-describedby=\"mla_gallery-1-7074\" width=\"2560\" height=\"2560\" src=\"https:\/\/cecile-delachaux.fr\/wp-content\/uploads\/2020\/11\/Livraison-speciale-Sapins-scaled.jpg\" class=\"attachment-full size-full\" alt=\"\" srcset=\"https:\/\/cecile-delachaux.fr\/wp-content\/uploads\/2020\/11\/Livraison-speciale-Sapins-scaled.jpg 2560w, https:\/\/cecile-delachaux.fr\/wp-content\/uploads\/2020\/11\/Livraison-speciale-Sapins-300x300.jpg 300w, https:\/\/cecile-delachaux.fr\/wp-content\/uploads\/2020\/11\/Livraison-speciale-Sapins-548x548.jpg 548w, https:\/\/cecile-delachaux.fr\/wp-content\/uploads\/2020\/11\/Livraison-speciale-Sapins-150x150.jpg 150w, https:\/\/cecile-delachaux.fr\/wp-content\/uploads\/2020\/11\/Livraison-speciale-Sapins-768x768.jpg 768w, https:\/\/cecile-delachaux.fr\/wp-content\/uploads\/2020\/11\/Livraison-speciale-Sapins-1536x1536.jpg 1536w, https:\/\/cecile-delachaux.fr\/wp-content\/uploads\/2020\/11\/Livraison-speciale-Sapins-2048x2048.jpg 2048w, https:\/\/cecile-delachaux.fr\/wp-content\/uploads\/2020\/11\/Livraison-speciale-Sapins-324x324.jpg 324w, https:\/\/cecile-delachaux.fr\/wp-content\/uploads\/2020\/11\/Livraison-speciale-Sapins-416x416.jpg 416w, https:\/\/cecile-delachaux.fr\/wp-content\/uploads\/2020\/11\/Livraison-speciale-Sapins-100x100.jpg 100w\" sizes=\"auto, (max-width: 2560px) 100vw, 2560px\" \/><\/a>\r\n\t<\/div>\r\n\t<figcaption class='wp-caption-text gallery-caption' id='mla_gallery-1-7074'>\n\tMotif broderie Livraison sp\u00e9ciale Sapins\n\t<\/figcaption><\/figure><figure class='gallery-item last_in_row'>\r\n\t<div class='gallery-icon landscape'>\r\n\t\t<a href='https:\/\/cecile-delachaux.fr\/wp-content\/uploads\/2020\/11\/Sapin-graphique-scaled.jpg'><img loading=\"lazy\" decoding=\"async\" aria-describedby=\"mla_gallery-1-7075\" width=\"2560\" height=\"2560\" src=\"https:\/\/cecile-delachaux.fr\/wp-content\/uploads\/2020\/11\/Sapin-graphique-scaled.jpg\" class=\"attachment-full size-full\" alt=\"\" srcset=\"https:\/\/cecile-delachaux.fr\/wp-content\/uploads\/2020\/11\/Sapin-graphique-scaled.jpg 2560w, https:\/\/cecile-delachaux.fr\/wp-content\/uploads\/2020\/11\/Sapin-graphique-300x300.jpg 300w, https:\/\/cecile-delachaux.fr\/wp-content\/uploads\/2020\/11\/Sapin-graphique-548x548.jpg 548w, https:\/\/cecile-delachaux.fr\/wp-content\/uploads\/2020\/11\/Sapin-graphique-150x150.jpg 150w, https:\/\/cecile-delachaux.fr\/wp-content\/uploads\/2020\/11\/Sapin-graphique-768x768.jpg 768w, https:\/\/cecile-delachaux.fr\/wp-content\/uploads\/2020\/11\/Sapin-graphique-1536x1536.jpg 1536w, https:\/\/cecile-delachaux.fr\/wp-content\/uploads\/2020\/11\/Sapin-graphique-2048x2048.jpg 2048w, https:\/\/cecile-delachaux.fr\/wp-content\/uploads\/2020\/11\/Sapin-graphique-324x324.jpg 324w, https:\/\/cecile-delachaux.fr\/wp-content\/uploads\/2020\/11\/Sapin-graphique-416x416.jpg 416w, https:\/\/cecile-delachaux.fr\/wp-content\/uploads\/2020\/11\/Sapin-graphique-100x100.jpg 100w\" sizes=\"auto, (max-width: 2560px) 100vw, 2560px\" \/><\/a>\r\n\t<\/div>\r\n\t<figcaption class='wp-caption-text gallery-caption' id='mla_gallery-1-7075'>\n\tMotif broderie Sapin graphique\n\t<\/figcaption><\/figure><figure class='gallery-item '>\r\n\t<div class='gallery-icon landscape'>\r\n\t\t<a href='https:\/\/cecile-delachaux.fr\/wp-content\/uploads\/2020\/11\/Van-scaled.jpg'><img loading=\"lazy\" decoding=\"async\" aria-describedby=\"mla_gallery-1-7077\" width=\"2560\" height=\"2560\" src=\"https:\/\/cecile-delachaux.fr\/wp-content\/uploads\/2020\/11\/Van-scaled.jpg\" class=\"attachment-full size-full\" alt=\"\" srcset=\"https:\/\/cecile-delachaux.fr\/wp-content\/uploads\/2020\/11\/Van-scaled.jpg 2560w, https:\/\/cecile-delachaux.fr\/wp-content\/uploads\/2020\/11\/Van-300x300.jpg 300w, https:\/\/cecile-delachaux.fr\/wp-content\/uploads\/2020\/11\/Van-548x548.jpg 548w, https:\/\/cecile-delachaux.fr\/wp-content\/uploads\/2020\/11\/Van-150x150.jpg 150w, https:\/\/cecile-delachaux.fr\/wp-content\/uploads\/2020\/11\/Van-768x768.jpg 768w, https:\/\/cecile-delachaux.fr\/wp-content\/uploads\/2020\/11\/Van-1536x1536.jpg 1536w, https:\/\/cecile-delachaux.fr\/wp-content\/uploads\/2020\/11\/Van-2048x2048.jpg 2048w, https:\/\/cecile-delachaux.fr\/wp-content\/uploads\/2020\/11\/Van-324x324.jpg 324w, https:\/\/cecile-delachaux.fr\/wp-content\/uploads\/2020\/11\/Van-416x416.jpg 416w, https:\/\/cecile-delachaux.fr\/wp-content\/uploads\/2020\/11\/Van-100x100.jpg 100w\" sizes=\"auto, (max-width: 2560px) 100vw, 2560px\" \/><\/a>\r\n\t<\/div>\r\n\t<figcaption class='wp-caption-text gallery-caption' id='mla_gallery-1-7077'>\n\tMotif broderie livraison sp\u00e9ciale van\n\t<\/figcaption><\/figure><figure class='gallery-item '>\r\n\t<div class='gallery-icon landscape'>\r\n\t\t<a href='https:\/\/cecile-delachaux.fr\/wp-content\/uploads\/2020\/11\/il_1588xN.1945916926_j8zy.jpg'><img loading=\"lazy\" decoding=\"async\" aria-describedby=\"mla_gallery-1-7085\" width=\"1588\" height=\"1588\" src=\"https:\/\/cecile-delachaux.fr\/wp-content\/uploads\/2020\/11\/il_1588xN.1945916926_j8zy.jpg\" class=\"attachment-full size-full\" alt=\"\" srcset=\"https:\/\/cecile-delachaux.fr\/wp-content\/uploads\/2020\/11\/il_1588xN.1945916926_j8zy.jpg 1588w, https:\/\/cecile-delachaux.fr\/wp-content\/uploads\/2020\/11\/il_1588xN.1945916926_j8zy-300x300.jpg 300w, https:\/\/cecile-delachaux.fr\/wp-content\/uploads\/2020\/11\/il_1588xN.1945916926_j8zy-548x548.jpg 548w, https:\/\/cecile-delachaux.fr\/wp-content\/uploads\/2020\/11\/il_1588xN.1945916926_j8zy-150x150.jpg 150w, https:\/\/cecile-delachaux.fr\/wp-content\/uploads\/2020\/11\/il_1588xN.1945916926_j8zy-768x768.jpg 768w, https:\/\/cecile-delachaux.fr\/wp-content\/uploads\/2020\/11\/il_1588xN.1945916926_j8zy-1536x1536.jpg 1536w, https:\/\/cecile-delachaux.fr\/wp-content\/uploads\/2020\/11\/il_1588xN.1945916926_j8zy-324x324.jpg 324w, https:\/\/cecile-delachaux.fr\/wp-content\/uploads\/2020\/11\/il_1588xN.1945916926_j8zy-416x416.jpg 416w, https:\/\/cecile-delachaux.fr\/wp-content\/uploads\/2020\/11\/il_1588xN.1945916926_j8zy-100x100.jpg 100w\" sizes=\"auto, (max-width: 1588px) 100vw, 1588px\" \/><\/a>\r\n\t<\/div>\r\n\t<figcaption class='wp-caption-text gallery-caption' id='mla_gallery-1-7085'>\n\tMotif broderie couronne de fleurs\n\t<\/figcaption><\/figure><figure class='gallery-item last_in_row'>\r\n\t<div class='gallery-icon landscape'>\r\n\t\t<a href='https:\/\/cecile-delachaux.fr\/wp-content\/uploads\/2020\/11\/il_1588xN.2279746699_74l6.jpg'><img loading=\"lazy\" decoding=\"async\" aria-describedby=\"mla_gallery-1-7086\" width=\"1588\" height=\"1588\" src=\"https:\/\/cecile-delachaux.fr\/wp-content\/uploads\/2020\/11\/il_1588xN.2279746699_74l6.jpg\" class=\"attachment-full size-full\" alt=\"\" srcset=\"https:\/\/cecile-delachaux.fr\/wp-content\/uploads\/2020\/11\/il_1588xN.2279746699_74l6.jpg 1588w, https:\/\/cecile-delachaux.fr\/wp-content\/uploads\/2020\/11\/il_1588xN.2279746699_74l6-300x300.jpg 300w, https:\/\/cecile-delachaux.fr\/wp-content\/uploads\/2020\/11\/il_1588xN.2279746699_74l6-548x548.jpg 548w, https:\/\/cecile-delachaux.fr\/wp-content\/uploads\/2020\/11\/il_1588xN.2279746699_74l6-150x150.jpg 150w, https:\/\/cecile-delachaux.fr\/wp-content\/uploads\/2020\/11\/il_1588xN.2279746699_74l6-768x768.jpg 768w, https:\/\/cecile-delachaux.fr\/wp-content\/uploads\/2020\/11\/il_1588xN.2279746699_74l6-1536x1536.jpg 1536w, https:\/\/cecile-delachaux.fr\/wp-content\/uploads\/2020\/11\/il_1588xN.2279746699_74l6-324x324.jpg 324w, https:\/\/cecile-delachaux.fr\/wp-content\/uploads\/2020\/11\/il_1588xN.2279746699_74l6-416x416.jpg 416w, https:\/\/cecile-delachaux.fr\/wp-content\/uploads\/2020\/11\/il_1588xN.2279746699_74l6-100x100.jpg 100w\" sizes=\"auto, (max-width: 1588px) 100vw, 1588px\" \/><\/a>\r\n\t<\/div>\r\n\t<figcaption class='wp-caption-text gallery-caption' id='mla_gallery-1-7086'>\n\tMotif broderie couronne fleurs boho printemps\n\t<\/figcaption><\/figure><figure class='gallery-item '>\r\n\t<div class='gallery-icon landscape'>\r\n\t\t<a href='https:\/\/cecile-delachaux.fr\/wp-content\/uploads\/2020\/11\/etoileTourAppl.jpg'><img loading=\"lazy\" decoding=\"async\" aria-describedby=\"mla_gallery-1-7088\" width=\"400\" height=\"400\" src=\"https:\/\/cecile-delachaux.fr\/wp-content\/uploads\/2020\/11\/etoileTourAppl.jpg\" class=\"attachment-full size-full\" alt=\"\" srcset=\"https:\/\/cecile-delachaux.fr\/wp-content\/uploads\/2020\/11\/etoileTourAppl.jpg 400w, https:\/\/cecile-delachaux.fr\/wp-content\/uploads\/2020\/11\/etoileTourAppl-300x300.jpg 300w, https:\/\/cecile-delachaux.fr\/wp-content\/uploads\/2020\/11\/etoileTourAppl-150x150.jpg 150w, https:\/\/cecile-delachaux.fr\/wp-content\/uploads\/2020\/11\/etoileTourAppl-324x324.jpg 324w, https:\/\/cecile-delachaux.fr\/wp-content\/uploads\/2020\/11\/etoileTourAppl-100x100.jpg 100w\" sizes=\"auto, (max-width: 400px) 100vw, 400px\" \/><\/a>\r\n\t<\/div>\r\n\t<figcaption class='wp-caption-text gallery-caption' id='mla_gallery-1-7088'>\n\tMotif broderie \u00e9toile appliqu\u00e9e\n\t<\/figcaption><\/figure><figure class='gallery-item '>\r\n\t<div class='gallery-icon landscape'>\r\n\t\t<a href='https:\/\/cecile-delachaux.fr\/wp-content\/uploads\/2020\/11\/il_1588xN.2174178324_fm7v.jpg'><img loading=\"lazy\" decoding=\"async\" aria-describedby=\"mla_gallery-1-7089\" width=\"1588\" height=\"1423\" src=\"https:\/\/cecile-delachaux.fr\/wp-content\/uploads\/2020\/11\/il_1588xN.2174178324_fm7v.jpg\" class=\"attachment-full size-full\" alt=\"\" srcset=\"https:\/\/cecile-delachaux.fr\/wp-content\/uploads\/2020\/11\/il_1588xN.2174178324_fm7v.jpg 1588w, https:\/\/cecile-delachaux.fr\/wp-content\/uploads\/2020\/11\/il_1588xN.2174178324_fm7v-300x269.jpg 300w, https:\/\/cecile-delachaux.fr\/wp-content\/uploads\/2020\/11\/il_1588xN.2174178324_fm7v-600x538.jpg 600w, https:\/\/cecile-delachaux.fr\/wp-content\/uploads\/2020\/11\/il_1588xN.2174178324_fm7v-768x688.jpg 768w, https:\/\/cecile-delachaux.fr\/wp-content\/uploads\/2020\/11\/il_1588xN.2174178324_fm7v-1536x1376.jpg 1536w, https:\/\/cecile-delachaux.fr\/wp-content\/uploads\/2020\/11\/il_1588xN.2174178324_fm7v-416x373.jpg 416w\" sizes=\"auto, (max-width: 1588px) 100vw, 1588px\" \/><\/a>\r\n\t<\/div>\r\n\t<figcaption class='wp-caption-text gallery-caption' id='mla_gallery-1-7089'>\n\tMotif broderie Alphabet fleuri\n\t<\/figcaption><\/figure><figure class='gallery-item last_in_row'>\r\n\t<div class='gallery-icon landscape'>\r\n\t\t<a href='https:\/\/cecile-delachaux.fr\/wp-content\/uploads\/2020\/11\/lapin-de-paques-3-tailles-applique.jpg'><img loading=\"lazy\" decoding=\"async\" aria-describedby=\"mla_gallery-1-7090\" width=\"600\" height=\"600\" src=\"https:\/\/cecile-delachaux.fr\/wp-content\/uploads\/2020\/11\/lapin-de-paques-3-tailles-applique.jpg\" class=\"attachment-full size-full\" alt=\"\" srcset=\"https:\/\/cecile-delachaux.fr\/wp-content\/uploads\/2020\/11\/lapin-de-paques-3-tailles-applique.jpg 600w, https:\/\/cecile-delachaux.fr\/wp-content\/uploads\/2020\/11\/lapin-de-paques-3-tailles-applique-300x300.jpg 300w, https:\/\/cecile-delachaux.fr\/wp-content\/uploads\/2020\/11\/lapin-de-paques-3-tailles-applique-548x548.jpg 548w, https:\/\/cecile-delachaux.fr\/wp-content\/uploads\/2020\/11\/lapin-de-paques-3-tailles-applique-150x150.jpg 150w, https:\/\/cecile-delachaux.fr\/wp-content\/uploads\/2020\/11\/lapin-de-paques-3-tailles-applique-324x324.jpg 324w, https:\/\/cecile-delachaux.fr\/wp-content\/uploads\/2020\/11\/lapin-de-paques-3-tailles-applique-416x416.jpg 416w, https:\/\/cecile-delachaux.fr\/wp-content\/uploads\/2020\/11\/lapin-de-paques-3-tailles-applique-100x100.jpg 100w\" sizes=\"auto, (max-width: 600px) 100vw, 600px\" \/><\/a>\r\n\t<\/div>\r\n\t<figcaption class='wp-caption-text gallery-caption' id='mla_gallery-1-7090'>\n\tMotif broderie lapin p\u00e2ques appliqu\u00e9\n\t<\/figcaption><\/figure><figure class='gallery-item '>\r\n\t<div class='gallery-icon landscape'>\r\n\t\t<a href='https:\/\/cecile-delachaux.fr\/wp-content\/uploads\/2020\/11\/Motif-broderie-applique-petit-canard.png'><img loading=\"lazy\" decoding=\"async\" aria-describedby=\"mla_gallery-1-7091\" width=\"458\" height=\"281\" src=\"https:\/\/cecile-delachaux.fr\/wp-content\/uploads\/2020\/11\/Motif-broderie-applique-petit-canard.png\" class=\"attachment-full size-full\" alt=\"\" srcset=\"https:\/\/cecile-delachaux.fr\/wp-content\/uploads\/2020\/11\/Motif-broderie-applique-petit-canard.png 458w, https:\/\/cecile-delachaux.fr\/wp-content\/uploads\/2020\/11\/Motif-broderie-applique-petit-canard-300x184.png 300w, https:\/\/cecile-delachaux.fr\/wp-content\/uploads\/2020\/11\/Motif-broderie-applique-petit-canard-416x255.png 416w\" sizes=\"auto, (max-width: 458px) 100vw, 458px\" \/><\/a>\r\n\t<\/div>\r\n\t<figcaption class='wp-caption-text gallery-caption' id='mla_gallery-1-7091'>\n\tMotif broderie appliqu\u00e9 petit canard\n\t<\/figcaption><\/figure><figure class='gallery-item '>\r\n\t<div class='gallery-icon landscape'>\r\n\t\t<a href='https:\/\/cecile-delachaux.fr\/wp-content\/uploads\/2020\/11\/Motif-broderie-appliquee-croix-pharmacie.jpg'><img loading=\"lazy\" decoding=\"async\" aria-describedby=\"mla_gallery-1-7092\" width=\"400\" height=\"400\" src=\"https:\/\/cecile-delachaux.fr\/wp-content\/uploads\/2020\/11\/Motif-broderie-appliquee-croix-pharmacie.jpg\" class=\"attachment-full size-full\" alt=\"\" srcset=\"https:\/\/cecile-delachaux.fr\/wp-content\/uploads\/2020\/11\/Motif-broderie-appliquee-croix-pharmacie.jpg 400w, https:\/\/cecile-delachaux.fr\/wp-content\/uploads\/2020\/11\/Motif-broderie-appliquee-croix-pharmacie-300x300.jpg 300w, https:\/\/cecile-delachaux.fr\/wp-content\/uploads\/2020\/11\/Motif-broderie-appliquee-croix-pharmacie-150x150.jpg 150w, https:\/\/cecile-delachaux.fr\/wp-content\/uploads\/2020\/11\/Motif-broderie-appliquee-croix-pharmacie-324x324.jpg 324w, https:\/\/cecile-delachaux.fr\/wp-content\/uploads\/2020\/11\/Motif-broderie-appliquee-croix-pharmacie-100x100.jpg 100w\" sizes=\"auto, (max-width: 400px) 100vw, 400px\" \/><\/a>\r\n\t<\/div>\r\n\t<figcaption class='wp-caption-text gallery-caption' id='mla_gallery-1-7092'>\n\tMotif broderie appliqu\u00e9e croix pharmacie\n\t<\/figcaption><\/figure><figure class='gallery-item last_in_row'>\r\n\t<div class='gallery-icon portrait'>\r\n\t\t<a href='https:\/\/cecile-delachaux.fr\/wp-content\/uploads\/2020\/11\/Motif-broderie-cheval-et-plumes.jpg'><img loading=\"lazy\" decoding=\"async\" aria-describedby=\"mla_gallery-1-7093\" width=\"446\" height=\"600\" src=\"https:\/\/cecile-delachaux.fr\/wp-content\/uploads\/2020\/11\/Motif-broderie-cheval-et-plumes.jpg\" class=\"attachment-full size-full\" alt=\"\" srcset=\"https:\/\/cecile-delachaux.fr\/wp-content\/uploads\/2020\/11\/Motif-broderie-cheval-et-plumes.jpg 446w, https:\/\/cecile-delachaux.fr\/wp-content\/uploads\/2020\/11\/Motif-broderie-cheval-et-plumes-223x300.jpg 223w, https:\/\/cecile-delachaux.fr\/wp-content\/uploads\/2020\/11\/Motif-broderie-cheval-et-plumes-407x548.jpg 407w, https:\/\/cecile-delachaux.fr\/wp-content\/uploads\/2020\/11\/Motif-broderie-cheval-et-plumes-416x560.jpg 416w\" sizes=\"auto, (max-width: 446px) 100vw, 446px\" \/><\/a>\r\n\t<\/div>\r\n\t<figcaption class='wp-caption-text gallery-caption' id='mla_gallery-1-7093'>\n\tMotif broderie cheval et plumes\n\t<\/figcaption><\/figure><figure class='gallery-item '>\r\n\t<div class='gallery-icon landscape'>\r\n\t\t<a href='https:\/\/cecile-delachaux.fr\/wp-content\/uploads\/2020\/11\/Motif-broderie-etiquette-crayons.jpg'><img loading=\"lazy\" decoding=\"async\" aria-describedby=\"mla_gallery-1-7095\" width=\"600\" height=\"600\" src=\"https:\/\/cecile-delachaux.fr\/wp-content\/uploads\/2020\/11\/Motif-broderie-etiquette-crayons.jpg\" class=\"attachment-full size-full\" alt=\"\" srcset=\"https:\/\/cecile-delachaux.fr\/wp-content\/uploads\/2020\/11\/Motif-broderie-etiquette-crayons.jpg 600w, https:\/\/cecile-delachaux.fr\/wp-content\/uploads\/2020\/11\/Motif-broderie-etiquette-crayons-300x300.jpg 300w, https:\/\/cecile-delachaux.fr\/wp-content\/uploads\/2020\/11\/Motif-broderie-etiquette-crayons-548x548.jpg 548w, https:\/\/cecile-delachaux.fr\/wp-content\/uploads\/2020\/11\/Motif-broderie-etiquette-crayons-150x150.jpg 150w, https:\/\/cecile-delachaux.fr\/wp-content\/uploads\/2020\/11\/Motif-broderie-etiquette-crayons-324x324.jpg 324w, https:\/\/cecile-delachaux.fr\/wp-content\/uploads\/2020\/11\/Motif-broderie-etiquette-crayons-416x416.jpg 416w, https:\/\/cecile-delachaux.fr\/wp-content\/uploads\/2020\/11\/Motif-broderie-etiquette-crayons-100x100.jpg 100w\" sizes=\"auto, (max-width: 600px) 100vw, 600px\" \/><\/a>\r\n\t<\/div>\r\n\t<figcaption class='wp-caption-text gallery-caption' id='mla_gallery-1-7095'>\n\tMotif broderie \u00e9tiquette crayons\n\t<\/figcaption><\/figure><figure class='gallery-item '>\r\n\t<div class='gallery-icon landscape'>\r\n\t\t<a href='https:\/\/cecile-delachaux.fr\/wp-content\/uploads\/2020\/11\/savane.jpg'><img loading=\"lazy\" decoding=\"async\" aria-describedby=\"mla_gallery-1-7098\" width=\"917\" height=\"582\" src=\"https:\/\/cecile-delachaux.fr\/wp-content\/uploads\/2020\/11\/savane.jpg\" class=\"attachment-full size-full\" alt=\"\" srcset=\"https:\/\/cecile-delachaux.fr\/wp-content\/uploads\/2020\/11\/savane.jpg 917w, https:\/\/cecile-delachaux.fr\/wp-content\/uploads\/2020\/11\/savane-300x190.jpg 300w, https:\/\/cecile-delachaux.fr\/wp-content\/uploads\/2020\/11\/savane-600x381.jpg 600w, https:\/\/cecile-delachaux.fr\/wp-content\/uploads\/2020\/11\/savane-768x487.jpg 768w, https:\/\/cecile-delachaux.fr\/wp-content\/uploads\/2020\/11\/savane-416x264.jpg 416w\" sizes=\"auto, (max-width: 917px) 100vw, 917px\" \/><\/a>\r\n\t<\/div>\r\n\t<figcaption class='wp-caption-text gallery-caption' id='mla_gallery-1-7098'>\n\tMotif broderie savane\n\t<\/figcaption><\/figure><figure class='gallery-item last_in_row'>\r\n\t<div class='gallery-icon landscape'>\r\n\t\t<a href='https:\/\/cecile-delachaux.fr\/wp-content\/uploads\/2021\/03\/Motif-broderie-colibri-origami.jpg'><img loading=\"lazy\" decoding=\"async\" aria-describedby=\"mla_gallery-1-8061\" width=\"600\" height=\"600\" src=\"https:\/\/cecile-delachaux.fr\/wp-content\/uploads\/2021\/03\/Motif-broderie-colibri-origami.jpg\" class=\"attachment-full size-full\" alt=\"\" srcset=\"https:\/\/cecile-delachaux.fr\/wp-content\/uploads\/2021\/03\/Motif-broderie-colibri-origami.jpg 600w, https:\/\/cecile-delachaux.fr\/wp-content\/uploads\/2021\/03\/Motif-broderie-colibri-origami-300x300.jpg 300w, https:\/\/cecile-delachaux.fr\/wp-content\/uploads\/2021\/03\/Motif-broderie-colibri-origami-548x548.jpg 548w, https:\/\/cecile-delachaux.fr\/wp-content\/uploads\/2021\/03\/Motif-broderie-colibri-origami-150x150.jpg 150w, https:\/\/cecile-delachaux.fr\/wp-content\/uploads\/2021\/03\/Motif-broderie-colibri-origami-324x324.jpg 324w, https:\/\/cecile-delachaux.fr\/wp-content\/uploads\/2021\/03\/Motif-broderie-colibri-origami-416x416.jpg 416w, https:\/\/cecile-delachaux.fr\/wp-content\/uploads\/2021\/03\/Motif-broderie-colibri-origami-100x100.jpg 100w\" sizes=\"auto, (max-width: 600px) 100vw, 600px\" \/><\/a>\r\n\t<\/div>\r\n\t<figcaption class='wp-caption-text gallery-caption' id='mla_gallery-1-8061'>\n\tMotif broderie redwork origami colibri\n\t<\/figcaption><\/figure><figure class='gallery-item '>\r\n\t<div class='gallery-icon landscape'>\r\n\t\t<a href='https:\/\/cecile-delachaux.fr\/wp-content\/uploads\/2021\/03\/Motif-broderie-colibri.jpg'><img loading=\"lazy\" decoding=\"async\" aria-describedby=\"mla_gallery-1-8062\" width=\"1588\" height=\"1028\" src=\"https:\/\/cecile-delachaux.fr\/wp-content\/uploads\/2021\/03\/Motif-broderie-colibri.jpg\" class=\"attachment-full size-full\" alt=\"\" srcset=\"https:\/\/cecile-delachaux.fr\/wp-content\/uploads\/2021\/03\/Motif-broderie-colibri.jpg 1588w, https:\/\/cecile-delachaux.fr\/wp-content\/uploads\/2021\/03\/Motif-broderie-colibri-300x194.jpg 300w, https:\/\/cecile-delachaux.fr\/wp-content\/uploads\/2021\/03\/Motif-broderie-colibri-600x388.jpg 600w, https:\/\/cecile-delachaux.fr\/wp-content\/uploads\/2021\/03\/Motif-broderie-colibri-768x497.jpg 768w, https:\/\/cecile-delachaux.fr\/wp-content\/uploads\/2021\/03\/Motif-broderie-colibri-1536x994.jpg 1536w, https:\/\/cecile-delachaux.fr\/wp-content\/uploads\/2021\/03\/Motif-broderie-colibri-416x269.jpg 416w\" sizes=\"auto, (max-width: 1588px) 100vw, 1588px\" \/><\/a>\r\n\t<\/div>\r\n\t<figcaption class='wp-caption-text gallery-caption' id='mla_gallery-1-8062'>\n\tMotif broderie colibri\n\t<\/figcaption><\/figure><figure class='gallery-item '>\r\n\t<div class='gallery-icon landscape'>\r\n\t\t<a href='https:\/\/cecile-delachaux.fr\/wp-content\/uploads\/2021\/03\/Motif-broderie-croix-chretienne.jpg'><img loading=\"lazy\" decoding=\"async\" aria-describedby=\"mla_gallery-1-8063\" width=\"700\" height=\"700\" src=\"https:\/\/cecile-delachaux.fr\/wp-content\/uploads\/2021\/03\/Motif-broderie-croix-chretienne.jpg\" class=\"attachment-full size-full\" alt=\"\" srcset=\"https:\/\/cecile-delachaux.fr\/wp-content\/uploads\/2021\/03\/Motif-broderie-croix-chretienne.jpg 700w, https:\/\/cecile-delachaux.fr\/wp-content\/uploads\/2021\/03\/Motif-broderie-croix-chretienne-300x300.jpg 300w, https:\/\/cecile-delachaux.fr\/wp-content\/uploads\/2021\/03\/Motif-broderie-croix-chretienne-548x548.jpg 548w, https:\/\/cecile-delachaux.fr\/wp-content\/uploads\/2021\/03\/Motif-broderie-croix-chretienne-150x150.jpg 150w, https:\/\/cecile-delachaux.fr\/wp-content\/uploads\/2021\/03\/Motif-broderie-croix-chretienne-324x324.jpg 324w, https:\/\/cecile-delachaux.fr\/wp-content\/uploads\/2021\/03\/Motif-broderie-croix-chretienne-416x416.jpg 416w, https:\/\/cecile-delachaux.fr\/wp-content\/uploads\/2021\/03\/Motif-broderie-croix-chretienne-100x100.jpg 100w\" sizes=\"auto, (max-width: 700px) 100vw, 700px\" \/><\/a>\r\n\t<\/div>\r\n\t<figcaption class='wp-caption-text gallery-caption' id='mla_gallery-1-8063'>\n\tMotif broderie croix chr\u00e9tienne\n\t<\/figcaption><\/figure><figure class='gallery-item last_in_row'>\r\n\t<div class='gallery-icon landscape'>\r\n\t\t<a href='https:\/\/cecile-delachaux.fr\/wp-content\/uploads\/2021\/03\/Motif-broderie-eucalyptus.jpg'><img loading=\"lazy\" decoding=\"async\" aria-describedby=\"mla_gallery-1-8064\" width=\"373\" height=\"373\" src=\"https:\/\/cecile-delachaux.fr\/wp-content\/uploads\/2021\/03\/Motif-broderie-eucalyptus.jpg\" class=\"attachment-full size-full\" alt=\"\" srcset=\"https:\/\/cecile-delachaux.fr\/wp-content\/uploads\/2021\/03\/Motif-broderie-eucalyptus.jpg 373w, https:\/\/cecile-delachaux.fr\/wp-content\/uploads\/2021\/03\/Motif-broderie-eucalyptus-300x300.jpg 300w, https:\/\/cecile-delachaux.fr\/wp-content\/uploads\/2021\/03\/Motif-broderie-eucalyptus-150x150.jpg 150w, https:\/\/cecile-delachaux.fr\/wp-content\/uploads\/2021\/03\/Motif-broderie-eucalyptus-324x324.jpg 324w, https:\/\/cecile-delachaux.fr\/wp-content\/uploads\/2021\/03\/Motif-broderie-eucalyptus-100x100.jpg 100w\" sizes=\"auto, (max-width: 373px) 100vw, 373px\" \/><\/a>\r\n\t<\/div>\r\n\t<figcaption class='wp-caption-text gallery-caption' id='mla_gallery-1-8064'>\n\tMotif broderie eucalyptus\n\t<\/figcaption><\/figure><figure class='gallery-item '>\r\n\t<div class='gallery-icon landscape'>\r\n\t\t<a href='https:\/\/cecile-delachaux.fr\/wp-content\/uploads\/2021\/03\/lapin-de-paques-et-son-noeud-en-applique-4-tailles.jpg'><img loading=\"lazy\" decoding=\"async\" aria-describedby=\"mla_gallery-1-8105\" width=\"600\" height=\"600\" src=\"https:\/\/cecile-delachaux.fr\/wp-content\/uploads\/2021\/03\/lapin-de-paques-et-son-noeud-en-applique-4-tailles.jpg\" class=\"attachment-full size-full\" alt=\"\" srcset=\"https:\/\/cecile-delachaux.fr\/wp-content\/uploads\/2021\/03\/lapin-de-paques-et-son-noeud-en-applique-4-tailles.jpg 600w, https:\/\/cecile-delachaux.fr\/wp-content\/uploads\/2021\/03\/lapin-de-paques-et-son-noeud-en-applique-4-tailles-300x300.jpg 300w, https:\/\/cecile-delachaux.fr\/wp-content\/uploads\/2021\/03\/lapin-de-paques-et-son-noeud-en-applique-4-tailles-548x548.jpg 548w, https:\/\/cecile-delachaux.fr\/wp-content\/uploads\/2021\/03\/lapin-de-paques-et-son-noeud-en-applique-4-tailles-150x150.jpg 150w, https:\/\/cecile-delachaux.fr\/wp-content\/uploads\/2021\/03\/lapin-de-paques-et-son-noeud-en-applique-4-tailles-324x324.jpg 324w, https:\/\/cecile-delachaux.fr\/wp-content\/uploads\/2021\/03\/lapin-de-paques-et-son-noeud-en-applique-4-tailles-416x416.jpg 416w, https:\/\/cecile-delachaux.fr\/wp-content\/uploads\/2021\/03\/lapin-de-paques-et-son-noeud-en-applique-4-tailles-100x100.jpg 100w\" sizes=\"auto, (max-width: 600px) 100vw, 600px\" \/><\/a>\r\n\t<\/div>\r\n\t<figcaption class='wp-caption-text gallery-caption' id='mla_gallery-1-8105'>\n\tMotif broderie appliqu\u00e9 lapin de P\u00e2ques et noeud\n\t<\/figcaption><\/figure><figure class='gallery-item '>\r\n\t<div class='gallery-icon landscape'>\r\n\t\t<a href='https:\/\/cecile-delachaux.fr\/wp-content\/uploads\/2021\/04\/TREX.jpg'><img loading=\"lazy\" decoding=\"async\" aria-describedby=\"mla_gallery-1-8142\" width=\"730\" height=\"722\" src=\"https:\/\/cecile-delachaux.fr\/wp-content\/uploads\/2021\/04\/TREX.jpg\" class=\"attachment-full size-full\" alt=\"\" srcset=\"https:\/\/cecile-delachaux.fr\/wp-content\/uploads\/2021\/04\/TREX.jpg 730w, https:\/\/cecile-delachaux.fr\/wp-content\/uploads\/2021\/04\/TREX-300x297.jpg 300w, https:\/\/cecile-delachaux.fr\/wp-content\/uploads\/2021\/04\/TREX-554x548.jpg 554w, https:\/\/cecile-delachaux.fr\/wp-content\/uploads\/2021\/04\/TREX-416x411.jpg 416w, https:\/\/cecile-delachaux.fr\/wp-content\/uploads\/2021\/04\/TREX-100x100.jpg 100w\" sizes=\"auto, (max-width: 730px) 100vw, 730px\" \/><\/a>\r\n\t<\/div>\r\n\t<figcaption class='wp-caption-text gallery-caption' id='mla_gallery-1-8142'>\n\tMotif broderie redwork origami T-Rex\n\t<\/figcaption><\/figure><figure class='gallery-item last_in_row'>\r\n\t<div class='gallery-icon portrait'>\r\n\t\t<a href='https:\/\/cecile-delachaux.fr\/wp-content\/uploads\/2021\/04\/loup-origami-gimp2.jpg'><img loading=\"lazy\" decoding=\"async\" aria-describedby=\"mla_gallery-1-8143\" width=\"681\" height=\"1068\" src=\"https:\/\/cecile-delachaux.fr\/wp-content\/uploads\/2021\/04\/loup-origami-gimp2.jpg\" class=\"attachment-full size-full\" alt=\"\" srcset=\"https:\/\/cecile-delachaux.fr\/wp-content\/uploads\/2021\/04\/loup-origami-gimp2.jpg 681w, https:\/\/cecile-delachaux.fr\/wp-content\/uploads\/2021\/04\/loup-origami-gimp2-191x300.jpg 191w, https:\/\/cecile-delachaux.fr\/wp-content\/uploads\/2021\/04\/loup-origami-gimp2-349x548.jpg 349w, https:\/\/cecile-delachaux.fr\/wp-content\/uploads\/2021\/04\/loup-origami-gimp2-416x652.jpg 416w\" sizes=\"auto, (max-width: 681px) 100vw, 681px\" \/><\/a>\r\n\t<\/div>\r\n\t<figcaption class='wp-caption-text gallery-caption' id='mla_gallery-1-8143'>\n\tMotif broderie redwork origami loup\n\t<\/figcaption><\/figure><figure class='gallery-item '>\r\n\t<div class='gallery-icon portrait'>\r\n\t\t<a href='https:\/\/cecile-delachaux.fr\/wp-content\/uploads\/2021\/04\/il_1588xN.2085431283_bnwq.jpg'><img loading=\"lazy\" decoding=\"async\" aria-describedby=\"mla_gallery-1-8145\" width=\"1588\" height=\"1623\" src=\"https:\/\/cecile-delachaux.fr\/wp-content\/uploads\/2021\/04\/il_1588xN.2085431283_bnwq.jpg\" class=\"attachment-full size-full\" alt=\"\" srcset=\"https:\/\/cecile-delachaux.fr\/wp-content\/uploads\/2021\/04\/il_1588xN.2085431283_bnwq.jpg 1588w, https:\/\/cecile-delachaux.fr\/wp-content\/uploads\/2021\/04\/il_1588xN.2085431283_bnwq-294x300.jpg 294w, https:\/\/cecile-delachaux.fr\/wp-content\/uploads\/2021\/04\/il_1588xN.2085431283_bnwq-536x548.jpg 536w, https:\/\/cecile-delachaux.fr\/wp-content\/uploads\/2021\/04\/il_1588xN.2085431283_bnwq-768x785.jpg 768w, https:\/\/cecile-delachaux.fr\/wp-content\/uploads\/2021\/04\/il_1588xN.2085431283_bnwq-1503x1536.jpg 1503w, https:\/\/cecile-delachaux.fr\/wp-content\/uploads\/2021\/04\/il_1588xN.2085431283_bnwq-416x425.jpg 416w\" sizes=\"auto, (max-width: 1588px) 100vw, 1588px\" \/><\/a>\r\n\t<\/div>\r\n\t<figcaption class='wp-caption-text gallery-caption' id='mla_gallery-1-8145'>\n\tMotif broderie Jardin botanique\n\t<\/figcaption><\/figure><figure class='gallery-item '>\r\n\t<div class='gallery-icon portrait'>\r\n\t\t<a href='https:\/\/cecile-delachaux.fr\/wp-content\/uploads\/2021\/11\/Casse-noisette-la-fee-dragee.webp'><img loading=\"lazy\" decoding=\"async\" aria-describedby=\"mla_gallery-1-8879\" width=\"1588\" height=\"1695\" src=\"https:\/\/cecile-delachaux.fr\/wp-content\/uploads\/2021\/11\/Casse-noisette-la-fee-dragee.webp\" class=\"attachment-full size-full\" alt=\"\" srcset=\"https:\/\/cecile-delachaux.fr\/wp-content\/uploads\/2021\/11\/Casse-noisette-la-fee-dragee.webp 1588w, https:\/\/cecile-delachaux.fr\/wp-content\/uploads\/2021\/11\/Casse-noisette-la-fee-dragee-281x300.webp 281w, https:\/\/cecile-delachaux.fr\/wp-content\/uploads\/2021\/11\/Casse-noisette-la-fee-dragee-513x548.webp 513w, https:\/\/cecile-delachaux.fr\/wp-content\/uploads\/2021\/11\/Casse-noisette-la-fee-dragee-768x820.webp 768w, https:\/\/cecile-delachaux.fr\/wp-content\/uploads\/2021\/11\/Casse-noisette-la-fee-dragee-1439x1536.webp 1439w, https:\/\/cecile-delachaux.fr\/wp-content\/uploads\/2021\/11\/Casse-noisette-la-fee-dragee-416x444.webp 416w\" sizes=\"auto, (max-width: 1588px) 100vw, 1588px\" \/><\/a>\r\n\t<\/div>\r\n\t<figcaption class='wp-caption-text gallery-caption' id='mla_gallery-1-8879'>\n\tMotif broderie Casse-noisette la f\u00e9e drag\u00e9e\n\t<\/figcaption><\/figure><figure class='gallery-item last_in_row'>\r\n\t<div class='gallery-icon landscape'>\r\n\t\t<a href='https:\/\/cecile-delachaux.fr\/wp-content\/uploads\/2021\/11\/Casse-noisette-roi-des-souris.jpg'><img loading=\"lazy\" decoding=\"async\" aria-describedby=\"mla_gallery-1-8880\" width=\"1581\" height=\"1581\" src=\"https:\/\/cecile-delachaux.fr\/wp-content\/uploads\/2021\/11\/Casse-noisette-roi-des-souris.jpg\" class=\"attachment-full size-full\" alt=\"\" srcset=\"https:\/\/cecile-delachaux.fr\/wp-content\/uploads\/2021\/11\/Casse-noisette-roi-des-souris.jpg 1581w, https:\/\/cecile-delachaux.fr\/wp-content\/uploads\/2021\/11\/Casse-noisette-roi-des-souris-300x300.jpg 300w, https:\/\/cecile-delachaux.fr\/wp-content\/uploads\/2021\/11\/Casse-noisette-roi-des-souris-548x548.jpg 548w, https:\/\/cecile-delachaux.fr\/wp-content\/uploads\/2021\/11\/Casse-noisette-roi-des-souris-150x150.jpg 150w, https:\/\/cecile-delachaux.fr\/wp-content\/uploads\/2021\/11\/Casse-noisette-roi-des-souris-768x768.jpg 768w, https:\/\/cecile-delachaux.fr\/wp-content\/uploads\/2021\/11\/Casse-noisette-roi-des-souris-1536x1536.jpg 1536w, https:\/\/cecile-delachaux.fr\/wp-content\/uploads\/2021\/11\/Casse-noisette-roi-des-souris-324x324.jpg 324w, https:\/\/cecile-delachaux.fr\/wp-content\/uploads\/2021\/11\/Casse-noisette-roi-des-souris-416x416.jpg 416w, https:\/\/cecile-delachaux.fr\/wp-content\/uploads\/2021\/11\/Casse-noisette-roi-des-souris-100x100.jpg 100w\" sizes=\"auto, (max-width: 1581px) 100vw, 1581px\" \/><\/a>\r\n\t<\/div>\r\n\t<figcaption class='wp-caption-text gallery-caption' id='mla_gallery-1-8880'>\n\tMotif broderie Casse-noisette roi des souris\n\t<\/figcaption><\/figure><figure class='gallery-item '>\r\n\t<div class='gallery-icon portrait'>\r\n\t\t<a href='https:\/\/cecile-delachaux.fr\/wp-content\/uploads\/2021\/11\/Casse-noisette.jpg'><img loading=\"lazy\" decoding=\"async\" aria-describedby=\"mla_gallery-1-8881\" width=\"1582\" height=\"1584\" src=\"https:\/\/cecile-delachaux.fr\/wp-content\/uploads\/2021\/11\/Casse-noisette.jpg\" class=\"attachment-full size-full\" alt=\"\" srcset=\"https:\/\/cecile-delachaux.fr\/wp-content\/uploads\/2021\/11\/Casse-noisette.jpg 1582w, https:\/\/cecile-delachaux.fr\/wp-content\/uploads\/2021\/11\/Casse-noisette-300x300.jpg 300w, https:\/\/cecile-delachaux.fr\/wp-content\/uploads\/2021\/11\/Casse-noisette-547x548.jpg 547w, https:\/\/cecile-delachaux.fr\/wp-content\/uploads\/2021\/11\/Casse-noisette-150x150.jpg 150w, https:\/\/cecile-delachaux.fr\/wp-content\/uploads\/2021\/11\/Casse-noisette-768x769.jpg 768w, https:\/\/cecile-delachaux.fr\/wp-content\/uploads\/2021\/11\/Casse-noisette-1534x1536.jpg 1534w, https:\/\/cecile-delachaux.fr\/wp-content\/uploads\/2021\/11\/Casse-noisette-324x324.jpg 324w, https:\/\/cecile-delachaux.fr\/wp-content\/uploads\/2021\/11\/Casse-noisette-416x417.jpg 416w, https:\/\/cecile-delachaux.fr\/wp-content\/uploads\/2021\/11\/Casse-noisette-100x100.jpg 100w\" sizes=\"auto, (max-width: 1582px) 100vw, 1582px\" \/><\/a>\r\n\t<\/div>\r\n\t<figcaption class='wp-caption-text gallery-caption' id='mla_gallery-1-8881'>\n\tMotif broderie Casse-noisette\n\t<\/figcaption><\/figure><figure class='gallery-item '>\r\n\t<div class='gallery-icon landscape'>\r\n\t\t<a href='https:\/\/cecile-delachaux.fr\/wp-content\/uploads\/2021\/11\/Couronne-dhiver.jpg'><img loading=\"lazy\" decoding=\"async\" aria-describedby=\"mla_gallery-1-8882\" width=\"1588\" height=\"1588\" src=\"https:\/\/cecile-delachaux.fr\/wp-content\/uploads\/2021\/11\/Couronne-dhiver.jpg\" class=\"attachment-full size-full\" alt=\"\" srcset=\"https:\/\/cecile-delachaux.fr\/wp-content\/uploads\/2021\/11\/Couronne-dhiver.jpg 1588w, https:\/\/cecile-delachaux.fr\/wp-content\/uploads\/2021\/11\/Couronne-dhiver-300x300.jpg 300w, https:\/\/cecile-delachaux.fr\/wp-content\/uploads\/2021\/11\/Couronne-dhiver-548x548.jpg 548w, https:\/\/cecile-delachaux.fr\/wp-content\/uploads\/2021\/11\/Couronne-dhiver-150x150.jpg 150w, https:\/\/cecile-delachaux.fr\/wp-content\/uploads\/2021\/11\/Couronne-dhiver-768x768.jpg 768w, https:\/\/cecile-delachaux.fr\/wp-content\/uploads\/2021\/11\/Couronne-dhiver-1536x1536.jpg 1536w, https:\/\/cecile-delachaux.fr\/wp-content\/uploads\/2021\/11\/Couronne-dhiver-324x324.jpg 324w, https:\/\/cecile-delachaux.fr\/wp-content\/uploads\/2021\/11\/Couronne-dhiver-416x416.jpg 416w, https:\/\/cecile-delachaux.fr\/wp-content\/uploads\/2021\/11\/Couronne-dhiver-100x100.jpg 100w\" sizes=\"auto, (max-width: 1588px) 100vw, 1588px\" \/><\/a>\r\n\t<\/div>\r\n\t<figcaption class='wp-caption-text gallery-caption' id='mla_gallery-1-8882'>\n\tMotif broderie Couronne d\u2019hiver\n\t<\/figcaption><\/figure><figure class='gallery-item last_in_row'>\r\n\t<div class='gallery-icon landscape'>\r\n\t\t<a href='https:\/\/cecile-delachaux.fr\/wp-content\/uploads\/2021\/11\/Motif-broderie-colombe-redwork.jpg'><img loading=\"lazy\" decoding=\"async\" aria-describedby=\"mla_gallery-1-8883\" width=\"601\" height=\"601\" src=\"https:\/\/cecile-delachaux.fr\/wp-content\/uploads\/2021\/11\/Motif-broderie-colombe-redwork.jpg\" class=\"attachment-full size-full\" alt=\"\" srcset=\"https:\/\/cecile-delachaux.fr\/wp-content\/uploads\/2021\/11\/Motif-broderie-colombe-redwork.jpg 601w, https:\/\/cecile-delachaux.fr\/wp-content\/uploads\/2021\/11\/Motif-broderie-colombe-redwork-300x300.jpg 300w, https:\/\/cecile-delachaux.fr\/wp-content\/uploads\/2021\/11\/Motif-broderie-colombe-redwork-548x548.jpg 548w, https:\/\/cecile-delachaux.fr\/wp-content\/uploads\/2021\/11\/Motif-broderie-colombe-redwork-150x150.jpg 150w, https:\/\/cecile-delachaux.fr\/wp-content\/uploads\/2021\/11\/Motif-broderie-colombe-redwork-324x324.jpg 324w, https:\/\/cecile-delachaux.fr\/wp-content\/uploads\/2021\/11\/Motif-broderie-colombe-redwork-416x416.jpg 416w, https:\/\/cecile-delachaux.fr\/wp-content\/uploads\/2021\/11\/Motif-broderie-colombe-redwork-100x100.jpg 100w\" sizes=\"auto, (max-width: 601px) 100vw, 601px\" \/><\/a>\r\n\t<\/div>\r\n\t<figcaption class='wp-caption-text gallery-caption' id='mla_gallery-1-8883'>\n\tMotif broderie redwork Colombe\n\t<\/figcaption><\/figure><figure class='gallery-item '>\r\n\t<div class='gallery-icon landscape'>\r\n\t\t<a href='https:\/\/cecile-delachaux.fr\/wp-content\/uploads\/2021\/11\/baleine-origami.jpg'><img loading=\"lazy\" decoding=\"async\" aria-describedby=\"mla_gallery-1-8884\" width=\"965\" height=\"964\" src=\"https:\/\/cecile-delachaux.fr\/wp-content\/uploads\/2021\/11\/baleine-origami.jpg\" class=\"attachment-full size-full\" alt=\"\" srcset=\"https:\/\/cecile-delachaux.fr\/wp-content\/uploads\/2021\/11\/baleine-origami.jpg 965w, https:\/\/cecile-delachaux.fr\/wp-content\/uploads\/2021\/11\/baleine-origami-300x300.jpg 300w, https:\/\/cecile-delachaux.fr\/wp-content\/uploads\/2021\/11\/baleine-origami-549x548.jpg 549w, https:\/\/cecile-delachaux.fr\/wp-content\/uploads\/2021\/11\/baleine-origami-150x150.jpg 150w, https:\/\/cecile-delachaux.fr\/wp-content\/uploads\/2021\/11\/baleine-origami-768x767.jpg 768w, https:\/\/cecile-delachaux.fr\/wp-content\/uploads\/2021\/11\/baleine-origami-324x324.jpg 324w, https:\/\/cecile-delachaux.fr\/wp-content\/uploads\/2021\/11\/baleine-origami-416x416.jpg 416w, https:\/\/cecile-delachaux.fr\/wp-content\/uploads\/2021\/11\/baleine-origami-100x100.jpg 100w\" sizes=\"auto, (max-width: 965px) 100vw, 965px\" \/><\/a>\r\n\t<\/div>\r\n\t<figcaption class='wp-caption-text gallery-caption' id='mla_gallery-1-8884'>\n\tMotif broderie redwork baleine origami\n\t<\/figcaption><\/figure><figure class='gallery-item '>\r\n\t<div class='gallery-icon landscape'>\r\n\t\t<a href='https:\/\/cecile-delachaux.fr\/wp-content\/uploads\/2021\/11\/Broderie-couronne-de-fleurs-sauvages.jpg'><img loading=\"lazy\" decoding=\"async\" aria-describedby=\"mla_gallery-1-8885\" width=\"530\" height=\"530\" src=\"https:\/\/cecile-delachaux.fr\/wp-content\/uploads\/2021\/11\/Broderie-couronne-de-fleurs-sauvages.jpg\" class=\"attachment-full size-full\" alt=\"\" srcset=\"https:\/\/cecile-delachaux.fr\/wp-content\/uploads\/2021\/11\/Broderie-couronne-de-fleurs-sauvages.jpg 530w, https:\/\/cecile-delachaux.fr\/wp-content\/uploads\/2021\/11\/Broderie-couronne-de-fleurs-sauvages-300x300.jpg 300w, https:\/\/cecile-delachaux.fr\/wp-content\/uploads\/2021\/11\/Broderie-couronne-de-fleurs-sauvages-150x150.jpg 150w, https:\/\/cecile-delachaux.fr\/wp-content\/uploads\/2021\/11\/Broderie-couronne-de-fleurs-sauvages-324x324.jpg 324w, https:\/\/cecile-delachaux.fr\/wp-content\/uploads\/2021\/11\/Broderie-couronne-de-fleurs-sauvages-416x416.jpg 416w, https:\/\/cecile-delachaux.fr\/wp-content\/uploads\/2021\/11\/Broderie-couronne-de-fleurs-sauvages-100x100.jpg 100w\" sizes=\"auto, (max-width: 530px) 100vw, 530px\" \/><\/a>\r\n\t<\/div>\r\n\t<figcaption class='wp-caption-text gallery-caption' id='mla_gallery-1-8885'>\n\tMotif broderie couronne de fleurs sauvages\n\t<\/figcaption><\/figure><figure class='gallery-item last_in_row'>\r\n\t<div class='gallery-icon landscape'>\r\n\t\t<a href='https:\/\/cecile-delachaux.fr\/wp-content\/uploads\/2021\/11\/Broderie-couronne-forsythia.jpg'><img loading=\"lazy\" decoding=\"async\" aria-describedby=\"mla_gallery-1-8886\" width=\"1191\" height=\"1191\" src=\"https:\/\/cecile-delachaux.fr\/wp-content\/uploads\/2021\/11\/Broderie-couronne-forsythia.jpg\" class=\"attachment-full size-full\" alt=\"\" srcset=\"https:\/\/cecile-delachaux.fr\/wp-content\/uploads\/2021\/11\/Broderie-couronne-forsythia.jpg 1191w, https:\/\/cecile-delachaux.fr\/wp-content\/uploads\/2021\/11\/Broderie-couronne-forsythia-300x300.jpg 300w, https:\/\/cecile-delachaux.fr\/wp-content\/uploads\/2021\/11\/Broderie-couronne-forsythia-548x548.jpg 548w, https:\/\/cecile-delachaux.fr\/wp-content\/uploads\/2021\/11\/Broderie-couronne-forsythia-150x150.jpg 150w, https:\/\/cecile-delachaux.fr\/wp-content\/uploads\/2021\/11\/Broderie-couronne-forsythia-768x768.jpg 768w, https:\/\/cecile-delachaux.fr\/wp-content\/uploads\/2021\/11\/Broderie-couronne-forsythia-324x324.jpg 324w, https:\/\/cecile-delachaux.fr\/wp-content\/uploads\/2021\/11\/Broderie-couronne-forsythia-416x416.jpg 416w, https:\/\/cecile-delachaux.fr\/wp-content\/uploads\/2021\/11\/Broderie-couronne-forsythia-100x100.jpg 100w\" sizes=\"auto, (max-width: 1191px) 100vw, 1191px\" \/><\/a>\r\n\t<\/div>\r\n\t<figcaption class='wp-caption-text gallery-caption' id='mla_gallery-1-8886'>\n\tMotif de broderie couronne forsythia\n\t<\/figcaption><\/figure><figure class='gallery-item '>\r\n\t<div class='gallery-icon landscape'>\r\n\t\t<a href='https:\/\/cecile-delachaux.fr\/wp-content\/uploads\/2021\/11\/Broderie-de-cosmos.jpg'><img loading=\"lazy\" decoding=\"async\" aria-describedby=\"mla_gallery-1-8887\" width=\"1054\" height=\"1053\" src=\"https:\/\/cecile-delachaux.fr\/wp-content\/uploads\/2021\/11\/Broderie-de-cosmos.jpg\" class=\"attachment-full size-full\" alt=\"\" srcset=\"https:\/\/cecile-delachaux.fr\/wp-content\/uploads\/2021\/11\/Broderie-de-cosmos.jpg 1054w, https:\/\/cecile-delachaux.fr\/wp-content\/uploads\/2021\/11\/Broderie-de-cosmos-300x300.jpg 300w, https:\/\/cecile-delachaux.fr\/wp-content\/uploads\/2021\/11\/Broderie-de-cosmos-549x548.jpg 549w, https:\/\/cecile-delachaux.fr\/wp-content\/uploads\/2021\/11\/Broderie-de-cosmos-150x150.jpg 150w, https:\/\/cecile-delachaux.fr\/wp-content\/uploads\/2021\/11\/Broderie-de-cosmos-768x767.jpg 768w, https:\/\/cecile-delachaux.fr\/wp-content\/uploads\/2021\/11\/Broderie-de-cosmos-324x324.jpg 324w, https:\/\/cecile-delachaux.fr\/wp-content\/uploads\/2021\/11\/Broderie-de-cosmos-416x416.jpg 416w, https:\/\/cecile-delachaux.fr\/wp-content\/uploads\/2021\/11\/Broderie-de-cosmos-100x100.jpg 100w\" sizes=\"auto, (max-width: 1054px) 100vw, 1054px\" \/><\/a>\r\n\t<\/div>\r\n\t<figcaption class='wp-caption-text gallery-caption' id='mla_gallery-1-8887'>\n\tMotif de broderie de cosmos\n\t<\/figcaption><\/figure><figure class='gallery-item '>\r\n\t<div class='gallery-icon landscape'>\r\n\t\t<a href='https:\/\/cecile-delachaux.fr\/wp-content\/uploads\/2021\/11\/Broderie-de-marguerites.jpg'><img loading=\"lazy\" decoding=\"async\" aria-describedby=\"mla_gallery-1-8888\" width=\"1059\" height=\"1059\" src=\"https:\/\/cecile-delachaux.fr\/wp-content\/uploads\/2021\/11\/Broderie-de-marguerites.jpg\" class=\"attachment-full size-full\" alt=\"\" srcset=\"https:\/\/cecile-delachaux.fr\/wp-content\/uploads\/2021\/11\/Broderie-de-marguerites.jpg 1059w, https:\/\/cecile-delachaux.fr\/wp-content\/uploads\/2021\/11\/Broderie-de-marguerites-300x300.jpg 300w, https:\/\/cecile-delachaux.fr\/wp-content\/uploads\/2021\/11\/Broderie-de-marguerites-548x548.jpg 548w, https:\/\/cecile-delachaux.fr\/wp-content\/uploads\/2021\/11\/Broderie-de-marguerites-150x150.jpg 150w, https:\/\/cecile-delachaux.fr\/wp-content\/uploads\/2021\/11\/Broderie-de-marguerites-768x768.jpg 768w, https:\/\/cecile-delachaux.fr\/wp-content\/uploads\/2021\/11\/Broderie-de-marguerites-324x324.jpg 324w, https:\/\/cecile-delachaux.fr\/wp-content\/uploads\/2021\/11\/Broderie-de-marguerites-416x416.jpg 416w, https:\/\/cecile-delachaux.fr\/wp-content\/uploads\/2021\/11\/Broderie-de-marguerites-100x100.jpg 100w\" sizes=\"auto, (max-width: 1059px) 100vw, 1059px\" \/><\/a>\r\n\t<\/div>\r\n\t<figcaption class='wp-caption-text gallery-caption' id='mla_gallery-1-8888'>\n\tMotif de broderie de marguerites\n\t<\/figcaption><\/figure><figure class='gallery-item last_in_row'>\r\n\t<div class='gallery-icon landscape'>\r\n\t\t<a href='https:\/\/cecile-delachaux.fr\/wp-content\/uploads\/2021\/11\/Broderie-pissenlit.jpg'><img loading=\"lazy\" decoding=\"async\" aria-describedby=\"mla_gallery-1-8889\" width=\"1059\" height=\"1059\" src=\"https:\/\/cecile-delachaux.fr\/wp-content\/uploads\/2021\/11\/Broderie-pissenlit.jpg\" class=\"attachment-full size-full\" alt=\"\" srcset=\"https:\/\/cecile-delachaux.fr\/wp-content\/uploads\/2021\/11\/Broderie-pissenlit.jpg 1059w, https:\/\/cecile-delachaux.fr\/wp-content\/uploads\/2021\/11\/Broderie-pissenlit-300x300.jpg 300w, https:\/\/cecile-delachaux.fr\/wp-content\/uploads\/2021\/11\/Broderie-pissenlit-548x548.jpg 548w, https:\/\/cecile-delachaux.fr\/wp-content\/uploads\/2021\/11\/Broderie-pissenlit-150x150.jpg 150w, https:\/\/cecile-delachaux.fr\/wp-content\/uploads\/2021\/11\/Broderie-pissenlit-768x768.jpg 768w, https:\/\/cecile-delachaux.fr\/wp-content\/uploads\/2021\/11\/Broderie-pissenlit-324x324.jpg 324w, https:\/\/cecile-delachaux.fr\/wp-content\/uploads\/2021\/11\/Broderie-pissenlit-416x416.jpg 416w, https:\/\/cecile-delachaux.fr\/wp-content\/uploads\/2021\/11\/Broderie-pissenlit-100x100.jpg 100w\" sizes=\"auto, (max-width: 1059px) 100vw, 1059px\" \/><\/a>\r\n\t<\/div>\r\n\t<figcaption class='wp-caption-text gallery-caption' id='mla_gallery-1-8889'>\n\tMotif de broderie pissenlit\n\t<\/figcaption><\/figure><figure class='gallery-item '>\r\n\t<div class='gallery-icon landscape'>\r\n\t\t<a href='https:\/\/cecile-delachaux.fr\/wp-content\/uploads\/2021\/11\/Broderie-redwork-oiseau.jpg'><img loading=\"lazy\" decoding=\"async\" aria-describedby=\"mla_gallery-1-8890\" width=\"1384\" height=\"1383\" src=\"https:\/\/cecile-delachaux.fr\/wp-content\/uploads\/2021\/11\/Broderie-redwork-oiseau.jpg\" class=\"attachment-full size-full\" alt=\"\" srcset=\"https:\/\/cecile-delachaux.fr\/wp-content\/uploads\/2021\/11\/Broderie-redwork-oiseau.jpg 1384w, https:\/\/cecile-delachaux.fr\/wp-content\/uploads\/2021\/11\/Broderie-redwork-oiseau-300x300.jpg 300w, https:\/\/cecile-delachaux.fr\/wp-content\/uploads\/2021\/11\/Broderie-redwork-oiseau-548x548.jpg 548w, https:\/\/cecile-delachaux.fr\/wp-content\/uploads\/2021\/11\/Broderie-redwork-oiseau-150x150.jpg 150w, https:\/\/cecile-delachaux.fr\/wp-content\/uploads\/2021\/11\/Broderie-redwork-oiseau-768x767.jpg 768w, https:\/\/cecile-delachaux.fr\/wp-content\/uploads\/2021\/11\/Broderie-redwork-oiseau-324x324.jpg 324w, https:\/\/cecile-delachaux.fr\/wp-content\/uploads\/2021\/11\/Broderie-redwork-oiseau-416x416.jpg 416w, https:\/\/cecile-delachaux.fr\/wp-content\/uploads\/2021\/11\/Broderie-redwork-oiseau-100x100.jpg 100w\" sizes=\"auto, (max-width: 1384px) 100vw, 1384px\" \/><\/a>\r\n\t<\/div>\r\n\t<figcaption class='wp-caption-text gallery-caption' id='mla_gallery-1-8890'>\n\tMotif de broderie redwork oiseau\n\t<\/figcaption><\/figure><figure class='gallery-item '>\r\n\t<div class='gallery-icon landscape'>\r\n\t\t<a href='https:\/\/cecile-delachaux.fr\/wp-content\/uploads\/2021\/11\/lapin-de-paques-et-son-noeud-en-applique-4-tailles.jpg'><img loading=\"lazy\" decoding=\"async\" aria-describedby=\"mla_gallery-1-8891\" width=\"600\" height=\"600\" src=\"https:\/\/cecile-delachaux.fr\/wp-content\/uploads\/2021\/11\/lapin-de-paques-et-son-noeud-en-applique-4-tailles.jpg\" class=\"attachment-full size-full\" alt=\"\" srcset=\"https:\/\/cecile-delachaux.fr\/wp-content\/uploads\/2021\/11\/lapin-de-paques-et-son-noeud-en-applique-4-tailles.jpg 600w, https:\/\/cecile-delachaux.fr\/wp-content\/uploads\/2021\/11\/lapin-de-paques-et-son-noeud-en-applique-4-tailles-300x300.jpg 300w, https:\/\/cecile-delachaux.fr\/wp-content\/uploads\/2021\/11\/lapin-de-paques-et-son-noeud-en-applique-4-tailles-548x548.jpg 548w, https:\/\/cecile-delachaux.fr\/wp-content\/uploads\/2021\/11\/lapin-de-paques-et-son-noeud-en-applique-4-tailles-150x150.jpg 150w, https:\/\/cecile-delachaux.fr\/wp-content\/uploads\/2021\/11\/lapin-de-paques-et-son-noeud-en-applique-4-tailles-324x324.jpg 324w, https:\/\/cecile-delachaux.fr\/wp-content\/uploads\/2021\/11\/lapin-de-paques-et-son-noeud-en-applique-4-tailles-416x416.jpg 416w, https:\/\/cecile-delachaux.fr\/wp-content\/uploads\/2021\/11\/lapin-de-paques-et-son-noeud-en-applique-4-tailles-100x100.jpg 100w\" sizes=\"auto, (max-width: 600px) 100vw, 600px\" \/><\/a>\r\n\t<\/div>\r\n\t<figcaption class='wp-caption-text gallery-caption' id='mla_gallery-1-8891'>\n\tMotif de broderie appliqu\u00e9 Lapin de P\u00e2ques et son noeud\n\t<\/figcaption><\/figure><figure class='gallery-item last_in_row'>\r\n\t<div class='gallery-icon landscape'>\r\n\t\t<a href='https:\/\/cecile-delachaux.fr\/wp-content\/uploads\/2021\/11\/Motif-broderie-chiffres-fleuris.jpg'><img loading=\"lazy\" decoding=\"async\" aria-describedby=\"mla_gallery-1-8892\" width=\"1421\" height=\"1421\" src=\"https:\/\/cecile-delachaux.fr\/wp-content\/uploads\/2021\/11\/Motif-broderie-chiffres-fleuris.jpg\" class=\"attachment-full size-full\" alt=\"\" srcset=\"https:\/\/cecile-delachaux.fr\/wp-content\/uploads\/2021\/11\/Motif-broderie-chiffres-fleuris.jpg 1421w, https:\/\/cecile-delachaux.fr\/wp-content\/uploads\/2021\/11\/Motif-broderie-chiffres-fleuris-300x300.jpg 300w, https:\/\/cecile-delachaux.fr\/wp-content\/uploads\/2021\/11\/Motif-broderie-chiffres-fleuris-548x548.jpg 548w, https:\/\/cecile-delachaux.fr\/wp-content\/uploads\/2021\/11\/Motif-broderie-chiffres-fleuris-150x150.jpg 150w, https:\/\/cecile-delachaux.fr\/wp-content\/uploads\/2021\/11\/Motif-broderie-chiffres-fleuris-768x768.jpg 768w, https:\/\/cecile-delachaux.fr\/wp-content\/uploads\/2021\/11\/Motif-broderie-chiffres-fleuris-324x324.jpg 324w, https:\/\/cecile-delachaux.fr\/wp-content\/uploads\/2021\/11\/Motif-broderie-chiffres-fleuris-416x416.jpg 416w, https:\/\/cecile-delachaux.fr\/wp-content\/uploads\/2021\/11\/Motif-broderie-chiffres-fleuris-100x100.jpg 100w\" sizes=\"auto, (max-width: 1421px) 100vw, 1421px\" \/><\/a>\r\n\t<\/div>\r\n\t<figcaption class='wp-caption-text gallery-caption' id='mla_gallery-1-8892'>\n\tMotif broderie chiffres fleuris\n\t<\/figcaption><\/figure><figure class='gallery-item '>\r\n\t<div class='gallery-icon landscape'>\r\n\t\t<a href='https:\/\/cecile-delachaux.fr\/wp-content\/uploads\/2021\/11\/Dessin-de-broderie-profil-de-cerf.jpg'><img loading=\"lazy\" decoding=\"async\" aria-describedby=\"mla_gallery-1-8957\" width=\"1588\" height=\"1588\" src=\"https:\/\/cecile-delachaux.fr\/wp-content\/uploads\/2021\/11\/Dessin-de-broderie-profil-de-cerf.jpg\" class=\"attachment-full size-full\" alt=\"\" srcset=\"https:\/\/cecile-delachaux.fr\/wp-content\/uploads\/2021\/11\/Dessin-de-broderie-profil-de-cerf.jpg 1588w, https:\/\/cecile-delachaux.fr\/wp-content\/uploads\/2021\/11\/Dessin-de-broderie-profil-de-cerf-300x300.jpg 300w, https:\/\/cecile-delachaux.fr\/wp-content\/uploads\/2021\/11\/Dessin-de-broderie-profil-de-cerf-548x548.jpg 548w, https:\/\/cecile-delachaux.fr\/wp-content\/uploads\/2021\/11\/Dessin-de-broderie-profil-de-cerf-150x150.jpg 150w, https:\/\/cecile-delachaux.fr\/wp-content\/uploads\/2021\/11\/Dessin-de-broderie-profil-de-cerf-768x768.jpg 768w, https:\/\/cecile-delachaux.fr\/wp-content\/uploads\/2021\/11\/Dessin-de-broderie-profil-de-cerf-1536x1536.jpg 1536w, https:\/\/cecile-delachaux.fr\/wp-content\/uploads\/2021\/11\/Dessin-de-broderie-profil-de-cerf-324x324.jpg 324w, https:\/\/cecile-delachaux.fr\/wp-content\/uploads\/2021\/11\/Dessin-de-broderie-profil-de-cerf-416x416.jpg 416w, https:\/\/cecile-delachaux.fr\/wp-content\/uploads\/2021\/11\/Dessin-de-broderie-profil-de-cerf-100x100.jpg 100w\" sizes=\"auto, (max-width: 1588px) 100vw, 1588px\" \/><\/a>\r\n\t<\/div>\r\n\t<figcaption class='wp-caption-text gallery-caption' id='mla_gallery-1-8957'>\n\tMotif de broderie One line art profil de cerf\n\t<\/figcaption><\/figure><figure class='gallery-item '>\r\n\t<div class='gallery-icon landscape'>\r\n\t\t<a href='https:\/\/cecile-delachaux.fr\/wp-content\/uploads\/2021\/11\/Motif-de-broderie-arbre-de-Noel-sous-la-neige.jpg'><img loading=\"lazy\" decoding=\"async\" aria-describedby=\"mla_gallery-1-8958\" width=\"1206\" height=\"1206\" src=\"https:\/\/cecile-delachaux.fr\/wp-content\/uploads\/2021\/11\/Motif-de-broderie-arbre-de-Noel-sous-la-neige.jpg\" class=\"attachment-full size-full\" alt=\"\" srcset=\"https:\/\/cecile-delachaux.fr\/wp-content\/uploads\/2021\/11\/Motif-de-broderie-arbre-de-Noel-sous-la-neige.jpg 1206w, https:\/\/cecile-delachaux.fr\/wp-content\/uploads\/2021\/11\/Motif-de-broderie-arbre-de-Noel-sous-la-neige-300x300.jpg 300w, https:\/\/cecile-delachaux.fr\/wp-content\/uploads\/2021\/11\/Motif-de-broderie-arbre-de-Noel-sous-la-neige-548x548.jpg 548w, https:\/\/cecile-delachaux.fr\/wp-content\/uploads\/2021\/11\/Motif-de-broderie-arbre-de-Noel-sous-la-neige-150x150.jpg 150w, https:\/\/cecile-delachaux.fr\/wp-content\/uploads\/2021\/11\/Motif-de-broderie-arbre-de-Noel-sous-la-neige-768x768.jpg 768w, https:\/\/cecile-delachaux.fr\/wp-content\/uploads\/2021\/11\/Motif-de-broderie-arbre-de-Noel-sous-la-neige-324x324.jpg 324w, https:\/\/cecile-delachaux.fr\/wp-content\/uploads\/2021\/11\/Motif-de-broderie-arbre-de-Noel-sous-la-neige-416x416.jpg 416w, https:\/\/cecile-delachaux.fr\/wp-content\/uploads\/2021\/11\/Motif-de-broderie-arbre-de-Noel-sous-la-neige-100x100.jpg 100w\" sizes=\"auto, (max-width: 1206px) 100vw, 1206px\" \/><\/a>\r\n\t<\/div>\r\n\t<figcaption class='wp-caption-text gallery-caption' id='mla_gallery-1-8958'>\n\tMotif de broderie arbre de No\u00ebl sous la neige\n\t<\/figcaption><\/figure><figure class='gallery-item last_in_row'>\r\n\t<div class='gallery-icon landscape'>\r\n\t\t<a href='https:\/\/cecile-delachaux.fr\/wp-content\/uploads\/2021\/11\/Motif-de-broderie-arbres-de-Noel-foret-dhiver.jpg'><img loading=\"lazy\" decoding=\"async\" aria-describedby=\"mla_gallery-1-8959\" width=\"1080\" height=\"1080\" src=\"https:\/\/cecile-delachaux.fr\/wp-content\/uploads\/2021\/11\/Motif-de-broderie-arbres-de-Noel-foret-dhiver.jpg\" class=\"attachment-full size-full\" alt=\"\" srcset=\"https:\/\/cecile-delachaux.fr\/wp-content\/uploads\/2021\/11\/Motif-de-broderie-arbres-de-Noel-foret-dhiver.jpg 1080w, https:\/\/cecile-delachaux.fr\/wp-content\/uploads\/2021\/11\/Motif-de-broderie-arbres-de-Noel-foret-dhiver-300x300.jpg 300w, https:\/\/cecile-delachaux.fr\/wp-content\/uploads\/2021\/11\/Motif-de-broderie-arbres-de-Noel-foret-dhiver-548x548.jpg 548w, https:\/\/cecile-delachaux.fr\/wp-content\/uploads\/2021\/11\/Motif-de-broderie-arbres-de-Noel-foret-dhiver-150x150.jpg 150w, https:\/\/cecile-delachaux.fr\/wp-content\/uploads\/2021\/11\/Motif-de-broderie-arbres-de-Noel-foret-dhiver-768x768.jpg 768w, https:\/\/cecile-delachaux.fr\/wp-content\/uploads\/2021\/11\/Motif-de-broderie-arbres-de-Noel-foret-dhiver-324x324.jpg 324w, https:\/\/cecile-delachaux.fr\/wp-content\/uploads\/2021\/11\/Motif-de-broderie-arbres-de-Noel-foret-dhiver-416x416.jpg 416w, https:\/\/cecile-delachaux.fr\/wp-content\/uploads\/2021\/11\/Motif-de-broderie-arbres-de-Noel-foret-dhiver-100x100.jpg 100w\" sizes=\"auto, (max-width: 1080px) 100vw, 1080px\" \/><\/a>\r\n\t<\/div>\r\n\t<figcaption class='wp-caption-text gallery-caption' id='mla_gallery-1-8959'>\n\tMotif de broderie One lin art arbres de No\u00ebl for\u00eat d\u2019hiver\n\t<\/figcaption><\/figure><figure class='gallery-item '>\r\n\t<div class='gallery-icon landscape'>\r\n\t\t<a href='https:\/\/cecile-delachaux.fr\/wp-content\/uploads\/2021\/11\/Motif-de-broderie-botanique-croquis-fleurs-trait-continu.jpg'><img loading=\"lazy\" decoding=\"async\" aria-describedby=\"mla_gallery-1-8960\" width=\"1588\" height=\"1588\" src=\"https:\/\/cecile-delachaux.fr\/wp-content\/uploads\/2021\/11\/Motif-de-broderie-botanique-croquis-fleurs-trait-continu.jpg\" class=\"attachment-full size-full\" alt=\"\" srcset=\"https:\/\/cecile-delachaux.fr\/wp-content\/uploads\/2021\/11\/Motif-de-broderie-botanique-croquis-fleurs-trait-continu.jpg 1588w, https:\/\/cecile-delachaux.fr\/wp-content\/uploads\/2021\/11\/Motif-de-broderie-botanique-croquis-fleurs-trait-continu-300x300.jpg 300w, https:\/\/cecile-delachaux.fr\/wp-content\/uploads\/2021\/11\/Motif-de-broderie-botanique-croquis-fleurs-trait-continu-548x548.jpg 548w, https:\/\/cecile-delachaux.fr\/wp-content\/uploads\/2021\/11\/Motif-de-broderie-botanique-croquis-fleurs-trait-continu-150x150.jpg 150w, https:\/\/cecile-delachaux.fr\/wp-content\/uploads\/2021\/11\/Motif-de-broderie-botanique-croquis-fleurs-trait-continu-768x768.jpg 768w, https:\/\/cecile-delachaux.fr\/wp-content\/uploads\/2021\/11\/Motif-de-broderie-botanique-croquis-fleurs-trait-continu-1536x1536.jpg 1536w, https:\/\/cecile-delachaux.fr\/wp-content\/uploads\/2021\/11\/Motif-de-broderie-botanique-croquis-fleurs-trait-continu-324x324.jpg 324w, https:\/\/cecile-delachaux.fr\/wp-content\/uploads\/2021\/11\/Motif-de-broderie-botanique-croquis-fleurs-trait-continu-416x416.jpg 416w, https:\/\/cecile-delachaux.fr\/wp-content\/uploads\/2021\/11\/Motif-de-broderie-botanique-croquis-fleurs-trait-continu-100x100.jpg 100w\" sizes=\"auto, (max-width: 1588px) 100vw, 1588px\" \/><\/a>\r\n\t<\/div>\r\n\t<figcaption class='wp-caption-text gallery-caption' id='mla_gallery-1-8960'>\n\tMotif de broderie One line art botanique croquis fleurs trait continu\n\t<\/figcaption><\/figure><figure class='gallery-item '>\r\n\t<div class='gallery-icon landscape'>\r\n\t\t<a href='https:\/\/cecile-delachaux.fr\/wp-content\/uploads\/2021\/11\/Motif-de-broderie-bouquet-de-fleurs.jpg'><img loading=\"lazy\" decoding=\"async\" aria-describedby=\"mla_gallery-1-8961\" width=\"1240\" height=\"1240\" src=\"https:\/\/cecile-delachaux.fr\/wp-content\/uploads\/2021\/11\/Motif-de-broderie-bouquet-de-fleurs.jpg\" class=\"attachment-full size-full\" alt=\"\" srcset=\"https:\/\/cecile-delachaux.fr\/wp-content\/uploads\/2021\/11\/Motif-de-broderie-bouquet-de-fleurs.jpg 1240w, https:\/\/cecile-delachaux.fr\/wp-content\/uploads\/2021\/11\/Motif-de-broderie-bouquet-de-fleurs-300x300.jpg 300w, https:\/\/cecile-delachaux.fr\/wp-content\/uploads\/2021\/11\/Motif-de-broderie-bouquet-de-fleurs-548x548.jpg 548w, https:\/\/cecile-delachaux.fr\/wp-content\/uploads\/2021\/11\/Motif-de-broderie-bouquet-de-fleurs-150x150.jpg 150w, https:\/\/cecile-delachaux.fr\/wp-content\/uploads\/2021\/11\/Motif-de-broderie-bouquet-de-fleurs-768x768.jpg 768w, https:\/\/cecile-delachaux.fr\/wp-content\/uploads\/2021\/11\/Motif-de-broderie-bouquet-de-fleurs-324x324.jpg 324w, https:\/\/cecile-delachaux.fr\/wp-content\/uploads\/2021\/11\/Motif-de-broderie-bouquet-de-fleurs-416x416.jpg 416w, https:\/\/cecile-delachaux.fr\/wp-content\/uploads\/2021\/11\/Motif-de-broderie-bouquet-de-fleurs-100x100.jpg 100w\" sizes=\"auto, (max-width: 1240px) 100vw, 1240px\" \/><\/a>\r\n\t<\/div>\r\n\t<figcaption class='wp-caption-text gallery-caption' id='mla_gallery-1-8961'>\n\tMotif de broderie bouquet de fleurs\n\t<\/figcaption><\/figure><figure class='gallery-item last_in_row'>\r\n\t<div class='gallery-icon landscape'>\r\n\t\t<a href='https:\/\/cecile-delachaux.fr\/wp-content\/uploads\/2021\/11\/Motif-de-broderie-Carte-du-monde.jpg'><img loading=\"lazy\" decoding=\"async\" aria-describedby=\"mla_gallery-1-8962\" width=\"1080\" height=\"1080\" src=\"https:\/\/cecile-delachaux.fr\/wp-content\/uploads\/2021\/11\/Motif-de-broderie-Carte-du-monde.jpg\" class=\"attachment-full size-full\" alt=\"\" srcset=\"https:\/\/cecile-delachaux.fr\/wp-content\/uploads\/2021\/11\/Motif-de-broderie-Carte-du-monde.jpg 1080w, https:\/\/cecile-delachaux.fr\/wp-content\/uploads\/2021\/11\/Motif-de-broderie-Carte-du-monde-300x300.jpg 300w, https:\/\/cecile-delachaux.fr\/wp-content\/uploads\/2021\/11\/Motif-de-broderie-Carte-du-monde-548x548.jpg 548w, https:\/\/cecile-delachaux.fr\/wp-content\/uploads\/2021\/11\/Motif-de-broderie-Carte-du-monde-150x150.jpg 150w, https:\/\/cecile-delachaux.fr\/wp-content\/uploads\/2021\/11\/Motif-de-broderie-Carte-du-monde-768x768.jpg 768w, https:\/\/cecile-delachaux.fr\/wp-content\/uploads\/2021\/11\/Motif-de-broderie-Carte-du-monde-324x324.jpg 324w, https:\/\/cecile-delachaux.fr\/wp-content\/uploads\/2021\/11\/Motif-de-broderie-Carte-du-monde-416x416.jpg 416w, https:\/\/cecile-delachaux.fr\/wp-content\/uploads\/2021\/11\/Motif-de-broderie-Carte-du-monde-100x100.jpg 100w\" sizes=\"auto, (max-width: 1080px) 100vw, 1080px\" \/><\/a>\r\n\t<\/div>\r\n\t<figcaption class='wp-caption-text gallery-caption' id='mla_gallery-1-8962'>\n\tMotif de broderie One line art Carte du monde\n\t<\/figcaption><\/figure><figure class='gallery-item '>\r\n\t<div class='gallery-icon landscape'>\r\n\t\t<a href='https:\/\/cecile-delachaux.fr\/wp-content\/uploads\/2021\/11\/Motif-de-broderie-cerf.jpg'><img loading=\"lazy\" decoding=\"async\" aria-describedby=\"mla_gallery-1-8963\" width=\"1468\" height=\"1468\" src=\"https:\/\/cecile-delachaux.fr\/wp-content\/uploads\/2021\/11\/Motif-de-broderie-cerf.jpg\" class=\"attachment-full size-full\" alt=\"\" srcset=\"https:\/\/cecile-delachaux.fr\/wp-content\/uploads\/2021\/11\/Motif-de-broderie-cerf.jpg 1468w, https:\/\/cecile-delachaux.fr\/wp-content\/uploads\/2021\/11\/Motif-de-broderie-cerf-300x300.jpg 300w, https:\/\/cecile-delachaux.fr\/wp-content\/uploads\/2021\/11\/Motif-de-broderie-cerf-548x548.jpg 548w, https:\/\/cecile-delachaux.fr\/wp-content\/uploads\/2021\/11\/Motif-de-broderie-cerf-150x150.jpg 150w, https:\/\/cecile-delachaux.fr\/wp-content\/uploads\/2021\/11\/Motif-de-broderie-cerf-768x768.jpg 768w, https:\/\/cecile-delachaux.fr\/wp-content\/uploads\/2021\/11\/Motif-de-broderie-cerf-324x324.jpg 324w, https:\/\/cecile-delachaux.fr\/wp-content\/uploads\/2021\/11\/Motif-de-broderie-cerf-416x416.jpg 416w, https:\/\/cecile-delachaux.fr\/wp-content\/uploads\/2021\/11\/Motif-de-broderie-cerf-100x100.jpg 100w\" sizes=\"auto, (max-width: 1468px) 100vw, 1468px\" \/><\/a>\r\n\t<\/div>\r\n\t<figcaption class='wp-caption-text gallery-caption' id='mla_gallery-1-8963'>\n\tMotif de broderie One line art cerf\n\t<\/figcaption><\/figure><figure class='gallery-item '>\r\n\t<div class='gallery-icon landscape'>\r\n\t\t<a href='https:\/\/cecile-delachaux.fr\/wp-content\/uploads\/2021\/11\/Motif-de-broderie-couronne-de-feuilles-cadre-floral.jpg'><img loading=\"lazy\" decoding=\"async\" aria-describedby=\"mla_gallery-1-8964\" width=\"1560\" height=\"1560\" src=\"https:\/\/cecile-delachaux.fr\/wp-content\/uploads\/2021\/11\/Motif-de-broderie-couronne-de-feuilles-cadre-floral.jpg\" class=\"attachment-full size-full\" alt=\"\" srcset=\"https:\/\/cecile-delachaux.fr\/wp-content\/uploads\/2021\/11\/Motif-de-broderie-couronne-de-feuilles-cadre-floral.jpg 1560w, https:\/\/cecile-delachaux.fr\/wp-content\/uploads\/2021\/11\/Motif-de-broderie-couronne-de-feuilles-cadre-floral-300x300.jpg 300w, https:\/\/cecile-delachaux.fr\/wp-content\/uploads\/2021\/11\/Motif-de-broderie-couronne-de-feuilles-cadre-floral-548x548.jpg 548w, https:\/\/cecile-delachaux.fr\/wp-content\/uploads\/2021\/11\/Motif-de-broderie-couronne-de-feuilles-cadre-floral-150x150.jpg 150w, https:\/\/cecile-delachaux.fr\/wp-content\/uploads\/2021\/11\/Motif-de-broderie-couronne-de-feuilles-cadre-floral-768x768.jpg 768w, https:\/\/cecile-delachaux.fr\/wp-content\/uploads\/2021\/11\/Motif-de-broderie-couronne-de-feuilles-cadre-floral-1536x1536.jpg 1536w, https:\/\/cecile-delachaux.fr\/wp-content\/uploads\/2021\/11\/Motif-de-broderie-couronne-de-feuilles-cadre-floral-324x324.jpg 324w, https:\/\/cecile-delachaux.fr\/wp-content\/uploads\/2021\/11\/Motif-de-broderie-couronne-de-feuilles-cadre-floral-416x416.jpg 416w, https:\/\/cecile-delachaux.fr\/wp-content\/uploads\/2021\/11\/Motif-de-broderie-couronne-de-feuilles-cadre-floral-100x100.jpg 100w\" sizes=\"auto, (max-width: 1560px) 100vw, 1560px\" \/><\/a>\r\n\t<\/div>\r\n\t<figcaption class='wp-caption-text gallery-caption' id='mla_gallery-1-8964'>\n\tMotif de broderie couronne de feuilles cadre floral\n\t<\/figcaption><\/figure><figure class='gallery-item last_in_row'>\r\n\t<div class='gallery-icon landscape'>\r\n\t\t<a href='https:\/\/cecile-delachaux.fr\/wp-content\/uploads\/2021\/11\/Motif-de-broderie-dessin-de-cerf.jpg'><img loading=\"lazy\" decoding=\"async\" aria-describedby=\"mla_gallery-1-8965\" width=\"1588\" height=\"1588\" src=\"https:\/\/cecile-delachaux.fr\/wp-content\/uploads\/2021\/11\/Motif-de-broderie-dessin-de-cerf.jpg\" class=\"attachment-full size-full\" alt=\"\" srcset=\"https:\/\/cecile-delachaux.fr\/wp-content\/uploads\/2021\/11\/Motif-de-broderie-dessin-de-cerf.jpg 1588w, https:\/\/cecile-delachaux.fr\/wp-content\/uploads\/2021\/11\/Motif-de-broderie-dessin-de-cerf-300x300.jpg 300w, https:\/\/cecile-delachaux.fr\/wp-content\/uploads\/2021\/11\/Motif-de-broderie-dessin-de-cerf-548x548.jpg 548w, https:\/\/cecile-delachaux.fr\/wp-content\/uploads\/2021\/11\/Motif-de-broderie-dessin-de-cerf-150x150.jpg 150w, https:\/\/cecile-delachaux.fr\/wp-content\/uploads\/2021\/11\/Motif-de-broderie-dessin-de-cerf-768x768.jpg 768w, https:\/\/cecile-delachaux.fr\/wp-content\/uploads\/2021\/11\/Motif-de-broderie-dessin-de-cerf-1536x1536.jpg 1536w, https:\/\/cecile-delachaux.fr\/wp-content\/uploads\/2021\/11\/Motif-de-broderie-dessin-de-cerf-324x324.jpg 324w, https:\/\/cecile-delachaux.fr\/wp-content\/uploads\/2021\/11\/Motif-de-broderie-dessin-de-cerf-416x416.jpg 416w, https:\/\/cecile-delachaux.fr\/wp-content\/uploads\/2021\/11\/Motif-de-broderie-dessin-de-cerf-100x100.jpg 100w\" sizes=\"auto, (max-width: 1588px) 100vw, 1588px\" \/><\/a>\r\n\t<\/div>\r\n\t<figcaption class='wp-caption-text gallery-caption' id='mla_gallery-1-8965'>\n\tMotif de broderie One line art dessin de cerf\n\t<\/figcaption><\/figure><figure class='gallery-item '>\r\n\t<div class='gallery-icon landscape'>\r\n\t\t<a href='https:\/\/cecile-delachaux.fr\/wp-content\/uploads\/2021\/11\/Motif-de-broderie-famille-nouveau-ne.jpg'><img loading=\"lazy\" decoding=\"async\" aria-describedby=\"mla_gallery-1-8966\" width=\"1127\" height=\"1127\" src=\"https:\/\/cecile-delachaux.fr\/wp-content\/uploads\/2021\/11\/Motif-de-broderie-famille-nouveau-ne.jpg\" class=\"attachment-full size-full\" alt=\"\" srcset=\"https:\/\/cecile-delachaux.fr\/wp-content\/uploads\/2021\/11\/Motif-de-broderie-famille-nouveau-ne.jpg 1127w, https:\/\/cecile-delachaux.fr\/wp-content\/uploads\/2021\/11\/Motif-de-broderie-famille-nouveau-ne-300x300.jpg 300w, https:\/\/cecile-delachaux.fr\/wp-content\/uploads\/2021\/11\/Motif-de-broderie-famille-nouveau-ne-548x548.jpg 548w, https:\/\/cecile-delachaux.fr\/wp-content\/uploads\/2021\/11\/Motif-de-broderie-famille-nouveau-ne-150x150.jpg 150w, https:\/\/cecile-delachaux.fr\/wp-content\/uploads\/2021\/11\/Motif-de-broderie-famille-nouveau-ne-768x768.jpg 768w, https:\/\/cecile-delachaux.fr\/wp-content\/uploads\/2021\/11\/Motif-de-broderie-famille-nouveau-ne-324x324.jpg 324w, https:\/\/cecile-delachaux.fr\/wp-content\/uploads\/2021\/11\/Motif-de-broderie-famille-nouveau-ne-416x416.jpg 416w, https:\/\/cecile-delachaux.fr\/wp-content\/uploads\/2021\/11\/Motif-de-broderie-famille-nouveau-ne-100x100.jpg 100w\" sizes=\"auto, (max-width: 1127px) 100vw, 1127px\" \/><\/a>\r\n\t<\/div>\r\n\t<figcaption class='wp-caption-text gallery-caption' id='mla_gallery-1-8966'>\n\tMotif de broderie One line art C\u00e2lin famille nouveau-n\u00e9\n\t<\/figcaption><\/figure><figure class='gallery-item '>\r\n\t<div class='gallery-icon landscape'>\r\n\t\t<a href='https:\/\/cecile-delachaux.fr\/wp-content\/uploads\/2021\/11\/Motif-de-broderie-Flamingo-One-Line-Minimalist.jpg'><img loading=\"lazy\" decoding=\"async\" aria-describedby=\"mla_gallery-1-8967\" width=\"1297\" height=\"1297\" src=\"https:\/\/cecile-delachaux.fr\/wp-content\/uploads\/2021\/11\/Motif-de-broderie-Flamingo-One-Line-Minimalist.jpg\" class=\"attachment-full size-full\" alt=\"\" srcset=\"https:\/\/cecile-delachaux.fr\/wp-content\/uploads\/2021\/11\/Motif-de-broderie-Flamingo-One-Line-Minimalist.jpg 1297w, https:\/\/cecile-delachaux.fr\/wp-content\/uploads\/2021\/11\/Motif-de-broderie-Flamingo-One-Line-Minimalist-300x300.jpg 300w, https:\/\/cecile-delachaux.fr\/wp-content\/uploads\/2021\/11\/Motif-de-broderie-Flamingo-One-Line-Minimalist-548x548.jpg 548w, https:\/\/cecile-delachaux.fr\/wp-content\/uploads\/2021\/11\/Motif-de-broderie-Flamingo-One-Line-Minimalist-150x150.jpg 150w, https:\/\/cecile-delachaux.fr\/wp-content\/uploads\/2021\/11\/Motif-de-broderie-Flamingo-One-Line-Minimalist-768x768.jpg 768w, https:\/\/cecile-delachaux.fr\/wp-content\/uploads\/2021\/11\/Motif-de-broderie-Flamingo-One-Line-Minimalist-324x324.jpg 324w, https:\/\/cecile-delachaux.fr\/wp-content\/uploads\/2021\/11\/Motif-de-broderie-Flamingo-One-Line-Minimalist-416x416.jpg 416w, https:\/\/cecile-delachaux.fr\/wp-content\/uploads\/2021\/11\/Motif-de-broderie-Flamingo-One-Line-Minimalist-100x100.jpg 100w\" sizes=\"auto, (max-width: 1297px) 100vw, 1297px\" \/><\/a>\r\n\t<\/div>\r\n\t<figcaption class='wp-caption-text gallery-caption' id='mla_gallery-1-8967'>\n\tMotif de broderie One line art Flamingo One Line Minimalist\n\t<\/figcaption><\/figure><figure class='gallery-item last_in_row'>\r\n\t<div class='gallery-icon landscape'>\r\n\t\t<a href='https:\/\/cecile-delachaux.fr\/wp-content\/uploads\/2021\/11\/Motif-de-broderie-fleurs-A.jpg'><img loading=\"lazy\" decoding=\"async\" aria-describedby=\"mla_gallery-1-8968\" width=\"1268\" height=\"1268\" src=\"https:\/\/cecile-delachaux.fr\/wp-content\/uploads\/2021\/11\/Motif-de-broderie-fleurs-A.jpg\" class=\"attachment-full size-full\" alt=\"\" srcset=\"https:\/\/cecile-delachaux.fr\/wp-content\/uploads\/2021\/11\/Motif-de-broderie-fleurs-A.jpg 1268w, https:\/\/cecile-delachaux.fr\/wp-content\/uploads\/2021\/11\/Motif-de-broderie-fleurs-A-300x300.jpg 300w, https:\/\/cecile-delachaux.fr\/wp-content\/uploads\/2021\/11\/Motif-de-broderie-fleurs-A-548x548.jpg 548w, https:\/\/cecile-delachaux.fr\/wp-content\/uploads\/2021\/11\/Motif-de-broderie-fleurs-A-150x150.jpg 150w, https:\/\/cecile-delachaux.fr\/wp-content\/uploads\/2021\/11\/Motif-de-broderie-fleurs-A-768x768.jpg 768w, https:\/\/cecile-delachaux.fr\/wp-content\/uploads\/2021\/11\/Motif-de-broderie-fleurs-A-324x324.jpg 324w, https:\/\/cecile-delachaux.fr\/wp-content\/uploads\/2021\/11\/Motif-de-broderie-fleurs-A-416x416.jpg 416w, https:\/\/cecile-delachaux.fr\/wp-content\/uploads\/2021\/11\/Motif-de-broderie-fleurs-A-100x100.jpg 100w\" sizes=\"auto, (max-width: 1268px) 100vw, 1268px\" \/><\/a>\r\n\t<\/div>\r\n\t<figcaption class='wp-caption-text gallery-caption' id='mla_gallery-1-8968'>\n\tMotif de broderie fleurs A\n\t<\/figcaption><\/figure><figure class='gallery-item '>\r\n\t<div class='gallery-icon landscape'>\r\n\t\t<a href='https:\/\/cecile-delachaux.fr\/wp-content\/uploads\/2021\/11\/Motif-de-broderie-fleurs-B.jpg'><img loading=\"lazy\" decoding=\"async\" aria-describedby=\"mla_gallery-1-8969\" width=\"1366\" height=\"1366\" src=\"https:\/\/cecile-delachaux.fr\/wp-content\/uploads\/2021\/11\/Motif-de-broderie-fleurs-B.jpg\" class=\"attachment-full size-full\" alt=\"\" srcset=\"https:\/\/cecile-delachaux.fr\/wp-content\/uploads\/2021\/11\/Motif-de-broderie-fleurs-B.jpg 1366w, https:\/\/cecile-delachaux.fr\/wp-content\/uploads\/2021\/11\/Motif-de-broderie-fleurs-B-300x300.jpg 300w, https:\/\/cecile-delachaux.fr\/wp-content\/uploads\/2021\/11\/Motif-de-broderie-fleurs-B-548x548.jpg 548w, https:\/\/cecile-delachaux.fr\/wp-content\/uploads\/2021\/11\/Motif-de-broderie-fleurs-B-150x150.jpg 150w, https:\/\/cecile-delachaux.fr\/wp-content\/uploads\/2021\/11\/Motif-de-broderie-fleurs-B-768x768.jpg 768w, https:\/\/cecile-delachaux.fr\/wp-content\/uploads\/2021\/11\/Motif-de-broderie-fleurs-B-324x324.jpg 324w, https:\/\/cecile-delachaux.fr\/wp-content\/uploads\/2021\/11\/Motif-de-broderie-fleurs-B-416x416.jpg 416w, https:\/\/cecile-delachaux.fr\/wp-content\/uploads\/2021\/11\/Motif-de-broderie-fleurs-B-100x100.jpg 100w\" sizes=\"auto, (max-width: 1366px) 100vw, 1366px\" \/><\/a>\r\n\t<\/div>\r\n\t<figcaption class='wp-caption-text gallery-caption' id='mla_gallery-1-8969'>\n\tMotif de broderie fleurs B\n\t<\/figcaption><\/figure><figure class='gallery-item '>\r\n\t<div class='gallery-icon landscape'>\r\n\t\t<a href='https:\/\/cecile-delachaux.fr\/wp-content\/uploads\/2021\/11\/Motif-de-broderie-fleurs-C.jpg'><img loading=\"lazy\" decoding=\"async\" aria-describedby=\"mla_gallery-1-8970\" width=\"1303\" height=\"1302\" src=\"https:\/\/cecile-delachaux.fr\/wp-content\/uploads\/2021\/11\/Motif-de-broderie-fleurs-C.jpg\" class=\"attachment-full size-full\" alt=\"\" srcset=\"https:\/\/cecile-delachaux.fr\/wp-content\/uploads\/2021\/11\/Motif-de-broderie-fleurs-C.jpg 1303w, https:\/\/cecile-delachaux.fr\/wp-content\/uploads\/2021\/11\/Motif-de-broderie-fleurs-C-300x300.jpg 300w, https:\/\/cecile-delachaux.fr\/wp-content\/uploads\/2021\/11\/Motif-de-broderie-fleurs-C-548x548.jpg 548w, https:\/\/cecile-delachaux.fr\/wp-content\/uploads\/2021\/11\/Motif-de-broderie-fleurs-C-150x150.jpg 150w, https:\/\/cecile-delachaux.fr\/wp-content\/uploads\/2021\/11\/Motif-de-broderie-fleurs-C-768x767.jpg 768w, https:\/\/cecile-delachaux.fr\/wp-content\/uploads\/2021\/11\/Motif-de-broderie-fleurs-C-324x324.jpg 324w, https:\/\/cecile-delachaux.fr\/wp-content\/uploads\/2021\/11\/Motif-de-broderie-fleurs-C-416x416.jpg 416w, https:\/\/cecile-delachaux.fr\/wp-content\/uploads\/2021\/11\/Motif-de-broderie-fleurs-C-100x100.jpg 100w\" sizes=\"auto, (max-width: 1303px) 100vw, 1303px\" \/><\/a>\r\n\t<\/div>\r\n\t<figcaption class='wp-caption-text gallery-caption' id='mla_gallery-1-8970'>\n\tMotif de broderie fleurs C\n\t<\/figcaption><\/figure><figure class='gallery-item last_in_row'>\r\n\t<div class='gallery-icon landscape'>\r\n\t\t<a href='https:\/\/cecile-delachaux.fr\/wp-content\/uploads\/2021\/11\/Motif-de-broderie-fleurs-D.jpg'><img loading=\"lazy\" decoding=\"async\" aria-describedby=\"mla_gallery-1-8971\" width=\"1377\" height=\"1376\" src=\"https:\/\/cecile-delachaux.fr\/wp-content\/uploads\/2021\/11\/Motif-de-broderie-fleurs-D.jpg\" class=\"attachment-full size-full\" alt=\"\" srcset=\"https:\/\/cecile-delachaux.fr\/wp-content\/uploads\/2021\/11\/Motif-de-broderie-fleurs-D.jpg 1377w, https:\/\/cecile-delachaux.fr\/wp-content\/uploads\/2021\/11\/Motif-de-broderie-fleurs-D-300x300.jpg 300w, https:\/\/cecile-delachaux.fr\/wp-content\/uploads\/2021\/11\/Motif-de-broderie-fleurs-D-548x548.jpg 548w, https:\/\/cecile-delachaux.fr\/wp-content\/uploads\/2021\/11\/Motif-de-broderie-fleurs-D-150x150.jpg 150w, https:\/\/cecile-delachaux.fr\/wp-content\/uploads\/2021\/11\/Motif-de-broderie-fleurs-D-768x767.jpg 768w, https:\/\/cecile-delachaux.fr\/wp-content\/uploads\/2021\/11\/Motif-de-broderie-fleurs-D-324x324.jpg 324w, https:\/\/cecile-delachaux.fr\/wp-content\/uploads\/2021\/11\/Motif-de-broderie-fleurs-D-416x416.jpg 416w, https:\/\/cecile-delachaux.fr\/wp-content\/uploads\/2021\/11\/Motif-de-broderie-fleurs-D-100x100.jpg 100w\" sizes=\"auto, (max-width: 1377px) 100vw, 1377px\" \/><\/a>\r\n\t<\/div>\r\n\t<figcaption class='wp-caption-text gallery-caption' id='mla_gallery-1-8971'>\n\tMotif de broderie fleurs D\n\t<\/figcaption><\/figure><figure class='gallery-item '>\r\n\t<div class='gallery-icon landscape'>\r\n\t\t<a href='https:\/\/cecile-delachaux.fr\/wp-content\/uploads\/2021\/11\/Motif-de-broderie-flowers.jpg'><img loading=\"lazy\" decoding=\"async\" aria-describedby=\"mla_gallery-1-8972\" width=\"1178\" height=\"1177\" src=\"https:\/\/cecile-delachaux.fr\/wp-content\/uploads\/2021\/11\/Motif-de-broderie-flowers.jpg\" class=\"attachment-full size-full\" alt=\"\" srcset=\"https:\/\/cecile-delachaux.fr\/wp-content\/uploads\/2021\/11\/Motif-de-broderie-flowers.jpg 1178w, https:\/\/cecile-delachaux.fr\/wp-content\/uploads\/2021\/11\/Motif-de-broderie-flowers-300x300.jpg 300w, https:\/\/cecile-delachaux.fr\/wp-content\/uploads\/2021\/11\/Motif-de-broderie-flowers-548x548.jpg 548w, https:\/\/cecile-delachaux.fr\/wp-content\/uploads\/2021\/11\/Motif-de-broderie-flowers-150x150.jpg 150w, https:\/\/cecile-delachaux.fr\/wp-content\/uploads\/2021\/11\/Motif-de-broderie-flowers-768x767.jpg 768w, https:\/\/cecile-delachaux.fr\/wp-content\/uploads\/2021\/11\/Motif-de-broderie-flowers-324x324.jpg 324w, https:\/\/cecile-delachaux.fr\/wp-content\/uploads\/2021\/11\/Motif-de-broderie-flowers-416x416.jpg 416w, https:\/\/cecile-delachaux.fr\/wp-content\/uploads\/2021\/11\/Motif-de-broderie-flowers-100x100.jpg 100w\" sizes=\"auto, (max-width: 1178px) 100vw, 1178px\" \/><\/a>\r\n\t<\/div>\r\n\t<figcaption class='wp-caption-text gallery-caption' id='mla_gallery-1-8972'>\n\tMotif de broderie flowers\n\t<\/figcaption><\/figure><figure class='gallery-item '>\r\n\t<div class='gallery-icon landscape'>\r\n\t\t<a href='https:\/\/cecile-delachaux.fr\/wp-content\/uploads\/2021\/11\/Motif-de-broderie-Michelangelo-Adam-et-God-Hands.jpg'><img loading=\"lazy\" decoding=\"async\" aria-describedby=\"mla_gallery-1-8973\" width=\"1080\" height=\"1080\" src=\"https:\/\/cecile-delachaux.fr\/wp-content\/uploads\/2021\/11\/Motif-de-broderie-Michelangelo-Adam-et-God-Hands.jpg\" class=\"attachment-full size-full\" alt=\"\" srcset=\"https:\/\/cecile-delachaux.fr\/wp-content\/uploads\/2021\/11\/Motif-de-broderie-Michelangelo-Adam-et-God-Hands.jpg 1080w, https:\/\/cecile-delachaux.fr\/wp-content\/uploads\/2021\/11\/Motif-de-broderie-Michelangelo-Adam-et-God-Hands-300x300.jpg 300w, https:\/\/cecile-delachaux.fr\/wp-content\/uploads\/2021\/11\/Motif-de-broderie-Michelangelo-Adam-et-God-Hands-548x548.jpg 548w, https:\/\/cecile-delachaux.fr\/wp-content\/uploads\/2021\/11\/Motif-de-broderie-Michelangelo-Adam-et-God-Hands-150x150.jpg 150w, https:\/\/cecile-delachaux.fr\/wp-content\/uploads\/2021\/11\/Motif-de-broderie-Michelangelo-Adam-et-God-Hands-768x768.jpg 768w, https:\/\/cecile-delachaux.fr\/wp-content\/uploads\/2021\/11\/Motif-de-broderie-Michelangelo-Adam-et-God-Hands-324x324.jpg 324w, https:\/\/cecile-delachaux.fr\/wp-content\/uploads\/2021\/11\/Motif-de-broderie-Michelangelo-Adam-et-God-Hands-416x416.jpg 416w, https:\/\/cecile-delachaux.fr\/wp-content\/uploads\/2021\/11\/Motif-de-broderie-Michelangelo-Adam-et-God-Hands-100x100.jpg 100w\" sizes=\"auto, (max-width: 1080px) 100vw, 1080px\" \/><\/a>\r\n\t<\/div>\r\n\t<figcaption class='wp-caption-text gallery-caption' id='mla_gallery-1-8973'>\n\tMotif de broderie One line art Michelangelo Adam et God Hands\n\t<\/figcaption><\/figure><figure class='gallery-item last_in_row'>\r\n\t<div class='gallery-icon landscape'>\r\n\t\t<a href='https:\/\/cecile-delachaux.fr\/wp-content\/uploads\/2021\/11\/Motif-de-broderie-Monstera-leaf-one-line.jpg'><img loading=\"lazy\" decoding=\"async\" aria-describedby=\"mla_gallery-1-8974\" width=\"1085\" height=\"1084\" src=\"https:\/\/cecile-delachaux.fr\/wp-content\/uploads\/2021\/11\/Motif-de-broderie-Monstera-leaf-one-line.jpg\" class=\"attachment-full size-full\" alt=\"\" srcset=\"https:\/\/cecile-delachaux.fr\/wp-content\/uploads\/2021\/11\/Motif-de-broderie-Monstera-leaf-one-line.jpg 1085w, https:\/\/cecile-delachaux.fr\/wp-content\/uploads\/2021\/11\/Motif-de-broderie-Monstera-leaf-one-line-300x300.jpg 300w, https:\/\/cecile-delachaux.fr\/wp-content\/uploads\/2021\/11\/Motif-de-broderie-Monstera-leaf-one-line-549x548.jpg 549w, https:\/\/cecile-delachaux.fr\/wp-content\/uploads\/2021\/11\/Motif-de-broderie-Monstera-leaf-one-line-150x150.jpg 150w, https:\/\/cecile-delachaux.fr\/wp-content\/uploads\/2021\/11\/Motif-de-broderie-Monstera-leaf-one-line-768x767.jpg 768w, https:\/\/cecile-delachaux.fr\/wp-content\/uploads\/2021\/11\/Motif-de-broderie-Monstera-leaf-one-line-324x324.jpg 324w, https:\/\/cecile-delachaux.fr\/wp-content\/uploads\/2021\/11\/Motif-de-broderie-Monstera-leaf-one-line-416x416.jpg 416w, https:\/\/cecile-delachaux.fr\/wp-content\/uploads\/2021\/11\/Motif-de-broderie-Monstera-leaf-one-line-100x100.jpg 100w\" sizes=\"auto, (max-width: 1085px) 100vw, 1085px\" \/><\/a>\r\n\t<\/div>\r\n\t<figcaption class='wp-caption-text gallery-caption' id='mla_gallery-1-8974'>\n\tMotif de broderie One line art Monstera leaf\n\t<\/figcaption><\/figure><figure class='gallery-item '>\r\n\t<div class='gallery-icon landscape'>\r\n\t\t<a href='https:\/\/cecile-delachaux.fr\/wp-content\/uploads\/2021\/11\/Motif-de-broderie-Monstera-one-line.jpg'><img loading=\"lazy\" decoding=\"async\" aria-describedby=\"mla_gallery-1-8975\" width=\"1588\" height=\"1588\" src=\"https:\/\/cecile-delachaux.fr\/wp-content\/uploads\/2021\/11\/Motif-de-broderie-Monstera-one-line.jpg\" class=\"attachment-full size-full\" alt=\"\" srcset=\"https:\/\/cecile-delachaux.fr\/wp-content\/uploads\/2021\/11\/Motif-de-broderie-Monstera-one-line.jpg 1588w, https:\/\/cecile-delachaux.fr\/wp-content\/uploads\/2021\/11\/Motif-de-broderie-Monstera-one-line-300x300.jpg 300w, https:\/\/cecile-delachaux.fr\/wp-content\/uploads\/2021\/11\/Motif-de-broderie-Monstera-one-line-548x548.jpg 548w, https:\/\/cecile-delachaux.fr\/wp-content\/uploads\/2021\/11\/Motif-de-broderie-Monstera-one-line-150x150.jpg 150w, https:\/\/cecile-delachaux.fr\/wp-content\/uploads\/2021\/11\/Motif-de-broderie-Monstera-one-line-768x768.jpg 768w, https:\/\/cecile-delachaux.fr\/wp-content\/uploads\/2021\/11\/Motif-de-broderie-Monstera-one-line-1536x1536.jpg 1536w, https:\/\/cecile-delachaux.fr\/wp-content\/uploads\/2021\/11\/Motif-de-broderie-Monstera-one-line-324x324.jpg 324w, https:\/\/cecile-delachaux.fr\/wp-content\/uploads\/2021\/11\/Motif-de-broderie-Monstera-one-line-416x416.jpg 416w, https:\/\/cecile-delachaux.fr\/wp-content\/uploads\/2021\/11\/Motif-de-broderie-Monstera-one-line-100x100.jpg 100w\" sizes=\"auto, (max-width: 1588px) 100vw, 1588px\" \/><\/a>\r\n\t<\/div>\r\n\t<figcaption class='wp-caption-text gallery-caption' id='mla_gallery-1-8975'>\n\tMotif de broderie One line art Monstera leaf\n\t<\/figcaption><\/figure><figure class='gallery-item '>\r\n\t<div class='gallery-icon landscape'>\r\n\t\t<a href='https:\/\/cecile-delachaux.fr\/wp-content\/uploads\/2021\/11\/Motif-de-broderie-Newborn-Baby-Silhouette-One-Line.jpg'><img loading=\"lazy\" decoding=\"async\" aria-describedby=\"mla_gallery-1-8976\" width=\"1080\" height=\"1080\" src=\"https:\/\/cecile-delachaux.fr\/wp-content\/uploads\/2021\/11\/Motif-de-broderie-Newborn-Baby-Silhouette-One-Line.jpg\" class=\"attachment-full size-full\" alt=\"\" srcset=\"https:\/\/cecile-delachaux.fr\/wp-content\/uploads\/2021\/11\/Motif-de-broderie-Newborn-Baby-Silhouette-One-Line.jpg 1080w, https:\/\/cecile-delachaux.fr\/wp-content\/uploads\/2021\/11\/Motif-de-broderie-Newborn-Baby-Silhouette-One-Line-300x300.jpg 300w, https:\/\/cecile-delachaux.fr\/wp-content\/uploads\/2021\/11\/Motif-de-broderie-Newborn-Baby-Silhouette-One-Line-548x548.jpg 548w, https:\/\/cecile-delachaux.fr\/wp-content\/uploads\/2021\/11\/Motif-de-broderie-Newborn-Baby-Silhouette-One-Line-150x150.jpg 150w, https:\/\/cecile-delachaux.fr\/wp-content\/uploads\/2021\/11\/Motif-de-broderie-Newborn-Baby-Silhouette-One-Line-768x768.jpg 768w, https:\/\/cecile-delachaux.fr\/wp-content\/uploads\/2021\/11\/Motif-de-broderie-Newborn-Baby-Silhouette-One-Line-324x324.jpg 324w, https:\/\/cecile-delachaux.fr\/wp-content\/uploads\/2021\/11\/Motif-de-broderie-Newborn-Baby-Silhouette-One-Line-416x416.jpg 416w, https:\/\/cecile-delachaux.fr\/wp-content\/uploads\/2021\/11\/Motif-de-broderie-Newborn-Baby-Silhouette-One-Line-100x100.jpg 100w\" sizes=\"auto, (max-width: 1080px) 100vw, 1080px\" \/><\/a>\r\n\t<\/div>\r\n\t<figcaption class='wp-caption-text gallery-caption' id='mla_gallery-1-8976'>\n\tMotif de broderie One line art Newborn Baby Silhouette\n\t<\/figcaption><\/figure><figure class='gallery-item last_in_row'>\r\n\t<div class='gallery-icon landscape'>\r\n\t\t<a href='https:\/\/cecile-delachaux.fr\/wp-content\/uploads\/2021\/11\/Motif-de-broderie-Panda-bear-Silhouette-One-Line.jpg'><img loading=\"lazy\" decoding=\"async\" aria-describedby=\"mla_gallery-1-8977\" width=\"1253\" height=\"1253\" src=\"https:\/\/cecile-delachaux.fr\/wp-content\/uploads\/2021\/11\/Motif-de-broderie-Panda-bear-Silhouette-One-Line.jpg\" class=\"attachment-full size-full\" alt=\"\" srcset=\"https:\/\/cecile-delachaux.fr\/wp-content\/uploads\/2021\/11\/Motif-de-broderie-Panda-bear-Silhouette-One-Line.jpg 1253w, https:\/\/cecile-delachaux.fr\/wp-content\/uploads\/2021\/11\/Motif-de-broderie-Panda-bear-Silhouette-One-Line-300x300.jpg 300w, https:\/\/cecile-delachaux.fr\/wp-content\/uploads\/2021\/11\/Motif-de-broderie-Panda-bear-Silhouette-One-Line-548x548.jpg 548w, https:\/\/cecile-delachaux.fr\/wp-content\/uploads\/2021\/11\/Motif-de-broderie-Panda-bear-Silhouette-One-Line-150x150.jpg 150w, https:\/\/cecile-delachaux.fr\/wp-content\/uploads\/2021\/11\/Motif-de-broderie-Panda-bear-Silhouette-One-Line-768x768.jpg 768w, https:\/\/cecile-delachaux.fr\/wp-content\/uploads\/2021\/11\/Motif-de-broderie-Panda-bear-Silhouette-One-Line-324x324.jpg 324w, https:\/\/cecile-delachaux.fr\/wp-content\/uploads\/2021\/11\/Motif-de-broderie-Panda-bear-Silhouette-One-Line-416x416.jpg 416w, https:\/\/cecile-delachaux.fr\/wp-content\/uploads\/2021\/11\/Motif-de-broderie-Panda-bear-Silhouette-One-Line-100x100.jpg 100w\" sizes=\"auto, (max-width: 1253px) 100vw, 1253px\" \/><\/a>\r\n\t<\/div>\r\n\t<figcaption class='wp-caption-text gallery-caption' id='mla_gallery-1-8977'>\n\tMotif de broderie One line art Panda bear Silhouette\n\t<\/figcaption><\/figure><figure class='gallery-item '>\r\n\t<div class='gallery-icon landscape'>\r\n\t\t<a href='https:\/\/cecile-delachaux.fr\/wp-content\/uploads\/2021\/11\/Motif-de-broderie-wildflowers.jpg'><img loading=\"lazy\" decoding=\"async\" aria-describedby=\"mla_gallery-1-8978\" width=\"1080\" height=\"1080\" src=\"https:\/\/cecile-delachaux.fr\/wp-content\/uploads\/2021\/11\/Motif-de-broderie-wildflowers.jpg\" class=\"attachment-full size-full\" alt=\"\" srcset=\"https:\/\/cecile-delachaux.fr\/wp-content\/uploads\/2021\/11\/Motif-de-broderie-wildflowers.jpg 1080w, https:\/\/cecile-delachaux.fr\/wp-content\/uploads\/2021\/11\/Motif-de-broderie-wildflowers-300x300.jpg 300w, https:\/\/cecile-delachaux.fr\/wp-content\/uploads\/2021\/11\/Motif-de-broderie-wildflowers-548x548.jpg 548w, https:\/\/cecile-delachaux.fr\/wp-content\/uploads\/2021\/11\/Motif-de-broderie-wildflowers-150x150.jpg 150w, https:\/\/cecile-delachaux.fr\/wp-content\/uploads\/2021\/11\/Motif-de-broderie-wildflowers-768x768.jpg 768w, https:\/\/cecile-delachaux.fr\/wp-content\/uploads\/2021\/11\/Motif-de-broderie-wildflowers-324x324.jpg 324w, https:\/\/cecile-delachaux.fr\/wp-content\/uploads\/2021\/11\/Motif-de-broderie-wildflowers-416x416.jpg 416w, https:\/\/cecile-delachaux.fr\/wp-content\/uploads\/2021\/11\/Motif-de-broderie-wildflowers-100x100.jpg 100w\" sizes=\"auto, (max-width: 1080px) 100vw, 1080px\" \/><\/a>\r\n\t<\/div>\r\n\t<figcaption class='wp-caption-text gallery-caption' id='mla_gallery-1-8978'>\n\tMotif de broderie wildflowers\n\t<\/figcaption><\/figure><figure class='gallery-item '>\r\n\t<div class='gallery-icon landscape'>\r\n\t\t<a href='https:\/\/cecile-delachaux.fr\/wp-content\/uploads\/2022\/02\/Motif-de-briderie-mains-entrelacees.jpg'><img loading=\"lazy\" decoding=\"async\" aria-describedby=\"mla_gallery-1-9436\" width=\"1588\" height=\"1588\" src=\"https:\/\/cecile-delachaux.fr\/wp-content\/uploads\/2022\/02\/Motif-de-briderie-mains-entrelacees.jpg\" class=\"attachment-full size-full\" alt=\"\" srcset=\"https:\/\/cecile-delachaux.fr\/wp-content\/uploads\/2022\/02\/Motif-de-briderie-mains-entrelacees.jpg 1588w, https:\/\/cecile-delachaux.fr\/wp-content\/uploads\/2022\/02\/Motif-de-briderie-mains-entrelacees-300x300.jpg 300w, https:\/\/cecile-delachaux.fr\/wp-content\/uploads\/2022\/02\/Motif-de-briderie-mains-entrelacees-548x548.jpg 548w, https:\/\/cecile-delachaux.fr\/wp-content\/uploads\/2022\/02\/Motif-de-briderie-mains-entrelacees-150x150.jpg 150w, https:\/\/cecile-delachaux.fr\/wp-content\/uploads\/2022\/02\/Motif-de-briderie-mains-entrelacees-768x768.jpg 768w, https:\/\/cecile-delachaux.fr\/wp-content\/uploads\/2022\/02\/Motif-de-briderie-mains-entrelacees-1536x1536.jpg 1536w, https:\/\/cecile-delachaux.fr\/wp-content\/uploads\/2022\/02\/Motif-de-briderie-mains-entrelacees-324x324.jpg 324w, https:\/\/cecile-delachaux.fr\/wp-content\/uploads\/2022\/02\/Motif-de-briderie-mains-entrelacees-416x416.jpg 416w, https:\/\/cecile-delachaux.fr\/wp-content\/uploads\/2022\/02\/Motif-de-briderie-mains-entrelacees-100x100.jpg 100w\" sizes=\"auto, (max-width: 1588px) 100vw, 1588px\" \/><\/a>\r\n\t<\/div>\r\n\t<figcaption class='wp-caption-text gallery-caption' id='mla_gallery-1-9436'>\n\tMotif de broderie mains entrelac\u00e9es\n\t<\/figcaption><\/figure><figure class='gallery-item last_in_row'>\r\n\t<div class='gallery-icon landscape'>\r\n\t\t<a href='https:\/\/cecile-delachaux.fr\/wp-content\/uploads\/2022\/02\/Motif-de-broderie-cercle-fleuri.jpg'><img loading=\"lazy\" decoding=\"async\" aria-describedby=\"mla_gallery-1-9437\" width=\"1255\" height=\"1255\" src=\"https:\/\/cecile-delachaux.fr\/wp-content\/uploads\/2022\/02\/Motif-de-broderie-cercle-fleuri.jpg\" class=\"attachment-full size-full\" alt=\"\" srcset=\"https:\/\/cecile-delachaux.fr\/wp-content\/uploads\/2022\/02\/Motif-de-broderie-cercle-fleuri.jpg 1255w, https:\/\/cecile-delachaux.fr\/wp-content\/uploads\/2022\/02\/Motif-de-broderie-cercle-fleuri-300x300.jpg 300w, https:\/\/cecile-delachaux.fr\/wp-content\/uploads\/2022\/02\/Motif-de-broderie-cercle-fleuri-548x548.jpg 548w, https:\/\/cecile-delachaux.fr\/wp-content\/uploads\/2022\/02\/Motif-de-broderie-cercle-fleuri-150x150.jpg 150w, https:\/\/cecile-delachaux.fr\/wp-content\/uploads\/2022\/02\/Motif-de-broderie-cercle-fleuri-768x768.jpg 768w, https:\/\/cecile-delachaux.fr\/wp-content\/uploads\/2022\/02\/Motif-de-broderie-cercle-fleuri-324x324.jpg 324w, https:\/\/cecile-delachaux.fr\/wp-content\/uploads\/2022\/02\/Motif-de-broderie-cercle-fleuri-416x416.jpg 416w, https:\/\/cecile-delachaux.fr\/wp-content\/uploads\/2022\/02\/Motif-de-broderie-cercle-fleuri-100x100.jpg 100w\" sizes=\"auto, (max-width: 1255px) 100vw, 1255px\" \/><\/a>\r\n\t<\/div>\r\n\t<figcaption class='wp-caption-text gallery-caption' id='mla_gallery-1-9437'>\n\tMotif de broderie cercle fleuri\n\t<\/figcaption><\/figure><figure class='gallery-item '>\r\n\t<div class='gallery-icon landscape'>\r\n\t\t<a href='https:\/\/cecile-delachaux.fr\/wp-content\/uploads\/2022\/02\/Motif-de-broderie-mains-fleuries.jpg'><img loading=\"lazy\" decoding=\"async\" aria-describedby=\"mla_gallery-1-9438\" width=\"1588\" height=\"1588\" src=\"https:\/\/cecile-delachaux.fr\/wp-content\/uploads\/2022\/02\/Motif-de-broderie-mains-fleuries.jpg\" class=\"attachment-full size-full\" alt=\"\" srcset=\"https:\/\/cecile-delachaux.fr\/wp-content\/uploads\/2022\/02\/Motif-de-broderie-mains-fleuries.jpg 1588w, https:\/\/cecile-delachaux.fr\/wp-content\/uploads\/2022\/02\/Motif-de-broderie-mains-fleuries-300x300.jpg 300w, https:\/\/cecile-delachaux.fr\/wp-content\/uploads\/2022\/02\/Motif-de-broderie-mains-fleuries-548x548.jpg 548w, https:\/\/cecile-delachaux.fr\/wp-content\/uploads\/2022\/02\/Motif-de-broderie-mains-fleuries-150x150.jpg 150w, https:\/\/cecile-delachaux.fr\/wp-content\/uploads\/2022\/02\/Motif-de-broderie-mains-fleuries-768x768.jpg 768w, https:\/\/cecile-delachaux.fr\/wp-content\/uploads\/2022\/02\/Motif-de-broderie-mains-fleuries-1536x1536.jpg 1536w, https:\/\/cecile-delachaux.fr\/wp-content\/uploads\/2022\/02\/Motif-de-broderie-mains-fleuries-324x324.jpg 324w, https:\/\/cecile-delachaux.fr\/wp-content\/uploads\/2022\/02\/Motif-de-broderie-mains-fleuries-416x416.jpg 416w, https:\/\/cecile-delachaux.fr\/wp-content\/uploads\/2022\/02\/Motif-de-broderie-mains-fleuries-100x100.jpg 100w\" sizes=\"auto, (max-width: 1588px) 100vw, 1588px\" \/><\/a>\r\n\t<\/div>\r\n\t<figcaption class='wp-caption-text gallery-caption' id='mla_gallery-1-9438'>\n\tMotif de broderie mains fleuries\n\t<\/figcaption><\/figure><figure class='gallery-item '>\r\n\t<div class='gallery-icon portrait'>\r\n\t\t<a href='https:\/\/cecile-delachaux.fr\/wp-content\/uploads\/2022\/02\/Motif-de-broderie-one-line-art-chat.jpg'><img loading=\"lazy\" decoding=\"async\" aria-describedby=\"mla_gallery-1-9439\" width=\"1585\" height=\"1586\" src=\"https:\/\/cecile-delachaux.fr\/wp-content\/uploads\/2022\/02\/Motif-de-broderie-one-line-art-chat.jpg\" class=\"attachment-full size-full\" alt=\"\" srcset=\"https:\/\/cecile-delachaux.fr\/wp-content\/uploads\/2022\/02\/Motif-de-broderie-one-line-art-chat.jpg 1585w, https:\/\/cecile-delachaux.fr\/wp-content\/uploads\/2022\/02\/Motif-de-broderie-one-line-art-chat-300x300.jpg 300w, https:\/\/cecile-delachaux.fr\/wp-content\/uploads\/2022\/02\/Motif-de-broderie-one-line-art-chat-548x548.jpg 548w, https:\/\/cecile-delachaux.fr\/wp-content\/uploads\/2022\/02\/Motif-de-broderie-one-line-art-chat-150x150.jpg 150w, https:\/\/cecile-delachaux.fr\/wp-content\/uploads\/2022\/02\/Motif-de-broderie-one-line-art-chat-768x768.jpg 768w, https:\/\/cecile-delachaux.fr\/wp-content\/uploads\/2022\/02\/Motif-de-broderie-one-line-art-chat-1536x1536.jpg 1536w, https:\/\/cecile-delachaux.fr\/wp-content\/uploads\/2022\/02\/Motif-de-broderie-one-line-art-chat-324x324.jpg 324w, https:\/\/cecile-delachaux.fr\/wp-content\/uploads\/2022\/02\/Motif-de-broderie-one-line-art-chat-416x416.jpg 416w, https:\/\/cecile-delachaux.fr\/wp-content\/uploads\/2022\/02\/Motif-de-broderie-one-line-art-chat-100x100.jpg 100w\" sizes=\"auto, (max-width: 1585px) 100vw, 1585px\" \/><\/a>\r\n\t<\/div>\r\n\t<figcaption class='wp-caption-text gallery-caption' id='mla_gallery-1-9439'>\n\tMotif de broderie one line art chat\n\t<\/figcaption><\/figure><figure class='gallery-item last_in_row'>\r\n\t<div class='gallery-icon landscape'>\r\n\t\t<a href='https:\/\/cecile-delachaux.fr\/wp-content\/uploads\/2022\/02\/Motif-de-broderie-one-line-art-cheval.jpg'><img loading=\"lazy\" decoding=\"async\" aria-describedby=\"mla_gallery-1-9440\" width=\"1588\" height=\"1588\" src=\"https:\/\/cecile-delachaux.fr\/wp-content\/uploads\/2022\/02\/Motif-de-broderie-one-line-art-cheval.jpg\" class=\"attachment-full size-full\" alt=\"\" srcset=\"https:\/\/cecile-delachaux.fr\/wp-content\/uploads\/2022\/02\/Motif-de-broderie-one-line-art-cheval.jpg 1588w, https:\/\/cecile-delachaux.fr\/wp-content\/uploads\/2022\/02\/Motif-de-broderie-one-line-art-cheval-300x300.jpg 300w, https:\/\/cecile-delachaux.fr\/wp-content\/uploads\/2022\/02\/Motif-de-broderie-one-line-art-cheval-548x548.jpg 548w, https:\/\/cecile-delachaux.fr\/wp-content\/uploads\/2022\/02\/Motif-de-broderie-one-line-art-cheval-150x150.jpg 150w, https:\/\/cecile-delachaux.fr\/wp-content\/uploads\/2022\/02\/Motif-de-broderie-one-line-art-cheval-768x768.jpg 768w, https:\/\/cecile-delachaux.fr\/wp-content\/uploads\/2022\/02\/Motif-de-broderie-one-line-art-cheval-1536x1536.jpg 1536w, https:\/\/cecile-delachaux.fr\/wp-content\/uploads\/2022\/02\/Motif-de-broderie-one-line-art-cheval-324x324.jpg 324w, https:\/\/cecile-delachaux.fr\/wp-content\/uploads\/2022\/02\/Motif-de-broderie-one-line-art-cheval-416x416.jpg 416w, https:\/\/cecile-delachaux.fr\/wp-content\/uploads\/2022\/02\/Motif-de-broderie-one-line-art-cheval-100x100.jpg 100w\" sizes=\"auto, (max-width: 1588px) 100vw, 1588px\" \/><\/a>\r\n\t<\/div>\r\n\t<figcaption class='wp-caption-text gallery-caption' id='mla_gallery-1-9440'>\n\tMotif de broderie one line art cheval\n\t<\/figcaption><\/figure><figure class='gallery-item '>\r\n\t<div class='gallery-icon landscape'>\r\n\t\t<a href='https:\/\/cecile-delachaux.fr\/wp-content\/uploads\/2022\/02\/Motif-de-broderie-one-line-art-mains-coeur.jpg'><img loading=\"lazy\" decoding=\"async\" aria-describedby=\"mla_gallery-1-9441\" width=\"1588\" height=\"1588\" src=\"https:\/\/cecile-delachaux.fr\/wp-content\/uploads\/2022\/02\/Motif-de-broderie-one-line-art-mains-coeur.jpg\" class=\"attachment-full size-full\" alt=\"\" srcset=\"https:\/\/cecile-delachaux.fr\/wp-content\/uploads\/2022\/02\/Motif-de-broderie-one-line-art-mains-coeur.jpg 1588w, https:\/\/cecile-delachaux.fr\/wp-content\/uploads\/2022\/02\/Motif-de-broderie-one-line-art-mains-coeur-300x300.jpg 300w, https:\/\/cecile-delachaux.fr\/wp-content\/uploads\/2022\/02\/Motif-de-broderie-one-line-art-mains-coeur-548x548.jpg 548w, https:\/\/cecile-delachaux.fr\/wp-content\/uploads\/2022\/02\/Motif-de-broderie-one-line-art-mains-coeur-150x150.jpg 150w, https:\/\/cecile-delachaux.fr\/wp-content\/uploads\/2022\/02\/Motif-de-broderie-one-line-art-mains-coeur-768x768.jpg 768w, https:\/\/cecile-delachaux.fr\/wp-content\/uploads\/2022\/02\/Motif-de-broderie-one-line-art-mains-coeur-1536x1536.jpg 1536w, https:\/\/cecile-delachaux.fr\/wp-content\/uploads\/2022\/02\/Motif-de-broderie-one-line-art-mains-coeur-324x324.jpg 324w, https:\/\/cecile-delachaux.fr\/wp-content\/uploads\/2022\/02\/Motif-de-broderie-one-line-art-mains-coeur-416x416.jpg 416w, https:\/\/cecile-delachaux.fr\/wp-content\/uploads\/2022\/02\/Motif-de-broderie-one-line-art-mains-coeur-100x100.jpg 100w\" sizes=\"auto, (max-width: 1588px) 100vw, 1588px\" \/><\/a>\r\n\t<\/div>\r\n\t<figcaption class='wp-caption-text gallery-caption' id='mla_gallery-1-9441'>\n\tMotif de broderie one line art mains coeur\n\t<\/figcaption><\/figure><figure class='gallery-item '>\r\n\t<div class='gallery-icon landscape'>\r\n\t\t<a href='https:\/\/cecile-delachaux.fr\/wp-content\/uploads\/2022\/02\/Motif-de-broderie-one-line-art-maman-bebe.jpg'><img loading=\"lazy\" decoding=\"async\" aria-describedby=\"mla_gallery-1-9442\" width=\"1250\" height=\"1250\" src=\"https:\/\/cecile-delachaux.fr\/wp-content\/uploads\/2022\/02\/Motif-de-broderie-one-line-art-maman-bebe.jpg\" class=\"attachment-full size-full\" alt=\"\" srcset=\"https:\/\/cecile-delachaux.fr\/wp-content\/uploads\/2022\/02\/Motif-de-broderie-one-line-art-maman-bebe.jpg 1250w, https:\/\/cecile-delachaux.fr\/wp-content\/uploads\/2022\/02\/Motif-de-broderie-one-line-art-maman-bebe-300x300.jpg 300w, https:\/\/cecile-delachaux.fr\/wp-content\/uploads\/2022\/02\/Motif-de-broderie-one-line-art-maman-bebe-548x548.jpg 548w, https:\/\/cecile-delachaux.fr\/wp-content\/uploads\/2022\/02\/Motif-de-broderie-one-line-art-maman-bebe-150x150.jpg 150w, https:\/\/cecile-delachaux.fr\/wp-content\/uploads\/2022\/02\/Motif-de-broderie-one-line-art-maman-bebe-768x768.jpg 768w, https:\/\/cecile-delachaux.fr\/wp-content\/uploads\/2022\/02\/Motif-de-broderie-one-line-art-maman-bebe-324x324.jpg 324w, https:\/\/cecile-delachaux.fr\/wp-content\/uploads\/2022\/02\/Motif-de-broderie-one-line-art-maman-bebe-416x416.jpg 416w, https:\/\/cecile-delachaux.fr\/wp-content\/uploads\/2022\/02\/Motif-de-broderie-one-line-art-maman-bebe-100x100.jpg 100w\" sizes=\"auto, (max-width: 1250px) 100vw, 1250px\" \/><\/a>\r\n\t<\/div>\r\n\t<figcaption class='wp-caption-text gallery-caption' id='mla_gallery-1-9442'>\n\tMotif de broderie one line art maman b\u00e9b\u00e9\n\t<\/figcaption><\/figure><figure class='gallery-item last_in_row'>\r\n\t<div class='gallery-icon landscape'>\r\n\t\t<a href='https:\/\/cecile-delachaux.fr\/wp-content\/uploads\/2022\/02\/il_1588xN.3184249901_nqs4.jpg'><img loading=\"lazy\" decoding=\"async\" aria-describedby=\"mla_gallery-1-9445\" width=\"1588\" height=\"1569\" src=\"https:\/\/cecile-delachaux.fr\/wp-content\/uploads\/2022\/02\/il_1588xN.3184249901_nqs4.jpg\" class=\"attachment-full size-full\" alt=\"\" srcset=\"https:\/\/cecile-delachaux.fr\/wp-content\/uploads\/2022\/02\/il_1588xN.3184249901_nqs4.jpg 1588w, https:\/\/cecile-delachaux.fr\/wp-content\/uploads\/2022\/02\/il_1588xN.3184249901_nqs4-300x296.jpg 300w, https:\/\/cecile-delachaux.fr\/wp-content\/uploads\/2022\/02\/il_1588xN.3184249901_nqs4-555x548.jpg 555w, https:\/\/cecile-delachaux.fr\/wp-content\/uploads\/2022\/02\/il_1588xN.3184249901_nqs4-768x759.jpg 768w, https:\/\/cecile-delachaux.fr\/wp-content\/uploads\/2022\/02\/il_1588xN.3184249901_nqs4-1536x1518.jpg 1536w, https:\/\/cecile-delachaux.fr\/wp-content\/uploads\/2022\/02\/il_1588xN.3184249901_nqs4-416x411.jpg 416w, https:\/\/cecile-delachaux.fr\/wp-content\/uploads\/2022\/02\/il_1588xN.3184249901_nqs4-100x100.jpg 100w\" sizes=\"auto, (max-width: 1588px) 100vw, 1588px\" \/><\/a>\r\n\t<\/div>\r\n\t<figcaption class='wp-caption-text gallery-caption' id='mla_gallery-1-9445'>\n\tMotif de broderie mains pieds b\u00e9b\u00e9\n\t<\/figcaption><\/figure><figure class='gallery-item '>\r\n\t<div class='gallery-icon landscape'>\r\n\t\t<a href='https:\/\/cecile-delachaux.fr\/wp-content\/uploads\/2022\/02\/il_1588xN.3332644509_fisp.jpg'><img loading=\"lazy\" decoding=\"async\" aria-describedby=\"mla_gallery-1-9446\" width=\"1588\" height=\"1588\" src=\"https:\/\/cecile-delachaux.fr\/wp-content\/uploads\/2022\/02\/il_1588xN.3332644509_fisp.jpg\" class=\"attachment-full size-full\" alt=\"\" srcset=\"https:\/\/cecile-delachaux.fr\/wp-content\/uploads\/2022\/02\/il_1588xN.3332644509_fisp.jpg 1588w, https:\/\/cecile-delachaux.fr\/wp-content\/uploads\/2022\/02\/il_1588xN.3332644509_fisp-300x300.jpg 300w, https:\/\/cecile-delachaux.fr\/wp-content\/uploads\/2022\/02\/il_1588xN.3332644509_fisp-548x548.jpg 548w, https:\/\/cecile-delachaux.fr\/wp-content\/uploads\/2022\/02\/il_1588xN.3332644509_fisp-150x150.jpg 150w, https:\/\/cecile-delachaux.fr\/wp-content\/uploads\/2022\/02\/il_1588xN.3332644509_fisp-768x768.jpg 768w, https:\/\/cecile-delachaux.fr\/wp-content\/uploads\/2022\/02\/il_1588xN.3332644509_fisp-1536x1536.jpg 1536w, https:\/\/cecile-delachaux.fr\/wp-content\/uploads\/2022\/02\/il_1588xN.3332644509_fisp-324x324.jpg 324w, https:\/\/cecile-delachaux.fr\/wp-content\/uploads\/2022\/02\/il_1588xN.3332644509_fisp-416x416.jpg 416w, https:\/\/cecile-delachaux.fr\/wp-content\/uploads\/2022\/02\/il_1588xN.3332644509_fisp-100x100.jpg 100w\" sizes=\"auto, (max-width: 1588px) 100vw, 1588px\" \/><\/a>\r\n\t<\/div>\r\n\t<figcaption class='wp-caption-text gallery-caption' id='mla_gallery-1-9446'>\n\tMotif de broderie 2 mains fleuries\n\t<\/figcaption><\/figure><figure class='gallery-item '>\r\n\t<div class='gallery-icon landscape'>\r\n\t\t<a href='https:\/\/cecile-delachaux.fr\/wp-content\/uploads\/2022\/02\/il_1588xN.3660888448_cjhl.jpg'><img loading=\"lazy\" decoding=\"async\" aria-describedby=\"mla_gallery-1-9447\" width=\"1588\" height=\"1588\" src=\"https:\/\/cecile-delachaux.fr\/wp-content\/uploads\/2022\/02\/il_1588xN.3660888448_cjhl.jpg\" class=\"attachment-full size-full\" alt=\"\" srcset=\"https:\/\/cecile-delachaux.fr\/wp-content\/uploads\/2022\/02\/il_1588xN.3660888448_cjhl.jpg 1588w, https:\/\/cecile-delachaux.fr\/wp-content\/uploads\/2022\/02\/il_1588xN.3660888448_cjhl-300x300.jpg 300w, https:\/\/cecile-delachaux.fr\/wp-content\/uploads\/2022\/02\/il_1588xN.3660888448_cjhl-548x548.jpg 548w, https:\/\/cecile-delachaux.fr\/wp-content\/uploads\/2022\/02\/il_1588xN.3660888448_cjhl-150x150.jpg 150w, https:\/\/cecile-delachaux.fr\/wp-content\/uploads\/2022\/02\/il_1588xN.3660888448_cjhl-768x768.jpg 768w, https:\/\/cecile-delachaux.fr\/wp-content\/uploads\/2022\/02\/il_1588xN.3660888448_cjhl-1536x1536.jpg 1536w, https:\/\/cecile-delachaux.fr\/wp-content\/uploads\/2022\/02\/il_1588xN.3660888448_cjhl-324x324.jpg 324w, https:\/\/cecile-delachaux.fr\/wp-content\/uploads\/2022\/02\/il_1588xN.3660888448_cjhl-416x416.jpg 416w, https:\/\/cecile-delachaux.fr\/wp-content\/uploads\/2022\/02\/il_1588xN.3660888448_cjhl-100x100.jpg 100w\" sizes=\"auto, (max-width: 1588px) 100vw, 1588px\" \/><\/a>\r\n\t<\/div>\r\n\t<figcaption class='wp-caption-text gallery-caption' id='mla_gallery-1-9447'>\n\tMotif de broderie 2 mains\n\t<\/figcaption><\/figure><figure class='gallery-item last_in_row'>\r\n\t<div class='gallery-icon landscape'>\r\n\t\t<a href='https:\/\/cecile-delachaux.fr\/wp-content\/uploads\/2022\/03\/Cadre-fleurs-sauvages.jpg'><img loading=\"lazy\" decoding=\"async\" aria-describedby=\"mla_gallery-1-9544\" width=\"1324\" height=\"1324\" src=\"https:\/\/cecile-delachaux.fr\/wp-content\/uploads\/2022\/03\/Cadre-fleurs-sauvages.jpg\" class=\"attachment-full size-full\" alt=\"\" srcset=\"https:\/\/cecile-delachaux.fr\/wp-content\/uploads\/2022\/03\/Cadre-fleurs-sauvages.jpg 1324w, https:\/\/cecile-delachaux.fr\/wp-content\/uploads\/2022\/03\/Cadre-fleurs-sauvages-300x300.jpg 300w, https:\/\/cecile-delachaux.fr\/wp-content\/uploads\/2022\/03\/Cadre-fleurs-sauvages-548x548.jpg 548w, https:\/\/cecile-delachaux.fr\/wp-content\/uploads\/2022\/03\/Cadre-fleurs-sauvages-150x150.jpg 150w, https:\/\/cecile-delachaux.fr\/wp-content\/uploads\/2022\/03\/Cadre-fleurs-sauvages-768x768.jpg 768w, https:\/\/cecile-delachaux.fr\/wp-content\/uploads\/2022\/03\/Cadre-fleurs-sauvages-324x324.jpg 324w, https:\/\/cecile-delachaux.fr\/wp-content\/uploads\/2022\/03\/Cadre-fleurs-sauvages-416x416.jpg 416w, https:\/\/cecile-delachaux.fr\/wp-content\/uploads\/2022\/03\/Cadre-fleurs-sauvages-100x100.jpg 100w\" sizes=\"auto, (max-width: 1324px) 100vw, 1324px\" \/><\/a>\r\n\t<\/div>\r\n\t<figcaption class='wp-caption-text gallery-caption' id='mla_gallery-1-9544'>\n\tMotif de broderie One line art cadre fleurs sauvages\n\t<\/figcaption><\/figure><figure class='gallery-item '>\r\n\t<div class='gallery-icon landscape'>\r\n\t\t<a href='https:\/\/cecile-delachaux.fr\/wp-content\/uploads\/2022\/03\/Mains-parent-enfant.jpg'><img loading=\"lazy\" decoding=\"async\" aria-describedby=\"mla_gallery-1-9545\" width=\"1588\" height=\"1588\" src=\"https:\/\/cecile-delachaux.fr\/wp-content\/uploads\/2022\/03\/Mains-parent-enfant.jpg\" class=\"attachment-full size-full\" alt=\"\" srcset=\"https:\/\/cecile-delachaux.fr\/wp-content\/uploads\/2022\/03\/Mains-parent-enfant.jpg 1588w, https:\/\/cecile-delachaux.fr\/wp-content\/uploads\/2022\/03\/Mains-parent-enfant-300x300.jpg 300w, https:\/\/cecile-delachaux.fr\/wp-content\/uploads\/2022\/03\/Mains-parent-enfant-548x548.jpg 548w, https:\/\/cecile-delachaux.fr\/wp-content\/uploads\/2022\/03\/Mains-parent-enfant-150x150.jpg 150w, https:\/\/cecile-delachaux.fr\/wp-content\/uploads\/2022\/03\/Mains-parent-enfant-768x768.jpg 768w, https:\/\/cecile-delachaux.fr\/wp-content\/uploads\/2022\/03\/Mains-parent-enfant-1536x1536.jpg 1536w, https:\/\/cecile-delachaux.fr\/wp-content\/uploads\/2022\/03\/Mains-parent-enfant-324x324.jpg 324w, https:\/\/cecile-delachaux.fr\/wp-content\/uploads\/2022\/03\/Mains-parent-enfant-416x416.jpg 416w, https:\/\/cecile-delachaux.fr\/wp-content\/uploads\/2022\/03\/Mains-parent-enfant-100x100.jpg 100w\" sizes=\"auto, (max-width: 1588px) 100vw, 1588px\" \/><\/a>\r\n\t<\/div>\r\n\t<figcaption class='wp-caption-text gallery-caption' id='mla_gallery-1-9545'>\n\tMotif de broderie One lie art mains parent enfant\n\t<\/figcaption><\/figure><figure class='gallery-item '>\r\n\t<div class='gallery-icon landscape'>\r\n\t\t<a href='https:\/\/cecile-delachaux.fr\/wp-content\/uploads\/2022\/03\/Mains-parents-bebe-horizontal.jpg'><img loading=\"lazy\" decoding=\"async\" aria-describedby=\"mla_gallery-1-9546\" width=\"1588\" height=\"1588\" src=\"https:\/\/cecile-delachaux.fr\/wp-content\/uploads\/2022\/03\/Mains-parents-bebe-horizontal.jpg\" class=\"attachment-full size-full\" alt=\"\" srcset=\"https:\/\/cecile-delachaux.fr\/wp-content\/uploads\/2022\/03\/Mains-parents-bebe-horizontal.jpg 1588w, https:\/\/cecile-delachaux.fr\/wp-content\/uploads\/2022\/03\/Mains-parents-bebe-horizontal-300x300.jpg 300w, https:\/\/cecile-delachaux.fr\/wp-content\/uploads\/2022\/03\/Mains-parents-bebe-horizontal-548x548.jpg 548w, https:\/\/cecile-delachaux.fr\/wp-content\/uploads\/2022\/03\/Mains-parents-bebe-horizontal-150x150.jpg 150w, https:\/\/cecile-delachaux.fr\/wp-content\/uploads\/2022\/03\/Mains-parents-bebe-horizontal-768x768.jpg 768w, https:\/\/cecile-delachaux.fr\/wp-content\/uploads\/2022\/03\/Mains-parents-bebe-horizontal-1536x1536.jpg 1536w, https:\/\/cecile-delachaux.fr\/wp-content\/uploads\/2022\/03\/Mains-parents-bebe-horizontal-324x324.jpg 324w, https:\/\/cecile-delachaux.fr\/wp-content\/uploads\/2022\/03\/Mains-parents-bebe-horizontal-416x416.jpg 416w, https:\/\/cecile-delachaux.fr\/wp-content\/uploads\/2022\/03\/Mains-parents-bebe-horizontal-100x100.jpg 100w\" sizes=\"auto, (max-width: 1588px) 100vw, 1588px\" \/><\/a>\r\n\t<\/div>\r\n\t<figcaption class='wp-caption-text gallery-caption' id='mla_gallery-1-9546'>\n\tMotif de broderie mains parents b\u00e9b\u00e9 horizontal\n\t<\/figcaption><\/figure><figure class='gallery-item last_in_row'>\r\n\t<div class='gallery-icon landscape'>\r\n\t\t<a href='https:\/\/cecile-delachaux.fr\/wp-content\/uploads\/2022\/03\/Mains-parents-bebe-vertical.jpg'><img loading=\"lazy\" decoding=\"async\" aria-describedby=\"mla_gallery-1-9547\" width=\"1588\" height=\"1544\" src=\"https:\/\/cecile-delachaux.fr\/wp-content\/uploads\/2022\/03\/Mains-parents-bebe-vertical.jpg\" class=\"attachment-full size-full\" alt=\"\" srcset=\"https:\/\/cecile-delachaux.fr\/wp-content\/uploads\/2022\/03\/Mains-parents-bebe-vertical.jpg 1588w, https:\/\/cecile-delachaux.fr\/wp-content\/uploads\/2022\/03\/Mains-parents-bebe-vertical-300x292.jpg 300w, https:\/\/cecile-delachaux.fr\/wp-content\/uploads\/2022\/03\/Mains-parents-bebe-vertical-564x548.jpg 564w, https:\/\/cecile-delachaux.fr\/wp-content\/uploads\/2022\/03\/Mains-parents-bebe-vertical-768x747.jpg 768w, https:\/\/cecile-delachaux.fr\/wp-content\/uploads\/2022\/03\/Mains-parents-bebe-vertical-1536x1493.jpg 1536w, https:\/\/cecile-delachaux.fr\/wp-content\/uploads\/2022\/03\/Mains-parents-bebe-vertical-416x404.jpg 416w\" sizes=\"auto, (max-width: 1588px) 100vw, 1588px\" \/><\/a>\r\n\t<\/div>\r\n\t<figcaption class='wp-caption-text gallery-caption' id='mla_gallery-1-9547'>\n\tMotif de broderie One line art mains parents b\u00e9b\u00e9 vertical\n\t<\/figcaption><\/figure><figure class='gallery-item '>\r\n\t<div class='gallery-icon portrait'>\r\n\t\t<a href='https:\/\/cecile-delachaux.fr\/wp-content\/uploads\/2022\/03\/Maman-allaitante.jpg'><img loading=\"lazy\" decoding=\"async\" aria-describedby=\"mla_gallery-1-9548\" width=\"1588\" height=\"1691\" src=\"https:\/\/cecile-delachaux.fr\/wp-content\/uploads\/2022\/03\/Maman-allaitante.jpg\" class=\"attachment-full size-full\" alt=\"\" srcset=\"https:\/\/cecile-delachaux.fr\/wp-content\/uploads\/2022\/03\/Maman-allaitante.jpg 1588w, https:\/\/cecile-delachaux.fr\/wp-content\/uploads\/2022\/03\/Maman-allaitante-282x300.jpg 282w, https:\/\/cecile-delachaux.fr\/wp-content\/uploads\/2022\/03\/Maman-allaitante-515x548.jpg 515w, https:\/\/cecile-delachaux.fr\/wp-content\/uploads\/2022\/03\/Maman-allaitante-768x818.jpg 768w, https:\/\/cecile-delachaux.fr\/wp-content\/uploads\/2022\/03\/Maman-allaitante-1442x1536.jpg 1442w, https:\/\/cecile-delachaux.fr\/wp-content\/uploads\/2022\/03\/Maman-allaitante-416x443.jpg 416w\" sizes=\"auto, (max-width: 1588px) 100vw, 1588px\" \/><\/a>\r\n\t<\/div>\r\n\t<figcaption class='wp-caption-text gallery-caption' id='mla_gallery-1-9548'>\n\tMotif de broderie One line art maman allaitante\n\t<\/figcaption><\/figure><figure class='gallery-item '>\r\n\t<div class='gallery-icon landscape'>\r\n\t\t<a href='https:\/\/cecile-delachaux.fr\/wp-content\/uploads\/2022\/03\/Motif-broderie-coeur-fleuri.jpg'><img loading=\"lazy\" decoding=\"async\" aria-describedby=\"mla_gallery-1-9831\" width=\"1588\" height=\"1588\" src=\"https:\/\/cecile-delachaux.fr\/wp-content\/uploads\/2022\/03\/Motif-broderie-coeur-fleuri.jpg\" class=\"attachment-full size-full\" alt=\"\" srcset=\"https:\/\/cecile-delachaux.fr\/wp-content\/uploads\/2022\/03\/Motif-broderie-coeur-fleuri.jpg 1588w, https:\/\/cecile-delachaux.fr\/wp-content\/uploads\/2022\/03\/Motif-broderie-coeur-fleuri-300x300.jpg 300w, https:\/\/cecile-delachaux.fr\/wp-content\/uploads\/2022\/03\/Motif-broderie-coeur-fleuri-548x548.jpg 548w, https:\/\/cecile-delachaux.fr\/wp-content\/uploads\/2022\/03\/Motif-broderie-coeur-fleuri-150x150.jpg 150w, https:\/\/cecile-delachaux.fr\/wp-content\/uploads\/2022\/03\/Motif-broderie-coeur-fleuri-768x768.jpg 768w, https:\/\/cecile-delachaux.fr\/wp-content\/uploads\/2022\/03\/Motif-broderie-coeur-fleuri-1536x1536.jpg 1536w, https:\/\/cecile-delachaux.fr\/wp-content\/uploads\/2022\/03\/Motif-broderie-coeur-fleuri-324x324.jpg 324w, https:\/\/cecile-delachaux.fr\/wp-content\/uploads\/2022\/03\/Motif-broderie-coeur-fleuri-416x416.jpg 416w, https:\/\/cecile-delachaux.fr\/wp-content\/uploads\/2022\/03\/Motif-broderie-coeur-fleuri-100x100.jpg 100w\" sizes=\"auto, (max-width: 1588px) 100vw, 1588px\" \/><\/a>\r\n\t<\/div>\r\n\t<figcaption class='wp-caption-text gallery-caption' id='mla_gallery-1-9831'>\n\tMotif broderie coeur fleuri\n\t<\/figcaption><\/figure><figure class='gallery-item last_in_row'>\r\n\t<div class='gallery-icon landscape'>\r\n\t\t<a href='https:\/\/cecile-delachaux.fr\/wp-content\/uploads\/2022\/03\/Motif-broderie-envol-oiseaux.jpg'><img loading=\"lazy\" decoding=\"async\" aria-describedby=\"mla_gallery-1-9832\" width=\"1059\" height=\"1059\" src=\"https:\/\/cecile-delachaux.fr\/wp-content\/uploads\/2022\/03\/Motif-broderie-envol-oiseaux.jpg\" class=\"attachment-full size-full\" alt=\"\" srcset=\"https:\/\/cecile-delachaux.fr\/wp-content\/uploads\/2022\/03\/Motif-broderie-envol-oiseaux.jpg 1059w, https:\/\/cecile-delachaux.fr\/wp-content\/uploads\/2022\/03\/Motif-broderie-envol-oiseaux-300x300.jpg 300w, https:\/\/cecile-delachaux.fr\/wp-content\/uploads\/2022\/03\/Motif-broderie-envol-oiseaux-548x548.jpg 548w, https:\/\/cecile-delachaux.fr\/wp-content\/uploads\/2022\/03\/Motif-broderie-envol-oiseaux-150x150.jpg 150w, https:\/\/cecile-delachaux.fr\/wp-content\/uploads\/2022\/03\/Motif-broderie-envol-oiseaux-768x768.jpg 768w, https:\/\/cecile-delachaux.fr\/wp-content\/uploads\/2022\/03\/Motif-broderie-envol-oiseaux-324x324.jpg 324w, https:\/\/cecile-delachaux.fr\/wp-content\/uploads\/2022\/03\/Motif-broderie-envol-oiseaux-416x416.jpg 416w, https:\/\/cecile-delachaux.fr\/wp-content\/uploads\/2022\/03\/Motif-broderie-envol-oiseaux-100x100.jpg 100w\" sizes=\"auto, (max-width: 1059px) 100vw, 1059px\" \/><\/a>\r\n\t<\/div>\r\n\t<figcaption class='wp-caption-text gallery-caption' id='mla_gallery-1-9832'>\n\tMotif broderie envol oiseaux\n\t<\/figcaption><\/figure><figure class='gallery-item '>\r\n\t<div class='gallery-icon landscape'>\r\n\t\t<a href='https:\/\/cecile-delachaux.fr\/wp-content\/uploads\/2022\/10\/Motif-broderie-appareil-photo-one-line.jpg'><img loading=\"lazy\" decoding=\"async\" aria-describedby=\"mla_gallery-1-10621\" width=\"1588\" height=\"1588\" src=\"https:\/\/cecile-delachaux.fr\/wp-content\/uploads\/2022\/10\/Motif-broderie-appareil-photo-one-line.jpg\" class=\"attachment-full size-full\" alt=\"\" srcset=\"https:\/\/cecile-delachaux.fr\/wp-content\/uploads\/2022\/10\/Motif-broderie-appareil-photo-one-line.jpg 1588w, https:\/\/cecile-delachaux.fr\/wp-content\/uploads\/2022\/10\/Motif-broderie-appareil-photo-one-line-300x300.jpg 300w, https:\/\/cecile-delachaux.fr\/wp-content\/uploads\/2022\/10\/Motif-broderie-appareil-photo-one-line-548x548.jpg 548w, https:\/\/cecile-delachaux.fr\/wp-content\/uploads\/2022\/10\/Motif-broderie-appareil-photo-one-line-150x150.jpg 150w, https:\/\/cecile-delachaux.fr\/wp-content\/uploads\/2022\/10\/Motif-broderie-appareil-photo-one-line-768x768.jpg 768w, https:\/\/cecile-delachaux.fr\/wp-content\/uploads\/2022\/10\/Motif-broderie-appareil-photo-one-line-1536x1536.jpg 1536w, https:\/\/cecile-delachaux.fr\/wp-content\/uploads\/2022\/10\/Motif-broderie-appareil-photo-one-line-324x324.jpg 324w, https:\/\/cecile-delachaux.fr\/wp-content\/uploads\/2022\/10\/Motif-broderie-appareil-photo-one-line-416x416.jpg 416w, https:\/\/cecile-delachaux.fr\/wp-content\/uploads\/2022\/10\/Motif-broderie-appareil-photo-one-line-100x100.jpg 100w\" sizes=\"auto, (max-width: 1588px) 100vw, 1588px\" \/><\/a>\r\n\t<\/div>\r\n\t<figcaption class='wp-caption-text gallery-caption' id='mla_gallery-1-10621'>\n\tMotif broderie appareil photo one line\n\t<\/figcaption><\/figure><figure class='gallery-item '>\r\n\t<div class='gallery-icon landscape'>\r\n\t\t<a href='https:\/\/cecile-delachaux.fr\/wp-content\/uploads\/2022\/10\/Motif-broderie-conctour-coeur-fleuri.jpg'><img loading=\"lazy\" decoding=\"async\" aria-describedby=\"mla_gallery-1-10622\" width=\"1421\" height=\"1421\" src=\"https:\/\/cecile-delachaux.fr\/wp-content\/uploads\/2022\/10\/Motif-broderie-conctour-coeur-fleuri.jpg\" class=\"attachment-full size-full\" alt=\"\" srcset=\"https:\/\/cecile-delachaux.fr\/wp-content\/uploads\/2022\/10\/Motif-broderie-conctour-coeur-fleuri.jpg 1421w, https:\/\/cecile-delachaux.fr\/wp-content\/uploads\/2022\/10\/Motif-broderie-conctour-coeur-fleuri-300x300.jpg 300w, https:\/\/cecile-delachaux.fr\/wp-content\/uploads\/2022\/10\/Motif-broderie-conctour-coeur-fleuri-548x548.jpg 548w, https:\/\/cecile-delachaux.fr\/wp-content\/uploads\/2022\/10\/Motif-broderie-conctour-coeur-fleuri-150x150.jpg 150w, https:\/\/cecile-delachaux.fr\/wp-content\/uploads\/2022\/10\/Motif-broderie-conctour-coeur-fleuri-768x768.jpg 768w, https:\/\/cecile-delachaux.fr\/wp-content\/uploads\/2022\/10\/Motif-broderie-conctour-coeur-fleuri-324x324.jpg 324w, https:\/\/cecile-delachaux.fr\/wp-content\/uploads\/2022\/10\/Motif-broderie-conctour-coeur-fleuri-416x416.jpg 416w, https:\/\/cecile-delachaux.fr\/wp-content\/uploads\/2022\/10\/Motif-broderie-conctour-coeur-fleuri-100x100.jpg 100w\" sizes=\"auto, (max-width: 1421px) 100vw, 1421px\" \/><\/a>\r\n\t<\/div>\r\n\t<figcaption class='wp-caption-text gallery-caption' id='mla_gallery-1-10622'>\n\tMotif broderie contour c\u0153ur fleuri\n\t<\/figcaption><\/figure><figure class='gallery-item last_in_row'>\r\n\t<div class='gallery-icon landscape'>\r\n\t\t<a href='https:\/\/cecile-delachaux.fr\/wp-content\/uploads\/2022\/10\/Motif-broderie-coquelicot-fleur-naissance-aout.jpg'><img loading=\"lazy\" decoding=\"async\" aria-describedby=\"mla_gallery-1-10623\" width=\"1588\" height=\"1588\" src=\"https:\/\/cecile-delachaux.fr\/wp-content\/uploads\/2022\/10\/Motif-broderie-coquelicot-fleur-naissance-aout.jpg\" class=\"attachment-full size-full\" alt=\"\" srcset=\"https:\/\/cecile-delachaux.fr\/wp-content\/uploads\/2022\/10\/Motif-broderie-coquelicot-fleur-naissance-aout.jpg 1588w, https:\/\/cecile-delachaux.fr\/wp-content\/uploads\/2022\/10\/Motif-broderie-coquelicot-fleur-naissance-aout-300x300.jpg 300w, https:\/\/cecile-delachaux.fr\/wp-content\/uploads\/2022\/10\/Motif-broderie-coquelicot-fleur-naissance-aout-548x548.jpg 548w, https:\/\/cecile-delachaux.fr\/wp-content\/uploads\/2022\/10\/Motif-broderie-coquelicot-fleur-naissance-aout-150x150.jpg 150w, https:\/\/cecile-delachaux.fr\/wp-content\/uploads\/2022\/10\/Motif-broderie-coquelicot-fleur-naissance-aout-768x768.jpg 768w, https:\/\/cecile-delachaux.fr\/wp-content\/uploads\/2022\/10\/Motif-broderie-coquelicot-fleur-naissance-aout-1536x1536.jpg 1536w, https:\/\/cecile-delachaux.fr\/wp-content\/uploads\/2022\/10\/Motif-broderie-coquelicot-fleur-naissance-aout-324x324.jpg 324w, https:\/\/cecile-delachaux.fr\/wp-content\/uploads\/2022\/10\/Motif-broderie-coquelicot-fleur-naissance-aout-416x416.jpg 416w, https:\/\/cecile-delachaux.fr\/wp-content\/uploads\/2022\/10\/Motif-broderie-coquelicot-fleur-naissance-aout-100x100.jpg 100w\" sizes=\"auto, (max-width: 1588px) 100vw, 1588px\" \/><\/a>\r\n\t<\/div>\r\n\t<figcaption class='wp-caption-text gallery-caption' id='mla_gallery-1-10623'>\n\tMotif broderie coquelicot fleur naissance ao\u00fbt\n\t<\/figcaption><\/figure><figure class='gallery-item '>\r\n\t<div class='gallery-icon landscape'>\r\n\t\t<a href='https:\/\/cecile-delachaux.fr\/wp-content\/uploads\/2022\/10\/Motif-broderie-croix-fleurie.jpg'><img loading=\"lazy\" decoding=\"async\" aria-describedby=\"mla_gallery-1-10624\" width=\"1421\" height=\"1421\" src=\"https:\/\/cecile-delachaux.fr\/wp-content\/uploads\/2022\/10\/Motif-broderie-croix-fleurie.jpg\" class=\"attachment-full size-full\" alt=\"\" srcset=\"https:\/\/cecile-delachaux.fr\/wp-content\/uploads\/2022\/10\/Motif-broderie-croix-fleurie.jpg 1421w, https:\/\/cecile-delachaux.fr\/wp-content\/uploads\/2022\/10\/Motif-broderie-croix-fleurie-300x300.jpg 300w, https:\/\/cecile-delachaux.fr\/wp-content\/uploads\/2022\/10\/Motif-broderie-croix-fleurie-548x548.jpg 548w, https:\/\/cecile-delachaux.fr\/wp-content\/uploads\/2022\/10\/Motif-broderie-croix-fleurie-150x150.jpg 150w, https:\/\/cecile-delachaux.fr\/wp-content\/uploads\/2022\/10\/Motif-broderie-croix-fleurie-768x768.jpg 768w, https:\/\/cecile-delachaux.fr\/wp-content\/uploads\/2022\/10\/Motif-broderie-croix-fleurie-324x324.jpg 324w, https:\/\/cecile-delachaux.fr\/wp-content\/uploads\/2022\/10\/Motif-broderie-croix-fleurie-416x416.jpg 416w, https:\/\/cecile-delachaux.fr\/wp-content\/uploads\/2022\/10\/Motif-broderie-croix-fleurie-100x100.jpg 100w\" sizes=\"auto, (max-width: 1421px) 100vw, 1421px\" \/><\/a>\r\n\t<\/div>\r\n\t<figcaption class='wp-caption-text gallery-caption' id='mla_gallery-1-10624'>\n\tMotif broderie croix fleurie\n\t<\/figcaption><\/figure><figure class='gallery-item '>\r\n\t<div class='gallery-icon landscape'>\r\n\t\t<a href='https:\/\/cecile-delachaux.fr\/wp-content\/uploads\/2022\/10\/Motif-broderie-envol-oiseaux.jpg'><img loading=\"lazy\" decoding=\"async\" aria-describedby=\"mla_gallery-1-10625\" width=\"1059\" height=\"1059\" src=\"https:\/\/cecile-delachaux.fr\/wp-content\/uploads\/2022\/10\/Motif-broderie-envol-oiseaux.jpg\" class=\"attachment-full size-full\" alt=\"\" srcset=\"https:\/\/cecile-delachaux.fr\/wp-content\/uploads\/2022\/10\/Motif-broderie-envol-oiseaux.jpg 1059w, https:\/\/cecile-delachaux.fr\/wp-content\/uploads\/2022\/10\/Motif-broderie-envol-oiseaux-300x300.jpg 300w, https:\/\/cecile-delachaux.fr\/wp-content\/uploads\/2022\/10\/Motif-broderie-envol-oiseaux-548x548.jpg 548w, https:\/\/cecile-delachaux.fr\/wp-content\/uploads\/2022\/10\/Motif-broderie-envol-oiseaux-150x150.jpg 150w, https:\/\/cecile-delachaux.fr\/wp-content\/uploads\/2022\/10\/Motif-broderie-envol-oiseaux-768x768.jpg 768w, https:\/\/cecile-delachaux.fr\/wp-content\/uploads\/2022\/10\/Motif-broderie-envol-oiseaux-324x324.jpg 324w, https:\/\/cecile-delachaux.fr\/wp-content\/uploads\/2022\/10\/Motif-broderie-envol-oiseaux-416x416.jpg 416w, https:\/\/cecile-delachaux.fr\/wp-content\/uploads\/2022\/10\/Motif-broderie-envol-oiseaux-100x100.jpg 100w\" sizes=\"auto, (max-width: 1059px) 100vw, 1059px\" \/><\/a>\r\n\t<\/div>\r\n\t<figcaption class='wp-caption-text gallery-caption' id='mla_gallery-1-10625'>\n\tMotif broderie envol oiseaux\n\t<\/figcaption><\/figure><figure class='gallery-item last_in_row'>\r\n\t<div class='gallery-icon landscape'>\r\n\t\t<a href='https:\/\/cecile-delachaux.fr\/wp-content\/uploads\/2022\/10\/Motif-broderie-mini-motifs-Noel.jpg'><img loading=\"lazy\" decoding=\"async\" aria-describedby=\"mla_gallery-1-10626\" width=\"1414\" height=\"1414\" src=\"https:\/\/cecile-delachaux.fr\/wp-content\/uploads\/2022\/10\/Motif-broderie-mini-motifs-Noel.jpg\" class=\"attachment-full size-full\" alt=\"\" srcset=\"https:\/\/cecile-delachaux.fr\/wp-content\/uploads\/2022\/10\/Motif-broderie-mini-motifs-Noel.jpg 1414w, https:\/\/cecile-delachaux.fr\/wp-content\/uploads\/2022\/10\/Motif-broderie-mini-motifs-Noel-300x300.jpg 300w, https:\/\/cecile-delachaux.fr\/wp-content\/uploads\/2022\/10\/Motif-broderie-mini-motifs-Noel-548x548.jpg 548w, https:\/\/cecile-delachaux.fr\/wp-content\/uploads\/2022\/10\/Motif-broderie-mini-motifs-Noel-150x150.jpg 150w, https:\/\/cecile-delachaux.fr\/wp-content\/uploads\/2022\/10\/Motif-broderie-mini-motifs-Noel-768x768.jpg 768w, https:\/\/cecile-delachaux.fr\/wp-content\/uploads\/2022\/10\/Motif-broderie-mini-motifs-Noel-324x324.jpg 324w, https:\/\/cecile-delachaux.fr\/wp-content\/uploads\/2022\/10\/Motif-broderie-mini-motifs-Noel-416x416.jpg 416w, https:\/\/cecile-delachaux.fr\/wp-content\/uploads\/2022\/10\/Motif-broderie-mini-motifs-Noel-100x100.jpg 100w\" sizes=\"auto, (max-width: 1414px) 100vw, 1414px\" \/><\/a>\r\n\t<\/div>\r\n\t<figcaption class='wp-caption-text gallery-caption' id='mla_gallery-1-10626'>\n\tMotif broderie mini motifs No\u00ebl\n\t<\/figcaption><\/figure><figure class='gallery-item '>\r\n\t<div class='gallery-icon landscape'>\r\n\t\t<a href='https:\/\/cecile-delachaux.fr\/wp-content\/uploads\/2022\/10\/Motif-broderie-mouton.jpg'><img loading=\"lazy\" decoding=\"async\" aria-describedby=\"mla_gallery-1-10627\" width=\"1588\" height=\"1588\" src=\"https:\/\/cecile-delachaux.fr\/wp-content\/uploads\/2022\/10\/Motif-broderie-mouton.jpg\" class=\"attachment-full size-full\" alt=\"\" srcset=\"https:\/\/cecile-delachaux.fr\/wp-content\/uploads\/2022\/10\/Motif-broderie-mouton.jpg 1588w, https:\/\/cecile-delachaux.fr\/wp-content\/uploads\/2022\/10\/Motif-broderie-mouton-300x300.jpg 300w, https:\/\/cecile-delachaux.fr\/wp-content\/uploads\/2022\/10\/Motif-broderie-mouton-548x548.jpg 548w, https:\/\/cecile-delachaux.fr\/wp-content\/uploads\/2022\/10\/Motif-broderie-mouton-150x150.jpg 150w, https:\/\/cecile-delachaux.fr\/wp-content\/uploads\/2022\/10\/Motif-broderie-mouton-768x768.jpg 768w, https:\/\/cecile-delachaux.fr\/wp-content\/uploads\/2022\/10\/Motif-broderie-mouton-1536x1536.jpg 1536w, https:\/\/cecile-delachaux.fr\/wp-content\/uploads\/2022\/10\/Motif-broderie-mouton-324x324.jpg 324w, https:\/\/cecile-delachaux.fr\/wp-content\/uploads\/2022\/10\/Motif-broderie-mouton-416x416.jpg 416w, https:\/\/cecile-delachaux.fr\/wp-content\/uploads\/2022\/10\/Motif-broderie-mouton-100x100.jpg 100w\" sizes=\"auto, (max-width: 1588px) 100vw, 1588px\" \/><\/a>\r\n\t<\/div>\r\n\t<figcaption class='wp-caption-text gallery-caption' id='mla_gallery-1-10627'>\n\tMotif broderie mouton\n\t<\/figcaption><\/figure><figure class='gallery-item '>\r\n\t<div class='gallery-icon landscape'>\r\n\t\t<a href='https:\/\/cecile-delachaux.fr\/wp-content\/uploads\/2022\/10\/Motif-broderie-Signes-astrologiques-fleuris.jpg'><img loading=\"lazy\" decoding=\"async\" aria-describedby=\"mla_gallery-1-10628\" width=\"1588\" height=\"1584\" src=\"https:\/\/cecile-delachaux.fr\/wp-content\/uploads\/2022\/10\/Motif-broderie-Signes-astrologiques-fleuris.jpg\" class=\"attachment-full size-full\" alt=\"\" srcset=\"https:\/\/cecile-delachaux.fr\/wp-content\/uploads\/2022\/10\/Motif-broderie-Signes-astrologiques-fleuris.jpg 1588w, https:\/\/cecile-delachaux.fr\/wp-content\/uploads\/2022\/10\/Motif-broderie-Signes-astrologiques-fleuris-300x300.jpg 300w, https:\/\/cecile-delachaux.fr\/wp-content\/uploads\/2022\/10\/Motif-broderie-Signes-astrologiques-fleuris-549x548.jpg 549w, https:\/\/cecile-delachaux.fr\/wp-content\/uploads\/2022\/10\/Motif-broderie-Signes-astrologiques-fleuris-150x150.jpg 150w, https:\/\/cecile-delachaux.fr\/wp-content\/uploads\/2022\/10\/Motif-broderie-Signes-astrologiques-fleuris-768x766.jpg 768w, https:\/\/cecile-delachaux.fr\/wp-content\/uploads\/2022\/10\/Motif-broderie-Signes-astrologiques-fleuris-1536x1532.jpg 1536w, https:\/\/cecile-delachaux.fr\/wp-content\/uploads\/2022\/10\/Motif-broderie-Signes-astrologiques-fleuris-324x324.jpg 324w, https:\/\/cecile-delachaux.fr\/wp-content\/uploads\/2022\/10\/Motif-broderie-Signes-astrologiques-fleuris-416x415.jpg 416w, https:\/\/cecile-delachaux.fr\/wp-content\/uploads\/2022\/10\/Motif-broderie-Signes-astrologiques-fleuris-100x100.jpg 100w\" sizes=\"auto, (max-width: 1588px) 100vw, 1588px\" \/><\/a>\r\n\t<\/div>\r\n\t<figcaption class='wp-caption-text gallery-caption' id='mla_gallery-1-10628'>\n\tMotif broderie Signes astrologiques fleuris\n\t<\/figcaption><\/figure><figure class='gallery-item last_in_row'>\r\n\t<div class='gallery-icon landscape'>\r\n\t\t<a href='https:\/\/cecile-delachaux.fr\/wp-content\/uploads\/2022\/10\/Motif-broderie-velo-enfant.jpg'><img loading=\"lazy\" decoding=\"async\" aria-describedby=\"mla_gallery-1-10629\" width=\"1290\" height=\"1270\" src=\"https:\/\/cecile-delachaux.fr\/wp-content\/uploads\/2022\/10\/Motif-broderie-velo-enfant.jpg\" class=\"attachment-full size-full\" alt=\"\" srcset=\"https:\/\/cecile-delachaux.fr\/wp-content\/uploads\/2022\/10\/Motif-broderie-velo-enfant.jpg 1290w, https:\/\/cecile-delachaux.fr\/wp-content\/uploads\/2022\/10\/Motif-broderie-velo-enfant-300x295.jpg 300w, https:\/\/cecile-delachaux.fr\/wp-content\/uploads\/2022\/10\/Motif-broderie-velo-enfant-557x548.jpg 557w, https:\/\/cecile-delachaux.fr\/wp-content\/uploads\/2022\/10\/Motif-broderie-velo-enfant-768x756.jpg 768w, https:\/\/cecile-delachaux.fr\/wp-content\/uploads\/2022\/10\/Motif-broderie-velo-enfant-416x410.jpg 416w\" sizes=\"auto, (max-width: 1290px) 100vw, 1290px\" \/><\/a>\r\n\t<\/div>\r\n\t<figcaption class='wp-caption-text gallery-caption' id='mla_gallery-1-10629'>\n\tMotif broderie velo enfant\n\t<\/figcaption><\/figure><figure class='gallery-item '>\r\n\t<div class='gallery-icon landscape'>\r\n\t\t<a href='https:\/\/cecile-delachaux.fr\/wp-content\/uploads\/2022\/10\/Motif-broderie-velo-femme.jpg'><img loading=\"lazy\" decoding=\"async\" aria-describedby=\"mla_gallery-1-10630\" width=\"1355\" height=\"1314\" src=\"https:\/\/cecile-delachaux.fr\/wp-content\/uploads\/2022\/10\/Motif-broderie-velo-femme.jpg\" class=\"attachment-full size-full\" alt=\"\" srcset=\"https:\/\/cecile-delachaux.fr\/wp-content\/uploads\/2022\/10\/Motif-broderie-velo-femme.jpg 1355w, https:\/\/cecile-delachaux.fr\/wp-content\/uploads\/2022\/10\/Motif-broderie-velo-femme-300x291.jpg 300w, https:\/\/cecile-delachaux.fr\/wp-content\/uploads\/2022\/10\/Motif-broderie-velo-femme-565x548.jpg 565w, https:\/\/cecile-delachaux.fr\/wp-content\/uploads\/2022\/10\/Motif-broderie-velo-femme-768x745.jpg 768w, https:\/\/cecile-delachaux.fr\/wp-content\/uploads\/2022\/10\/Motif-broderie-velo-femme-416x403.jpg 416w\" sizes=\"auto, (max-width: 1355px) 100vw, 1355px\" \/><\/a>\r\n\t<\/div>\r\n\t<figcaption class='wp-caption-text gallery-caption' id='mla_gallery-1-10630'>\n\tMotif broderie velo femme\n\t<\/figcaption><\/figure><figure class='gallery-item '>\r\n\t<div class='gallery-icon landscape'>\r\n\t\t<a href='https:\/\/cecile-delachaux.fr\/wp-content\/uploads\/2022\/10\/Motif-broderie-velo-homme.jpg'><img loading=\"lazy\" decoding=\"async\" aria-describedby=\"mla_gallery-1-10631\" width=\"625\" height=\"625\" src=\"https:\/\/cecile-delachaux.fr\/wp-content\/uploads\/2022\/10\/Motif-broderie-velo-homme.jpg\" class=\"attachment-full size-full\" alt=\"\" srcset=\"https:\/\/cecile-delachaux.fr\/wp-content\/uploads\/2022\/10\/Motif-broderie-velo-homme.jpg 625w, https:\/\/cecile-delachaux.fr\/wp-content\/uploads\/2022\/10\/Motif-broderie-velo-homme-300x300.jpg 300w, https:\/\/cecile-delachaux.fr\/wp-content\/uploads\/2022\/10\/Motif-broderie-velo-homme-548x548.jpg 548w, https:\/\/cecile-delachaux.fr\/wp-content\/uploads\/2022\/10\/Motif-broderie-velo-homme-150x150.jpg 150w, https:\/\/cecile-delachaux.fr\/wp-content\/uploads\/2022\/10\/Motif-broderie-velo-homme-324x324.jpg 324w, https:\/\/cecile-delachaux.fr\/wp-content\/uploads\/2022\/10\/Motif-broderie-velo-homme-416x416.jpg 416w, https:\/\/cecile-delachaux.fr\/wp-content\/uploads\/2022\/10\/Motif-broderie-velo-homme-100x100.jpg 100w\" sizes=\"auto, (max-width: 625px) 100vw, 625px\" \/><\/a>\r\n\t<\/div>\r\n\t<figcaption class='wp-caption-text gallery-caption' id='mla_gallery-1-10631'>\n\tMotif broderie velo homme\n\t<\/figcaption><\/figure><figure class='gallery-item last_in_row'>\r\n\t<div class='gallery-icon landscape'>\r\n\t\t<a href='https:\/\/cecile-delachaux.fr\/wp-content\/uploads\/2022\/10\/Motif-broderie-alphabet-baies-et-feuillage.jpg'><img loading=\"lazy\" decoding=\"async\" aria-describedby=\"mla_gallery-1-10632\" width=\"1421\" height=\"1421\" src=\"https:\/\/cecile-delachaux.fr\/wp-content\/uploads\/2022\/10\/Motif-broderie-alphabet-baies-et-feuillage.jpg\" class=\"attachment-full size-full\" alt=\"\" srcset=\"https:\/\/cecile-delachaux.fr\/wp-content\/uploads\/2022\/10\/Motif-broderie-alphabet-baies-et-feuillage.jpg 1421w, https:\/\/cecile-delachaux.fr\/wp-content\/uploads\/2022\/10\/Motif-broderie-alphabet-baies-et-feuillage-300x300.jpg 300w, https:\/\/cecile-delachaux.fr\/wp-content\/uploads\/2022\/10\/Motif-broderie-alphabet-baies-et-feuillage-548x548.jpg 548w, https:\/\/cecile-delachaux.fr\/wp-content\/uploads\/2022\/10\/Motif-broderie-alphabet-baies-et-feuillage-150x150.jpg 150w, https:\/\/cecile-delachaux.fr\/wp-content\/uploads\/2022\/10\/Motif-broderie-alphabet-baies-et-feuillage-768x768.jpg 768w, https:\/\/cecile-delachaux.fr\/wp-content\/uploads\/2022\/10\/Motif-broderie-alphabet-baies-et-feuillage-324x324.jpg 324w, https:\/\/cecile-delachaux.fr\/wp-content\/uploads\/2022\/10\/Motif-broderie-alphabet-baies-et-feuillage-416x416.jpg 416w, https:\/\/cecile-delachaux.fr\/wp-content\/uploads\/2022\/10\/Motif-broderie-alphabet-baies-et-feuillage-100x100.jpg 100w\" sizes=\"auto, (max-width: 1421px) 100vw, 1421px\" \/><\/a>\r\n\t<\/div>\r\n\t<figcaption class='wp-caption-text gallery-caption' id='mla_gallery-1-10632'>\n\tMotif broderie alphabet baies et feuillage\n\t<\/figcaption><\/figure><figure class='gallery-item '>\r\n\t<div class='gallery-icon landscape'>\r\n\t\t<a href='https:\/\/cecile-delachaux.fr\/wp-content\/uploads\/2022\/10\/Motif-broderie-alphabet-baies-et-feuillages.jpg'><img loading=\"lazy\" decoding=\"async\" aria-describedby=\"mla_gallery-1-10633\" width=\"1421\" height=\"1421\" src=\"https:\/\/cecile-delachaux.fr\/wp-content\/uploads\/2022\/10\/Motif-broderie-alphabet-baies-et-feuillages.jpg\" class=\"attachment-full size-full\" alt=\"\" srcset=\"https:\/\/cecile-delachaux.fr\/wp-content\/uploads\/2022\/10\/Motif-broderie-alphabet-baies-et-feuillages.jpg 1421w, https:\/\/cecile-delachaux.fr\/wp-content\/uploads\/2022\/10\/Motif-broderie-alphabet-baies-et-feuillages-300x300.jpg 300w, https:\/\/cecile-delachaux.fr\/wp-content\/uploads\/2022\/10\/Motif-broderie-alphabet-baies-et-feuillages-548x548.jpg 548w, https:\/\/cecile-delachaux.fr\/wp-content\/uploads\/2022\/10\/Motif-broderie-alphabet-baies-et-feuillages-150x150.jpg 150w, https:\/\/cecile-delachaux.fr\/wp-content\/uploads\/2022\/10\/Motif-broderie-alphabet-baies-et-feuillages-768x768.jpg 768w, https:\/\/cecile-delachaux.fr\/wp-content\/uploads\/2022\/10\/Motif-broderie-alphabet-baies-et-feuillages-324x324.jpg 324w, https:\/\/cecile-delachaux.fr\/wp-content\/uploads\/2022\/10\/Motif-broderie-alphabet-baies-et-feuillages-416x416.jpg 416w, https:\/\/cecile-delachaux.fr\/wp-content\/uploads\/2022\/10\/Motif-broderie-alphabet-baies-et-feuillages-100x100.jpg 100w\" sizes=\"auto, (max-width: 1421px) 100vw, 1421px\" \/><\/a>\r\n\t<\/div>\r\n\t<figcaption class='wp-caption-text gallery-caption' id='mla_gallery-1-10633'>\n\tMotif broderie alphabet baies et feuillages\n\t<\/figcaption><\/figure><figure class='gallery-item '>\r\n\t<div class='gallery-icon landscape'>\r\n\t\t<a href='https:\/\/cecile-delachaux.fr\/wp-content\/uploads\/2022\/10\/Motif-broderie-alphabet-Noel.jpg'><img loading=\"lazy\" decoding=\"async\" aria-describedby=\"mla_gallery-1-10634\" width=\"1421\" height=\"1421\" src=\"https:\/\/cecile-delachaux.fr\/wp-content\/uploads\/2022\/10\/Motif-broderie-alphabet-Noel.jpg\" class=\"attachment-full size-full\" alt=\"\" srcset=\"https:\/\/cecile-delachaux.fr\/wp-content\/uploads\/2022\/10\/Motif-broderie-alphabet-Noel.jpg 1421w, https:\/\/cecile-delachaux.fr\/wp-content\/uploads\/2022\/10\/Motif-broderie-alphabet-Noel-300x300.jpg 300w, https:\/\/cecile-delachaux.fr\/wp-content\/uploads\/2022\/10\/Motif-broderie-alphabet-Noel-548x548.jpg 548w, https:\/\/cecile-delachaux.fr\/wp-content\/uploads\/2022\/10\/Motif-broderie-alphabet-Noel-150x150.jpg 150w, https:\/\/cecile-delachaux.fr\/wp-content\/uploads\/2022\/10\/Motif-broderie-alphabet-Noel-768x768.jpg 768w, https:\/\/cecile-delachaux.fr\/wp-content\/uploads\/2022\/10\/Motif-broderie-alphabet-Noel-324x324.jpg 324w, https:\/\/cecile-delachaux.fr\/wp-content\/uploads\/2022\/10\/Motif-broderie-alphabet-Noel-416x416.jpg 416w, https:\/\/cecile-delachaux.fr\/wp-content\/uploads\/2022\/10\/Motif-broderie-alphabet-Noel-100x100.jpg 100w\" sizes=\"auto, (max-width: 1421px) 100vw, 1421px\" \/><\/a>\r\n\t<\/div>\r\n\t<figcaption class='wp-caption-text gallery-caption' id='mla_gallery-1-10634'>\n\tMotif broderie alphabet No\u00ebl\n\t<\/figcaption><\/figure><figure class='gallery-item last_in_row'>\r\n\t<div class='gallery-icon landscape'>\r\n\t\t<a href='https:\/\/cecile-delachaux.fr\/wp-content\/uploads\/2024\/02\/Motif-broderie-muguet-fleur-naissance-mai.jpg'><img loading=\"lazy\" decoding=\"async\" aria-describedby=\"mla_gallery-1-11142\" width=\"1588\" height=\"1588\" src=\"https:\/\/cecile-delachaux.fr\/wp-content\/uploads\/2024\/02\/Motif-broderie-muguet-fleur-naissance-mai.jpg\" class=\"attachment-full size-full\" alt=\"\" srcset=\"https:\/\/cecile-delachaux.fr\/wp-content\/uploads\/2024\/02\/Motif-broderie-muguet-fleur-naissance-mai.jpg 1588w, https:\/\/cecile-delachaux.fr\/wp-content\/uploads\/2024\/02\/Motif-broderie-muguet-fleur-naissance-mai-300x300.jpg 300w, https:\/\/cecile-delachaux.fr\/wp-content\/uploads\/2024\/02\/Motif-broderie-muguet-fleur-naissance-mai-548x548.jpg 548w, https:\/\/cecile-delachaux.fr\/wp-content\/uploads\/2024\/02\/Motif-broderie-muguet-fleur-naissance-mai-150x150.jpg 150w, https:\/\/cecile-delachaux.fr\/wp-content\/uploads\/2024\/02\/Motif-broderie-muguet-fleur-naissance-mai-768x768.jpg 768w, https:\/\/cecile-delachaux.fr\/wp-content\/uploads\/2024\/02\/Motif-broderie-muguet-fleur-naissance-mai-1536x1536.jpg 1536w, https:\/\/cecile-delachaux.fr\/wp-content\/uploads\/2024\/02\/Motif-broderie-muguet-fleur-naissance-mai-324x324.jpg 324w, https:\/\/cecile-delachaux.fr\/wp-content\/uploads\/2024\/02\/Motif-broderie-muguet-fleur-naissance-mai-416x416.jpg 416w, https:\/\/cecile-delachaux.fr\/wp-content\/uploads\/2024\/02\/Motif-broderie-muguet-fleur-naissance-mai-100x100.jpg 100w\" sizes=\"auto, (max-width: 1588px) 100vw, 1588px\" \/><\/a>\r\n\t<\/div>\r\n\t<figcaption class='wp-caption-text gallery-caption' id='mla_gallery-1-11142'>\n\tMotif broderie muguet fleur naissance mai\n\t<\/figcaption><\/figure><figure class='gallery-item '>\r\n\t<div class='gallery-icon landscape'>\r\n\t\t<a href='https:\/\/cecile-delachaux.fr\/wp-content\/uploads\/2024\/02\/Motif-broderie-oeillet-fleur-naissance-janvier.jpg'><img loading=\"lazy\" decoding=\"async\" aria-describedby=\"mla_gallery-1-11143\" width=\"1588\" height=\"1588\" src=\"https:\/\/cecile-delachaux.fr\/wp-content\/uploads\/2024\/02\/Motif-broderie-oeillet-fleur-naissance-janvier.jpg\" class=\"attachment-full size-full\" alt=\"\" srcset=\"https:\/\/cecile-delachaux.fr\/wp-content\/uploads\/2024\/02\/Motif-broderie-oeillet-fleur-naissance-janvier.jpg 1588w, https:\/\/cecile-delachaux.fr\/wp-content\/uploads\/2024\/02\/Motif-broderie-oeillet-fleur-naissance-janvier-300x300.jpg 300w, https:\/\/cecile-delachaux.fr\/wp-content\/uploads\/2024\/02\/Motif-broderie-oeillet-fleur-naissance-janvier-548x548.jpg 548w, https:\/\/cecile-delachaux.fr\/wp-content\/uploads\/2024\/02\/Motif-broderie-oeillet-fleur-naissance-janvier-150x150.jpg 150w, https:\/\/cecile-delachaux.fr\/wp-content\/uploads\/2024\/02\/Motif-broderie-oeillet-fleur-naissance-janvier-768x768.jpg 768w, https:\/\/cecile-delachaux.fr\/wp-content\/uploads\/2024\/02\/Motif-broderie-oeillet-fleur-naissance-janvier-1536x1536.jpg 1536w, https:\/\/cecile-delachaux.fr\/wp-content\/uploads\/2024\/02\/Motif-broderie-oeillet-fleur-naissance-janvier-324x324.jpg 324w, https:\/\/cecile-delachaux.fr\/wp-content\/uploads\/2024\/02\/Motif-broderie-oeillet-fleur-naissance-janvier-416x416.jpg 416w, https:\/\/cecile-delachaux.fr\/wp-content\/uploads\/2024\/02\/Motif-broderie-oeillet-fleur-naissance-janvier-100x100.jpg 100w\" sizes=\"auto, (max-width: 1588px) 100vw, 1588px\" \/><\/a>\r\n\t<\/div>\r\n\t<figcaption class='wp-caption-text gallery-caption' id='mla_gallery-1-11143'>\n\tMotif broderie \u0153illet fleur naissance janvier\n\t<\/figcaption><\/figure><figure class='gallery-item '>\r\n\t<div class='gallery-icon landscape'>\r\n\t\t<a href='https:\/\/cecile-delachaux.fr\/wp-content\/uploads\/2024\/02\/Motif-de-broderie-de-muguet-fleur-de-naissance-mai.jpg'><img loading=\"lazy\" decoding=\"async\" aria-describedby=\"mla_gallery-1-11144\" width=\"1588\" height=\"1588\" src=\"https:\/\/cecile-delachaux.fr\/wp-content\/uploads\/2024\/02\/Motif-de-broderie-de-muguet-fleur-de-naissance-mai.jpg\" class=\"attachment-full size-full\" alt=\"\" srcset=\"https:\/\/cecile-delachaux.fr\/wp-content\/uploads\/2024\/02\/Motif-de-broderie-de-muguet-fleur-de-naissance-mai.jpg 1588w, https:\/\/cecile-delachaux.fr\/wp-content\/uploads\/2024\/02\/Motif-de-broderie-de-muguet-fleur-de-naissance-mai-300x300.jpg 300w, https:\/\/cecile-delachaux.fr\/wp-content\/uploads\/2024\/02\/Motif-de-broderie-de-muguet-fleur-de-naissance-mai-548x548.jpg 548w, https:\/\/cecile-delachaux.fr\/wp-content\/uploads\/2024\/02\/Motif-de-broderie-de-muguet-fleur-de-naissance-mai-150x150.jpg 150w, https:\/\/cecile-delachaux.fr\/wp-content\/uploads\/2024\/02\/Motif-de-broderie-de-muguet-fleur-de-naissance-mai-768x768.jpg 768w, https:\/\/cecile-delachaux.fr\/wp-content\/uploads\/2024\/02\/Motif-de-broderie-de-muguet-fleur-de-naissance-mai-1536x1536.jpg 1536w, https:\/\/cecile-delachaux.fr\/wp-content\/uploads\/2024\/02\/Motif-de-broderie-de-muguet-fleur-de-naissance-mai-324x324.jpg 324w, https:\/\/cecile-delachaux.fr\/wp-content\/uploads\/2024\/02\/Motif-de-broderie-de-muguet-fleur-de-naissance-mai-416x416.jpg 416w, https:\/\/cecile-delachaux.fr\/wp-content\/uploads\/2024\/02\/Motif-de-broderie-de-muguet-fleur-de-naissance-mai-100x100.jpg 100w\" sizes=\"auto, (max-width: 1588px) 100vw, 1588px\" \/><\/a>\r\n\t<\/div>\r\n\t<figcaption class='wp-caption-text gallery-caption' id='mla_gallery-1-11144'>\n\tMotif de broderie muguet fleur de naissance mai\n\t<\/figcaption><\/figure><figure class='gallery-item last_in_row'>\r\n\t<div class='gallery-icon landscape'>\r\n\t\t<a href='https:\/\/cecile-delachaux.fr\/wp-content\/uploads\/2024\/02\/Motif-broderie-Aster-fleur-naissance-septembre.jpeg'><img loading=\"lazy\" decoding=\"async\" aria-describedby=\"mla_gallery-1-11145\" width=\"1588\" height=\"1588\" src=\"https:\/\/cecile-delachaux.fr\/wp-content\/uploads\/2024\/02\/Motif-broderie-Aster-fleur-naissance-septembre.jpeg\" class=\"attachment-full size-full\" alt=\"\" srcset=\"https:\/\/cecile-delachaux.fr\/wp-content\/uploads\/2024\/02\/Motif-broderie-Aster-fleur-naissance-septembre.jpeg 1588w, https:\/\/cecile-delachaux.fr\/wp-content\/uploads\/2024\/02\/Motif-broderie-Aster-fleur-naissance-septembre-300x300.jpeg 300w, https:\/\/cecile-delachaux.fr\/wp-content\/uploads\/2024\/02\/Motif-broderie-Aster-fleur-naissance-septembre-548x548.jpeg 548w, https:\/\/cecile-delachaux.fr\/wp-content\/uploads\/2024\/02\/Motif-broderie-Aster-fleur-naissance-septembre-150x150.jpeg 150w, https:\/\/cecile-delachaux.fr\/wp-content\/uploads\/2024\/02\/Motif-broderie-Aster-fleur-naissance-septembre-768x768.jpeg 768w, https:\/\/cecile-delachaux.fr\/wp-content\/uploads\/2024\/02\/Motif-broderie-Aster-fleur-naissance-septembre-1536x1536.jpeg 1536w, https:\/\/cecile-delachaux.fr\/wp-content\/uploads\/2024\/02\/Motif-broderie-Aster-fleur-naissance-septembre-324x324.jpeg 324w, https:\/\/cecile-delachaux.fr\/wp-content\/uploads\/2024\/02\/Motif-broderie-Aster-fleur-naissance-septembre-416x416.jpeg 416w, https:\/\/cecile-delachaux.fr\/wp-content\/uploads\/2024\/02\/Motif-broderie-Aster-fleur-naissance-septembre-100x100.jpeg 100w\" sizes=\"auto, (max-width: 1588px) 100vw, 1588px\" \/><\/a>\r\n\t<\/div>\r\n\t<figcaption class='wp-caption-text gallery-caption' id='mla_gallery-1-11145'>\n\tMotif broderie Aster fleur naissance septembre\n\t<\/figcaption><\/figure><figure class='gallery-item '>\r\n\t<div class='gallery-icon landscape'>\r\n\t\t<a href='https:\/\/cecile-delachaux.fr\/wp-content\/uploads\/2024\/02\/Motif-broderie-chrysantheme-fleur-naissance-novembre.jpeg'><img loading=\"lazy\" decoding=\"async\" aria-describedby=\"mla_gallery-1-11146\" width=\"1588\" height=\"1588\" src=\"https:\/\/cecile-delachaux.fr\/wp-content\/uploads\/2024\/02\/Motif-broderie-chrysantheme-fleur-naissance-novembre.jpeg\" class=\"attachment-full size-full\" alt=\"\" srcset=\"https:\/\/cecile-delachaux.fr\/wp-content\/uploads\/2024\/02\/Motif-broderie-chrysantheme-fleur-naissance-novembre.jpeg 1588w, https:\/\/cecile-delachaux.fr\/wp-content\/uploads\/2024\/02\/Motif-broderie-chrysantheme-fleur-naissance-novembre-300x300.jpeg 300w, https:\/\/cecile-delachaux.fr\/wp-content\/uploads\/2024\/02\/Motif-broderie-chrysantheme-fleur-naissance-novembre-548x548.jpeg 548w, https:\/\/cecile-delachaux.fr\/wp-content\/uploads\/2024\/02\/Motif-broderie-chrysantheme-fleur-naissance-novembre-150x150.jpeg 150w, https:\/\/cecile-delachaux.fr\/wp-content\/uploads\/2024\/02\/Motif-broderie-chrysantheme-fleur-naissance-novembre-768x768.jpeg 768w, https:\/\/cecile-delachaux.fr\/wp-content\/uploads\/2024\/02\/Motif-broderie-chrysantheme-fleur-naissance-novembre-1536x1536.jpeg 1536w, https:\/\/cecile-delachaux.fr\/wp-content\/uploads\/2024\/02\/Motif-broderie-chrysantheme-fleur-naissance-novembre-324x324.jpeg 324w, https:\/\/cecile-delachaux.fr\/wp-content\/uploads\/2024\/02\/Motif-broderie-chrysantheme-fleur-naissance-novembre-416x416.jpeg 416w, https:\/\/cecile-delachaux.fr\/wp-content\/uploads\/2024\/02\/Motif-broderie-chrysantheme-fleur-naissance-novembre-100x100.jpeg 100w\" sizes=\"auto, (max-width: 1588px) 100vw, 1588px\" \/><\/a>\r\n\t<\/div>\r\n\t<figcaption class='wp-caption-text gallery-caption' id='mla_gallery-1-11146'>\n\tMotif broderie chrysanth\u00e8me fleur naissance novembre\n\t<\/figcaption><\/figure><figure class='gallery-item '>\r\n\t<div class='gallery-icon landscape'>\r\n\t\t<a href='https:\/\/cecile-delachaux.fr\/wp-content\/uploads\/2024\/02\/Motif-broderie-Cosmos-fleur-naissance-octobre.jpeg'><img loading=\"lazy\" decoding=\"async\" aria-describedby=\"mla_gallery-1-11147\" width=\"1588\" height=\"1588\" src=\"https:\/\/cecile-delachaux.fr\/wp-content\/uploads\/2024\/02\/Motif-broderie-Cosmos-fleur-naissance-octobre.jpeg\" class=\"attachment-full size-full\" alt=\"\" srcset=\"https:\/\/cecile-delachaux.fr\/wp-content\/uploads\/2024\/02\/Motif-broderie-Cosmos-fleur-naissance-octobre.jpeg 1588w, https:\/\/cecile-delachaux.fr\/wp-content\/uploads\/2024\/02\/Motif-broderie-Cosmos-fleur-naissance-octobre-300x300.jpeg 300w, https:\/\/cecile-delachaux.fr\/wp-content\/uploads\/2024\/02\/Motif-broderie-Cosmos-fleur-naissance-octobre-548x548.jpeg 548w, https:\/\/cecile-delachaux.fr\/wp-content\/uploads\/2024\/02\/Motif-broderie-Cosmos-fleur-naissance-octobre-150x150.jpeg 150w, https:\/\/cecile-delachaux.fr\/wp-content\/uploads\/2024\/02\/Motif-broderie-Cosmos-fleur-naissance-octobre-768x768.jpeg 768w, https:\/\/cecile-delachaux.fr\/wp-content\/uploads\/2024\/02\/Motif-broderie-Cosmos-fleur-naissance-octobre-1536x1536.jpeg 1536w, https:\/\/cecile-delachaux.fr\/wp-content\/uploads\/2024\/02\/Motif-broderie-Cosmos-fleur-naissance-octobre-324x324.jpeg 324w, https:\/\/cecile-delachaux.fr\/wp-content\/uploads\/2024\/02\/Motif-broderie-Cosmos-fleur-naissance-octobre-416x416.jpeg 416w, https:\/\/cecile-delachaux.fr\/wp-content\/uploads\/2024\/02\/Motif-broderie-Cosmos-fleur-naissance-octobre-100x100.jpeg 100w\" sizes=\"auto, (max-width: 1588px) 100vw, 1588px\" \/><\/a>\r\n\t<\/div>\r\n\t<figcaption class='wp-caption-text gallery-caption' id='mla_gallery-1-11147'>\n\tMotif broderie Cosmos fleur naissance octobre\n\t<\/figcaption><\/figure><figure class='gallery-item last_in_row'>\r\n\t<div class='gallery-icon landscape'>\r\n\t\t<a href='https:\/\/cecile-delachaux.fr\/wp-content\/uploads\/2024\/02\/Motif-broderie-Delphinium-fleur-naissance-juillet.jpeg'><img loading=\"lazy\" decoding=\"async\" aria-describedby=\"mla_gallery-1-11148\" width=\"1588\" height=\"1588\" src=\"https:\/\/cecile-delachaux.fr\/wp-content\/uploads\/2024\/02\/Motif-broderie-Delphinium-fleur-naissance-juillet.jpeg\" class=\"attachment-full size-full\" alt=\"\" srcset=\"https:\/\/cecile-delachaux.fr\/wp-content\/uploads\/2024\/02\/Motif-broderie-Delphinium-fleur-naissance-juillet.jpeg 1588w, https:\/\/cecile-delachaux.fr\/wp-content\/uploads\/2024\/02\/Motif-broderie-Delphinium-fleur-naissance-juillet-300x300.jpeg 300w, https:\/\/cecile-delachaux.fr\/wp-content\/uploads\/2024\/02\/Motif-broderie-Delphinium-fleur-naissance-juillet-548x548.jpeg 548w, https:\/\/cecile-delachaux.fr\/wp-content\/uploads\/2024\/02\/Motif-broderie-Delphinium-fleur-naissance-juillet-150x150.jpeg 150w, https:\/\/cecile-delachaux.fr\/wp-content\/uploads\/2024\/02\/Motif-broderie-Delphinium-fleur-naissance-juillet-768x768.jpeg 768w, https:\/\/cecile-delachaux.fr\/wp-content\/uploads\/2024\/02\/Motif-broderie-Delphinium-fleur-naissance-juillet-1536x1536.jpeg 1536w, https:\/\/cecile-delachaux.fr\/wp-content\/uploads\/2024\/02\/Motif-broderie-Delphinium-fleur-naissance-juillet-324x324.jpeg 324w, https:\/\/cecile-delachaux.fr\/wp-content\/uploads\/2024\/02\/Motif-broderie-Delphinium-fleur-naissance-juillet-416x416.jpeg 416w, https:\/\/cecile-delachaux.fr\/wp-content\/uploads\/2024\/02\/Motif-broderie-Delphinium-fleur-naissance-juillet-100x100.jpeg 100w\" sizes=\"auto, (max-width: 1588px) 100vw, 1588px\" \/><\/a>\r\n\t<\/div>\r\n\t<figcaption class='wp-caption-text gallery-caption' id='mla_gallery-1-11148'>\n\tMotif broderie Delphinium fleur naissance juillet\n\t<\/figcaption><\/figure><figure class='gallery-item '>\r\n\t<div class='gallery-icon landscape'>\r\n\t\t<a href='https:\/\/cecile-delachaux.fr\/wp-content\/uploads\/2024\/02\/Motif-broderie-houx-fleur-naissance-decembre.jpeg'><img loading=\"lazy\" decoding=\"async\" aria-describedby=\"mla_gallery-1-11149\" width=\"1588\" height=\"1588\" src=\"https:\/\/cecile-delachaux.fr\/wp-content\/uploads\/2024\/02\/Motif-broderie-houx-fleur-naissance-decembre.jpeg\" class=\"attachment-full size-full\" alt=\"\" srcset=\"https:\/\/cecile-delachaux.fr\/wp-content\/uploads\/2024\/02\/Motif-broderie-houx-fleur-naissance-decembre.jpeg 1588w, https:\/\/cecile-delachaux.fr\/wp-content\/uploads\/2024\/02\/Motif-broderie-houx-fleur-naissance-decembre-300x300.jpeg 300w, https:\/\/cecile-delachaux.fr\/wp-content\/uploads\/2024\/02\/Motif-broderie-houx-fleur-naissance-decembre-548x548.jpeg 548w, https:\/\/cecile-delachaux.fr\/wp-content\/uploads\/2024\/02\/Motif-broderie-houx-fleur-naissance-decembre-150x150.jpeg 150w, https:\/\/cecile-delachaux.fr\/wp-content\/uploads\/2024\/02\/Motif-broderie-houx-fleur-naissance-decembre-768x768.jpeg 768w, https:\/\/cecile-delachaux.fr\/wp-content\/uploads\/2024\/02\/Motif-broderie-houx-fleur-naissance-decembre-1536x1536.jpeg 1536w, https:\/\/cecile-delachaux.fr\/wp-content\/uploads\/2024\/02\/Motif-broderie-houx-fleur-naissance-decembre-324x324.jpeg 324w, https:\/\/cecile-delachaux.fr\/wp-content\/uploads\/2024\/02\/Motif-broderie-houx-fleur-naissance-decembre-416x416.jpeg 416w, https:\/\/cecile-delachaux.fr\/wp-content\/uploads\/2024\/02\/Motif-broderie-houx-fleur-naissance-decembre-100x100.jpeg 100w\" sizes=\"auto, (max-width: 1588px) 100vw, 1588px\" \/><\/a>\r\n\t<\/div>\r\n\t<figcaption class='wp-caption-text gallery-caption' id='mla_gallery-1-11149'>\n\tMotif broderie houx fleur naissance d\u00e9cembre\n\t<\/figcaption><\/figure><figure class='gallery-item '>\r\n\t<div class='gallery-icon landscape'>\r\n\t\t<a href='https:\/\/cecile-delachaux.fr\/wp-content\/uploads\/2024\/02\/Motif-broderie-jonquille-fleur-naissance-mars.jpeg'><img loading=\"lazy\" decoding=\"async\" aria-describedby=\"mla_gallery-1-11150\" width=\"1588\" height=\"1588\" src=\"https:\/\/cecile-delachaux.fr\/wp-content\/uploads\/2024\/02\/Motif-broderie-jonquille-fleur-naissance-mars.jpeg\" class=\"attachment-full size-full\" alt=\"\" srcset=\"https:\/\/cecile-delachaux.fr\/wp-content\/uploads\/2024\/02\/Motif-broderie-jonquille-fleur-naissance-mars.jpeg 1588w, https:\/\/cecile-delachaux.fr\/wp-content\/uploads\/2024\/02\/Motif-broderie-jonquille-fleur-naissance-mars-300x300.jpeg 300w, https:\/\/cecile-delachaux.fr\/wp-content\/uploads\/2024\/02\/Motif-broderie-jonquille-fleur-naissance-mars-548x548.jpeg 548w, https:\/\/cecile-delachaux.fr\/wp-content\/uploads\/2024\/02\/Motif-broderie-jonquille-fleur-naissance-mars-150x150.jpeg 150w, https:\/\/cecile-delachaux.fr\/wp-content\/uploads\/2024\/02\/Motif-broderie-jonquille-fleur-naissance-mars-768x768.jpeg 768w, https:\/\/cecile-delachaux.fr\/wp-content\/uploads\/2024\/02\/Motif-broderie-jonquille-fleur-naissance-mars-1536x1536.jpeg 1536w, https:\/\/cecile-delachaux.fr\/wp-content\/uploads\/2024\/02\/Motif-broderie-jonquille-fleur-naissance-mars-324x324.jpeg 324w, https:\/\/cecile-delachaux.fr\/wp-content\/uploads\/2024\/02\/Motif-broderie-jonquille-fleur-naissance-mars-416x416.jpeg 416w, https:\/\/cecile-delachaux.fr\/wp-content\/uploads\/2024\/02\/Motif-broderie-jonquille-fleur-naissance-mars-100x100.jpeg 100w\" sizes=\"auto, (max-width: 1588px) 100vw, 1588px\" \/><\/a>\r\n\t<\/div>\r\n\t<figcaption class='wp-caption-text gallery-caption' id='mla_gallery-1-11150'>\n\tMotif broderie jonquille fleur naissance mars\n\t<\/figcaption><\/figure><figure class='gallery-item last_in_row'>\r\n\t<div class='gallery-icon landscape'>\r\n\t\t<a href='https:\/\/cecile-delachaux.fr\/wp-content\/uploads\/2024\/02\/Motif-broderie-marguerite-fleur-naissance-avril.jpeg'><img loading=\"lazy\" decoding=\"async\" aria-describedby=\"mla_gallery-1-11151\" width=\"1588\" height=\"1588\" src=\"https:\/\/cecile-delachaux.fr\/wp-content\/uploads\/2024\/02\/Motif-broderie-marguerite-fleur-naissance-avril.jpeg\" class=\"attachment-full size-full\" alt=\"\" srcset=\"https:\/\/cecile-delachaux.fr\/wp-content\/uploads\/2024\/02\/Motif-broderie-marguerite-fleur-naissance-avril.jpeg 1588w, https:\/\/cecile-delachaux.fr\/wp-content\/uploads\/2024\/02\/Motif-broderie-marguerite-fleur-naissance-avril-300x300.jpeg 300w, https:\/\/cecile-delachaux.fr\/wp-content\/uploads\/2024\/02\/Motif-broderie-marguerite-fleur-naissance-avril-548x548.jpeg 548w, https:\/\/cecile-delachaux.fr\/wp-content\/uploads\/2024\/02\/Motif-broderie-marguerite-fleur-naissance-avril-150x150.jpeg 150w, https:\/\/cecile-delachaux.fr\/wp-content\/uploads\/2024\/02\/Motif-broderie-marguerite-fleur-naissance-avril-768x768.jpeg 768w, https:\/\/cecile-delachaux.fr\/wp-content\/uploads\/2024\/02\/Motif-broderie-marguerite-fleur-naissance-avril-1536x1536.jpeg 1536w, https:\/\/cecile-delachaux.fr\/wp-content\/uploads\/2024\/02\/Motif-broderie-marguerite-fleur-naissance-avril-324x324.jpeg 324w, https:\/\/cecile-delachaux.fr\/wp-content\/uploads\/2024\/02\/Motif-broderie-marguerite-fleur-naissance-avril-416x416.jpeg 416w, https:\/\/cecile-delachaux.fr\/wp-content\/uploads\/2024\/02\/Motif-broderie-marguerite-fleur-naissance-avril-100x100.jpeg 100w\" sizes=\"auto, (max-width: 1588px) 100vw, 1588px\" \/><\/a>\r\n\t<\/div>\r\n\t<figcaption class='wp-caption-text gallery-caption' id='mla_gallery-1-11151'>\n\tMotif broderie marguerite fleur naissance avril\n\t<\/figcaption><\/figure><figure class='gallery-item '>\r\n\t<div class='gallery-icon landscape'>\r\n\t\t<a href='https:\/\/cecile-delachaux.fr\/wp-content\/uploads\/2024\/02\/Motif-broderie-Violette-fleur-naissance-fevrier.jpeg'><img loading=\"lazy\" decoding=\"async\" aria-describedby=\"mla_gallery-1-11152\" width=\"1588\" height=\"1588\" src=\"https:\/\/cecile-delachaux.fr\/wp-content\/uploads\/2024\/02\/Motif-broderie-Violette-fleur-naissance-fevrier.jpeg\" class=\"attachment-full size-full\" alt=\"\" srcset=\"https:\/\/cecile-delachaux.fr\/wp-content\/uploads\/2024\/02\/Motif-broderie-Violette-fleur-naissance-fevrier.jpeg 1588w, https:\/\/cecile-delachaux.fr\/wp-content\/uploads\/2024\/02\/Motif-broderie-Violette-fleur-naissance-fevrier-300x300.jpeg 300w, https:\/\/cecile-delachaux.fr\/wp-content\/uploads\/2024\/02\/Motif-broderie-Violette-fleur-naissance-fevrier-548x548.jpeg 548w, https:\/\/cecile-delachaux.fr\/wp-content\/uploads\/2024\/02\/Motif-broderie-Violette-fleur-naissance-fevrier-150x150.jpeg 150w, https:\/\/cecile-delachaux.fr\/wp-content\/uploads\/2024\/02\/Motif-broderie-Violette-fleur-naissance-fevrier-768x768.jpeg 768w, https:\/\/cecile-delachaux.fr\/wp-content\/uploads\/2024\/02\/Motif-broderie-Violette-fleur-naissance-fevrier-1536x1536.jpeg 1536w, https:\/\/cecile-delachaux.fr\/wp-content\/uploads\/2024\/02\/Motif-broderie-Violette-fleur-naissance-fevrier-324x324.jpeg 324w, https:\/\/cecile-delachaux.fr\/wp-content\/uploads\/2024\/02\/Motif-broderie-Violette-fleur-naissance-fevrier-416x416.jpeg 416w, https:\/\/cecile-delachaux.fr\/wp-content\/uploads\/2024\/02\/Motif-broderie-Violette-fleur-naissance-fevrier-100x100.jpeg 100w\" sizes=\"auto, (max-width: 1588px) 100vw, 1588px\" \/><\/a>\r\n\t<\/div>\r\n\t<figcaption class='wp-caption-text gallery-caption' id='mla_gallery-1-11152'>\n\tMotif broderie Violette fleur naissance f\u00e9vrier\n\t<\/figcaption><\/figure><figure class='gallery-item '>\r\n\t<div class='gallery-icon landscape'>\r\n\t\t<a href='https:\/\/cecile-delachaux.fr\/wp-content\/uploads\/2024\/02\/Motif-broderie-chaton.jpg'><img loading=\"lazy\" decoding=\"async\" aria-describedby=\"mla_gallery-1-11153\" width=\"1588\" height=\"1286\" src=\"https:\/\/cecile-delachaux.fr\/wp-content\/uploads\/2024\/02\/Motif-broderie-chaton.jpg\" class=\"attachment-full size-full\" alt=\"\" srcset=\"https:\/\/cecile-delachaux.fr\/wp-content\/uploads\/2024\/02\/Motif-broderie-chaton.jpg 1588w, https:\/\/cecile-delachaux.fr\/wp-content\/uploads\/2024\/02\/Motif-broderie-chaton-300x243.jpg 300w, https:\/\/cecile-delachaux.fr\/wp-content\/uploads\/2024\/02\/Motif-broderie-chaton-600x486.jpg 600w, https:\/\/cecile-delachaux.fr\/wp-content\/uploads\/2024\/02\/Motif-broderie-chaton-768x622.jpg 768w, https:\/\/cecile-delachaux.fr\/wp-content\/uploads\/2024\/02\/Motif-broderie-chaton-1536x1244.jpg 1536w, https:\/\/cecile-delachaux.fr\/wp-content\/uploads\/2024\/02\/Motif-broderie-chaton-416x337.jpg 416w\" sizes=\"auto, (max-width: 1588px) 100vw, 1588px\" \/><\/a>\r\n\t<\/div>\r\n\t<figcaption class='wp-caption-text gallery-caption' id='mla_gallery-1-11153'>\n\tMotif broderie chaton\n\t<\/figcaption><\/figure><figure class='gallery-item last_in_row'>\r\n\t<div class='gallery-icon landscape'>\r\n\t\t<a href='https:\/\/cecile-delachaux.fr\/wp-content\/uploads\/2024\/02\/Chiffres-broderie-baies-et-feuillages.jpeg'><img loading=\"lazy\" decoding=\"async\" aria-describedby=\"mla_gallery-1-11155\" width=\"1588\" height=\"1421\" src=\"https:\/\/cecile-delachaux.fr\/wp-content\/uploads\/2024\/02\/Chiffres-broderie-baies-et-feuillages.jpeg\" class=\"attachment-full size-full\" alt=\"\" srcset=\"https:\/\/cecile-delachaux.fr\/wp-content\/uploads\/2024\/02\/Chiffres-broderie-baies-et-feuillages.jpeg 1588w, https:\/\/cecile-delachaux.fr\/wp-content\/uploads\/2024\/02\/Chiffres-broderie-baies-et-feuillages-300x268.jpeg 300w, https:\/\/cecile-delachaux.fr\/wp-content\/uploads\/2024\/02\/Chiffres-broderie-baies-et-feuillages-600x537.jpeg 600w, https:\/\/cecile-delachaux.fr\/wp-content\/uploads\/2024\/02\/Chiffres-broderie-baies-et-feuillages-768x687.jpeg 768w, https:\/\/cecile-delachaux.fr\/wp-content\/uploads\/2024\/02\/Chiffres-broderie-baies-et-feuillages-1536x1374.jpeg 1536w, https:\/\/cecile-delachaux.fr\/wp-content\/uploads\/2024\/02\/Chiffres-broderie-baies-et-feuillages-416x372.jpeg 416w\" sizes=\"auto, (max-width: 1588px) 100vw, 1588px\" \/><\/a>\r\n\t<\/div>\r\n\t<figcaption class='wp-caption-text gallery-caption' id='mla_gallery-1-11155'>\n\tMotif broderie chiffres broderie baies et feuillages\n\t<\/figcaption><\/figure><figure class='gallery-item '>\r\n\t<div class='gallery-icon landscape'>\r\n\t\t<a href='https:\/\/cecile-delachaux.fr\/wp-content\/uploads\/2024\/02\/Motif-broderie-alphabet-Monogramme-Botanique.jpg'><img loading=\"lazy\" decoding=\"async\" aria-describedby=\"mla_gallery-1-11157\" width=\"1588\" height=\"1270\" src=\"https:\/\/cecile-delachaux.fr\/wp-content\/uploads\/2024\/02\/Motif-broderie-alphabet-Monogramme-Botanique.jpg\" class=\"attachment-full size-full\" alt=\"\" srcset=\"https:\/\/cecile-delachaux.fr\/wp-content\/uploads\/2024\/02\/Motif-broderie-alphabet-Monogramme-Botanique.jpg 1588w, https:\/\/cecile-delachaux.fr\/wp-content\/uploads\/2024\/02\/Motif-broderie-alphabet-Monogramme-Botanique-300x240.jpg 300w, https:\/\/cecile-delachaux.fr\/wp-content\/uploads\/2024\/02\/Motif-broderie-alphabet-Monogramme-Botanique-600x480.jpg 600w, https:\/\/cecile-delachaux.fr\/wp-content\/uploads\/2024\/02\/Motif-broderie-alphabet-Monogramme-Botanique-768x614.jpg 768w, https:\/\/cecile-delachaux.fr\/wp-content\/uploads\/2024\/02\/Motif-broderie-alphabet-Monogramme-Botanique-1536x1228.jpg 1536w, https:\/\/cecile-delachaux.fr\/wp-content\/uploads\/2024\/02\/Motif-broderie-alphabet-Monogramme-Botanique-416x333.jpg 416w\" sizes=\"auto, (max-width: 1588px) 100vw, 1588px\" \/><\/a>\r\n\t<\/div>\r\n\t<figcaption class='wp-caption-text gallery-caption' id='mla_gallery-1-11157'>\n\tMotif broderie alphabet Monogramme Botanique\n\t<\/figcaption><\/figure><figure class='gallery-item '>\r\n\t<div class='gallery-icon landscape'>\r\n\t\t<a href='https:\/\/cecile-delachaux.fr\/wp-content\/uploads\/2024\/02\/Motif-broderie-alphabet-Police-florale.jpg'><img loading=\"lazy\" decoding=\"async\" aria-describedby=\"mla_gallery-1-11158\" width=\"1413\" height=\"1112\" src=\"https:\/\/cecile-delachaux.fr\/wp-content\/uploads\/2024\/02\/Motif-broderie-alphabet-Police-florale.jpg\" class=\"attachment-full size-full\" alt=\"\" srcset=\"https:\/\/cecile-delachaux.fr\/wp-content\/uploads\/2024\/02\/Motif-broderie-alphabet-Police-florale.jpg 1413w, https:\/\/cecile-delachaux.fr\/wp-content\/uploads\/2024\/02\/Motif-broderie-alphabet-Police-florale-300x236.jpg 300w, https:\/\/cecile-delachaux.fr\/wp-content\/uploads\/2024\/02\/Motif-broderie-alphabet-Police-florale-600x472.jpg 600w, https:\/\/cecile-delachaux.fr\/wp-content\/uploads\/2024\/02\/Motif-broderie-alphabet-Police-florale-768x604.jpg 768w, https:\/\/cecile-delachaux.fr\/wp-content\/uploads\/2024\/02\/Motif-broderie-alphabet-Police-florale-416x327.jpg 416w\" sizes=\"auto, (max-width: 1413px) 100vw, 1413px\" \/><\/a>\r\n\t<\/div>\r\n\t<figcaption class='wp-caption-text gallery-caption' id='mla_gallery-1-11158'>\n\tMotif broderie alphabet Police florale\n\t<\/figcaption><\/figure><figure class='gallery-item last_in_row'>\r\n\t<div class='gallery-icon landscape'>\r\n\t\t<a href='https:\/\/cecile-delachaux.fr\/wp-content\/uploads\/2024\/02\/Motif-de-broderie-Alphabet-monograme-floral-.jpg'><img loading=\"lazy\" decoding=\"async\" aria-describedby=\"mla_gallery-1-11159\" width=\"1588\" height=\"1588\" src=\"https:\/\/cecile-delachaux.fr\/wp-content\/uploads\/2024\/02\/Motif-de-broderie-Alphabet-monograme-floral-.jpg\" class=\"attachment-full size-full\" alt=\"\" srcset=\"https:\/\/cecile-delachaux.fr\/wp-content\/uploads\/2024\/02\/Motif-de-broderie-Alphabet-monograme-floral-.jpg 1588w, https:\/\/cecile-delachaux.fr\/wp-content\/uploads\/2024\/02\/Motif-de-broderie-Alphabet-monograme-floral--300x300.jpg 300w, https:\/\/cecile-delachaux.fr\/wp-content\/uploads\/2024\/02\/Motif-de-broderie-Alphabet-monograme-floral--548x548.jpg 548w, https:\/\/cecile-delachaux.fr\/wp-content\/uploads\/2024\/02\/Motif-de-broderie-Alphabet-monograme-floral--150x150.jpg 150w, https:\/\/cecile-delachaux.fr\/wp-content\/uploads\/2024\/02\/Motif-de-broderie-Alphabet-monograme-floral--768x768.jpg 768w, https:\/\/cecile-delachaux.fr\/wp-content\/uploads\/2024\/02\/Motif-de-broderie-Alphabet-monograme-floral--1536x1536.jpg 1536w, https:\/\/cecile-delachaux.fr\/wp-content\/uploads\/2024\/02\/Motif-de-broderie-Alphabet-monograme-floral--324x324.jpg 324w, https:\/\/cecile-delachaux.fr\/wp-content\/uploads\/2024\/02\/Motif-de-broderie-Alphabet-monograme-floral--416x416.jpg 416w, https:\/\/cecile-delachaux.fr\/wp-content\/uploads\/2024\/02\/Motif-de-broderie-Alphabet-monograme-floral--100x100.jpg 100w\" sizes=\"auto, (max-width: 1588px) 100vw, 1588px\" \/><\/a>\r\n\t<\/div>\r\n\t<figcaption class='wp-caption-text gallery-caption' id='mla_gallery-1-11159'>\n\tMotif broderie Alphabet monogramme floral\n\t<\/figcaption><\/figure><figure class='gallery-item '>\r\n\t<div class='gallery-icon landscape'>\r\n\t\t<a href='https:\/\/cecile-delachaux.fr\/wp-content\/uploads\/2024\/02\/Police-botanic.jpg'><img loading=\"lazy\" decoding=\"async\" aria-describedby=\"mla_gallery-1-11160\" width=\"1153\" height=\"762\" src=\"https:\/\/cecile-delachaux.fr\/wp-content\/uploads\/2024\/02\/Police-botanic.jpg\" class=\"attachment-full size-full\" alt=\"\" srcset=\"https:\/\/cecile-delachaux.fr\/wp-content\/uploads\/2024\/02\/Police-botanic.jpg 1153w, https:\/\/cecile-delachaux.fr\/wp-content\/uploads\/2024\/02\/Police-botanic-300x198.jpg 300w, https:\/\/cecile-delachaux.fr\/wp-content\/uploads\/2024\/02\/Police-botanic-600x397.jpg 600w, https:\/\/cecile-delachaux.fr\/wp-content\/uploads\/2024\/02\/Police-botanic-768x508.jpg 768w, https:\/\/cecile-delachaux.fr\/wp-content\/uploads\/2024\/02\/Police-botanic-416x275.jpg 416w\" sizes=\"auto, (max-width: 1153px) 100vw, 1153px\" \/><\/a>\r\n\t<\/div>\r\n\t<figcaption class='wp-caption-text gallery-caption' id='mla_gallery-1-11160'>\n\tPolice broderie botanic\n\t<\/figcaption><\/figure><figure class='gallery-item '>\r\n\t<div class='gallery-icon landscape'>\r\n\t\t<a href='https:\/\/cecile-delachaux.fr\/wp-content\/uploads\/2024\/02\/Arche-fleurie.jpg'><img loading=\"lazy\" decoding=\"async\" aria-describedby=\"mla_gallery-1-11167\" width=\"628\" height=\"628\" src=\"https:\/\/cecile-delachaux.fr\/wp-content\/uploads\/2024\/02\/Arche-fleurie.jpg\" class=\"attachment-full size-full\" alt=\"\" srcset=\"https:\/\/cecile-delachaux.fr\/wp-content\/uploads\/2024\/02\/Arche-fleurie.jpg 628w, https:\/\/cecile-delachaux.fr\/wp-content\/uploads\/2024\/02\/Arche-fleurie-300x300.jpg 300w, https:\/\/cecile-delachaux.fr\/wp-content\/uploads\/2024\/02\/Arche-fleurie-548x548.jpg 548w, https:\/\/cecile-delachaux.fr\/wp-content\/uploads\/2024\/02\/Arche-fleurie-150x150.jpg 150w, https:\/\/cecile-delachaux.fr\/wp-content\/uploads\/2024\/02\/Arche-fleurie-324x324.jpg 324w, https:\/\/cecile-delachaux.fr\/wp-content\/uploads\/2024\/02\/Arche-fleurie-416x416.jpg 416w, https:\/\/cecile-delachaux.fr\/wp-content\/uploads\/2024\/02\/Arche-fleurie-100x100.jpg 100w\" sizes=\"auto, (max-width: 628px) 100vw, 628px\" \/><\/a>\r\n\t<\/div>\r\n\t<figcaption class='wp-caption-text gallery-caption' id='mla_gallery-1-11167'>\n\tMotif broderie arche fleurie\n\t<\/figcaption><\/figure><figure class='gallery-item last_in_row'>\r\n\t<div class='gallery-icon landscape'>\r\n\t\t<a href='https:\/\/cecile-delachaux.fr\/wp-content\/uploads\/2024\/02\/Motif-broderie-rose-fleur-naissance-juin.jpg'><img loading=\"lazy\" decoding=\"async\" aria-describedby=\"mla_gallery-1-11181\" width=\"1588\" height=\"1588\" src=\"https:\/\/cecile-delachaux.fr\/wp-content\/uploads\/2024\/02\/Motif-broderie-rose-fleur-naissance-juin.jpg\" class=\"attachment-full size-full\" alt=\"\" srcset=\"https:\/\/cecile-delachaux.fr\/wp-content\/uploads\/2024\/02\/Motif-broderie-rose-fleur-naissance-juin.jpg 1588w, https:\/\/cecile-delachaux.fr\/wp-content\/uploads\/2024\/02\/Motif-broderie-rose-fleur-naissance-juin-300x300.jpg 300w, https:\/\/cecile-delachaux.fr\/wp-content\/uploads\/2024\/02\/Motif-broderie-rose-fleur-naissance-juin-548x548.jpg 548w, https:\/\/cecile-delachaux.fr\/wp-content\/uploads\/2024\/02\/Motif-broderie-rose-fleur-naissance-juin-150x150.jpg 150w, https:\/\/cecile-delachaux.fr\/wp-content\/uploads\/2024\/02\/Motif-broderie-rose-fleur-naissance-juin-768x768.jpg 768w, https:\/\/cecile-delachaux.fr\/wp-content\/uploads\/2024\/02\/Motif-broderie-rose-fleur-naissance-juin-1536x1536.jpg 1536w, https:\/\/cecile-delachaux.fr\/wp-content\/uploads\/2024\/02\/Motif-broderie-rose-fleur-naissance-juin-324x324.jpg 324w, https:\/\/cecile-delachaux.fr\/wp-content\/uploads\/2024\/02\/Motif-broderie-rose-fleur-naissance-juin-416x416.jpg 416w, https:\/\/cecile-delachaux.fr\/wp-content\/uploads\/2024\/02\/Motif-broderie-rose-fleur-naissance-juin-100x100.jpg 100w\" sizes=\"auto, (max-width: 1588px) 100vw, 1588px\" \/><\/a>\r\n\t<\/div>\r\n\t<figcaption class='wp-caption-text gallery-caption' id='mla_gallery-1-11181'>\n\tMotif broderie rose fleur naissance juin\n\t<\/figcaption><\/figure><figure class='gallery-item '>\r\n\t<div class='gallery-icon landscape'>\r\n\t\t<a href='https:\/\/cecile-delachaux.fr\/wp-content\/uploads\/2024\/11\/Motif-broderie-alphabet-sucre-dorge.jpg'><img loading=\"lazy\" decoding=\"async\" aria-describedby=\"mla_gallery-1-12152\" width=\"1588\" height=\"1155\" src=\"https:\/\/cecile-delachaux.fr\/wp-content\/uploads\/2024\/11\/Motif-broderie-alphabet-sucre-dorge.jpg\" class=\"attachment-full size-full\" alt=\"\" srcset=\"https:\/\/cecile-delachaux.fr\/wp-content\/uploads\/2024\/11\/Motif-broderie-alphabet-sucre-dorge.jpg 1588w, https:\/\/cecile-delachaux.fr\/wp-content\/uploads\/2024\/11\/Motif-broderie-alphabet-sucre-dorge-300x218.jpg 300w, https:\/\/cecile-delachaux.fr\/wp-content\/uploads\/2024\/11\/Motif-broderie-alphabet-sucre-dorge-600x436.jpg 600w, https:\/\/cecile-delachaux.fr\/wp-content\/uploads\/2024\/11\/Motif-broderie-alphabet-sucre-dorge-768x559.jpg 768w, https:\/\/cecile-delachaux.fr\/wp-content\/uploads\/2024\/11\/Motif-broderie-alphabet-sucre-dorge-1536x1117.jpg 1536w, https:\/\/cecile-delachaux.fr\/wp-content\/uploads\/2024\/11\/Motif-broderie-alphabet-sucre-dorge-416x303.jpg 416w\" sizes=\"auto, (max-width: 1588px) 100vw, 1588px\" \/><\/a>\r\n\t<\/div>\r\n\t<figcaption class='wp-caption-text gallery-caption' id='mla_gallery-1-12152'>\n\tMotif broderie alphabet sucre d&#8217;orge\n\t<\/figcaption><\/figure><figure class='gallery-item '>\r\n\t<div class='gallery-icon landscape'>\r\n\t\t<a href='https:\/\/cecile-delachaux.fr\/wp-content\/uploads\/2024\/11\/Motif-broderie-branche-houx.jpg'><img loading=\"lazy\" decoding=\"async\" aria-describedby=\"mla_gallery-1-12153\" width=\"1588\" height=\"1191\" src=\"https:\/\/cecile-delachaux.fr\/wp-content\/uploads\/2024\/11\/Motif-broderie-branche-houx.jpg\" class=\"attachment-full size-full\" alt=\"\" srcset=\"https:\/\/cecile-delachaux.fr\/wp-content\/uploads\/2024\/11\/Motif-broderie-branche-houx.jpg 1588w, https:\/\/cecile-delachaux.fr\/wp-content\/uploads\/2024\/11\/Motif-broderie-branche-houx-300x225.jpg 300w, https:\/\/cecile-delachaux.fr\/wp-content\/uploads\/2024\/11\/Motif-broderie-branche-houx-600x450.jpg 600w, https:\/\/cecile-delachaux.fr\/wp-content\/uploads\/2024\/11\/Motif-broderie-branche-houx-768x576.jpg 768w, https:\/\/cecile-delachaux.fr\/wp-content\/uploads\/2024\/11\/Motif-broderie-branche-houx-1536x1152.jpg 1536w, https:\/\/cecile-delachaux.fr\/wp-content\/uploads\/2024\/11\/Motif-broderie-branche-houx-416x312.jpg 416w\" sizes=\"auto, (max-width: 1588px) 100vw, 1588px\" \/><\/a>\r\n\t<\/div>\r\n\t<figcaption class='wp-caption-text gallery-caption' id='mla_gallery-1-12153'>\n\tMotif broderie branche houx\n\t<\/figcaption><\/figure><figure class='gallery-item last_in_row'>\r\n\t<div class='gallery-icon landscape'>\r\n\t\t<a href='https:\/\/cecile-delachaux.fr\/wp-content\/uploads\/2024\/11\/Motif-broderie-branche-pomme-de-pin.jpg'><img loading=\"lazy\" decoding=\"async\" aria-describedby=\"mla_gallery-1-12154\" width=\"1332\" height=\"1332\" src=\"https:\/\/cecile-delachaux.fr\/wp-content\/uploads\/2024\/11\/Motif-broderie-branche-pomme-de-pin.jpg\" class=\"attachment-full size-full\" alt=\"\" srcset=\"https:\/\/cecile-delachaux.fr\/wp-content\/uploads\/2024\/11\/Motif-broderie-branche-pomme-de-pin.jpg 1332w, https:\/\/cecile-delachaux.fr\/wp-content\/uploads\/2024\/11\/Motif-broderie-branche-pomme-de-pin-300x300.jpg 300w, https:\/\/cecile-delachaux.fr\/wp-content\/uploads\/2024\/11\/Motif-broderie-branche-pomme-de-pin-548x548.jpg 548w, https:\/\/cecile-delachaux.fr\/wp-content\/uploads\/2024\/11\/Motif-broderie-branche-pomme-de-pin-150x150.jpg 150w, https:\/\/cecile-delachaux.fr\/wp-content\/uploads\/2024\/11\/Motif-broderie-branche-pomme-de-pin-768x768.jpg 768w, https:\/\/cecile-delachaux.fr\/wp-content\/uploads\/2024\/11\/Motif-broderie-branche-pomme-de-pin-324x324.jpg 324w, https:\/\/cecile-delachaux.fr\/wp-content\/uploads\/2024\/11\/Motif-broderie-branche-pomme-de-pin-416x416.jpg 416w, https:\/\/cecile-delachaux.fr\/wp-content\/uploads\/2024\/11\/Motif-broderie-branche-pomme-de-pin-100x100.jpg 100w\" sizes=\"auto, (max-width: 1332px) 100vw, 1332px\" \/><\/a>\r\n\t<\/div>\r\n\t<figcaption class='wp-caption-text gallery-caption' id='mla_gallery-1-12154'>\n\tMotif broderie branche pomme de pin\n\t<\/figcaption><\/figure><figure class='gallery-item '>\r\n\t<div class='gallery-icon landscape'>\r\n\t\t<a href='https:\/\/cecile-delachaux.fr\/wp-content\/uploads\/2024\/11\/Motif-broderie-couronne-noel-eucalyptus.jpg'><img loading=\"lazy\" decoding=\"async\" aria-describedby=\"mla_gallery-1-12155\" width=\"1588\" height=\"1588\" src=\"https:\/\/cecile-delachaux.fr\/wp-content\/uploads\/2024\/11\/Motif-broderie-couronne-noel-eucalyptus.jpg\" class=\"attachment-full size-full\" alt=\"\" srcset=\"https:\/\/cecile-delachaux.fr\/wp-content\/uploads\/2024\/11\/Motif-broderie-couronne-noel-eucalyptus.jpg 1588w, https:\/\/cecile-delachaux.fr\/wp-content\/uploads\/2024\/11\/Motif-broderie-couronne-noel-eucalyptus-300x300.jpg 300w, https:\/\/cecile-delachaux.fr\/wp-content\/uploads\/2024\/11\/Motif-broderie-couronne-noel-eucalyptus-548x548.jpg 548w, https:\/\/cecile-delachaux.fr\/wp-content\/uploads\/2024\/11\/Motif-broderie-couronne-noel-eucalyptus-150x150.jpg 150w, https:\/\/cecile-delachaux.fr\/wp-content\/uploads\/2024\/11\/Motif-broderie-couronne-noel-eucalyptus-768x768.jpg 768w, https:\/\/cecile-delachaux.fr\/wp-content\/uploads\/2024\/11\/Motif-broderie-couronne-noel-eucalyptus-1536x1536.jpg 1536w, https:\/\/cecile-delachaux.fr\/wp-content\/uploads\/2024\/11\/Motif-broderie-couronne-noel-eucalyptus-324x324.jpg 324w, https:\/\/cecile-delachaux.fr\/wp-content\/uploads\/2024\/11\/Motif-broderie-couronne-noel-eucalyptus-416x416.jpg 416w, https:\/\/cecile-delachaux.fr\/wp-content\/uploads\/2024\/11\/Motif-broderie-couronne-noel-eucalyptus-100x100.jpg 100w\" sizes=\"auto, (max-width: 1588px) 100vw, 1588px\" \/><\/a>\r\n\t<\/div>\r\n\t<figcaption class='wp-caption-text gallery-caption' id='mla_gallery-1-12155'>\n\tMotif broderie couronne no\u00ebl eucalyptus\n\t<\/figcaption><\/figure><figure class='gallery-item '>\r\n\t<div class='gallery-icon landscape'>\r\n\t\t<a href='https:\/\/cecile-delachaux.fr\/wp-content\/uploads\/2024\/11\/Motif-broderie-couronne-noel-noeud.jpg'><img loading=\"lazy\" decoding=\"async\" aria-describedby=\"mla_gallery-1-12156\" width=\"1588\" height=\"1588\" src=\"https:\/\/cecile-delachaux.fr\/wp-content\/uploads\/2024\/11\/Motif-broderie-couronne-noel-noeud.jpg\" class=\"attachment-full size-full\" alt=\"\" srcset=\"https:\/\/cecile-delachaux.fr\/wp-content\/uploads\/2024\/11\/Motif-broderie-couronne-noel-noeud.jpg 1588w, https:\/\/cecile-delachaux.fr\/wp-content\/uploads\/2024\/11\/Motif-broderie-couronne-noel-noeud-300x300.jpg 300w, https:\/\/cecile-delachaux.fr\/wp-content\/uploads\/2024\/11\/Motif-broderie-couronne-noel-noeud-548x548.jpg 548w, https:\/\/cecile-delachaux.fr\/wp-content\/uploads\/2024\/11\/Motif-broderie-couronne-noel-noeud-150x150.jpg 150w, https:\/\/cecile-delachaux.fr\/wp-content\/uploads\/2024\/11\/Motif-broderie-couronne-noel-noeud-768x768.jpg 768w, https:\/\/cecile-delachaux.fr\/wp-content\/uploads\/2024\/11\/Motif-broderie-couronne-noel-noeud-1536x1536.jpg 1536w, https:\/\/cecile-delachaux.fr\/wp-content\/uploads\/2024\/11\/Motif-broderie-couronne-noel-noeud-324x324.jpg 324w, https:\/\/cecile-delachaux.fr\/wp-content\/uploads\/2024\/11\/Motif-broderie-couronne-noel-noeud-416x416.jpg 416w, https:\/\/cecile-delachaux.fr\/wp-content\/uploads\/2024\/11\/Motif-broderie-couronne-noel-noeud-100x100.jpg 100w\" sizes=\"auto, (max-width: 1588px) 100vw, 1588px\" \/><\/a>\r\n\t<\/div>\r\n\t<figcaption class='wp-caption-text gallery-caption' id='mla_gallery-1-12156'>\n\tMotif broderie couronne no\u00ebl noeud\n\t<\/figcaption><\/figure><figure class='gallery-item last_in_row'>\r\n\t<div class='gallery-icon landscape'>\r\n\t\t<a href='https:\/\/cecile-delachaux.fr\/wp-content\/uploads\/2024\/11\/Motif-broderie-couronne-noel-pain-et-houx.jpg'><img loading=\"lazy\" decoding=\"async\" aria-describedby=\"mla_gallery-1-12157\" width=\"1588\" height=\"1588\" src=\"https:\/\/cecile-delachaux.fr\/wp-content\/uploads\/2024\/11\/Motif-broderie-couronne-noel-pain-et-houx.jpg\" class=\"attachment-full size-full\" alt=\"\" srcset=\"https:\/\/cecile-delachaux.fr\/wp-content\/uploads\/2024\/11\/Motif-broderie-couronne-noel-pain-et-houx.jpg 1588w, https:\/\/cecile-delachaux.fr\/wp-content\/uploads\/2024\/11\/Motif-broderie-couronne-noel-pain-et-houx-300x300.jpg 300w, https:\/\/cecile-delachaux.fr\/wp-content\/uploads\/2024\/11\/Motif-broderie-couronne-noel-pain-et-houx-548x548.jpg 548w, https:\/\/cecile-delachaux.fr\/wp-content\/uploads\/2024\/11\/Motif-broderie-couronne-noel-pain-et-houx-150x150.jpg 150w, https:\/\/cecile-delachaux.fr\/wp-content\/uploads\/2024\/11\/Motif-broderie-couronne-noel-pain-et-houx-768x768.jpg 768w, https:\/\/cecile-delachaux.fr\/wp-content\/uploads\/2024\/11\/Motif-broderie-couronne-noel-pain-et-houx-1536x1536.jpg 1536w, https:\/\/cecile-delachaux.fr\/wp-content\/uploads\/2024\/11\/Motif-broderie-couronne-noel-pain-et-houx-324x324.jpg 324w, https:\/\/cecile-delachaux.fr\/wp-content\/uploads\/2024\/11\/Motif-broderie-couronne-noel-pain-et-houx-416x416.jpg 416w, https:\/\/cecile-delachaux.fr\/wp-content\/uploads\/2024\/11\/Motif-broderie-couronne-noel-pain-et-houx-100x100.jpg 100w\" sizes=\"auto, (max-width: 1588px) 100vw, 1588px\" \/><\/a>\r\n\t<\/div>\r\n\t<figcaption class='wp-caption-text gallery-caption' id='mla_gallery-1-12157'>\n\tMotif broderie couronne no\u00ebl pain et houx\n\t<\/figcaption><\/figure><figure class='gallery-item '>\r\n\t<div class='gallery-icon landscape'>\r\n\t\t<a href='https:\/\/cecile-delachaux.fr\/wp-content\/uploads\/2024\/11\/Motif-broderie-couronne-noel-style-handmade.jpg'><img loading=\"lazy\" decoding=\"async\" aria-describedby=\"mla_gallery-1-12158\" width=\"1588\" height=\"1191\" src=\"https:\/\/cecile-delachaux.fr\/wp-content\/uploads\/2024\/11\/Motif-broderie-couronne-noel-style-handmade.jpg\" class=\"attachment-full size-full\" alt=\"\" srcset=\"https:\/\/cecile-delachaux.fr\/wp-content\/uploads\/2024\/11\/Motif-broderie-couronne-noel-style-handmade.jpg 1588w, https:\/\/cecile-delachaux.fr\/wp-content\/uploads\/2024\/11\/Motif-broderie-couronne-noel-style-handmade-300x225.jpg 300w, https:\/\/cecile-delachaux.fr\/wp-content\/uploads\/2024\/11\/Motif-broderie-couronne-noel-style-handmade-600x450.jpg 600w, https:\/\/cecile-delachaux.fr\/wp-content\/uploads\/2024\/11\/Motif-broderie-couronne-noel-style-handmade-768x576.jpg 768w, https:\/\/cecile-delachaux.fr\/wp-content\/uploads\/2024\/11\/Motif-broderie-couronne-noel-style-handmade-1536x1152.jpg 1536w, https:\/\/cecile-delachaux.fr\/wp-content\/uploads\/2024\/11\/Motif-broderie-couronne-noel-style-handmade-416x312.jpg 416w\" sizes=\"auto, (max-width: 1588px) 100vw, 1588px\" \/><\/a>\r\n\t<\/div>\r\n\t<figcaption class='wp-caption-text gallery-caption' id='mla_gallery-1-12158'>\n\tMotif broderie couronne no\u00ebl style handmade\n\t<\/figcaption><\/figure><figure class='gallery-item '>\r\n\t<div class='gallery-icon landscape'>\r\n\t\t<a href='https:\/\/cecile-delachaux.fr\/wp-content\/uploads\/2024\/11\/Motif-broderie-croix-fleurie-eucaluptus.jpg'><img loading=\"lazy\" decoding=\"async\" aria-describedby=\"mla_gallery-1-12159\" width=\"1588\" height=\"1588\" src=\"https:\/\/cecile-delachaux.fr\/wp-content\/uploads\/2024\/11\/Motif-broderie-croix-fleurie-eucaluptus.jpg\" class=\"attachment-full size-full\" alt=\"\" srcset=\"https:\/\/cecile-delachaux.fr\/wp-content\/uploads\/2024\/11\/Motif-broderie-croix-fleurie-eucaluptus.jpg 1588w, https:\/\/cecile-delachaux.fr\/wp-content\/uploads\/2024\/11\/Motif-broderie-croix-fleurie-eucaluptus-300x300.jpg 300w, https:\/\/cecile-delachaux.fr\/wp-content\/uploads\/2024\/11\/Motif-broderie-croix-fleurie-eucaluptus-548x548.jpg 548w, https:\/\/cecile-delachaux.fr\/wp-content\/uploads\/2024\/11\/Motif-broderie-croix-fleurie-eucaluptus-150x150.jpg 150w, https:\/\/cecile-delachaux.fr\/wp-content\/uploads\/2024\/11\/Motif-broderie-croix-fleurie-eucaluptus-768x768.jpg 768w, https:\/\/cecile-delachaux.fr\/wp-content\/uploads\/2024\/11\/Motif-broderie-croix-fleurie-eucaluptus-1536x1536.jpg 1536w, https:\/\/cecile-delachaux.fr\/wp-content\/uploads\/2024\/11\/Motif-broderie-croix-fleurie-eucaluptus-324x324.jpg 324w, https:\/\/cecile-delachaux.fr\/wp-content\/uploads\/2024\/11\/Motif-broderie-croix-fleurie-eucaluptus-416x416.jpg 416w, https:\/\/cecile-delachaux.fr\/wp-content\/uploads\/2024\/11\/Motif-broderie-croix-fleurie-eucaluptus-100x100.jpg 100w\" sizes=\"auto, (max-width: 1588px) 100vw, 1588px\" \/><\/a>\r\n\t<\/div>\r\n\t<figcaption class='wp-caption-text gallery-caption' id='mla_gallery-1-12159'>\n\tMotif broderie croix fleurie eucaluptus\n\t<\/figcaption><\/figure><figure class='gallery-item last_in_row'>\r\n\t<div class='gallery-icon landscape'>\r\n\t\t<a href='https:\/\/cecile-delachaux.fr\/wp-content\/uploads\/2024\/11\/Motif-broderie-Ours-de-Noel.jpg'><img loading=\"lazy\" decoding=\"async\" aria-describedby=\"mla_gallery-1-12160\" width=\"1588\" height=\"1191\" src=\"https:\/\/cecile-delachaux.fr\/wp-content\/uploads\/2024\/11\/Motif-broderie-Ours-de-Noel.jpg\" class=\"attachment-full size-full\" alt=\"\" srcset=\"https:\/\/cecile-delachaux.fr\/wp-content\/uploads\/2024\/11\/Motif-broderie-Ours-de-Noel.jpg 1588w, https:\/\/cecile-delachaux.fr\/wp-content\/uploads\/2024\/11\/Motif-broderie-Ours-de-Noel-300x225.jpg 300w, https:\/\/cecile-delachaux.fr\/wp-content\/uploads\/2024\/11\/Motif-broderie-Ours-de-Noel-600x450.jpg 600w, https:\/\/cecile-delachaux.fr\/wp-content\/uploads\/2024\/11\/Motif-broderie-Ours-de-Noel-768x576.jpg 768w, https:\/\/cecile-delachaux.fr\/wp-content\/uploads\/2024\/11\/Motif-broderie-Ours-de-Noel-1536x1152.jpg 1536w, https:\/\/cecile-delachaux.fr\/wp-content\/uploads\/2024\/11\/Motif-broderie-Ours-de-Noel-416x312.jpg 416w\" sizes=\"auto, (max-width: 1588px) 100vw, 1588px\" \/><\/a>\r\n\t<\/div>\r\n\t<figcaption class='wp-caption-text gallery-caption' id='mla_gallery-1-12160'>\n\tMotif broderie Ours de Noel\n\t<\/figcaption><\/figure><figure class='gallery-item '>\r\n\t<div class='gallery-icon landscape'>\r\n\t\t<a href='https:\/\/cecile-delachaux.fr\/wp-content\/uploads\/2024\/11\/Motif-broderie-Pierre-Lapin-casse-noisette.jpg'><img loading=\"lazy\" decoding=\"async\" aria-describedby=\"mla_gallery-1-12161\" width=\"1588\" height=\"1191\" src=\"https:\/\/cecile-delachaux.fr\/wp-content\/uploads\/2024\/11\/Motif-broderie-Pierre-Lapin-casse-noisette.jpg\" class=\"attachment-full size-full\" alt=\"\" srcset=\"https:\/\/cecile-delachaux.fr\/wp-content\/uploads\/2024\/11\/Motif-broderie-Pierre-Lapin-casse-noisette.jpg 1588w, https:\/\/cecile-delachaux.fr\/wp-content\/uploads\/2024\/11\/Motif-broderie-Pierre-Lapin-casse-noisette-300x225.jpg 300w, https:\/\/cecile-delachaux.fr\/wp-content\/uploads\/2024\/11\/Motif-broderie-Pierre-Lapin-casse-noisette-600x450.jpg 600w, https:\/\/cecile-delachaux.fr\/wp-content\/uploads\/2024\/11\/Motif-broderie-Pierre-Lapin-casse-noisette-768x576.jpg 768w, https:\/\/cecile-delachaux.fr\/wp-content\/uploads\/2024\/11\/Motif-broderie-Pierre-Lapin-casse-noisette-1536x1152.jpg 1536w, https:\/\/cecile-delachaux.fr\/wp-content\/uploads\/2024\/11\/Motif-broderie-Pierre-Lapin-casse-noisette-416x312.jpg 416w\" sizes=\"auto, (max-width: 1588px) 100vw, 1588px\" \/><\/a>\r\n\t<\/div>\r\n\t<figcaption class='wp-caption-text gallery-caption' id='mla_gallery-1-12161'>\n\tMotif broderie Pierre Lapin casse-noisette\n\t<\/figcaption><\/figure><figure class='gallery-item '>\r\n\t<div class='gallery-icon landscape'>\r\n\t\t<a href='https:\/\/cecile-delachaux.fr\/wp-content\/uploads\/2024\/11\/Motif-broderie-Pierre-Lapin-sapin-lapine.jpg'><img loading=\"lazy\" decoding=\"async\" aria-describedby=\"mla_gallery-1-12162\" width=\"1588\" height=\"1191\" src=\"https:\/\/cecile-delachaux.fr\/wp-content\/uploads\/2024\/11\/Motif-broderie-Pierre-Lapin-sapin-lapine.jpg\" class=\"attachment-full size-full\" alt=\"\" srcset=\"https:\/\/cecile-delachaux.fr\/wp-content\/uploads\/2024\/11\/Motif-broderie-Pierre-Lapin-sapin-lapine.jpg 1588w, https:\/\/cecile-delachaux.fr\/wp-content\/uploads\/2024\/11\/Motif-broderie-Pierre-Lapin-sapin-lapine-300x225.jpg 300w, https:\/\/cecile-delachaux.fr\/wp-content\/uploads\/2024\/11\/Motif-broderie-Pierre-Lapin-sapin-lapine-600x450.jpg 600w, https:\/\/cecile-delachaux.fr\/wp-content\/uploads\/2024\/11\/Motif-broderie-Pierre-Lapin-sapin-lapine-768x576.jpg 768w, https:\/\/cecile-delachaux.fr\/wp-content\/uploads\/2024\/11\/Motif-broderie-Pierre-Lapin-sapin-lapine-1536x1152.jpg 1536w, https:\/\/cecile-delachaux.fr\/wp-content\/uploads\/2024\/11\/Motif-broderie-Pierre-Lapin-sapin-lapine-416x312.jpg 416w\" sizes=\"auto, (max-width: 1588px) 100vw, 1588px\" \/><\/a>\r\n\t<\/div>\r\n\t<figcaption class='wp-caption-text gallery-caption' id='mla_gallery-1-12162'>\n\tMotif broderie Pierre Lapin sapin lapine\n\t<\/figcaption><\/figure><figure class='gallery-item last_in_row'>\r\n\t<div class='gallery-icon landscape'>\r\n\t\t<a href='https:\/\/cecile-delachaux.fr\/wp-content\/uploads\/2024\/11\/Motif-broderie-Pierre-Lapin-sapin.jpg'><img loading=\"lazy\" decoding=\"async\" aria-describedby=\"mla_gallery-1-12163\" width=\"1588\" height=\"1191\" src=\"https:\/\/cecile-delachaux.fr\/wp-content\/uploads\/2024\/11\/Motif-broderie-Pierre-Lapin-sapin.jpg\" class=\"attachment-full size-full\" alt=\"\" srcset=\"https:\/\/cecile-delachaux.fr\/wp-content\/uploads\/2024\/11\/Motif-broderie-Pierre-Lapin-sapin.jpg 1588w, https:\/\/cecile-delachaux.fr\/wp-content\/uploads\/2024\/11\/Motif-broderie-Pierre-Lapin-sapin-300x225.jpg 300w, https:\/\/cecile-delachaux.fr\/wp-content\/uploads\/2024\/11\/Motif-broderie-Pierre-Lapin-sapin-600x450.jpg 600w, https:\/\/cecile-delachaux.fr\/wp-content\/uploads\/2024\/11\/Motif-broderie-Pierre-Lapin-sapin-768x576.jpg 768w, https:\/\/cecile-delachaux.fr\/wp-content\/uploads\/2024\/11\/Motif-broderie-Pierre-Lapin-sapin-1536x1152.jpg 1536w, https:\/\/cecile-delachaux.fr\/wp-content\/uploads\/2024\/11\/Motif-broderie-Pierre-Lapin-sapin-416x312.jpg 416w\" sizes=\"auto, (max-width: 1588px) 100vw, 1588px\" \/><\/a>\r\n\t<\/div>\r\n\t<figcaption class='wp-caption-text gallery-caption' id='mla_gallery-1-12163'>\n\tMotif broderie Pierre Lapin sapin\n\t<\/figcaption><\/figure><figure class='gallery-item '>\r\n\t<div class='gallery-icon landscape'>\r\n\t\t<a href='https:\/\/cecile-delachaux.fr\/wp-content\/uploads\/2024\/11\/Motif-broderie-sapin-neige.jpg'><img loading=\"lazy\" decoding=\"async\" aria-describedby=\"mla_gallery-1-12164\" width=\"1191\" height=\"1191\" src=\"https:\/\/cecile-delachaux.fr\/wp-content\/uploads\/2024\/11\/Motif-broderie-sapin-neige.jpg\" class=\"attachment-full size-full\" alt=\"\" srcset=\"https:\/\/cecile-delachaux.fr\/wp-content\/uploads\/2024\/11\/Motif-broderie-sapin-neige.jpg 1191w, https:\/\/cecile-delachaux.fr\/wp-content\/uploads\/2024\/11\/Motif-broderie-sapin-neige-300x300.jpg 300w, https:\/\/cecile-delachaux.fr\/wp-content\/uploads\/2024\/11\/Motif-broderie-sapin-neige-548x548.jpg 548w, https:\/\/cecile-delachaux.fr\/wp-content\/uploads\/2024\/11\/Motif-broderie-sapin-neige-150x150.jpg 150w, https:\/\/cecile-delachaux.fr\/wp-content\/uploads\/2024\/11\/Motif-broderie-sapin-neige-768x768.jpg 768w, https:\/\/cecile-delachaux.fr\/wp-content\/uploads\/2024\/11\/Motif-broderie-sapin-neige-324x324.jpg 324w, https:\/\/cecile-delachaux.fr\/wp-content\/uploads\/2024\/11\/Motif-broderie-sapin-neige-416x416.jpg 416w, https:\/\/cecile-delachaux.fr\/wp-content\/uploads\/2024\/11\/Motif-broderie-sapin-neige-100x100.jpg 100w\" sizes=\"auto, (max-width: 1191px) 100vw, 1191px\" \/><\/a>\r\n\t<\/div>\r\n\t<figcaption class='wp-caption-text gallery-caption' id='mla_gallery-1-12164'>\n\tMotif broderie sapin neige\n\t<\/figcaption><\/figure><figure class='gallery-item '>\r\n\t<div class='gallery-icon landscape'>\r\n\t\t<a href='https:\/\/cecile-delachaux.fr\/wp-content\/uploads\/2024\/11\/Motif-broderie-Noeud-noel.jpg'><img loading=\"lazy\" decoding=\"async\" aria-describedby=\"mla_gallery-1-12169\" width=\"1588\" height=\"1191\" src=\"https:\/\/cecile-delachaux.fr\/wp-content\/uploads\/2024\/11\/Motif-broderie-Noeud-noel.jpg\" class=\"attachment-full size-full\" alt=\"\" srcset=\"https:\/\/cecile-delachaux.fr\/wp-content\/uploads\/2024\/11\/Motif-broderie-Noeud-noel.jpg 1588w, https:\/\/cecile-delachaux.fr\/wp-content\/uploads\/2024\/11\/Motif-broderie-Noeud-noel-300x225.jpg 300w, https:\/\/cecile-delachaux.fr\/wp-content\/uploads\/2024\/11\/Motif-broderie-Noeud-noel-600x450.jpg 600w, https:\/\/cecile-delachaux.fr\/wp-content\/uploads\/2024\/11\/Motif-broderie-Noeud-noel-768x576.jpg 768w, https:\/\/cecile-delachaux.fr\/wp-content\/uploads\/2024\/11\/Motif-broderie-Noeud-noel-1536x1152.jpg 1536w, https:\/\/cecile-delachaux.fr\/wp-content\/uploads\/2024\/11\/Motif-broderie-Noeud-noel-416x312.jpg 416w\" sizes=\"auto, (max-width: 1588px) 100vw, 1588px\" \/><\/a>\r\n\t<\/div>\r\n\t<figcaption class='wp-caption-text gallery-caption' id='mla_gallery-1-12169'>\n\tMotif broderie Noeud no\u00ebl\n\t<\/figcaption><\/figure><figure class='gallery-item last_in_row'>\r\n\t<div class='gallery-icon landscape'>\r\n\t\t<a href='https:\/\/cecile-delachaux.fr\/wp-content\/uploads\/2024\/11\/Motif-broderie-Noeud-tartan.jpg'><img loading=\"lazy\" decoding=\"async\" aria-describedby=\"mla_gallery-1-12170\" width=\"1588\" height=\"1588\" src=\"https:\/\/cecile-delachaux.fr\/wp-content\/uploads\/2024\/11\/Motif-broderie-Noeud-tartan.jpg\" class=\"attachment-full size-full\" alt=\"\" srcset=\"https:\/\/cecile-delachaux.fr\/wp-content\/uploads\/2024\/11\/Motif-broderie-Noeud-tartan.jpg 1588w, https:\/\/cecile-delachaux.fr\/wp-content\/uploads\/2024\/11\/Motif-broderie-Noeud-tartan-300x300.jpg 300w, https:\/\/cecile-delachaux.fr\/wp-content\/uploads\/2024\/11\/Motif-broderie-Noeud-tartan-548x548.jpg 548w, https:\/\/cecile-delachaux.fr\/wp-content\/uploads\/2024\/11\/Motif-broderie-Noeud-tartan-150x150.jpg 150w, https:\/\/cecile-delachaux.fr\/wp-content\/uploads\/2024\/11\/Motif-broderie-Noeud-tartan-768x768.jpg 768w, https:\/\/cecile-delachaux.fr\/wp-content\/uploads\/2024\/11\/Motif-broderie-Noeud-tartan-1536x1536.jpg 1536w, https:\/\/cecile-delachaux.fr\/wp-content\/uploads\/2024\/11\/Motif-broderie-Noeud-tartan-324x324.jpg 324w, https:\/\/cecile-delachaux.fr\/wp-content\/uploads\/2024\/11\/Motif-broderie-Noeud-tartan-416x416.jpg 416w, https:\/\/cecile-delachaux.fr\/wp-content\/uploads\/2024\/11\/Motif-broderie-Noeud-tartan-100x100.jpg 100w\" sizes=\"auto, (max-width: 1588px) 100vw, 1588px\" \/><\/a>\r\n\t<\/div>\r\n\t<figcaption class='wp-caption-text gallery-caption' id='mla_gallery-1-12170'>\n\tMotif broderie Noeud tartan\n\t<\/figcaption><\/figure><figure class='gallery-item '>\r\n\t<div class='gallery-icon landscape'>\r\n\t\t<a href='https:\/\/cecile-delachaux.fr\/wp-content\/uploads\/2024\/11\/Motif-broderie-astronaute-fusee.jpg'><img loading=\"lazy\" decoding=\"async\" aria-describedby=\"mla_gallery-1-12171\" width=\"893\" height=\"893\" src=\"https:\/\/cecile-delachaux.fr\/wp-content\/uploads\/2024\/11\/Motif-broderie-astronaute-fusee.jpg\" class=\"attachment-full size-full\" alt=\"\" srcset=\"https:\/\/cecile-delachaux.fr\/wp-content\/uploads\/2024\/11\/Motif-broderie-astronaute-fusee.jpg 893w, https:\/\/cecile-delachaux.fr\/wp-content\/uploads\/2024\/11\/Motif-broderie-astronaute-fusee-300x300.jpg 300w, https:\/\/cecile-delachaux.fr\/wp-content\/uploads\/2024\/11\/Motif-broderie-astronaute-fusee-548x548.jpg 548w, https:\/\/cecile-delachaux.fr\/wp-content\/uploads\/2024\/11\/Motif-broderie-astronaute-fusee-150x150.jpg 150w, https:\/\/cecile-delachaux.fr\/wp-content\/uploads\/2024\/11\/Motif-broderie-astronaute-fusee-768x768.jpg 768w, https:\/\/cecile-delachaux.fr\/wp-content\/uploads\/2024\/11\/Motif-broderie-astronaute-fusee-324x324.jpg 324w, https:\/\/cecile-delachaux.fr\/wp-content\/uploads\/2024\/11\/Motif-broderie-astronaute-fusee-416x416.jpg 416w, https:\/\/cecile-delachaux.fr\/wp-content\/uploads\/2024\/11\/Motif-broderie-astronaute-fusee-100x100.jpg 100w\" sizes=\"auto, (max-width: 893px) 100vw, 893px\" \/><\/a>\r\n\t<\/div>\r\n\t<figcaption class='wp-caption-text gallery-caption' id='mla_gallery-1-12171'>\n\tMotif broderie astronaute fus\u00e9e\n\t<\/figcaption><\/figure><figure class='gallery-item '>\r\n\t<div class='gallery-icon landscape'>\r\n\t\t<a href='https:\/\/cecile-delachaux.fr\/wp-content\/uploads\/2024\/11\/Motif-broderie-ballerine-pointes.jpg'><img loading=\"lazy\" decoding=\"async\" aria-describedby=\"mla_gallery-1-12172\" width=\"1191\" height=\"1191\" src=\"https:\/\/cecile-delachaux.fr\/wp-content\/uploads\/2024\/11\/Motif-broderie-ballerine-pointes.jpg\" class=\"attachment-full size-full\" alt=\"\" srcset=\"https:\/\/cecile-delachaux.fr\/wp-content\/uploads\/2024\/11\/Motif-broderie-ballerine-pointes.jpg 1191w, https:\/\/cecile-delachaux.fr\/wp-content\/uploads\/2024\/11\/Motif-broderie-ballerine-pointes-300x300.jpg 300w, https:\/\/cecile-delachaux.fr\/wp-content\/uploads\/2024\/11\/Motif-broderie-ballerine-pointes-548x548.jpg 548w, https:\/\/cecile-delachaux.fr\/wp-content\/uploads\/2024\/11\/Motif-broderie-ballerine-pointes-150x150.jpg 150w, https:\/\/cecile-delachaux.fr\/wp-content\/uploads\/2024\/11\/Motif-broderie-ballerine-pointes-768x768.jpg 768w, https:\/\/cecile-delachaux.fr\/wp-content\/uploads\/2024\/11\/Motif-broderie-ballerine-pointes-324x324.jpg 324w, https:\/\/cecile-delachaux.fr\/wp-content\/uploads\/2024\/11\/Motif-broderie-ballerine-pointes-416x416.jpg 416w, https:\/\/cecile-delachaux.fr\/wp-content\/uploads\/2024\/11\/Motif-broderie-ballerine-pointes-100x100.jpg 100w\" sizes=\"auto, (max-width: 1191px) 100vw, 1191px\" \/><\/a>\r\n\t<\/div>\r\n\t<figcaption class='wp-caption-text gallery-caption' id='mla_gallery-1-12172'>\n\tMotif broderie ballerine pointes\n\t<\/figcaption><\/figure><figure class='gallery-item last_in_row'>\r\n\t<div class='gallery-icon landscape'>\r\n\t\t<a href='https:\/\/cecile-delachaux.fr\/wp-content\/uploads\/2024\/11\/Motif-broderie-branche-cerisier.jpg'><img loading=\"lazy\" decoding=\"async\" aria-describedby=\"mla_gallery-1-12173\" width=\"1588\" height=\"1588\" src=\"https:\/\/cecile-delachaux.fr\/wp-content\/uploads\/2024\/11\/Motif-broderie-branche-cerisier.jpg\" class=\"attachment-full size-full\" alt=\"\" srcset=\"https:\/\/cecile-delachaux.fr\/wp-content\/uploads\/2024\/11\/Motif-broderie-branche-cerisier.jpg 1588w, https:\/\/cecile-delachaux.fr\/wp-content\/uploads\/2024\/11\/Motif-broderie-branche-cerisier-300x300.jpg 300w, https:\/\/cecile-delachaux.fr\/wp-content\/uploads\/2024\/11\/Motif-broderie-branche-cerisier-548x548.jpg 548w, https:\/\/cecile-delachaux.fr\/wp-content\/uploads\/2024\/11\/Motif-broderie-branche-cerisier-150x150.jpg 150w, https:\/\/cecile-delachaux.fr\/wp-content\/uploads\/2024\/11\/Motif-broderie-branche-cerisier-768x768.jpg 768w, https:\/\/cecile-delachaux.fr\/wp-content\/uploads\/2024\/11\/Motif-broderie-branche-cerisier-1536x1536.jpg 1536w, https:\/\/cecile-delachaux.fr\/wp-content\/uploads\/2024\/11\/Motif-broderie-branche-cerisier-324x324.jpg 324w, https:\/\/cecile-delachaux.fr\/wp-content\/uploads\/2024\/11\/Motif-broderie-branche-cerisier-416x416.jpg 416w, https:\/\/cecile-delachaux.fr\/wp-content\/uploads\/2024\/11\/Motif-broderie-branche-cerisier-100x100.jpg 100w\" sizes=\"auto, (max-width: 1588px) 100vw, 1588px\" \/><\/a>\r\n\t<\/div>\r\n\t<figcaption class='wp-caption-text gallery-caption' id='mla_gallery-1-12173'>\n\tMotif broderie branche cerisier\n\t<\/figcaption><\/figure><figure class='gallery-item '>\r\n\t<div class='gallery-icon landscape'>\r\n\t\t<a href='https:\/\/cecile-delachaux.fr\/wp-content\/uploads\/2024\/11\/Motif-broderie-chat-kawai.jpg'><img loading=\"lazy\" decoding=\"async\" aria-describedby=\"mla_gallery-1-12174\" width=\"1588\" height=\"1200\" src=\"https:\/\/cecile-delachaux.fr\/wp-content\/uploads\/2024\/11\/Motif-broderie-chat-kawai.jpg\" class=\"attachment-full size-full\" alt=\"\" srcset=\"https:\/\/cecile-delachaux.fr\/wp-content\/uploads\/2024\/11\/Motif-broderie-chat-kawai.jpg 1588w, https:\/\/cecile-delachaux.fr\/wp-content\/uploads\/2024\/11\/Motif-broderie-chat-kawai-300x227.jpg 300w, https:\/\/cecile-delachaux.fr\/wp-content\/uploads\/2024\/11\/Motif-broderie-chat-kawai-600x453.jpg 600w, https:\/\/cecile-delachaux.fr\/wp-content\/uploads\/2024\/11\/Motif-broderie-chat-kawai-768x580.jpg 768w, https:\/\/cecile-delachaux.fr\/wp-content\/uploads\/2024\/11\/Motif-broderie-chat-kawai-1536x1161.jpg 1536w, https:\/\/cecile-delachaux.fr\/wp-content\/uploads\/2024\/11\/Motif-broderie-chat-kawai-416x314.jpg 416w\" sizes=\"auto, (max-width: 1588px) 100vw, 1588px\" \/><\/a>\r\n\t<\/div>\r\n\t<figcaption class='wp-caption-text gallery-caption' id='mla_gallery-1-12174'>\n\tMotif broderie chat kawai\n\t<\/figcaption><\/figure><figure class='gallery-item '>\r\n\t<div class='gallery-icon landscape'>\r\n\t\t<a href='https:\/\/cecile-delachaux.fr\/wp-content\/uploads\/2024\/11\/Motif-broderie-coeur-fleuri.jpg'><img loading=\"lazy\" decoding=\"async\" aria-describedby=\"mla_gallery-1-12175\" width=\"1588\" height=\"1421\" src=\"https:\/\/cecile-delachaux.fr\/wp-content\/uploads\/2024\/11\/Motif-broderie-coeur-fleuri.jpg\" class=\"attachment-full size-full\" alt=\"\" srcset=\"https:\/\/cecile-delachaux.fr\/wp-content\/uploads\/2024\/11\/Motif-broderie-coeur-fleuri.jpg 1588w, https:\/\/cecile-delachaux.fr\/wp-content\/uploads\/2024\/11\/Motif-broderie-coeur-fleuri-300x268.jpg 300w, https:\/\/cecile-delachaux.fr\/wp-content\/uploads\/2024\/11\/Motif-broderie-coeur-fleuri-600x537.jpg 600w, https:\/\/cecile-delachaux.fr\/wp-content\/uploads\/2024\/11\/Motif-broderie-coeur-fleuri-768x687.jpg 768w, https:\/\/cecile-delachaux.fr\/wp-content\/uploads\/2024\/11\/Motif-broderie-coeur-fleuri-1536x1374.jpg 1536w, https:\/\/cecile-delachaux.fr\/wp-content\/uploads\/2024\/11\/Motif-broderie-coeur-fleuri-416x372.jpg 416w\" sizes=\"auto, (max-width: 1588px) 100vw, 1588px\" \/><\/a>\r\n\t<\/div>\r\n\t<figcaption class='wp-caption-text gallery-caption' id='mla_gallery-1-12175'>\n\tMotif broderie coeur fleuri\n\t<\/figcaption><\/figure><figure class='gallery-item last_in_row'>\r\n\t<div class='gallery-icon landscape'>\r\n\t\t<a href='https:\/\/cecile-delachaux.fr\/wp-content\/uploads\/2024\/11\/Motif-broderie-fleurs-de-naissances.jpg'><img loading=\"lazy\" decoding=\"async\" aria-describedby=\"mla_gallery-1-12176\" width=\"1588\" height=\"1200\" src=\"https:\/\/cecile-delachaux.fr\/wp-content\/uploads\/2024\/11\/Motif-broderie-fleurs-de-naissances.jpg\" class=\"attachment-full size-full\" alt=\"\" srcset=\"https:\/\/cecile-delachaux.fr\/wp-content\/uploads\/2024\/11\/Motif-broderie-fleurs-de-naissances.jpg 1588w, https:\/\/cecile-delachaux.fr\/wp-content\/uploads\/2024\/11\/Motif-broderie-fleurs-de-naissances-300x227.jpg 300w, https:\/\/cecile-delachaux.fr\/wp-content\/uploads\/2024\/11\/Motif-broderie-fleurs-de-naissances-600x453.jpg 600w, https:\/\/cecile-delachaux.fr\/wp-content\/uploads\/2024\/11\/Motif-broderie-fleurs-de-naissances-768x580.jpg 768w, https:\/\/cecile-delachaux.fr\/wp-content\/uploads\/2024\/11\/Motif-broderie-fleurs-de-naissances-1536x1161.jpg 1536w, https:\/\/cecile-delachaux.fr\/wp-content\/uploads\/2024\/11\/Motif-broderie-fleurs-de-naissances-416x314.jpg 416w\" sizes=\"auto, (max-width: 1588px) 100vw, 1588px\" \/><\/a>\r\n\t<\/div>\r\n\t<figcaption class='wp-caption-text gallery-caption' id='mla_gallery-1-12176'>\n\tMotif broderie fleurs de naissances\n\t<\/figcaption><\/figure><figure class='gallery-item '>\r\n\t<div class='gallery-icon landscape'>\r\n\t\t<a href='https:\/\/cecile-delachaux.fr\/wp-content\/uploads\/2024\/11\/Motif-broderie-hirondelles.jpg'><img loading=\"lazy\" decoding=\"async\" aria-describedby=\"mla_gallery-1-12177\" width=\"1297\" height=\"1297\" src=\"https:\/\/cecile-delachaux.fr\/wp-content\/uploads\/2024\/11\/Motif-broderie-hirondelles.jpg\" class=\"attachment-full size-full\" alt=\"\" srcset=\"https:\/\/cecile-delachaux.fr\/wp-content\/uploads\/2024\/11\/Motif-broderie-hirondelles.jpg 1297w, https:\/\/cecile-delachaux.fr\/wp-content\/uploads\/2024\/11\/Motif-broderie-hirondelles-300x300.jpg 300w, https:\/\/cecile-delachaux.fr\/wp-content\/uploads\/2024\/11\/Motif-broderie-hirondelles-548x548.jpg 548w, https:\/\/cecile-delachaux.fr\/wp-content\/uploads\/2024\/11\/Motif-broderie-hirondelles-150x150.jpg 150w, https:\/\/cecile-delachaux.fr\/wp-content\/uploads\/2024\/11\/Motif-broderie-hirondelles-768x768.jpg 768w, https:\/\/cecile-delachaux.fr\/wp-content\/uploads\/2024\/11\/Motif-broderie-hirondelles-324x324.jpg 324w, https:\/\/cecile-delachaux.fr\/wp-content\/uploads\/2024\/11\/Motif-broderie-hirondelles-416x416.jpg 416w, https:\/\/cecile-delachaux.fr\/wp-content\/uploads\/2024\/11\/Motif-broderie-hirondelles-100x100.jpg 100w\" sizes=\"auto, (max-width: 1297px) 100vw, 1297px\" \/><\/a>\r\n\t<\/div>\r\n\t<figcaption class='wp-caption-text gallery-caption' id='mla_gallery-1-12177'>\n\tMotif broderie hirondelles\n\t<\/figcaption><\/figure><figure class='gallery-item '>\r\n\t<div class='gallery-icon landscape'>\r\n\t\t<a href='https:\/\/cecile-delachaux.fr\/wp-content\/uploads\/2024\/11\/Motif-broderie-orque.jpg'><img loading=\"lazy\" decoding=\"async\" aria-describedby=\"mla_gallery-1-12178\" width=\"1588\" height=\"1299\" src=\"https:\/\/cecile-delachaux.fr\/wp-content\/uploads\/2024\/11\/Motif-broderie-orque.jpg\" class=\"attachment-full size-full\" alt=\"\" srcset=\"https:\/\/cecile-delachaux.fr\/wp-content\/uploads\/2024\/11\/Motif-broderie-orque.jpg 1588w, https:\/\/cecile-delachaux.fr\/wp-content\/uploads\/2024\/11\/Motif-broderie-orque-300x245.jpg 300w, https:\/\/cecile-delachaux.fr\/wp-content\/uploads\/2024\/11\/Motif-broderie-orque-600x491.jpg 600w, https:\/\/cecile-delachaux.fr\/wp-content\/uploads\/2024\/11\/Motif-broderie-orque-768x628.jpg 768w, https:\/\/cecile-delachaux.fr\/wp-content\/uploads\/2024\/11\/Motif-broderie-orque-1536x1256.jpg 1536w, https:\/\/cecile-delachaux.fr\/wp-content\/uploads\/2024\/11\/Motif-broderie-orque-416x340.jpg 416w\" sizes=\"auto, (max-width: 1588px) 100vw, 1588px\" \/><\/a>\r\n\t<\/div>\r\n\t<figcaption class='wp-caption-text gallery-caption' id='mla_gallery-1-12178'>\n\tMotif broderie orque\n\t<\/figcaption><\/figure><figure class='gallery-item last_in_row'>\r\n\t<div class='gallery-icon landscape'>\r\n\t\t<a href='https:\/\/cecile-delachaux.fr\/wp-content\/uploads\/2024\/11\/Motif-broderie-casse-noisette-Clara.jpg'><img loading=\"lazy\" decoding=\"async\" aria-describedby=\"mla_gallery-1-12224\" width=\"1560\" height=\"1560\" src=\"https:\/\/cecile-delachaux.fr\/wp-content\/uploads\/2024\/11\/Motif-broderie-casse-noisette-Clara.jpg\" class=\"attachment-full size-full\" alt=\"\" srcset=\"https:\/\/cecile-delachaux.fr\/wp-content\/uploads\/2024\/11\/Motif-broderie-casse-noisette-Clara.jpg 1560w, https:\/\/cecile-delachaux.fr\/wp-content\/uploads\/2024\/11\/Motif-broderie-casse-noisette-Clara-300x300.jpg 300w, https:\/\/cecile-delachaux.fr\/wp-content\/uploads\/2024\/11\/Motif-broderie-casse-noisette-Clara-548x548.jpg 548w, https:\/\/cecile-delachaux.fr\/wp-content\/uploads\/2024\/11\/Motif-broderie-casse-noisette-Clara-150x150.jpg 150w, https:\/\/cecile-delachaux.fr\/wp-content\/uploads\/2024\/11\/Motif-broderie-casse-noisette-Clara-768x768.jpg 768w, https:\/\/cecile-delachaux.fr\/wp-content\/uploads\/2024\/11\/Motif-broderie-casse-noisette-Clara-1536x1536.jpg 1536w, https:\/\/cecile-delachaux.fr\/wp-content\/uploads\/2024\/11\/Motif-broderie-casse-noisette-Clara-324x324.jpg 324w, https:\/\/cecile-delachaux.fr\/wp-content\/uploads\/2024\/11\/Motif-broderie-casse-noisette-Clara-416x416.jpg 416w, https:\/\/cecile-delachaux.fr\/wp-content\/uploads\/2024\/11\/Motif-broderie-casse-noisette-Clara-100x100.jpg 100w\" sizes=\"auto, (max-width: 1560px) 100vw, 1560px\" \/><\/a>\r\n\t<\/div>\r\n\t<figcaption class='wp-caption-text gallery-caption' id='mla_gallery-1-12224'>\n\tMotif broderie casse-noisette Clara\n\t<\/figcaption><\/figure><figure class='gallery-item '>\r\n\t<div class='gallery-icon landscape'>\r\n\t\t<a href='https:\/\/cecile-delachaux.fr\/wp-content\/uploads\/2024\/11\/Motif-broderie-casse-noisette-Reine-des-neiges.jpg'><img loading=\"lazy\" decoding=\"async\" aria-describedby=\"mla_gallery-1-12225\" width=\"1588\" height=\"1588\" src=\"https:\/\/cecile-delachaux.fr\/wp-content\/uploads\/2024\/11\/Motif-broderie-casse-noisette-Reine-des-neiges.jpg\" class=\"attachment-full size-full\" alt=\"\" srcset=\"https:\/\/cecile-delachaux.fr\/wp-content\/uploads\/2024\/11\/Motif-broderie-casse-noisette-Reine-des-neiges.jpg 1588w, https:\/\/cecile-delachaux.fr\/wp-content\/uploads\/2024\/11\/Motif-broderie-casse-noisette-Reine-des-neiges-300x300.jpg 300w, https:\/\/cecile-delachaux.fr\/wp-content\/uploads\/2024\/11\/Motif-broderie-casse-noisette-Reine-des-neiges-548x548.jpg 548w, https:\/\/cecile-delachaux.fr\/wp-content\/uploads\/2024\/11\/Motif-broderie-casse-noisette-Reine-des-neiges-150x150.jpg 150w, https:\/\/cecile-delachaux.fr\/wp-content\/uploads\/2024\/11\/Motif-broderie-casse-noisette-Reine-des-neiges-768x768.jpg 768w, https:\/\/cecile-delachaux.fr\/wp-content\/uploads\/2024\/11\/Motif-broderie-casse-noisette-Reine-des-neiges-1536x1536.jpg 1536w, https:\/\/cecile-delachaux.fr\/wp-content\/uploads\/2024\/11\/Motif-broderie-casse-noisette-Reine-des-neiges-324x324.jpg 324w, https:\/\/cecile-delachaux.fr\/wp-content\/uploads\/2024\/11\/Motif-broderie-casse-noisette-Reine-des-neiges-416x416.jpg 416w, https:\/\/cecile-delachaux.fr\/wp-content\/uploads\/2024\/11\/Motif-broderie-casse-noisette-Reine-des-neiges-100x100.jpg 100w\" sizes=\"auto, (max-width: 1588px) 100vw, 1588px\" \/><\/a>\r\n\t<\/div>\r\n\t<figcaption class='wp-caption-text gallery-caption' id='mla_gallery-1-12225'>\n\tMotif broderie casse-noisette Reine des neiges\n\t<\/figcaption><\/figure><figure class='gallery-item '>\r\n\t<div class='gallery-icon landscape'>\r\n\t\t<a href='https:\/\/cecile-delachaux.fr\/wp-content\/uploads\/2026\/02\/Flocons.png'><img loading=\"lazy\" decoding=\"async\" aria-describedby=\"mla_gallery-1-14736\" width=\"1212\" height=\"1128\" src=\"https:\/\/cecile-delachaux.fr\/wp-content\/uploads\/2026\/02\/Flocons.png\" class=\"attachment-full size-full\" alt=\"\" srcset=\"https:\/\/cecile-delachaux.fr\/wp-content\/uploads\/2026\/02\/Flocons.png 1212w, https:\/\/cecile-delachaux.fr\/wp-content\/uploads\/2026\/02\/Flocons-300x279.png 300w, https:\/\/cecile-delachaux.fr\/wp-content\/uploads\/2026\/02\/Flocons-589x548.png 589w, https:\/\/cecile-delachaux.fr\/wp-content\/uploads\/2026\/02\/Flocons-768x715.png 768w, https:\/\/cecile-delachaux.fr\/wp-content\/uploads\/2026\/02\/Flocons-416x387.png 416w\" sizes=\"auto, (max-width: 1212px) 100vw, 1212px\" \/><\/a>\r\n\t<\/div>\r\n\t<figcaption class='wp-caption-text gallery-caption' id='mla_gallery-1-14736'>\n\tMotif broderie Flocons\n\t<\/figcaption><\/figure><figure class='gallery-item last_in_row'>\r\n\t<div class='gallery-icon landscape'>\r\n\t\t<a href='https:\/\/cecile-delachaux.fr\/wp-content\/uploads\/2026\/02\/Luge-garcon.png'><img loading=\"lazy\" decoding=\"async\" aria-describedby=\"mla_gallery-1-14737\" width=\"1588\" height=\"1588\" src=\"https:\/\/cecile-delachaux.fr\/wp-content\/uploads\/2026\/02\/Luge-garcon.png\" class=\"attachment-full size-full\" alt=\"\" srcset=\"https:\/\/cecile-delachaux.fr\/wp-content\/uploads\/2026\/02\/Luge-garcon.png 1588w, https:\/\/cecile-delachaux.fr\/wp-content\/uploads\/2026\/02\/Luge-garcon-300x300.png 300w, https:\/\/cecile-delachaux.fr\/wp-content\/uploads\/2026\/02\/Luge-garcon-548x548.png 548w, https:\/\/cecile-delachaux.fr\/wp-content\/uploads\/2026\/02\/Luge-garcon-150x150.png 150w, https:\/\/cecile-delachaux.fr\/wp-content\/uploads\/2026\/02\/Luge-garcon-768x768.png 768w, https:\/\/cecile-delachaux.fr\/wp-content\/uploads\/2026\/02\/Luge-garcon-1536x1536.png 1536w, https:\/\/cecile-delachaux.fr\/wp-content\/uploads\/2026\/02\/Luge-garcon-324x324.png 324w, https:\/\/cecile-delachaux.fr\/wp-content\/uploads\/2026\/02\/Luge-garcon-416x416.png 416w, https:\/\/cecile-delachaux.fr\/wp-content\/uploads\/2026\/02\/Luge-garcon-100x100.png 100w\" sizes=\"auto, (max-width: 1588px) 100vw, 1588px\" \/><\/a>\r\n\t<\/div>\r\n\t<figcaption class='wp-caption-text gallery-caption' id='mla_gallery-1-14737'>\n\tMotif broderie Luge gar\u00e7on\n\t<\/figcaption><\/figure><figure class='gallery-item '>\r\n\t<div class='gallery-icon landscape'>\r\n\t\t<a href='https:\/\/cecile-delachaux.fr\/wp-content\/uploads\/2026\/02\/Paysage-montagne-telecabine.png'><img loading=\"lazy\" decoding=\"async\" aria-describedby=\"mla_gallery-1-14738\" width=\"1588\" height=\"1588\" src=\"https:\/\/cecile-delachaux.fr\/wp-content\/uploads\/2026\/02\/Paysage-montagne-telecabine.png\" class=\"attachment-full size-full\" alt=\"\" srcset=\"https:\/\/cecile-delachaux.fr\/wp-content\/uploads\/2026\/02\/Paysage-montagne-telecabine.png 1588w, https:\/\/cecile-delachaux.fr\/wp-content\/uploads\/2026\/02\/Paysage-montagne-telecabine-300x300.png 300w, https:\/\/cecile-delachaux.fr\/wp-content\/uploads\/2026\/02\/Paysage-montagne-telecabine-548x548.png 548w, https:\/\/cecile-delachaux.fr\/wp-content\/uploads\/2026\/02\/Paysage-montagne-telecabine-150x150.png 150w, https:\/\/cecile-delachaux.fr\/wp-content\/uploads\/2026\/02\/Paysage-montagne-telecabine-768x768.png 768w, https:\/\/cecile-delachaux.fr\/wp-content\/uploads\/2026\/02\/Paysage-montagne-telecabine-1536x1536.png 1536w, https:\/\/cecile-delachaux.fr\/wp-content\/uploads\/2026\/02\/Paysage-montagne-telecabine-324x324.png 324w, https:\/\/cecile-delachaux.fr\/wp-content\/uploads\/2026\/02\/Paysage-montagne-telecabine-416x416.png 416w, https:\/\/cecile-delachaux.fr\/wp-content\/uploads\/2026\/02\/Paysage-montagne-telecabine-100x100.png 100w\" sizes=\"auto, (max-width: 1588px) 100vw, 1588px\" \/><\/a>\r\n\t<\/div>\r\n\t<figcaption class='wp-caption-text gallery-caption' id='mla_gallery-1-14738'>\n\tMotif broderie Paysage montagne t\u00e9l\u00e9cabine\n\t<\/figcaption><\/figure><figure class='gallery-item '>\r\n\t<div class='gallery-icon landscape'>\r\n\t\t<a href='https:\/\/cecile-delachaux.fr\/wp-content\/uploads\/2026\/02\/Skieur-ours.png'><img loading=\"lazy\" decoding=\"async\" aria-describedby=\"mla_gallery-1-14739\" width=\"1588\" height=\"1588\" src=\"https:\/\/cecile-delachaux.fr\/wp-content\/uploads\/2026\/02\/Skieur-ours.png\" class=\"attachment-full size-full\" alt=\"\" srcset=\"https:\/\/cecile-delachaux.fr\/wp-content\/uploads\/2026\/02\/Skieur-ours.png 1588w, https:\/\/cecile-delachaux.fr\/wp-content\/uploads\/2026\/02\/Skieur-ours-300x300.png 300w, https:\/\/cecile-delachaux.fr\/wp-content\/uploads\/2026\/02\/Skieur-ours-548x548.png 548w, https:\/\/cecile-delachaux.fr\/wp-content\/uploads\/2026\/02\/Skieur-ours-150x150.png 150w, https:\/\/cecile-delachaux.fr\/wp-content\/uploads\/2026\/02\/Skieur-ours-768x768.png 768w, https:\/\/cecile-delachaux.fr\/wp-content\/uploads\/2026\/02\/Skieur-ours-1536x1536.png 1536w, https:\/\/cecile-delachaux.fr\/wp-content\/uploads\/2026\/02\/Skieur-ours-324x324.png 324w, https:\/\/cecile-delachaux.fr\/wp-content\/uploads\/2026\/02\/Skieur-ours-416x416.png 416w, https:\/\/cecile-delachaux.fr\/wp-content\/uploads\/2026\/02\/Skieur-ours-100x100.png 100w\" sizes=\"auto, (max-width: 1588px) 100vw, 1588px\" \/><\/a>\r\n\t<\/div>\r\n\t<figcaption class='wp-caption-text gallery-caption' id='mla_gallery-1-14739'>\n\tMotif broderie Skieur ours\n\t<\/figcaption><\/figure><figure class='gallery-item last_in_row'>\r\n\t<div class='gallery-icon landscape'>\r\n\t\t<a href='https:\/\/cecile-delachaux.fr\/wp-content\/uploads\/2026\/02\/Skieur.png'><img loading=\"lazy\" decoding=\"async\" aria-describedby=\"mla_gallery-1-14740\" width=\"1588\" height=\"1588\" src=\"https:\/\/cecile-delachaux.fr\/wp-content\/uploads\/2026\/02\/Skieur.png\" class=\"attachment-full size-full\" alt=\"\" srcset=\"https:\/\/cecile-delachaux.fr\/wp-content\/uploads\/2026\/02\/Skieur.png 1588w, https:\/\/cecile-delachaux.fr\/wp-content\/uploads\/2026\/02\/Skieur-300x300.png 300w, https:\/\/cecile-delachaux.fr\/wp-content\/uploads\/2026\/02\/Skieur-548x548.png 548w, https:\/\/cecile-delachaux.fr\/wp-content\/uploads\/2026\/02\/Skieur-150x150.png 150w, https:\/\/cecile-delachaux.fr\/wp-content\/uploads\/2026\/02\/Skieur-768x768.png 768w, https:\/\/cecile-delachaux.fr\/wp-content\/uploads\/2026\/02\/Skieur-1536x1536.png 1536w, https:\/\/cecile-delachaux.fr\/wp-content\/uploads\/2026\/02\/Skieur-324x324.png 324w, https:\/\/cecile-delachaux.fr\/wp-content\/uploads\/2026\/02\/Skieur-416x416.png 416w, https:\/\/cecile-delachaux.fr\/wp-content\/uploads\/2026\/02\/Skieur-100x100.png 100w\" sizes=\"auto, (max-width: 1588px) 100vw, 1588px\" \/><\/a>\r\n\t<\/div>\r\n\t<figcaption class='wp-caption-text gallery-caption' id='mla_gallery-1-14740'>\n\tMotif broderie Skieur\n\t<\/figcaption><\/figure><figure class='gallery-item '>\r\n\t<div class='gallery-icon landscape'>\r\n\t\t<a href='https:\/\/cecile-delachaux.fr\/wp-content\/uploads\/2026\/02\/Skis-bonnet.png'><img loading=\"lazy\" decoding=\"async\" aria-describedby=\"mla_gallery-1-14741\" width=\"1588\" height=\"1588\" src=\"https:\/\/cecile-delachaux.fr\/wp-content\/uploads\/2026\/02\/Skis-bonnet.png\" class=\"attachment-full size-full\" alt=\"\" srcset=\"https:\/\/cecile-delachaux.fr\/wp-content\/uploads\/2026\/02\/Skis-bonnet.png 1588w, https:\/\/cecile-delachaux.fr\/wp-content\/uploads\/2026\/02\/Skis-bonnet-300x300.png 300w, https:\/\/cecile-delachaux.fr\/wp-content\/uploads\/2026\/02\/Skis-bonnet-548x548.png 548w, https:\/\/cecile-delachaux.fr\/wp-content\/uploads\/2026\/02\/Skis-bonnet-150x150.png 150w, https:\/\/cecile-delachaux.fr\/wp-content\/uploads\/2026\/02\/Skis-bonnet-768x768.png 768w, https:\/\/cecile-delachaux.fr\/wp-content\/uploads\/2026\/02\/Skis-bonnet-1536x1536.png 1536w, https:\/\/cecile-delachaux.fr\/wp-content\/uploads\/2026\/02\/Skis-bonnet-324x324.png 324w, https:\/\/cecile-delachaux.fr\/wp-content\/uploads\/2026\/02\/Skis-bonnet-416x416.png 416w, https:\/\/cecile-delachaux.fr\/wp-content\/uploads\/2026\/02\/Skis-bonnet-100x100.png 100w\" sizes=\"auto, (max-width: 1588px) 100vw, 1588px\" \/><\/a>\r\n\t<\/div>\r\n\t<figcaption class='wp-caption-text gallery-caption' id='mla_gallery-1-14741'>\n\tMotif broderie Skis bonnet\n\t<\/figcaption><\/figure><figure class='gallery-item '>\r\n\t<div class='gallery-icon landscape'>\r\n\t\t<a href='https:\/\/cecile-delachaux.fr\/wp-content\/uploads\/2026\/02\/Telesiege.png'><img loading=\"lazy\" decoding=\"async\" aria-describedby=\"mla_gallery-1-14742\" width=\"1588\" height=\"1588\" src=\"https:\/\/cecile-delachaux.fr\/wp-content\/uploads\/2026\/02\/Telesiege.png\" class=\"attachment-full size-full\" alt=\"\" srcset=\"https:\/\/cecile-delachaux.fr\/wp-content\/uploads\/2026\/02\/Telesiege.png 1588w, https:\/\/cecile-delachaux.fr\/wp-content\/uploads\/2026\/02\/Telesiege-300x300.png 300w, https:\/\/cecile-delachaux.fr\/wp-content\/uploads\/2026\/02\/Telesiege-548x548.png 548w, https:\/\/cecile-delachaux.fr\/wp-content\/uploads\/2026\/02\/Telesiege-150x150.png 150w, https:\/\/cecile-delachaux.fr\/wp-content\/uploads\/2026\/02\/Telesiege-768x768.png 768w, https:\/\/cecile-delachaux.fr\/wp-content\/uploads\/2026\/02\/Telesiege-1536x1536.png 1536w, https:\/\/cecile-delachaux.fr\/wp-content\/uploads\/2026\/02\/Telesiege-324x324.png 324w, https:\/\/cecile-delachaux.fr\/wp-content\/uploads\/2026\/02\/Telesiege-416x416.png 416w, https:\/\/cecile-delachaux.fr\/wp-content\/uploads\/2026\/02\/Telesiege-100x100.png 100w\" sizes=\"auto, (max-width: 1588px) 100vw, 1588px\" \/><\/a>\r\n\t<\/div>\r\n\t<figcaption class='wp-caption-text gallery-caption' id='mla_gallery-1-14742'>\n\tMotif broderie T\u00e9l\u00e9si\u00e8ge\n\t<\/figcaption><\/figure><figure class='gallery-item last_in_row'>\r\n\t<div class='gallery-icon landscape'>\r\n\t\t<a href='https:\/\/cecile-delachaux.fr\/wp-content\/uploads\/2026\/02\/Skis-Prenom.png'><img loading=\"lazy\" decoding=\"async\" aria-describedby=\"mla_gallery-1-14750\" width=\"2000\" height=\"2000\" src=\"https:\/\/cecile-delachaux.fr\/wp-content\/uploads\/2026\/02\/Skis-Prenom.png\" class=\"attachment-full size-full\" alt=\"\" srcset=\"https:\/\/cecile-delachaux.fr\/wp-content\/uploads\/2026\/02\/Skis-Prenom.png 2000w, https:\/\/cecile-delachaux.fr\/wp-content\/uploads\/2026\/02\/Skis-Prenom-300x300.png 300w, https:\/\/cecile-delachaux.fr\/wp-content\/uploads\/2026\/02\/Skis-Prenom-548x548.png 548w, https:\/\/cecile-delachaux.fr\/wp-content\/uploads\/2026\/02\/Skis-Prenom-150x150.png 150w, https:\/\/cecile-delachaux.fr\/wp-content\/uploads\/2026\/02\/Skis-Prenom-768x768.png 768w, https:\/\/cecile-delachaux.fr\/wp-content\/uploads\/2026\/02\/Skis-Prenom-1536x1536.png 1536w, https:\/\/cecile-delachaux.fr\/wp-content\/uploads\/2026\/02\/Skis-Prenom-324x324.png 324w, https:\/\/cecile-delachaux.fr\/wp-content\/uploads\/2026\/02\/Skis-Prenom-416x416.png 416w, https:\/\/cecile-delachaux.fr\/wp-content\/uploads\/2026\/02\/Skis-Prenom-100x100.png 100w\" sizes=\"auto, (max-width: 2000px) 100vw, 2000px\" \/><\/a>\r\n\t<\/div>\r\n\t<figcaption class='wp-caption-text gallery-caption' id='mla_gallery-1-14750'>\n\tMotif broderie Skis Pr\u00e9nom\n\t<\/figcaption><\/figure><figure class='gallery-item '>\r\n\t<div class='gallery-icon landscape'>\r\n\t\t<a href='https:\/\/cecile-delachaux.fr\/wp-content\/uploads\/2026\/02\/Luge.png'><img loading=\"lazy\" decoding=\"async\" aria-describedby=\"mla_gallery-1-14751\" width=\"2300\" height=\"2300\" src=\"https:\/\/cecile-delachaux.fr\/wp-content\/uploads\/2026\/02\/Luge.png\" class=\"attachment-full size-full\" alt=\"\" srcset=\"https:\/\/cecile-delachaux.fr\/wp-content\/uploads\/2026\/02\/Luge.png 2300w, https:\/\/cecile-delachaux.fr\/wp-content\/uploads\/2026\/02\/Luge-300x300.png 300w, https:\/\/cecile-delachaux.fr\/wp-content\/uploads\/2026\/02\/Luge-548x548.png 548w, https:\/\/cecile-delachaux.fr\/wp-content\/uploads\/2026\/02\/Luge-150x150.png 150w, https:\/\/cecile-delachaux.fr\/wp-content\/uploads\/2026\/02\/Luge-768x768.png 768w, https:\/\/cecile-delachaux.fr\/wp-content\/uploads\/2026\/02\/Luge-1536x1536.png 1536w, https:\/\/cecile-delachaux.fr\/wp-content\/uploads\/2026\/02\/Luge-2048x2048.png 2048w, https:\/\/cecile-delachaux.fr\/wp-content\/uploads\/2026\/02\/Luge-324x324.png 324w, https:\/\/cecile-delachaux.fr\/wp-content\/uploads\/2026\/02\/Luge-416x416.png 416w, https:\/\/cecile-delachaux.fr\/wp-content\/uploads\/2026\/02\/Luge-100x100.png 100w\" sizes=\"auto, (max-width: 2300px) 100vw, 2300px\" \/><\/a>\r\n\t<\/div>\r\n\t<figcaption class='wp-caption-text gallery-caption' id='mla_gallery-1-14751'>\n\tMotif broderie Luge\n\t<\/figcaption><\/figure><figure class='gallery-item '>\r\n\t<div class='gallery-icon landscape'>\r\n\t\t<a href='https:\/\/cecile-delachaux.fr\/wp-content\/uploads\/2026\/02\/Skis-montagne-sapins.png'><img loading=\"lazy\" decoding=\"async\" aria-describedby=\"mla_gallery-1-14752\" width=\"2300\" height=\"2300\" src=\"https:\/\/cecile-delachaux.fr\/wp-content\/uploads\/2026\/02\/Skis-montagne-sapins.png\" class=\"attachment-full size-full\" alt=\"\" srcset=\"https:\/\/cecile-delachaux.fr\/wp-content\/uploads\/2026\/02\/Skis-montagne-sapins.png 2300w, https:\/\/cecile-delachaux.fr\/wp-content\/uploads\/2026\/02\/Skis-montagne-sapins-300x300.png 300w, https:\/\/cecile-delachaux.fr\/wp-content\/uploads\/2026\/02\/Skis-montagne-sapins-548x548.png 548w, https:\/\/cecile-delachaux.fr\/wp-content\/uploads\/2026\/02\/Skis-montagne-sapins-150x150.png 150w, https:\/\/cecile-delachaux.fr\/wp-content\/uploads\/2026\/02\/Skis-montagne-sapins-768x768.png 768w, https:\/\/cecile-delachaux.fr\/wp-content\/uploads\/2026\/02\/Skis-montagne-sapins-1536x1536.png 1536w, https:\/\/cecile-delachaux.fr\/wp-content\/uploads\/2026\/02\/Skis-montagne-sapins-2048x2048.png 2048w, https:\/\/cecile-delachaux.fr\/wp-content\/uploads\/2026\/02\/Skis-montagne-sapins-324x324.png 324w, https:\/\/cecile-delachaux.fr\/wp-content\/uploads\/2026\/02\/Skis-montagne-sapins-416x416.png 416w, https:\/\/cecile-delachaux.fr\/wp-content\/uploads\/2026\/02\/Skis-montagne-sapins-100x100.png 100w\" sizes=\"auto, (max-width: 2300px) 100vw, 2300px\" \/><\/a>\r\n\t<\/div>\r\n\t<figcaption class='wp-caption-text gallery-caption' id='mla_gallery-1-14752'>\n\tMotif broderie Skis montagne sapins\n\t<\/figcaption><\/figure><figure class='gallery-item last_in_row'>\r\n\t<div class='gallery-icon landscape'>\r\n\t\t<a href='https:\/\/cecile-delachaux.fr\/wp-content\/uploads\/2026\/02\/Montagne-oeuf-sapins.png'><img loading=\"lazy\" decoding=\"async\" aria-describedby=\"mla_gallery-1-14753\" width=\"2300\" height=\"2300\" src=\"https:\/\/cecile-delachaux.fr\/wp-content\/uploads\/2026\/02\/Montagne-oeuf-sapins.png\" class=\"attachment-full size-full\" alt=\"\" srcset=\"https:\/\/cecile-delachaux.fr\/wp-content\/uploads\/2026\/02\/Montagne-oeuf-sapins.png 2300w, https:\/\/cecile-delachaux.fr\/wp-content\/uploads\/2026\/02\/Montagne-oeuf-sapins-300x300.png 300w, https:\/\/cecile-delachaux.fr\/wp-content\/uploads\/2026\/02\/Montagne-oeuf-sapins-548x548.png 548w, https:\/\/cecile-delachaux.fr\/wp-content\/uploads\/2026\/02\/Montagne-oeuf-sapins-150x150.png 150w, https:\/\/cecile-delachaux.fr\/wp-content\/uploads\/2026\/02\/Montagne-oeuf-sapins-768x768.png 768w, https:\/\/cecile-delachaux.fr\/wp-content\/uploads\/2026\/02\/Montagne-oeuf-sapins-1536x1536.png 1536w, https:\/\/cecile-delachaux.fr\/wp-content\/uploads\/2026\/02\/Montagne-oeuf-sapins-2048x2048.png 2048w, https:\/\/cecile-delachaux.fr\/wp-content\/uploads\/2026\/02\/Montagne-oeuf-sapins-324x324.png 324w, https:\/\/cecile-delachaux.fr\/wp-content\/uploads\/2026\/02\/Montagne-oeuf-sapins-416x416.png 416w, https:\/\/cecile-delachaux.fr\/wp-content\/uploads\/2026\/02\/Montagne-oeuf-sapins-100x100.png 100w\" sizes=\"auto, (max-width: 2300px) 100vw, 2300px\" \/><\/a>\r\n\t<\/div>\r\n\t<figcaption class='wp-caption-text gallery-caption' id='mla_gallery-1-14753'>\n\tMotif broderie Montagne \u0153uf sapins\n\t<\/figcaption><\/figure><figure class='gallery-item '>\r\n\t<div class='gallery-icon landscape'>\r\n\t\t<a href='https:\/\/cecile-delachaux.fr\/wp-content\/uploads\/2026\/02\/Oeuf.png'><img loading=\"lazy\" decoding=\"async\" aria-describedby=\"mla_gallery-1-14754\" width=\"2000\" height=\"2000\" src=\"https:\/\/cecile-delachaux.fr\/wp-content\/uploads\/2026\/02\/Oeuf.png\" class=\"attachment-full size-full\" alt=\"\" srcset=\"https:\/\/cecile-delachaux.fr\/wp-content\/uploads\/2026\/02\/Oeuf.png 2000w, https:\/\/cecile-delachaux.fr\/wp-content\/uploads\/2026\/02\/Oeuf-300x300.png 300w, https:\/\/cecile-delachaux.fr\/wp-content\/uploads\/2026\/02\/Oeuf-548x548.png 548w, https:\/\/cecile-delachaux.fr\/wp-content\/uploads\/2026\/02\/Oeuf-150x150.png 150w, https:\/\/cecile-delachaux.fr\/wp-content\/uploads\/2026\/02\/Oeuf-768x768.png 768w, https:\/\/cecile-delachaux.fr\/wp-content\/uploads\/2026\/02\/Oeuf-1536x1536.png 1536w, https:\/\/cecile-delachaux.fr\/wp-content\/uploads\/2026\/02\/Oeuf-324x324.png 324w, https:\/\/cecile-delachaux.fr\/wp-content\/uploads\/2026\/02\/Oeuf-416x416.png 416w, https:\/\/cecile-delachaux.fr\/wp-content\/uploads\/2026\/02\/Oeuf-100x100.png 100w\" sizes=\"auto, (max-width: 2000px) 100vw, 2000px\" \/><\/a>\r\n\t<\/div>\r\n\t<figcaption class='wp-caption-text gallery-caption' id='mla_gallery-1-14754'>\n\tMotif broderie \u0153uf\n\t<\/figcaption><\/figure><figure class='gallery-item '>\r\n\t<div class='gallery-icon portrait'>\r\n\t\t<a href='https:\/\/cecile-delachaux.fr\/wp-content\/uploads\/2026\/02\/Skieur-echarpe.png'><img loading=\"lazy\" decoding=\"async\" aria-describedby=\"mla_gallery-1-14755\" width=\"2000\" height=\"2002\" src=\"https:\/\/cecile-delachaux.fr\/wp-content\/uploads\/2026\/02\/Skieur-echarpe.png\" class=\"attachment-full size-full\" alt=\"\" srcset=\"https:\/\/cecile-delachaux.fr\/wp-content\/uploads\/2026\/02\/Skieur-echarpe.png 2000w, https:\/\/cecile-delachaux.fr\/wp-content\/uploads\/2026\/02\/Skieur-echarpe-300x300.png 300w, https:\/\/cecile-delachaux.fr\/wp-content\/uploads\/2026\/02\/Skieur-echarpe-547x548.png 547w, https:\/\/cecile-delachaux.fr\/wp-content\/uploads\/2026\/02\/Skieur-echarpe-150x150.png 150w, https:\/\/cecile-delachaux.fr\/wp-content\/uploads\/2026\/02\/Skieur-echarpe-768x769.png 768w, https:\/\/cecile-delachaux.fr\/wp-content\/uploads\/2026\/02\/Skieur-echarpe-1534x1536.png 1534w, https:\/\/cecile-delachaux.fr\/wp-content\/uploads\/2026\/02\/Skieur-echarpe-324x324.png 324w, https:\/\/cecile-delachaux.fr\/wp-content\/uploads\/2026\/02\/Skieur-echarpe-416x416.png 416w, https:\/\/cecile-delachaux.fr\/wp-content\/uploads\/2026\/02\/Skieur-echarpe-100x100.png 100w\" sizes=\"auto, (max-width: 2000px) 100vw, 2000px\" \/><\/a>\r\n\t<\/div>\r\n\t<figcaption class='wp-caption-text gallery-caption' id='mla_gallery-1-14755'>\n\tMotif broderie Skieur \u00e9charpe\n\t<\/figcaption><\/figure><figure class='gallery-item last_in_row'>\r\n\t<div class='gallery-icon landscape'>\r\n\t\t<a href='https:\/\/cecile-delachaux.fr\/wp-content\/uploads\/2026\/02\/Skieur-echarpe-de-haut.png'><img loading=\"lazy\" decoding=\"async\" aria-describedby=\"mla_gallery-1-14756\" width=\"2000\" height=\"2000\" src=\"https:\/\/cecile-delachaux.fr\/wp-content\/uploads\/2026\/02\/Skieur-echarpe-de-haut.png\" class=\"attachment-full size-full\" alt=\"\" srcset=\"https:\/\/cecile-delachaux.fr\/wp-content\/uploads\/2026\/02\/Skieur-echarpe-de-haut.png 2000w, https:\/\/cecile-delachaux.fr\/wp-content\/uploads\/2026\/02\/Skieur-echarpe-de-haut-300x300.png 300w, https:\/\/cecile-delachaux.fr\/wp-content\/uploads\/2026\/02\/Skieur-echarpe-de-haut-548x548.png 548w, https:\/\/cecile-delachaux.fr\/wp-content\/uploads\/2026\/02\/Skieur-echarpe-de-haut-150x150.png 150w, https:\/\/cecile-delachaux.fr\/wp-content\/uploads\/2026\/02\/Skieur-echarpe-de-haut-768x768.png 768w, https:\/\/cecile-delachaux.fr\/wp-content\/uploads\/2026\/02\/Skieur-echarpe-de-haut-1536x1536.png 1536w, https:\/\/cecile-delachaux.fr\/wp-content\/uploads\/2026\/02\/Skieur-echarpe-de-haut-324x324.png 324w, https:\/\/cecile-delachaux.fr\/wp-content\/uploads\/2026\/02\/Skieur-echarpe-de-haut-416x416.png 416w, https:\/\/cecile-delachaux.fr\/wp-content\/uploads\/2026\/02\/Skieur-echarpe-de-haut-100x100.png 100w\" sizes=\"auto, (max-width: 2000px) 100vw, 2000px\" \/><\/a>\r\n\t<\/div>\r\n\t<figcaption class='wp-caption-text gallery-caption' id='mla_gallery-1-14756'>\n\tMotif broderie Skieur \u00e9charpe de haut\n\t<\/figcaption><\/figure><figure class='gallery-item '>\r\n\t<div class='gallery-icon landscape'>\r\n\t\t<a href='https:\/\/cecile-delachaux.fr\/wp-content\/uploads\/2026\/02\/Skieur-chat.png'><img loading=\"lazy\" decoding=\"async\" aria-describedby=\"mla_gallery-1-14757\" width=\"2000\" height=\"2000\" src=\"https:\/\/cecile-delachaux.fr\/wp-content\/uploads\/2026\/02\/Skieur-chat.png\" class=\"attachment-full size-full\" alt=\"\" srcset=\"https:\/\/cecile-delachaux.fr\/wp-content\/uploads\/2026\/02\/Skieur-chat.png 2000w, https:\/\/cecile-delachaux.fr\/wp-content\/uploads\/2026\/02\/Skieur-chat-300x300.png 300w, https:\/\/cecile-delachaux.fr\/wp-content\/uploads\/2026\/02\/Skieur-chat-548x548.png 548w, https:\/\/cecile-delachaux.fr\/wp-content\/uploads\/2026\/02\/Skieur-chat-150x150.png 150w, https:\/\/cecile-delachaux.fr\/wp-content\/uploads\/2026\/02\/Skieur-chat-768x768.png 768w, https:\/\/cecile-delachaux.fr\/wp-content\/uploads\/2026\/02\/Skieur-chat-1536x1536.png 1536w, https:\/\/cecile-delachaux.fr\/wp-content\/uploads\/2026\/02\/Skieur-chat-324x324.png 324w, https:\/\/cecile-delachaux.fr\/wp-content\/uploads\/2026\/02\/Skieur-chat-416x416.png 416w, https:\/\/cecile-delachaux.fr\/wp-content\/uploads\/2026\/02\/Skieur-chat-100x100.png 100w\" sizes=\"auto, (max-width: 2000px) 100vw, 2000px\" \/><\/a>\r\n\t<\/div>\r\n\t<figcaption class='wp-caption-text gallery-caption' id='mla_gallery-1-14757'>\n\tMotif broderie Skieur chat\n\t<\/figcaption><\/figure><figure class='gallery-item '>\r\n\t<div class='gallery-icon landscape'>\r\n\t\t<a href='https:\/\/cecile-delachaux.fr\/wp-content\/uploads\/2026\/02\/Skieur-chien-1.png'><img loading=\"lazy\" decoding=\"async\" aria-describedby=\"mla_gallery-1-14758\" width=\"2000\" height=\"2000\" src=\"https:\/\/cecile-delachaux.fr\/wp-content\/uploads\/2026\/02\/Skieur-chien-1.png\" class=\"attachment-full size-full\" alt=\"\" srcset=\"https:\/\/cecile-delachaux.fr\/wp-content\/uploads\/2026\/02\/Skieur-chien-1.png 2000w, https:\/\/cecile-delachaux.fr\/wp-content\/uploads\/2026\/02\/Skieur-chien-1-300x300.png 300w, https:\/\/cecile-delachaux.fr\/wp-content\/uploads\/2026\/02\/Skieur-chien-1-548x548.png 548w, https:\/\/cecile-delachaux.fr\/wp-content\/uploads\/2026\/02\/Skieur-chien-1-150x150.png 150w, https:\/\/cecile-delachaux.fr\/wp-content\/uploads\/2026\/02\/Skieur-chien-1-768x768.png 768w, https:\/\/cecile-delachaux.fr\/wp-content\/uploads\/2026\/02\/Skieur-chien-1-1536x1536.png 1536w, https:\/\/cecile-delachaux.fr\/wp-content\/uploads\/2026\/02\/Skieur-chien-1-324x324.png 324w, https:\/\/cecile-delachaux.fr\/wp-content\/uploads\/2026\/02\/Skieur-chien-1-416x416.png 416w, https:\/\/cecile-delachaux.fr\/wp-content\/uploads\/2026\/02\/Skieur-chien-1-100x100.png 100w\" sizes=\"auto, (max-width: 2000px) 100vw, 2000px\" \/><\/a>\r\n\t<\/div>\r\n\t<figcaption class='wp-caption-text gallery-caption' id='mla_gallery-1-14758'>\n\tMotif broderie Skieur chien 1\n\t<\/figcaption><\/figure><figure class='gallery-item last_in_row'>\r\n\t<div class='gallery-icon landscape'>\r\n\t\t<a href='https:\/\/cecile-delachaux.fr\/wp-content\/uploads\/2026\/02\/Skieur-chien-2.png'><img loading=\"lazy\" decoding=\"async\" aria-describedby=\"mla_gallery-1-14759\" width=\"2000\" height=\"2000\" src=\"https:\/\/cecile-delachaux.fr\/wp-content\/uploads\/2026\/02\/Skieur-chien-2.png\" class=\"attachment-full size-full\" alt=\"\" srcset=\"https:\/\/cecile-delachaux.fr\/wp-content\/uploads\/2026\/02\/Skieur-chien-2.png 2000w, https:\/\/cecile-delachaux.fr\/wp-content\/uploads\/2026\/02\/Skieur-chien-2-300x300.png 300w, https:\/\/cecile-delachaux.fr\/wp-content\/uploads\/2026\/02\/Skieur-chien-2-548x548.png 548w, https:\/\/cecile-delachaux.fr\/wp-content\/uploads\/2026\/02\/Skieur-chien-2-150x150.png 150w, https:\/\/cecile-delachaux.fr\/wp-content\/uploads\/2026\/02\/Skieur-chien-2-768x768.png 768w, https:\/\/cecile-delachaux.fr\/wp-content\/uploads\/2026\/02\/Skieur-chien-2-1536x1536.png 1536w, https:\/\/cecile-delachaux.fr\/wp-content\/uploads\/2026\/02\/Skieur-chien-2-324x324.png 324w, https:\/\/cecile-delachaux.fr\/wp-content\/uploads\/2026\/02\/Skieur-chien-2-416x416.png 416w, https:\/\/cecile-delachaux.fr\/wp-content\/uploads\/2026\/02\/Skieur-chien-2-100x100.png 100w\" sizes=\"auto, (max-width: 2000px) 100vw, 2000px\" \/><\/a>\r\n\t<\/div>\r\n\t<figcaption class='wp-caption-text gallery-caption' id='mla_gallery-1-14759'>\n\tMotif broderie Skieur chien 2\n\t<\/figcaption><\/figure><figure class='gallery-item '>\r\n\t<div class='gallery-icon landscape'>\r\n\t\t<a href='https:\/\/cecile-delachaux.fr\/wp-content\/uploads\/2026\/02\/Skieur-chien-3.png'><img loading=\"lazy\" decoding=\"async\" aria-describedby=\"mla_gallery-1-14760\" width=\"2000\" height=\"2000\" src=\"https:\/\/cecile-delachaux.fr\/wp-content\/uploads\/2026\/02\/Skieur-chien-3.png\" class=\"attachment-full size-full\" alt=\"\" srcset=\"https:\/\/cecile-delachaux.fr\/wp-content\/uploads\/2026\/02\/Skieur-chien-3.png 2000w, https:\/\/cecile-delachaux.fr\/wp-content\/uploads\/2026\/02\/Skieur-chien-3-300x300.png 300w, https:\/\/cecile-delachaux.fr\/wp-content\/uploads\/2026\/02\/Skieur-chien-3-548x548.png 548w, https:\/\/cecile-delachaux.fr\/wp-content\/uploads\/2026\/02\/Skieur-chien-3-150x150.png 150w, https:\/\/cecile-delachaux.fr\/wp-content\/uploads\/2026\/02\/Skieur-chien-3-768x768.png 768w, https:\/\/cecile-delachaux.fr\/wp-content\/uploads\/2026\/02\/Skieur-chien-3-1536x1536.png 1536w, https:\/\/cecile-delachaux.fr\/wp-content\/uploads\/2026\/02\/Skieur-chien-3-324x324.png 324w, https:\/\/cecile-delachaux.fr\/wp-content\/uploads\/2026\/02\/Skieur-chien-3-416x416.png 416w, https:\/\/cecile-delachaux.fr\/wp-content\/uploads\/2026\/02\/Skieur-chien-3-100x100.png 100w\" sizes=\"auto, (max-width: 2000px) 100vw, 2000px\" \/><\/a>\r\n\t<\/div>\r\n\t<figcaption class='wp-caption-text gallery-caption' id='mla_gallery-1-14760'>\n\tMotif broderie Skieur chien 3\n\t<\/figcaption><\/figure><figure class='gallery-item '>\r\n\t<div class='gallery-icon landscape'>\r\n\t\t<a href='https:\/\/cecile-delachaux.fr\/wp-content\/uploads\/2026\/02\/Skieur-freestyle.png'><img loading=\"lazy\" decoding=\"async\" aria-describedby=\"mla_gallery-1-14761\" width=\"2000\" height=\"2000\" src=\"https:\/\/cecile-delachaux.fr\/wp-content\/uploads\/2026\/02\/Skieur-freestyle.png\" class=\"attachment-full size-full\" alt=\"\" srcset=\"https:\/\/cecile-delachaux.fr\/wp-content\/uploads\/2026\/02\/Skieur-freestyle.png 2000w, https:\/\/cecile-delachaux.fr\/wp-content\/uploads\/2026\/02\/Skieur-freestyle-300x300.png 300w, https:\/\/cecile-delachaux.fr\/wp-content\/uploads\/2026\/02\/Skieur-freestyle-548x548.png 548w, https:\/\/cecile-delachaux.fr\/wp-content\/uploads\/2026\/02\/Skieur-freestyle-150x150.png 150w, https:\/\/cecile-delachaux.fr\/wp-content\/uploads\/2026\/02\/Skieur-freestyle-768x768.png 768w, https:\/\/cecile-delachaux.fr\/wp-content\/uploads\/2026\/02\/Skieur-freestyle-1536x1536.png 1536w, https:\/\/cecile-delachaux.fr\/wp-content\/uploads\/2026\/02\/Skieur-freestyle-324x324.png 324w, https:\/\/cecile-delachaux.fr\/wp-content\/uploads\/2026\/02\/Skieur-freestyle-416x416.png 416w, https:\/\/cecile-delachaux.fr\/wp-content\/uploads\/2026\/02\/Skieur-freestyle-100x100.png 100w\" sizes=\"auto, (max-width: 2000px) 100vw, 2000px\" \/><\/a>\r\n\t<\/div>\r\n\t<figcaption class='wp-caption-text gallery-caption' id='mla_gallery-1-14761'>\n\tMotif broderie Skieur freestyle\n\t<\/figcaption><\/figure><figure class='gallery-item last_in_row'>\r\n\t<div class='gallery-icon landscape'>\r\n\t\t<a href='https:\/\/cecile-delachaux.fr\/wp-content\/uploads\/2026\/02\/Montagne-graphique.png'><img loading=\"lazy\" decoding=\"async\" aria-describedby=\"mla_gallery-1-14762\" width=\"2000\" height=\"2000\" src=\"https:\/\/cecile-delachaux.fr\/wp-content\/uploads\/2026\/02\/Montagne-graphique.png\" class=\"attachment-full size-full\" alt=\"\" srcset=\"https:\/\/cecile-delachaux.fr\/wp-content\/uploads\/2026\/02\/Montagne-graphique.png 2000w, https:\/\/cecile-delachaux.fr\/wp-content\/uploads\/2026\/02\/Montagne-graphique-300x300.png 300w, https:\/\/cecile-delachaux.fr\/wp-content\/uploads\/2026\/02\/Montagne-graphique-548x548.png 548w, https:\/\/cecile-delachaux.fr\/wp-content\/uploads\/2026\/02\/Montagne-graphique-150x150.png 150w, https:\/\/cecile-delachaux.fr\/wp-content\/uploads\/2026\/02\/Montagne-graphique-768x768.png 768w, https:\/\/cecile-delachaux.fr\/wp-content\/uploads\/2026\/02\/Montagne-graphique-1536x1536.png 1536w, https:\/\/cecile-delachaux.fr\/wp-content\/uploads\/2026\/02\/Montagne-graphique-324x324.png 324w, https:\/\/cecile-delachaux.fr\/wp-content\/uploads\/2026\/02\/Montagne-graphique-416x416.png 416w, https:\/\/cecile-delachaux.fr\/wp-content\/uploads\/2026\/02\/Montagne-graphique-100x100.png 100w\" sizes=\"auto, (max-width: 2000px) 100vw, 2000px\" \/><\/a>\r\n\t<\/div>\r\n\t<figcaption class='wp-caption-text gallery-caption' id='mla_gallery-1-14762'>\n\tMotif broderie Montagne graphique\n\t<\/figcaption><\/figure><figure class='gallery-item '>\r\n\t<div class='gallery-icon landscape'>\r\n\t\t<a href='https:\/\/cecile-delachaux.fr\/wp-content\/uploads\/2018\/02\/Motif-broderie-Alphabet-Appliqu\u00e9-Starla.jpg'><img loading=\"lazy\" decoding=\"async\" aria-describedby=\"mla_gallery-1-931\" width=\"430\" height=\"430\" src=\"https:\/\/cecile-delachaux.fr\/wp-content\/uploads\/2018\/02\/Motif-broderie-Alphabet-Appliqu\u00e9-Starla.jpg\" class=\"attachment-full size-full\" alt=\"\" srcset=\"https:\/\/cecile-delachaux.fr\/wp-content\/uploads\/2018\/02\/Motif-broderie-Alphabet-Appliqu\u00e9-Starla.jpg 430w, https:\/\/cecile-delachaux.fr\/wp-content\/uploads\/2018\/02\/Motif-broderie-Alphabet-Appliqu\u00e9-Starla-150x150.jpg 150w, https:\/\/cecile-delachaux.fr\/wp-content\/uploads\/2018\/02\/Motif-broderie-Alphabet-Appliqu\u00e9-Starla-300x300.jpg 300w, https:\/\/cecile-delachaux.fr\/wp-content\/uploads\/2018\/02\/Motif-broderie-Alphabet-Appliqu\u00e9-Starla-324x324.jpg 324w, https:\/\/cecile-delachaux.fr\/wp-content\/uploads\/2018\/02\/Motif-broderie-Alphabet-Appliqu\u00e9-Starla-416x416.jpg 416w, https:\/\/cecile-delachaux.fr\/wp-content\/uploads\/2018\/02\/Motif-broderie-Alphabet-Appliqu\u00e9-Starla-100x100.jpg 100w\" sizes=\"auto, (max-width: 430px) 100vw, 430px\" \/><\/a>\r\n\t<\/div>\r\n\t<figcaption class='wp-caption-text gallery-caption' id='mla_gallery-1-931'>\n\tAlphabet Appliqu\u00e9 Starla\n\t<\/figcaption><\/figure><figure class='gallery-item '>\r\n\t<div class='gallery-icon landscape'>\r\n\t\t<a href='https:\/\/cecile-delachaux.fr\/wp-content\/uploads\/2018\/02\/Motif-broderie-Alphabet-Appliqu\u00e9-Starla-1.jpg'><img loading=\"lazy\" decoding=\"async\" aria-describedby=\"mla_gallery-1-932\" width=\"350\" height=\"350\" src=\"https:\/\/cecile-delachaux.fr\/wp-content\/uploads\/2018\/02\/Motif-broderie-Alphabet-Appliqu\u00e9-Starla-1.jpg\" class=\"attachment-full size-full\" alt=\"\" srcset=\"https:\/\/cecile-delachaux.fr\/wp-content\/uploads\/2018\/02\/Motif-broderie-Alphabet-Appliqu\u00e9-Starla-1.jpg 350w, https:\/\/cecile-delachaux.fr\/wp-content\/uploads\/2018\/02\/Motif-broderie-Alphabet-Appliqu\u00e9-Starla-1-150x150.jpg 150w, https:\/\/cecile-delachaux.fr\/wp-content\/uploads\/2018\/02\/Motif-broderie-Alphabet-Appliqu\u00e9-Starla-1-300x300.jpg 300w, https:\/\/cecile-delachaux.fr\/wp-content\/uploads\/2018\/02\/Motif-broderie-Alphabet-Appliqu\u00e9-Starla-1-324x324.jpg 324w, https:\/\/cecile-delachaux.fr\/wp-content\/uploads\/2018\/02\/Motif-broderie-Alphabet-Appliqu\u00e9-Starla-1-100x100.jpg 100w\" sizes=\"auto, (max-width: 350px) 100vw, 350px\" \/><\/a>\r\n\t<\/div>\r\n\t<figcaption class='wp-caption-text gallery-caption' id='mla_gallery-1-932'>\n\tAlphabet Appliqu\u00e9 Starla 1\n\t<\/figcaption><\/figure><figure class='gallery-item last_in_row'>\r\n\t<div class='gallery-icon landscape'>\r\n\t\t<a href='https:\/\/cecile-delachaux.fr\/wp-content\/uploads\/2018\/02\/Motif-broderie-Alphabet-Appliqu\u00e9-Starla-2.jpg'><img loading=\"lazy\" decoding=\"async\" aria-describedby=\"mla_gallery-1-933\" width=\"350\" height=\"350\" src=\"https:\/\/cecile-delachaux.fr\/wp-content\/uploads\/2018\/02\/Motif-broderie-Alphabet-Appliqu\u00e9-Starla-2.jpg\" class=\"attachment-full size-full\" alt=\"\" srcset=\"https:\/\/cecile-delachaux.fr\/wp-content\/uploads\/2018\/02\/Motif-broderie-Alphabet-Appliqu\u00e9-Starla-2.jpg 350w, https:\/\/cecile-delachaux.fr\/wp-content\/uploads\/2018\/02\/Motif-broderie-Alphabet-Appliqu\u00e9-Starla-2-150x150.jpg 150w, https:\/\/cecile-delachaux.fr\/wp-content\/uploads\/2018\/02\/Motif-broderie-Alphabet-Appliqu\u00e9-Starla-2-300x300.jpg 300w, https:\/\/cecile-delachaux.fr\/wp-content\/uploads\/2018\/02\/Motif-broderie-Alphabet-Appliqu\u00e9-Starla-2-324x324.jpg 324w, https:\/\/cecile-delachaux.fr\/wp-content\/uploads\/2018\/02\/Motif-broderie-Alphabet-Appliqu\u00e9-Starla-2-100x100.jpg 100w\" sizes=\"auto, (max-width: 350px) 100vw, 350px\" \/><\/a>\r\n\t<\/div>\r\n\t<figcaption class='wp-caption-text gallery-caption' id='mla_gallery-1-933'>\n\tAlphabet Appliqu\u00e9 Starla 2\n\t<\/figcaption><\/figure><figure class='gallery-item '>\r\n\t<div class='gallery-icon landscape'>\r\n\t\t<a href='https:\/\/cecile-delachaux.fr\/wp-content\/uploads\/2018\/02\/Motif-broderie-Alphabet-Appliqu\u00e9-Starla-3.jpg'><img loading=\"lazy\" decoding=\"async\" aria-describedby=\"mla_gallery-1-934\" width=\"350\" height=\"350\" src=\"https:\/\/cecile-delachaux.fr\/wp-content\/uploads\/2018\/02\/Motif-broderie-Alphabet-Appliqu\u00e9-Starla-3.jpg\" class=\"attachment-full size-full\" alt=\"\" srcset=\"https:\/\/cecile-delachaux.fr\/wp-content\/uploads\/2018\/02\/Motif-broderie-Alphabet-Appliqu\u00e9-Starla-3.jpg 350w, https:\/\/cecile-delachaux.fr\/wp-content\/uploads\/2018\/02\/Motif-broderie-Alphabet-Appliqu\u00e9-Starla-3-150x150.jpg 150w, https:\/\/cecile-delachaux.fr\/wp-content\/uploads\/2018\/02\/Motif-broderie-Alphabet-Appliqu\u00e9-Starla-3-300x300.jpg 300w, https:\/\/cecile-delachaux.fr\/wp-content\/uploads\/2018\/02\/Motif-broderie-Alphabet-Appliqu\u00e9-Starla-3-324x324.jpg 324w, https:\/\/cecile-delachaux.fr\/wp-content\/uploads\/2018\/02\/Motif-broderie-Alphabet-Appliqu\u00e9-Starla-3-100x100.jpg 100w\" sizes=\"auto, (max-width: 350px) 100vw, 350px\" \/><\/a>\r\n\t<\/div>\r\n\t<figcaption class='wp-caption-text gallery-caption' id='mla_gallery-1-934'>\n\tAlphabet Appliqu\u00e9 Starla 3\n\t<\/figcaption><\/figure><\/div>\r\n\n","protected":false},"excerpt":{"rendered":"","protected":false},"author":2,"featured_media":0,"parent":4703,"menu_order":0,"comment_status":"closed","ping_status":"closed","template":"template-galerie-broderie.php","meta":{"footnotes":""},"class_list":["post-4727","page","type-page","status-publish","hentry"],"_links":{"self":[{"href":"https:\/\/cecile-delachaux.fr\/index.php\/wp-json\/wp\/v2\/pages\/4727","targetHints":{"allow":["GET"]}}],"collection":[{"href":"https:\/\/cecile-delachaux.fr\/index.php\/wp-json\/wp\/v2\/pages"}],"about":[{"href":"https:\/\/cecile-delachaux.fr\/index.php\/wp-json\/wp\/v2\/types\/page"}],"author":[{"embeddable":true,"href":"https:\/\/cecile-delachaux.fr\/index.php\/wp-json\/wp\/v2\/users\/2"}],"replies":[{"embeddable":true,"href":"https:\/\/cecile-delachaux.fr\/index.php\/wp-json\/wp\/v2\/comments?post=4727"}],"version-history":[{"count":3,"href":"https:\/\/cecile-delachaux.fr\/index.php\/wp-json\/wp\/v2\/pages\/4727\/revisions"}],"predecessor-version":[{"id":6978,"href":"https:\/\/cecile-delachaux.fr\/index.php\/wp-json\/wp\/v2\/pages\/4727\/revisions\/6978"}],"up":[{"embeddable":true,"href":"https:\/\/cecile-delachaux.fr\/index.php\/wp-json\/wp\/v2\/pages\/4703"}],"wp:attachment":[{"href":"https:\/\/cecile-delachaux.fr\/index.php\/wp-json\/wp\/v2\/media?parent=4727"}],"curies":[{"name":"wp","href":"https:\/\/api.w.org\/{rel}","templated":true}]}}