
{"id":3329,"date":"2018-12-22T18:17:53","date_gmt":"2018-12-22T17:17:53","guid":{"rendered":"https:\/\/cecile-delachaux.fr\/?post_type=product&#038;p=3329"},"modified":"2023-09-21T22:40:10","modified_gmt":"2023-09-21T20:40:10","slug":"blouse","status":"publish","type":"product","link":"https:\/\/cecile-delachaux.fr\/index.php\/produit\/blouse\/","title":{"rendered":"Blouse imperm\u00e9able"},"content":{"rendered":"<p>Blouse id\u00e9ale pour se prot\u00e9ger lors des activit\u00e9s manuelles (peinture&#8230;), la cuisine, les repas&#8230;<\/p>\n<p>Vous pouvez choisir le tissu enduit et la broderie dans l\u2019onglet personnalisation et renseigner vos choix ci-dessus.<\/p>\n<p>Il existe dans diff\u00e9rentes tailles \u00e0 partir du 2 ans (si vous souhaitez une taille sup\u00e9rieure au 5 ans, merci de m&#8217;envoyer un message).<\/p>\n<p>Le biais au bord sera assorti au tissu, n&#8217;h\u00e9sitez pas \u00e0 me pr\u00e9ciser si vous avez une pr\u00e9f\u00e9rence de couleur.<\/p>\n<p>Le d\u00e9lai de confection standard est de 30 jours. Lors de validation de votre panier, ce d\u00e9lai peut \u00eatre r\u00e9duit \u00e0 15 jours (avec un surco\u00fbt de 20%).<\/p>\n<p>Je reste \u00e0 votre disposition pour vous conseiller.<\/p>\n<p>N\u2019h\u00e9sitez pas \u00e0 me contacter directement si vous avez des questions.<\/p>\n","protected":false},"excerpt":{"rendered":"<div class=\"woocommerce-product-details__short-description\">\n<div class=\"woocommerce-product-details__short-description\">\n<p>La blouse imperm\u00e9able est r\u00e9alis\u00e9e sur commande et est enti\u00e8rement personnalisable.<\/p>\n<p>Choisissez les tissus et motifs de broderie dans l\u2019onglet \u00ab Personnalisation \u00bb et indiquez leurs r\u00e9f\u00e9rences dans les champs pr\u00e9vus ci-dessous :<\/p>\n<\/div>\n<\/div>\n","protected":false},"featured_media":2334,"template":"","meta":[],"product_brand":[],"product_cat":[186,197,157,15,101,34],"product_tag":[],"class_list":{"0":"post-3329","1":"product","2":"type-product","3":"status-publish","4":"has-post-thumbnail","6":"product_cat-blouse","7":"product_cat-blouse-vetement-accessoires","8":"product_cat-tablier","9":"product_cat-tous-les-produits","10":"product_cat-ecole","11":"product_cat-vetement-accessoires","12":"product_shipping_class-colis","14":"first","15":"instock","16":"shipping-taxable","17":"purchasable","18":"product-type-simple"},"exclude_global_add_ons":true,"addons":[{"name":"Choix du tissu enduit","type":"custom_text","position":0,"required":false,"title_format":"heading","default":"","description_enable":false,"description":"","placeholder_enable":false,"placeholder":"","display":"select","restrictions_type":"any_text","adjust_price":false,"price":"","price_type":"flat_fee","restrictions":false,"min":"0","max":"0","options":[],"id":1695336011},{"name":"Choix de la broderie","type":"custom_text","position":1,"required":false,"title_format":"heading","default":"","description_enable":false,"description":"","placeholder_enable":false,"placeholder":"","display":"select","restrictions_type":"any_text","adjust_price":false,"price":"","price_type":"flat_fee","restrictions":false,"min":"0","max":"0","options":[],"id":1695336012},{"name":"Taille","type":"multiple_choice","position":2,"required":true,"title_format":"heading","default":"","description_enable":false,"description":"","placeholder_enable":false,"placeholder":"","display":"select","restrictions_type":"any_text","adjust_price":false,"price":"","price_type":"flat_fee","restrictions":false,"min":"0","max":"0","options":[{"label":"2 ans","price":"","price_type":"flat_fee","image":0,"visibility":true},{"label":"3 ans","price":"","price_type":"flat_fee","image":0,"visibility":true},{"label":"4 ans","price":"","price_type":"flat_fee","image":0,"visibility":true},{"label":"5 ans","price":"","price_type":"flat_fee","image":0,"visibility":true}],"id":1695336013},{"name":"Couleur du biais","type":"custom_text","position":3,"required":false,"title_format":"heading","default":"","description_enable":true,"description":"Si vous avez une pr\u00e9f\u00e9rence, indiquez la couleur que vous souhaiteriez pour le biais :","placeholder_enable":false,"placeholder":"","display":"select","restrictions_type":"any_text","adjust_price":false,"price":"","price_type":"flat_fee","restrictions":false,"min":"0","max":"0","options":[],"id":1695336014},{"name":"Autres pr\u00e9cisions","type":"custom_textarea","position":4,"required":false,"title_format":"heading","default":"","description_enable":true,"description":"Si vous n\u2019avez pas pu renseigner toutes les options, si vous h\u00e9sitez, si vous recherchez un tissu ou un motif de broderie qui ne figurent pas dans l\u2019onglet personnalisation, ou pour toute autre demande compl\u00e9mentaire, je vous invite \u00e0 noter votre demande ci-dessous :","placeholder_enable":false,"placeholder":"","display":"select","restrictions_type":"any_text","adjust_price":false,"price":"","price_type":"flat_fee","restrictions":false,"min":"0","max":"0","options":[],"id":1695336015}],"_links":{"self":[{"href":"https:\/\/cecile-delachaux.fr\/index.php\/wp-json\/wp\/v2\/product\/3329","targetHints":{"allow":["GET"]}}],"collection":[{"href":"https:\/\/cecile-delachaux.fr\/index.php\/wp-json\/wp\/v2\/product"}],"about":[{"href":"https:\/\/cecile-delachaux.fr\/index.php\/wp-json\/wp\/v2\/types\/product"}],"wp:featuredmedia":[{"embeddable":true,"href":"https:\/\/cecile-delachaux.fr\/index.php\/wp-json\/wp\/v2\/media\/2334"}],"wp:attachment":[{"href":"https:\/\/cecile-delachaux.fr\/index.php\/wp-json\/wp\/v2\/media?parent=3329"}],"wp:term":[{"taxonomy":"product_brand","embeddable":true,"href":"https:\/\/cecile-delachaux.fr\/index.php\/wp-json\/wp\/v2\/product_brand?post=3329"},{"taxonomy":"product_cat","embeddable":true,"href":"https:\/\/cecile-delachaux.fr\/index.php\/wp-json\/wp\/v2\/product_cat?post=3329"},{"taxonomy":"product_tag","embeddable":true,"href":"https:\/\/cecile-delachaux.fr\/index.php\/wp-json\/wp\/v2\/product_tag?post=3329"}],"curies":[{"name":"wp","href":"https:\/\/api.w.org\/{rel}","templated":true}]}}