
{"id":4807,"date":"2019-01-19T23:52:23","date_gmt":"2019-01-19T22:52:23","guid":{"rendered":"https:\/\/cecile-delachaux.fr\/?post_type=product&#038;p=4807"},"modified":"2019-05-02T18:16:01","modified_gmt":"2019-05-02T16:16:01","slug":"sac-a-gouter","status":"publish","type":"product","link":"https:\/\/cecile-delachaux.fr\/index.php\/produit\/sac-a-gouter\/","title":{"rendered":"Sac \u00e0 gouter"},"content":{"rendered":"<div id=\"tab-description\" class=\"woocommerce-Tabs-panel woocommerce-Tabs-panel--description panel entry-content wc-tab\" role=\"tabpanel\" aria-labelledby=\"tab-title-description\">\n<p>Sac \u00e0 go\u00fbter enti\u00e8rement personnalisable.<\/p>\n<p>C&#8217;est le sac indispensable de tous les enfants !<\/p>\n<p>Pour l&#8217;\u00e9cole, la cr\u00e8che, le weekend, les vacances &#8230;<\/p>\n<p>Pratique, imperm\u00e9able et tr\u00e8s peu salissant si vous choisissez des tissus enduits.<\/p>\n<p>Vous pouvez choisir le tissu ext\u00e9rieur et int\u00e9rieur, ainsi que les motifs de broderie dans l\u2019onglet personnalisation et renseigner vos choix ci-dessus.<\/p>\n<p>Le d\u00e9lai de confection standard est de 30 jours. Lors de validation de votre panier, ce d\u00e9lai peut \u00eatre r\u00e9duit \u00e0 15 jours (avec un surco\u00fbt de 20%).<\/p>\n<p>Je reste \u00e0 votre disposition pour vous conseiller.<\/p>\n<p>N\u2019h\u00e9sitez pas \u00e0 me contacter directement si vous avez des questions.<\/p>\n<\/div>\n","protected":false},"excerpt":{"rendered":"<p>Sac \u00e0 go\u00fbter enti\u00e8rement personnalisable. C&#8217;est le sac indispensable de tous les enfants ! Pour l&#8217;\u00e9cole, la cr\u00e8che, le weekend, les vacances &#8230; Pratique, imperm\u00e9able et tr\u00e8s peu salissant si vous choisissez des tissus enduits. Vous pouvez choisir le tissu ext\u00e9rieur et int\u00e9rieur, ainsi que les motifs de broderie dans l\u2019onglet personnalisation et renseigner vos [&hellip;]<\/p>\n","protected":false},"featured_media":0,"template":"","meta":[],"product_brand":[],"product_cat":[15,36,102,101],"product_tag":[],"class_list":{"0":"post-4807","1":"product","2":"type-product","3":"status-publish","5":"product_cat-tous-les-produits","6":"product_cat-repas","7":"product_cat-rangements","8":"product_cat-ecole","10":"first","11":"instock","12":"shipping-taxable","13":"purchasable","14":"product-type-simple"},"exclude_global_add_ons":false,"addons":[{"name":"Choix des tissus","type":"custom_textarea","position":0,"required":false,"title_format":"heading","default":"","description_enable":true,"description":"Veuillez renseigner les tissus choisis (ext\u00e9rieur et int\u00e9rieur) ci-dessous :","placeholder_enable":false,"placeholder":"","display":"select","restrictions_type":"any_text","adjust_price":false,"price":"","price_type":"flat_fee","restrictions":false,"min":"0","max":"0","options":[]},{"name":"Choix du motif de broderie","type":"custom_text","position":1,"required":false,"title_format":"heading","default":"","description_enable":true,"description":"Vous pouvez choisir un motif de broderie et\/ou un texte de votre choix (pr\u00e9nom, date\u2026) et les renseigner ci-dessous :","placeholder_enable":false,"placeholder":"","display":"select","restrictions_type":"any_text","adjust_price":false,"price":"","price_type":"flat_fee","restrictions":false,"min":"0","max":"0","options":[]},{"name":"Tissu \u00e0 enduire","type":"checkbox","position":2,"required":false,"title_format":"heading","default":"","description_enable":true,"description":"Je vous propose une s\u00e9lection de tissus en coton enduits.\r\nSi votre choix se porte sur un tissu en coton (non enduit) mais que vous souhaitez qu'il soit imperm\u00e9abilis\u00e9... c'est possible !  Je vous propose d'enduire le tissu de votre choix.","placeholder_enable":false,"placeholder":"","display":"select","restrictions_type":"any_text","adjust_price":false,"price":"","price_type":"flat_fee","restrictions":false,"min":"0","max":"0","options":[{"label":"Oui","price":"10","price_type":"flat_fee","image":0,"visibility":true}]},{"name":"Personnalisation","type":"custom_textarea","position":0,"required":false,"title_format":"heading","default":"","description_enable":true,"description":"Vous pouvez indiquer ici les personnalisations (tissus, broderies, couleurs) que vous avez d\u00e9j\u00e0 choisies. Vous pouvez \u00e9galement laisser ce champ vide.\r\nDans tous les cas, je vous contacterai pour d\u00e9finir ou finaliser les personnalisations.\r\n","placeholder_enable":false,"placeholder":"","display":"select","restrictions_type":"any_text","adjust_price":false,"price":"","price_type":"flat_fee","restrictions":false,"min":"0","max":"0","options":[]}],"_links":{"self":[{"href":"https:\/\/cecile-delachaux.fr\/index.php\/wp-json\/wp\/v2\/product\/4807","targetHints":{"allow":["GET"]}}],"collection":[{"href":"https:\/\/cecile-delachaux.fr\/index.php\/wp-json\/wp\/v2\/product"}],"about":[{"href":"https:\/\/cecile-delachaux.fr\/index.php\/wp-json\/wp\/v2\/types\/product"}],"wp:attachment":[{"href":"https:\/\/cecile-delachaux.fr\/index.php\/wp-json\/wp\/v2\/media?parent=4807"}],"wp:term":[{"taxonomy":"product_brand","embeddable":true,"href":"https:\/\/cecile-delachaux.fr\/index.php\/wp-json\/wp\/v2\/product_brand?post=4807"},{"taxonomy":"product_cat","embeddable":true,"href":"https:\/\/cecile-delachaux.fr\/index.php\/wp-json\/wp\/v2\/product_cat?post=4807"},{"taxonomy":"product_tag","embeddable":true,"href":"https:\/\/cecile-delachaux.fr\/index.php\/wp-json\/wp\/v2\/product_tag?post=4807"}],"curies":[{"name":"wp","href":"https:\/\/api.w.org\/{rel}","templated":true}]}}